{"id":10791,"date":"2024-02-29T17:20:51","date_gmt":"2024-02-29T16:20:51","guid":{"rendered":"https:\/\/www.klasmeier.com\/?post_type=product&#038;p=10791"},"modified":"2025-12-04T12:05:08","modified_gmt":"2025-12-04T11:05:08","slug":"sekundart-sprt-referenstermometer-200-c-till-250-c","status":"publish","type":"product","link":"https:\/\/www.klasmeier.com\/sv\/produkt\/sekundart-sprt-referenstermometer-200-c-till-250-c\/","title":{"rendered":"Sekund\u00e4rt SPRT-referenstermometer -200 \u00b0C till 250 \u00b0C"},"content":{"rendered":"\n<div class=\"wp-block-group has-global-padding is-layout-constrained wp-container-core-group-is-layout-530ec779 wp-block-group-is-layout-constrained\">\n<div class=\"wp-block-columns alignwide are-vertically-aligned-top is-layout-flex wp-container-core-columns-is-layout-28f84493 wp-block-columns-is-layout-flex\">\n<div class=\"wp-block-column is-layout-flow wp-block-column-is-layout-flow\" style=\"flex-basis:30%\">\n<figure class=\"wp-block-image alignleft is-resized has-custom-border\"><img loading=\"lazy\" decoding=\"async\" width=\"1024\" height=\"1024\" src=\"https:\/\/www.klasmeier.com\/wp-content\/uploads\/eXacal_SPRT_Klasmeier_216-1024x1024.jpg\" alt=\"L\u00e5gtemperaturtermometer: Det robusta sekund\u00e4ra SPRT-referenstermometern f\u00f6r exakta temperaturm\u00e4tningar\" class=\"wp-image-5410\" style=\"border-radius:50px;width:304px;height:auto\" srcset=\"https:\/\/www.klasmeier.com\/wp-content\/uploads\/eXacal_SPRT_Klasmeier_216-1024x1024.jpg 1024w, https:\/\/www.klasmeier.com\/wp-content\/uploads\/eXacal_SPRT_Klasmeier_216-300x300.jpg 300w, https:\/\/www.klasmeier.com\/wp-content\/uploads\/eXacal_SPRT_Klasmeier_216-150x150.jpg 150w, https:\/\/www.klasmeier.com\/wp-content\/uploads\/eXacal_SPRT_Klasmeier_216-768x768.jpg 768w, https:\/\/www.klasmeier.com\/wp-content\/uploads\/eXacal_SPRT_Klasmeier_216-600x600.jpg 600w, https:\/\/www.klasmeier.com\/wp-content\/uploads\/eXacal_SPRT_Klasmeier_216-100x100.jpg 100w, https:\/\/www.klasmeier.com\/wp-content\/uploads\/eXacal_SPRT_Klasmeier_216.jpg 1200w\" sizes=\"auto, (max-width: 1024px) 100vw, 1024px\" \/><\/figure>\n<\/div>\n\n\n\n<div class=\"wp-block-column is-layout-flow wp-block-column-is-layout-flow\" style=\"flex-basis:75%\">\n<p><strong>L\u00e5gtemperaturtermometer: Det robusta sekund\u00e4ra SPRT-referenstermometern f\u00f6r exakta temperaturm\u00e4tningar<\/strong><\/p>\n\n\n\n<p><span style=\"font-size: 14pt;\">V\u00e5rt l\u00e5gtemperatur-SPRT (Standard Platinum Resistance Thermometer) anv\u00e4nds inom precisions\u00adtemperaturm\u00e4tningar som en robust kalibreringsnormal f\u00f6r de mest kr\u00e4vande till\u00e4mpningarna. Dessa termometrar \u00e4r utvecklade f\u00f6r att m\u00f6ta kraven fr\u00e5n forskning, industri och kvalitetss\u00e4kring och erbjuder enast\u00e5ende noggrannhet och tillf\u00f6rlitlighet. Tack vare sin robusta konstruktion utg\u00f6r de ett attraktivt alternativ i den dagliga m\u00e4tverksamheten, i st\u00e4llet f\u00f6r de ofta mycket k\u00e4nsliga termometrarna med kvartsr\u00f6r.<\/span><\/p>\n<\/div>\n<\/div>\n\n\n\n<div class=\"wp-block-group alignwide is-vertical is-content-justification-stretch is-layout-flex wp-container-core-group-is-layout-88863016 wp-block-group-is-layout-flex\" style=\"padding-top:var(--wp--preset--spacing--30);padding-bottom:var(--wp--preset--spacing--30)\">\n<figure class=\"wp-block-image size-full\"><img loading=\"lazy\" decoding=\"async\" width=\"310\" height=\"89\" src=\"https:\/\/www.klasmeier.com\/wp-content\/uploads\/exacal.png\" alt=\"\" class=\"wp-image-10784\" srcset=\"https:\/\/www.klasmeier.com\/wp-content\/uploads\/exacal.png 310w, https:\/\/www.klasmeier.com\/wp-content\/uploads\/exacal-300x86.png 300w\" sizes=\"auto, (max-width: 310px) 100vw, 310px\" \/><\/figure>\n\n\n\n<h3 class=\"wp-block-heading\"><strong>Utm\u00e4rkande egenskaper f\u00f6r sekund\u00e4rt SPRT, modell 216:<\/strong><\/h3>\n\n\n\n<div class=\"wp-block-columns is-layout-flex wp-container-core-columns-is-layout-28f84493 wp-block-columns-is-layout-flex\">\n<div class=\"wp-block-column is-layout-flow wp-block-column-is-layout-flow\" style=\"flex-basis:66.66%\">\n<p><mark style=\"background-color:rgba(0, 0, 0, 0)\" class=\"has-inline-color has-accent-3-color\"><i class=\"fas fa-circle-check\"><\/i><\/mark> <span><strong>Skyddsgasfyllning:<\/strong> Handtaget p\u00e5 SPRT \u00e4r gast\u00e4tt, vilket g\u00f6r att termometern kan fyllas med skyddsgas. Denna konstruktion skyddar termometern fr\u00e5n yttre p\u00e5verkan och f\u00f6rb\u00e4ttrar dess prestanda, s\u00e4rskilt vid extremt l\u00e5ga temperaturer. <span>Skyddsgasfyllningen m\u00f6jligg\u00f6r anv\u00e4ndning av termometern \u00e4nda ner till -200 \u00b0C, vilket g\u00f6r kalibrering m\u00f6jlig vid argon-trippelpunkten runt -189 \u00b0C.<\/span><\/span><\/p>\n\n\n\n<p><mark style=\"background-color:rgba(0, 0, 0, 0)\" class=\"has-inline-color has-accent-3-color\"><i class=\"fas fa-circle-check\"><\/i> <\/mark><span><strong>Temperaturomr\u00e5de:<\/strong> Med ett anv\u00e4ndningsomr\u00e5de fr\u00e5n -200 \u00b0C till 250 \u00b0C t\u00e4cker v\u00e5rt sekund\u00e4ra SPRT-referenstermometer, modell 216, in l\u00e5ga temperaturer. Detta g\u00f6r det till en m\u00e5ngsidig l\u00f6sning f\u00f6r en m\u00e4ngd olika m\u00e4tbehov.<\/span><\/p>\n\n\n\n<p><mark style=\"background-color:rgba(0, 0, 0, 0)\" class=\"has-inline-color has-accent-3-color\"><i class=\"fas fa-circle-check\"><\/i><\/mark> <span><strong>L\u00e5ga m\u00e4tons\u00e4kerheter:<\/strong> Termometerns precision understryks av dess l\u00e5ga m\u00e4tons\u00e4kerheter p\u00e5 endast 4,5 mK till 7 mK vid en DAkkS-ackrediterad kalibrering enligt DIN EN ISO\/IEC 17025. Denna h\u00f6ga noggrannhet s\u00e4kerst\u00e4ller tillf\u00f6rlitliga resultat i alla till\u00e4mpningar.<\/span><\/p>\n<\/div>\n\n\n\n<div class=\"wp-block-column is-layout-flow wp-block-column-is-layout-flow\" style=\"flex-basis:33.33%\">\n<figure class=\"wp-block-image size-medium\"><img loading=\"lazy\" decoding=\"async\" width=\"300\" height=\"300\" src=\"https:\/\/www.klasmeier.com\/wp-content\/uploads\/klasmeier_EU_Precision_Thermometry_transparent-300x300.webp\" alt=\"\" class=\"wp-image-13165\" srcset=\"https:\/\/www.klasmeier.com\/wp-content\/uploads\/klasmeier_EU_Precision_Thermometry_transparent-300x300.webp 300w, https:\/\/www.klasmeier.com\/wp-content\/uploads\/klasmeier_EU_Precision_Thermometry_transparent-150x150.webp 150w, https:\/\/www.klasmeier.com\/wp-content\/uploads\/klasmeier_EU_Precision_Thermometry_transparent-768x768.webp 768w, https:\/\/www.klasmeier.com\/wp-content\/uploads\/klasmeier_EU_Precision_Thermometry_transparent-600x600.webp 600w, https:\/\/www.klasmeier.com\/wp-content\/uploads\/klasmeier_EU_Precision_Thermometry_transparent-100x100.webp 100w, https:\/\/www.klasmeier.com\/wp-content\/uploads\/klasmeier_EU_Precision_Thermometry_transparent.webp 1024w\" sizes=\"auto, (max-width: 300px) 100vw, 300px\" \/><\/figure>\n<\/div>\n<\/div>\n\n\n\n<p><mark style=\"background-color:rgba(0, 0, 0, 0)\" class=\"has-inline-color has-accent-3-color\"><i class=\"fas fa-circle-check\"><\/i><\/mark> <span><strong>Robusthet:<\/strong> Som ett robust alternativ till mycket k\u00e4nsliga SPRT:er med kvartsr\u00f6r k\u00e4nnetecknas v\u00e5rt sekund\u00e4ra SPRT-referenstermometer av sin metallmantel och stabila m\u00e4tmotst\u00e5nd. Det \u00e4r d\u00e4rmed optimalt f\u00f6r l\u00e5ngvarig anv\u00e4ndning.<\/span><\/p>\n\n\n\n<p><mark style=\"background-color:rgba(0, 0, 0, 0)\" class=\"has-inline-color has-accent-3-color\"><i class=\"fas fa-circle-check\"><\/i><\/mark> <span><strong>Ny SPRT-sensor:<\/strong> Den av Klasmeier nyutvecklade <\/span>SPRT-temperatursensorn har f\u00f6rb\u00e4ttrats inom f\u00f6ljande omr\u00e5den:<\/p>\n\n\n\n<div class=\"wp-block-columns is-layout-flex wp-container-core-columns-is-layout-28f84493 wp-block-columns-is-layout-flex\">\n<div class=\"wp-block-column is-layout-flow wp-block-column-is-layout-flow\" style=\"flex-basis:100%\">\n<ul class=\"wp-block-list is-style-checkmark-list\">\n<li>Snabbt svar<\/li>\n\n\n\n<li>Liten hysteres<\/li>\n\n\n\n<li>L\u00e5g sj\u00e4lvuppv\u00e4rmning<\/li>\n\n\n\n<li>Utm\u00e4rkt reproducerbarhet och stabilitet<\/li>\n<\/ul>\n<\/div>\n<\/div>\n<\/div>\n\n\n\n<div class=\"wp-block-group alignwide is-vertical is-layout-flex wp-container-core-group-is-layout-ab79abe2 wp-block-group-is-layout-flex\" style=\"padding-top:var(--wp--preset--spacing--30);padding-bottom:var(--wp--preset--spacing--30)\">\n<h3 class=\"wp-block-heading\"><strong>DAkkS-certifierad kalibrering av l\u00e5gtemperatur-SPRT:er<\/strong><\/h3>\n\n\n\n<p><span>I v\u00e5rt egna <strong><a href=\"https:\/\/www.klasmeier.com\/sv\/foretag\/foretagsportratt\/kalibrierdienst-klasmeier\/\" data-type=\"link\" data-id=\"https:\/\/www.klasmeier.com\/kalibrierdienst-klasmeier\/\">DAkkS-ackrediterade kalibreringslaboratorium<\/a><\/strong> erbjuder vi h\u00f6gprecisa kalibreringstj\u00e4nster f\u00f6r l\u00e5gtemperatur-SPRT:er. V\u00e5r ackreditering garanterar att varje kalibrering utf\u00f6rs i enlighet med de internationellt erk\u00e4nda standarderna i <strong>DIN EN ISO\/IEC 17025<\/strong>. Detta s\u00e4kerst\u00e4ller full sp\u00e5rbarhet till nationella och internationella standarder.<\/span><\/p>\n\n\n\n<p><span>V\u00e5rt sekund\u00e4ra SPRT-referenstermometer f\u00f6r l\u00e5ga temperaturer \u00e4r s\u00e4rskilt utformat f\u00f6r att kunna kalibreras vid temperaturer ned till argon-trippelpunkten. Detta \u00f6ppnar m\u00f6jligheter f\u00f6r till\u00e4mpningar i mycket l\u00e5ga temperaturomr\u00e5den, d\u00e4r tillf\u00f6rlitlig temperaturm\u00e4tning \u00e4r avg\u00f6rande.<\/span><\/p>\n\n\n\n<figure class=\"wp-block-image size-large has-custom-border\"><img loading=\"lazy\" decoding=\"async\" width=\"1024\" height=\"567\" src=\"https:\/\/www.klasmeier.com\/wp-content\/uploads\/SPRT-216-eXacal-Klasmeier-1024x567.png\" alt=\"M\u00e4tons\u00e4kerhet: Sekund\u00e4rt SPRT-referenstermometer modell 216\" class=\"wp-image-6205\" style=\"border-radius:50px\" srcset=\"https:\/\/www.klasmeier.com\/wp-content\/uploads\/SPRT-216-eXacal-Klasmeier-1024x567.png 1024w, https:\/\/www.klasmeier.com\/wp-content\/uploads\/SPRT-216-eXacal-Klasmeier-300x166.png 300w, https:\/\/www.klasmeier.com\/wp-content\/uploads\/SPRT-216-eXacal-Klasmeier-768x425.png 768w, https:\/\/www.klasmeier.com\/wp-content\/uploads\/SPRT-216-eXacal-Klasmeier-1536x850.png 1536w, https:\/\/www.klasmeier.com\/wp-content\/uploads\/SPRT-216-eXacal-Klasmeier-2048x1134.png 2048w, https:\/\/www.klasmeier.com\/wp-content\/uploads\/SPRT-216-eXacal-Klasmeier-600x332.png 600w\" sizes=\"auto, (max-width: 1024px) 100vw, 1024px\" \/><\/figure>\n\n\n\n<div style=\"height:45px\" aria-hidden=\"true\" class=\"wp-block-spacer wp-container-content-95fa6ccb\"><\/div>\n\n\n\n<figure class=\"wp-block-table pttb\"><table class=\"has-fixed-layout\"><tbody><tr><td class=\"has-text-align-center\" data-align=\"center\"><strong>Omr\u00e5de<\/strong><\/td><td><strong>Temperaturfixpunkter<\/strong><\/td><td><strong>M\u00e4tons\u00e4kerhet<\/strong><\/td><\/tr><tr><td class=\"has-text-align-center\" data-align=\"center\">-189,3442 \u00b0C \u2013 0,01 \u00b0C<\/td><td>Argon till vatten<\/td><td>6 mK<\/td><\/tr><tr><td class=\"has-text-align-center\" data-align=\"center\">-38,8344 \u00b0C \u2013 0,01 \u00b0C<\/td><td>Kvicksilver till vatten<\/td><td>6 mK<\/td><\/tr><tr><td class=\"has-text-align-center\" data-align=\"center\">0,01 \u00b0C \u2013 29,7646 \u00b0C<\/td><td>Vatten till gallium<\/td><td>6 mK<\/td><\/tr><tr><td class=\"has-text-align-center\" data-align=\"center\">0,01 \u00b0C \u2013 156,5985 \u00b0C<\/td><td>Vatten till indium<\/td><td>6 mK<\/td><\/tr><tr><td class=\"has-text-align-center\" data-align=\"center\">0,01 \u00b0C \u2013 231,928 \u00b0C<\/td><td>Vatten till tenn<\/td><td>7 mK<\/td><\/tr><\/tbody><\/table><figcaption class=\"wp-element-caption\">De angivna m\u00e4tons\u00e4kerheterna motsvarar k=2, inkluderar en ITS-90-avvikelsesfunktion, sj\u00e4lvuppv\u00e4rmning och hysteres och g\u00e4ller f\u00f6r respektive intervall.<\/figcaption><\/figure>\n<\/div>\n\n\n\n<div class=\"wp-block-group is-vertical is-content-justification-center is-layout-flex wp-container-core-group-is-layout-7add347e wp-block-group-is-layout-flex\" style=\"padding-top:var(--wp--preset--spacing--30);padding-bottom:var(--wp--preset--spacing--30)\">\n<h3 class=\"wp-block-heading\">Vad g\u00f6r v\u00e5r kalibrering unik?<\/h3>\n\n\n\n<p><mark style=\"background-color:rgba(0, 0, 0, 0)\" class=\"has-inline-color has-accent-3-color\"><i class=\"fas fa-circle-check\"><\/i><\/mark> <span><strong>Sp\u00e5rbarhet:<\/strong> Tack vare v\u00e5r DAkkS-ackreditering \u00e4r varje kalibrering direkt knuten till nationella och internationella normaler. Detta ger er tryggheten att era m\u00e4tresultat erk\u00e4nns globalt.<\/span><\/p>\n\n\n\n<p><mark style=\"background-color:rgba(0, 0, 0, 0)\" class=\"has-inline-color has-accent-3-color\"><i class=\"fas fa-circle-check\"><\/i><\/mark> <span><strong>M\u00e4tons\u00e4kerhet:<\/strong> Noggrannheten i v\u00e5r kalibrering bygger p\u00e5 en omsorgsfull bed\u00f6mning av alla os\u00e4kerhetskomponenter, inklusive termometerns reproducerbarhet, ITS-90-avvikelsesfunktionen, sj\u00e4lvuppv\u00e4rmning och sensorns hysteres.<\/span><\/p>\n\n\n\n<p><mark style=\"background-color:rgba(0, 0, 0, 0)\" class=\"has-inline-color has-accent-3-color\"><i class=\"fas fa-circle-check\"><\/i><\/mark> <span><strong>Anv\u00e4ndningsomr\u00e5de:<\/strong> Med de detaljerade uppgifterna i kalibreringsintyget kan ni anv\u00e4nda ert l\u00e5gtemperatur-SPRT i <strong>temperaturomr\u00e5det fr\u00e5n -189 \u00b0C till 232 \u00b0C<\/strong> med fullt f\u00f6rtroende.<\/span><\/p>\n<\/div>\n<\/div>\n\n\n\n<p><\/p>\n","protected":false},"excerpt":{"rendered":"<p>Modell: eXacal 216<br \/>\nTillverkare: Klasmeier<\/p>\n","protected":false},"featured_media":10792,"template":"","meta":[],"product_brand":[],"product_cat":[],"product_tag":[],"class_list":{"0":"post-10791","1":"product","2":"type-product","3":"status-publish","4":"has-post-thumbnail","7":"first","8":"instock","9":"shipping-taxable","10":"product-type-simple"},"_links":{"self":[{"href":"https:\/\/www.klasmeier.com\/sv\/wp-json\/wp\/v2\/product\/10791","targetHints":{"allow":["GET"]}}],"collection":[{"href":"https:\/\/www.klasmeier.com\/sv\/wp-json\/wp\/v2\/product"}],"about":[{"href":"https:\/\/www.klasmeier.com\/sv\/wp-json\/wp\/v2\/types\/product"}],"wp:featuredmedia":[{"embeddable":true,"href":"https:\/\/www.klasmeier.com\/sv\/wp-json\/wp\/v2\/media\/10792"}],"wp:attachment":[{"href":"https:\/\/www.klasmeier.com\/sv\/wp-json\/wp\/v2\/media?parent=10791"}],"wp:term":[{"taxonomy":"product_brand","embeddable":true,"href":"https:\/\/www.klasmeier.com\/sv\/wp-json\/wp\/v2\/product_brand?post=10791"},{"taxonomy":"product_cat","embeddable":true,"href":"https:\/\/www.klasmeier.com\/sv\/wp-json\/wp\/v2\/product_cat?post=10791"},{"taxonomy":"product_tag","embeddable":true,"href":"https:\/\/www.klasmeier.com\/sv\/wp-json\/wp\/v2\/product_tag?post=10791"}],"curies":[{"name":"wp","href":"https:\/\/api.w.org\/{rel}","templated":true}]}}