{"id":10791,"date":"2024-02-29T17:20:51","date_gmt":"2024-02-29T16:20:51","guid":{"rendered":"https:\/\/www.klasmeier.com\/?post_type=product&#038;p=10791"},"modified":"2026-08-31T14:22:09","modified_gmt":"2026-08-31T12:22:09","slug":"sekundart-sprt-referenstermometer-200-c-till-250-c","status":"publish","type":"product","link":"https:\/\/www.klasmeier.com\/sv\/produkt\/sekundart-sprt-referenstermometer-200-c-till-250-c\/","title":{"rendered":"Sekund\u00e4r SPRT referenstermometer<br\/><b>-200 \u00b0C till 250 \u00b0C<\/b>"},"content":{"rendered":"\n<div class=\"wp-block-group has-global-padding is-layout-constrained wp-container-core-group-is-layout-12cf9d4c wp-block-group-is-layout-constrained\">\n<div class=\"wp-block-columns alignwide are-vertically-aligned-top is-layout-flex wp-container-core-columns-is-layout-3a88641f wp-block-columns-is-layout-flex\">\n<div class=\"wp-block-column is-layout-flow wp-block-column-is-layout-flow\" style=\"flex-basis:30%\">\n<figure class=\"wp-block-image alignleft is-resized has-custom-border\"><img loading=\"lazy\" decoding=\"async\" width=\"1024\" height=\"1024\" src=\"https:\/\/www.klasmeier.com\/wp-content\/uploads\/eXacal_SPRT_Klasmeier_216-1024x1024.jpg\" alt=\"L&#xE5;gtemperaturtermometer: Den robusta sekund&#xE4;ra SPRT referenstermometern f&#xF6;r noggranna temperaturm&#xE4;tningar\" class=\"wp-image-5410\" style=\"border-radius:50px;width:304px;height:auto\" srcset=\"https:\/\/www.klasmeier.com\/wp-content\/uploads\/eXacal_SPRT_Klasmeier_216-1024x1024.jpg 1024w, https:\/\/www.klasmeier.com\/wp-content\/uploads\/eXacal_SPRT_Klasmeier_216-300x300.jpg 300w, https:\/\/www.klasmeier.com\/wp-content\/uploads\/eXacal_SPRT_Klasmeier_216-150x150.jpg 150w, https:\/\/www.klasmeier.com\/wp-content\/uploads\/eXacal_SPRT_Klasmeier_216-768x768.jpg 768w, https:\/\/www.klasmeier.com\/wp-content\/uploads\/eXacal_SPRT_Klasmeier_216-600x600.jpg 600w, https:\/\/www.klasmeier.com\/wp-content\/uploads\/eXacal_SPRT_Klasmeier_216-100x100.jpg 100w, https:\/\/www.klasmeier.com\/wp-content\/uploads\/eXacal_SPRT_Klasmeier_216.jpg 1200w\" sizes=\"auto, (max-width: 1024px) 100vw, 1024px\" \/><\/figure>\n<\/div>\n\n\n\n<div class=\"wp-block-column is-layout-flow wp-block-column-is-layout-flow\" style=\"flex-basis:75%\">\n<p class=\"wp-block-paragraph\"><strong>L\u00e5gtemperaturtermometer: Den robusta sekund\u00e4ra SPRT referenstermometern f\u00f6r noggranna temperaturm\u00e4tningar<\/strong><\/p>\n\n\n\n<p class=\"wp-block-paragraph\"><span style=\"font-size: 14pt;\">V\u00e5r l\u00e5gtemperatur-SPRT (standardplatinmotst\u00e5ndstermometer) fungerar inom precisionstemperaturm\u00e4tning som en robust kalibreringsnormal f\u00f6r de mest kr\u00e4vande applikationerna. Utvecklade f\u00f6r att m\u00f6ta behoven inom forskning, industri och kvalitetss\u00e4kring, erbjuder dessa termometrar utm\u00e4rkt noggrannhet och tillf\u00f6rlitlighet. Tack vare sin robusthet \u00e4r de ett attraktivt alternativ i det dagliga m\u00e4tarbetet till de ofta mycket k\u00e4nsliga termometrarna med kvartsskyddsr\u00f6r.  <\/span><\/p>\n<\/div>\n<\/div>\n\n\n\n<div class=\"wp-block-columns alignwide hvr-grow has-accent-background-color has-background is-layout-flex wp-container-core-columns-is-layout-b7a9e8ab wp-block-columns-is-layout-flex\" style=\"border-radius:50px;margin-top:var(--wp--preset--spacing--40);margin-bottom:var(--wp--preset--spacing--40);padding-top:var(--wp--preset--spacing--30);padding-right:var(--wp--preset--spacing--30);padding-bottom:var(--wp--preset--spacing--30);padding-left:var(--wp--preset--spacing--30)\">\n<div class=\"wp-block-column is-vertically-aligned-center is-layout-flow wp-container-core-column-is-layout-8c381d87 wp-block-column-is-layout-flow\">\n<h2 class=\"wp-block-heading has-text-align-center\">Nicht das richtige Produkt f\u00fcr Sie?<\/h2>\n\n\n\n<div class=\"wp-block-buttons is-content-justification-center is-layout-flex wp-container-core-buttons-is-layout-0aa01211 wp-block-buttons-is-layout-flex\">\n<div class=\"wp-block-button hvr-shrink is-style-outline is-style-outline--1\"><a class=\"wp-block-button__link wp-element-button\" href=\"\/shop\/\">-> Hier geht&#8217;s zur\u00fcck zur \u00dcbersicht<\/a><\/div>\n<\/div>\n<\/div>\n<\/div>\n\n\n\n<figure class=\"wp-block-image aligncenter size-full\"><img loading=\"lazy\" decoding=\"async\" width=\"449\" height=\"82\" src=\"https:\/\/www.klasmeier.com\/wp-content\/uploads\/exacal-Logo-edited.png\" alt=\"\" class=\"wp-image-4288\" srcset=\"https:\/\/www.klasmeier.com\/wp-content\/uploads\/exacal-Logo-edited.png 449w, https:\/\/www.klasmeier.com\/wp-content\/uploads\/exacal-Logo-edited-300x55.png 300w\" sizes=\"auto, (max-width: 449px) 100vw, 449px\" \/><\/figure>\n\n\n\n<div class=\"wp-block-group alignwide is-vertical is-content-justification-stretch is-layout-flex wp-container-core-group-is-layout-f6ecff61 wp-block-group-is-layout-flex\" style=\"padding-top:var(--wp--preset--spacing--30);padding-bottom:var(--wp--preset--spacing--30)\">\n<h3 class=\"wp-block-heading has-text-align-center\"><strong>S\u00e4rskilda egenskaper Sekund\u00e4r SPRT Modell 216: <\/strong><\/h3>\n\n\n\n<div class=\"wp-block-columns is-layout-flex wp-container-core-columns-is-layout-3a88641f wp-block-columns-is-layout-flex\">\n<div class=\"wp-block-column is-layout-flow wp-block-column-is-layout-flow\" style=\"flex-basis:66.66%\">\n<p class=\"wp-block-paragraph\"><mark style=\"background-color:rgba(0, 0, 0, 0)\" class=\"has-inline-color has-accent-3-color\"><i class=\"fas fa-circle-check\"><\/i><\/mark> <span><strong>Skyddsgasfyllning:<\/strong> Handtaget p\u00e5 SPRT:n \u00e4r gast\u00e4tt, vilket g\u00f6r att termometern kan fyllas med skyddsgas. Denna konstruktion skyddar termometern fr\u00e5n milj\u00f6p\u00e5verkan och f\u00f6rb\u00e4ttrar d\u00e4rmed dess prestanda, s\u00e4rskilt vid extremt l\u00e5ga temperaturer. <span>Skyddsgasfyllningen m\u00f6jligg\u00f6r anv\u00e4ndning av termometern vid temperaturer ner till -200 \u00b0C, vilket till\u00e5ter kalibrering ner till argon-trippelpunkten vid ca -189 \u00b0C.<\/span>  <\/span><\/p>\n\n\n\n<p class=\"wp-block-paragraph\"><mark style=\"background-color:rgba(0, 0, 0, 0)\" class=\"has-inline-color has-accent-3-color\"><i class=\"fas fa-circle-check\"><\/i> <\/mark><span><strong>Temperaturomr\u00e5de:<\/strong> Med ett anv\u00e4ndningsomr\u00e5de fr\u00e5n -200 \u00b0C till 250 \u00b0C t\u00e4cker v\u00e5r sekund\u00e4ra SPRT referenstermometer Modell 216 ett l\u00e5gt temperaturomr\u00e5de. Detta g\u00f6r den till en m\u00e5ngsidig l\u00f6sning f\u00f6r olika m\u00e4tbehov. <\/span><\/p>\n<\/div>\n\n\n\n<div class=\"wp-block-column is-layout-flow wp-block-column-is-layout-flow\" style=\"flex-basis:33.33%\">\n<figure class=\"wp-block-image size-medium\"><img data-dominant-color=\"060f16\" data-has-transparency=\"true\" style=\"--dominant-color: #060f16;\" loading=\"lazy\" decoding=\"async\" width=\"300\" height=\"300\" src=\"https:\/\/www.klasmeier.com\/wp-content\/uploads\/klasmeier_EU_Precision_Thermometry_transparent-300x300.webp\" alt=\"\" class=\"wp-image-13158 has-transparency\" srcset=\"https:\/\/www.klasmeier.com\/wp-content\/uploads\/klasmeier_EU_Precision_Thermometry_transparent-300x300.webp 300w, https:\/\/www.klasmeier.com\/wp-content\/uploads\/klasmeier_EU_Precision_Thermometry_transparent-150x150.webp 150w, https:\/\/www.klasmeier.com\/wp-content\/uploads\/klasmeier_EU_Precision_Thermometry_transparent-768x768.webp 768w, https:\/\/www.klasmeier.com\/wp-content\/uploads\/klasmeier_EU_Precision_Thermometry_transparent-600x600.webp 600w, https:\/\/www.klasmeier.com\/wp-content\/uploads\/klasmeier_EU_Precision_Thermometry_transparent-100x100.webp 100w, https:\/\/www.klasmeier.com\/wp-content\/uploads\/klasmeier_EU_Precision_Thermometry_transparent.webp 1024w\" sizes=\"auto, (max-width: 300px) 100vw, 300px\" \/><\/figure>\n<\/div>\n<\/div>\n<\/div>\n\n\n\n<p class=\"wp-block-paragraph\"><mark style=\"background-color:rgba(0, 0, 0, 0)\" class=\"has-inline-color has-accent-3-color\"><i class=\"fas fa-circle-check\"><\/i><\/mark> <span><strong>Sm\u00e5 m\u00e4tos\u00e4kerheter:<\/strong> Termometerns precision understryks av dess l\u00e5ga m\u00e4tos\u00e4kerheter p\u00e5 endast 4,5 mK till 7 mK vid en DAkkS-ackrediterad kalibrering enligt DIN EN ISO\/IEC 17025. Denna goda noggrannhet garanterar tillf\u00f6rlitliga resultat inom alla anv\u00e4ndningsomr\u00e5den. <\/span><\/p>\n\n\n\n<p class=\"wp-block-paragraph\"><mark style=\"background-color:rgba(0, 0, 0, 0)\" class=\"has-inline-color has-accent-3-color\"><i class=\"fas fa-circle-check\"><\/i><\/mark> <span><strong>Robusthet:<\/strong> Som ett robust alternativ till mycket k\u00e4nsliga SPRT:er med kvartsmantel utm\u00e4rker sig v\u00e5r sekund\u00e4ra SPRT referenstermometer genom sin metallmantel och sina stabila m\u00e4tmotst\u00e5nd. Den \u00e4r d\u00e4rmed optimal f\u00f6r l\u00e5ngvarig anv\u00e4ndning. <\/span><\/p>\n\n\n\n<p class=\"wp-block-paragraph\"><mark style=\"background-color:rgba(0, 0, 0, 0)\" class=\"has-inline-color has-accent-3-color\"><i class=\"fas fa-circle-check\"><\/i><\/mark> <span><strong>Ny SPRT-sensor:<\/strong> Den nya SPRT-temperatursensorn som utvecklats av Klasmeier har f\u00f6rb\u00e4ttrats inom f\u00f6ljande omr\u00e5den:<\/span><\/p>\n\n\n\n<ul class=\"wp-block-list is-style-checkmark-list\">\n<li>snabbt svar <\/li>\n\n\n\n<li>liten hysteres <\/li>\n\n\n\n<li>l\u00e5g sj\u00e4lvuppv\u00e4rmning<\/li>\n\n\n\n<li>utm\u00e4rkt reproducerbarhet och stabilitet<\/li>\n<\/ul>\n\n\n\n<div class=\"wp-block-group alignwide is-vertical is-layout-flex wp-container-core-group-is-layout-9b5fcf50 wp-block-group-is-layout-flex\" style=\"padding-top:var(--wp--preset--spacing--30);padding-bottom:var(--wp--preset--spacing--30)\">\n<h3 class=\"wp-block-heading has-text-align-center\"><strong>DAkkS-certifierad kalibrering av l\u00e5gtemperatur-SPRT:er<\/strong><\/h3>\n\n\n\n<p class=\"wp-block-paragraph\"><span>I v\u00e5rt interna <strong><a href=\"https:\/\/www.klasmeier.com\/sv\/noggrann-temperaturkalibrering-fran-klasmeiers-kalibreringstjanst\/\" data-type=\"link\" data-id=\"https:\/\/www.klasmeier.com\/kalibrierdienst-klasmeier\/\">DAkkS-ackrediterade kalibreringslaboratorium<\/a><\/strong> erbjuder vi h\u00f6gprecisa kalibreringstj\u00e4nster f\u00f6r l\u00e5gtemperatur-SPRT:er. V\u00e5r ackreditering garanterar att varje kalibrering utf\u00f6rs enligt de internationellt erk\u00e4nda standarderna <strong>DIN EN ISO\/IEC 17025<\/strong>. Detta s\u00e4kerst\u00e4ller fullst\u00e4ndig sp\u00e5rbarhet till nationella och internationella standarder.  <\/span><\/p>\n\n\n\n<p class=\"wp-block-paragraph\"><span>V\u00e5r sekund\u00e4ra SPRT referenstermometer f\u00f6r l\u00e5ga temperaturer \u00e4r speciellt utformad f\u00f6r att kalibreras vid temperaturer ner till argon-trippelpunkten. Detta m\u00f6jligg\u00f6r applikationer inom det mycket l\u00e5ga temperaturomr\u00e5det som kr\u00e4ver tillf\u00f6rlitlig temperaturm\u00e4tning. <\/span><\/p>\n\n\n\n<figure class=\"wp-block-image size-large has-custom-border\"><img loading=\"lazy\" decoding=\"async\" width=\"1024\" height=\"567\" src=\"https:\/\/www.klasmeier.com\/wp-content\/uploads\/SPRT-216-eXacal-Klasmeier-1024x567.png\" alt=\"M&#xE4;tos&#xE4;kerhet: Sekund&#xE4;r SPRT referenstermometer Modell 216\" class=\"wp-image-6205\" style=\"border-radius:50px\" srcset=\"https:\/\/www.klasmeier.com\/wp-content\/uploads\/SPRT-216-eXacal-Klasmeier-1024x567.png 1024w, https:\/\/www.klasmeier.com\/wp-content\/uploads\/SPRT-216-eXacal-Klasmeier-300x166.png 300w, https:\/\/www.klasmeier.com\/wp-content\/uploads\/SPRT-216-eXacal-Klasmeier-768x425.png 768w, https:\/\/www.klasmeier.com\/wp-content\/uploads\/SPRT-216-eXacal-Klasmeier-1536x850.png 1536w, https:\/\/www.klasmeier.com\/wp-content\/uploads\/SPRT-216-eXacal-Klasmeier-2048x1134.png 2048w, https:\/\/www.klasmeier.com\/wp-content\/uploads\/SPRT-216-eXacal-Klasmeier-600x332.png 600w\" sizes=\"auto, (max-width: 1024px) 100vw, 1024px\" \/><\/figure>\n\n\n\n<div style=\"height:45px\" aria-hidden=\"true\" class=\"wp-block-spacer wp-container-content-95fa6ccb\"><\/div>\n\n\n\n<figure class=\"wp-block-table pttb\"><table class=\"has-fixed-layout\"><tbody><tr><td class=\"has-text-align-center\" data-align=\"center\"><strong>Omr\u00e5de<\/strong><\/td><td><strong>Temperaturfixpunkter<\/strong><\/td><td><strong>M\u00e4tos\u00e4kerhet<\/strong><\/td><\/tr><tr><td class=\"has-text-align-center\" data-align=\"center\">-189,3442 \u00b0C \u2013 0,01 \u00b0C<\/td><td>Argon till vatten<\/td><td>6 mK<\/td><\/tr><tr><td class=\"has-text-align-center\" data-align=\"center\">-38,8344 \u00b0C \u2013 0,01 \u00b0C<\/td><td>Kvicksilver till vatten<\/td><td>6 mK<\/td><\/tr><tr><td class=\"has-text-align-center\" data-align=\"center\">0,01 \u00b0C \u2013 29,7646 \u00b0C<\/td><td>Vatten till gallium<\/td><td>6 mK<\/td><\/tr><tr><td class=\"has-text-align-center\" data-align=\"center\">0,01 \u00b0C \u2013 156,5985 \u00b0C<\/td><td>Vatten till indium<\/td><td>6 mK<\/td><\/tr><tr><td class=\"has-text-align-center\" data-align=\"center\">0,01 \u00b0C \u2013 231,928 \u00b0C<\/td><td>Vatten till tenn<\/td><td>7 mK<\/td><\/tr><\/tbody><\/table><figcaption class=\"wp-element-caption\">De angivna m\u00e4tos\u00e4kerheterna motsvarar k=2, inkluderar en ITS-90-avvikelsefunktion, egenuppv\u00e4rmning och hysteres och anges f\u00f6r respektive omr\u00e5de.<\/figcaption><\/figure>\n<\/div>\n\n\n\n<div class=\"wp-block-group is-vertical is-content-justification-center is-layout-flex wp-container-core-group-is-layout-a7cf8a65 wp-block-group-is-layout-flex\" style=\"padding-top:var(--wp--preset--spacing--30);padding-bottom:var(--wp--preset--spacing--30)\">\n<h3 class=\"wp-block-heading\"><strong>Vad g\u00f6r v\u00e5r kalibrering speciell?<\/strong><\/h3>\n\n\n\n<p class=\"wp-block-paragraph\"><mark style=\"background-color:rgba(0, 0, 0, 0)\" class=\"has-inline-color has-accent-3-color\"><i class=\"fas fa-circle-check\"><\/i><\/mark> <span><strong>Sp\u00e5rbarhet:<\/strong> Genom v\u00e5r DAkkS-ackreditering \u00e4r varje kalibrering direkt kopplad till nationella och internationella normaler. Detta ger dig tryggheten att dina m\u00e4tresultat \u00e4r globalt erk\u00e4nda. <\/span><\/p>\n\n\n\n<p class=\"wp-block-paragraph\"><mark style=\"background-color:rgba(0, 0, 0, 0)\" class=\"has-inline-color has-accent-3-color\"><i class=\"fas fa-circle-check\"><\/i><\/mark> <span><strong>M\u00e4tos\u00e4kerhet:<\/strong> Noggrannheten i v\u00e5r kalibrering baseras p\u00e5 en noggrann bed\u00f6mning av alla os\u00e4kerhetskomponenter, inklusive termometerns reproducerbarhet, ITS-90 avvikelsefunktion, sj\u00e4lvuppv\u00e4rmning och sensorns hysteres.<\/span><\/p>\n\n\n\n<p class=\"wp-block-paragraph\"><mark style=\"background-color:rgba(0, 0, 0, 0)\" class=\"has-inline-color has-accent-3-color\"><i class=\"fas fa-circle-check\"><\/i><\/mark> <span><strong>Anv\u00e4ndningsomr\u00e5de:<\/strong> Med den detaljerade informationen fr\u00e5n kalibreringscertifikatet kan du anv\u00e4nda din l\u00e5gtemperatur-SPRT inom <strong>temperaturomr\u00e5det fr\u00e5n -189 \u00b0C till 232 \u00b0C<\/strong> med fullt f\u00f6rtroende.<\/span><\/p>\n<\/div>\n<\/div>\n\n<p class=\"wp-block-paragraph\"><\/p>\n","protected":false},"excerpt":{"rendered":"<p>&nbsp;<\/p>\n<p>Modell: eXacal 216 Tillverkare: Klasmeier<\/p>\n","protected":false},"featured_media":10792,"template":"","meta":[],"product_brand":[],"product_cat":[648],"product_tag":[673,649,674],"class_list":["post-10791","product","type-product","status-publish","has-post-thumbnail","product_cat-standard-platinaresistanstermometer-sprt","product_tag-sekundaer-sprt-2","product_tag-sprt","product_tag-standardplatinmotstaandstermometer","first","instock","shipping-taxable","purchasable","product-type-simple"],"_links":{"self":[{"href":"https:\/\/www.klasmeier.com\/sv\/wp-json\/wp\/v2\/product\/10791","targetHints":{"allow":["GET"]}}],"collection":[{"href":"https:\/\/www.klasmeier.com\/sv\/wp-json\/wp\/v2\/product"}],"about":[{"href":"https:\/\/www.klasmeier.com\/sv\/wp-json\/wp\/v2\/types\/product"}],"wp:featuredmedia":[{"embeddable":true,"href":"https:\/\/www.klasmeier.com\/sv\/wp-json\/wp\/v2\/media\/10792"}],"wp:attachment":[{"href":"https:\/\/www.klasmeier.com\/sv\/wp-json\/wp\/v2\/media?parent=10791"}],"wp:term":[{"taxonomy":"product_brand","embeddable":true,"href":"https:\/\/www.klasmeier.com\/sv\/wp-json\/wp\/v2\/product_brand?post=10791"},{"taxonomy":"product_cat","embeddable":true,"href":"https:\/\/www.klasmeier.com\/sv\/wp-json\/wp\/v2\/product_cat?post=10791"},{"taxonomy":"product_tag","embeddable":true,"href":"https:\/\/www.klasmeier.com\/sv\/wp-json\/wp\/v2\/product_tag?post=10791"}],"curies":[{"name":"wp","href":"https:\/\/api.w.org\/{rel}","templated":true}]}}