{"id":16138,"date":"2026-08-17T14:23:17","date_gmt":"2026-08-17T12:23:17","guid":{"rendered":"https:\/\/www.klasmeier.com\/klasmeier-utvecklas\/"},"modified":"2026-08-31T13:13:14","modified_gmt":"2026-08-31T11:13:14","slug":"klasmeier-utvecklas","status":"publish","type":"page","link":"https:\/\/www.klasmeier.com\/sv\/klasmeier-utvecklas\/","title":{"rendered":"Klasmeier utvecklas"},"content":{"rendered":"\n<div class=\"wp-block-group alignfull has-accent-background-color has-background has-global-padding is-layout-constrained wp-container-core-group-is-layout-73128380 wp-block-group-is-layout-constrained\" style=\"margin-top:0;margin-bottom:0;padding-top:var(--wp--preset--spacing--50);padding-right:var(--wp--preset--spacing--50);padding-bottom:var(--wp--preset--spacing--50);padding-left:var(--wp--preset--spacing--50)\">\n<h1 class=\"wp-block-heading has-text-align-center alignwide\"><strong>Klasmeier utvecklas<\/strong><\/h1>\n\n\n\n<div style=\"height:5px\" aria-hidden=\"true\" class=\"wp-block-spacer\"><\/div>\n\n\n\n<div class=\"wp-block-columns alignwide is-layout-flex wp-container-core-columns-is-layout-a0d91a25 wp-block-columns-is-layout-flex\">\n<div class=\"wp-block-column is-vertically-aligned-stretch is-layout-flow wp-block-column-is-layout-flow\" style=\"flex-basis:50%\">\n<div class=\"wp-block-group is-vertical is-content-justification-stretch is-layout-flex wp-container-core-group-is-layout-c042bc37 wp-block-group-is-layout-flex\" style=\"min-height:100%\">\n<p class=\"has-heading-font-family has-x-large-font-size wp-block-paragraph\" style=\"line-height:1.2\">Ett nytt namn f\u00f6r det du k\u00e4nner oss f\u00f6r.<\/p>\n\n\n\n<div class=\"wp-block-group has-global-padding is-content-justification-left is-layout-constrained wp-container-core-group-is-layout-1292ae2f wp-block-group-is-layout-constrained\">\n<p class=\"wp-container-content-0733e5d0 wp-block-paragraph\">I m\u00e5nga \u00e5r har Klasmeier st\u00e5tt f\u00f6r precision inom temperaturm\u00e4tteknik. Tillsammans med mitt team har jag f\u00e5tt f\u00f6lja f\u00f6retag inom industri, forskning och kalibreringslaboratorier p\u00e5 deras resa. <\/p>\n\n\n\n<p class=\"wp-block-paragraph\">V\u00e5r ambition har alltid varit densamma: att vara en p\u00e5litlig partner f\u00f6r kr\u00e4vande temperaturm\u00e4tningar.<\/p>\n\n\n\n<p class=\"wp-container-content-0733e5d0 wp-block-paragraph\">Med denna ambition utvecklar vi Klasmeier kontinuerligt.<\/p>\n\n\n\n<div class=\"wp-block-buttons is-layout-flex wp-block-buttons-is-layout-flex\"><\/div>\n<\/div>\n<\/div>\n<\/div>\n\n\n\n<div class=\"wp-block-column is-vertically-aligned-center is-layout-flow wp-block-column-is-layout-flow\" style=\"flex-basis:50%\">\n<figure class=\"wp-block-image size-full is-style-rounded is-style-rounded--1\"><img data-dominant-color=\"918c9c\" data-has-transparency=\"false\" loading=\"lazy\" decoding=\"async\" width=\"2508\" height=\"2560\" src=\"https:\/\/www.klasmeier.com\/wp-content\/uploads\/Thomas-Klasmeier-scaled.webp\" alt=\"\" class=\"wp-image-16043 not-transparent\" style=\"--dominant-color: #918c9c; aspect-ratio:3\/4;object-fit:cover\" srcset=\"https:\/\/www.klasmeier.com\/wp-content\/uploads\/Thomas-Klasmeier-scaled.webp 2508w, https:\/\/www.klasmeier.com\/wp-content\/uploads\/Thomas-Klasmeier-294x300.webp 294w, https:\/\/www.klasmeier.com\/wp-content\/uploads\/Thomas-Klasmeier-1003x1024.webp 1003w, https:\/\/www.klasmeier.com\/wp-content\/uploads\/Thomas-Klasmeier-768x784.webp 768w, https:\/\/www.klasmeier.com\/wp-content\/uploads\/Thomas-Klasmeier-1505x1536.webp 1505w, https:\/\/www.klasmeier.com\/wp-content\/uploads\/Thomas-Klasmeier-2006x2048.webp 2006w, https:\/\/www.klasmeier.com\/wp-content\/uploads\/Thomas-Klasmeier-600x612.webp 600w\" sizes=\"auto, (max-width: 2508px) 100vw, 2508px\" \/><\/figure>\n<\/div>\n<\/div>\n<\/div>\n\n<div class=\"wp-block-group alignfull has-base-background-color has-background has-global-padding is-layout-constrained wp-container-core-group-is-layout-36f65c2d wp-block-group-is-layout-constrained\" style=\"margin-top:0;margin-bottom:0;padding-top:var(--wp--preset--spacing--50);padding-right:var(--wp--preset--spacing--50);padding-bottom:var(--wp--preset--spacing--50);padding-left:var(--wp--preset--spacing--50)\">\n<div class=\"wp-block-columns alignwide is-layout-flex wp-container-core-columns-is-layout-ef10d34a wp-block-columns-is-layout-flex\">\n<div class=\"wp-block-column has-global-padding is-content-justification-left is-layout-constrained wp-container-core-column-is-layout-1292ae2f wp-block-column-is-layout-constrained\" style=\"flex-basis:40%\">\n<h2 class=\"wp-block-heading\">Under de senaste \u00e5ren har v\u00e5rt f\u00f6retag utvecklats avsev\u00e4rt.<\/h2>\n<\/div>\n\n\n\n<div class=\"wp-block-column is-layout-flow wp-container-core-column-is-layout-0c22cdd7 wp-block-column-is-layout-flow\" style=\"flex-basis:60%\">\n<p class=\"has-heading-font-family has-x-large-font-size wp-block-paragraph\" style=\"line-height:1.2\">Varf\u00f6r vi tar detta steg<\/p>\n\n\n\n<div class=\"wp-block-columns is-layout-flex wp-container-core-columns-is-layout-3afcaa04 wp-block-columns-is-layout-flex\">\n<div class=\"wp-block-column is-layout-flow wp-block-column-is-layout-flow\">\n<p class=\"wp-container-content-9cfa9a5a wp-block-paragraph\">1986 b\u00f6rjade vi som ett f\u00f6rs\u00e4ljningsbolag f\u00f6r temperaturm\u00e4tteknik. Sedan dess har v\u00e5rt f\u00f6retag utvecklats avsev\u00e4rt. Fr\u00e5n att vara ett f\u00f6rs\u00e4ljningsbolag har vi blivit s\u00e5 mycket mer.  <\/p>\n\n\n\n<p class=\"wp-block-paragraph\">Idag st\u00e5r vi f\u00f6r h\u00f6gkvalitativa termometrar fr\u00e5n v\u00e5r egen tillverkning, ackrediterade kalibreringar enligt DIN EN ISO\/IEC 17025 (DAkkS), ackrediterade kompetenspr\u00f6vningar enligt DIN EN ISO\/IEC 17043 (DAkkS), teknisk r\u00e5dgivning, seminarier och personligt utbyte med v\u00e5ra kunder.<\/p>\n<\/div>\n\n\n\n<div class=\"wp-block-column is-layout-flow wp-block-column-is-layout-flow\">\n<p class=\"wp-block-paragraph\">Namnet <strong>Klasmeier GmbH<\/strong> sammanfattar denna utveckling.  <\/p>\n\n\n\n<p class=\"wp-block-paragraph\">Det \u00e4r kortare, tydligare och st\u00e5r f\u00f6r hela v\u00e5r varum\u00e4rkeskompetens.<\/p>\n\n\n\n<p class=\"wp-block-paragraph\">Fr\u00e5n och med den 1 september 2026 kommer vi att bedriva v\u00e5r verksamhet under detta namn.<\/p>\n<\/div>\n<\/div>\n<\/div>\n<\/div>\n<\/div>\n\n<div class=\"wp-block-group alignfull has-accent-background-color has-background has-global-padding is-layout-constrained wp-container-core-group-is-layout-36f65c2d wp-block-group-is-layout-constrained\" style=\"margin-top:0;margin-bottom:0;padding-top:var(--wp--preset--spacing--50);padding-right:var(--wp--preset--spacing--50);padding-bottom:var(--wp--preset--spacing--50);padding-left:var(--wp--preset--spacing--50)\">\n<div class=\"wp-block-group alignwide is-vertical is-content-justification-center is-layout-flex wp-container-core-group-is-layout-bc18b00a wp-block-group-is-layout-flex\">\n<h2 class=\"wp-block-heading has-text-align-left\">Vad vi arbetar med<\/h2>\n<\/div>\n\n\n\n<div style=\"height:3px\" aria-hidden=\"true\" class=\"wp-block-spacer\"><\/div>\n\n\n\n<div class=\"wp-block-columns alignwide is-layout-flex wp-container-core-columns-is-layout-3a88641f wp-block-columns-is-layout-flex\">\n<div class=\"wp-block-column is-layout-flow wp-block-column-is-layout-flow\">\n<figure class=\"wp-block-image size-large has-custom-border\"><img data-dominant-color=\"9a4950\" data-has-transparency=\"false\" loading=\"lazy\" decoding=\"async\" width=\"1024\" height=\"683\" src=\"https:\/\/www.klasmeier.com\/wp-content\/uploads\/13-Kopie-1024x683.webp\" alt=\"\" class=\"wp-image-16045 not-transparent\" style=\"--dominant-color: #9a4950; border-top-left-radius:50px;border-top-right-radius:50px;border-bottom-left-radius:50px;border-bottom-right-radius:50px\" srcset=\"https:\/\/www.klasmeier.com\/wp-content\/uploads\/13-Kopie-1024x683.webp 1024w, https:\/\/www.klasmeier.com\/wp-content\/uploads\/13-Kopie-300x200.webp 300w, https:\/\/www.klasmeier.com\/wp-content\/uploads\/13-Kopie-768x512.webp 768w, https:\/\/www.klasmeier.com\/wp-content\/uploads\/13-Kopie-1536x1024.webp 1536w, https:\/\/www.klasmeier.com\/wp-content\/uploads\/13-Kopie-2048x1365.webp 2048w, https:\/\/www.klasmeier.com\/wp-content\/uploads\/13-Kopie-600x400.webp 600w\" sizes=\"auto, (max-width: 1024px) 100vw, 1024px\" \/><\/figure>\n<\/div>\n\n\n\n<div class=\"wp-block-column is-layout-flow wp-block-column-is-layout-flow\" style=\"padding-top:var(--wp--preset--spacing--20);padding-right:var(--wp--preset--spacing--20);padding-bottom:var(--wp--preset--spacing--20);padding-left:var(--wp--preset--spacing--20)\">\n<p class=\"wp-block-paragraph\"><strong>En tydlig varum\u00e4rkesprofil<\/strong><br\/>Under namnet Klasmeier ska du i framtiden omedelbart k\u00e4nna igen alla tj\u00e4nster relaterade till exakt temperaturm\u00e4tteknik.<\/p>\n\n\n\n<p class=\"wp-block-paragraph\"><strong>Personlig kundservice<br\/><\/strong>Korta beslutsv\u00e4gar, fasta kontaktpersoner och snabba beslut f\u00f6rblir v\u00e5r ambition i det dagliga samarbetet med dig.<\/p>\n<\/div>\n<\/div>\n\n\n\n<div class=\"wp-block-columns alignwide is-layout-flex wp-container-core-columns-is-layout-3a88641f wp-block-columns-is-layout-flex\">\n<div class=\"wp-block-column is-layout-flow wp-block-column-is-layout-flow\" style=\"padding-top:var(--wp--preset--spacing--20);padding-right:var(--wp--preset--spacing--20);padding-bottom:var(--wp--preset--spacing--20);padding-left:var(--wp--preset--spacing--20)\">\n<p class=\"wp-block-paragraph\"><strong>Allt fr\u00e5n en enda k\u00e4lla<br\/><\/strong>Fr\u00e5n utveckling och tillverkning av h\u00f6gkvalitativa termometrar till ackrediterade kalibreringar och kompetenspr\u00f6vningar, seminarier och teknisk r\u00e5dgivning \u2013 v\u00e5rt m\u00e5l \u00e4r att du ska ha en partner f\u00f6r allt detta.<\/p>\n\n\n\n<p class=\"wp-block-paragraph\"><strong>Mer utrymme f\u00f6r innovation<br\/><\/strong>Vi arbetar med att kontinuerligt vidareutveckla v\u00e5ra produkter, tj\u00e4nster och digitala erbjudanden.<\/p>\n<\/div>\n\n\n\n<div class=\"wp-block-column is-layout-flow wp-block-column-is-layout-flow\" style=\"padding-top:0;padding-right:0;padding-bottom:0;padding-left:0\">\n<figure class=\"wp-block-image size-large has-custom-border\" style=\"margin-top:var(--wp--preset--spacing--20);margin-bottom:var(--wp--preset--spacing--20)\"><img data-dominant-color=\"b76a6d\" data-has-transparency=\"false\" loading=\"lazy\" decoding=\"async\" width=\"1024\" height=\"683\" src=\"https:\/\/www.klasmeier.com\/wp-content\/uploads\/02-Kopie-1024x683.webp\" alt=\"\" class=\"wp-image-16042 not-transparent\" style=\"--dominant-color: #b76a6d; border-top-left-radius:50px;border-top-right-radius:50px;border-bottom-left-radius:50px;border-bottom-right-radius:50px\" srcset=\"https:\/\/www.klasmeier.com\/wp-content\/uploads\/02-Kopie-1024x683.webp 1024w, https:\/\/www.klasmeier.com\/wp-content\/uploads\/02-Kopie-300x200.webp 300w, https:\/\/www.klasmeier.com\/wp-content\/uploads\/02-Kopie-768x512.webp 768w, https:\/\/www.klasmeier.com\/wp-content\/uploads\/02-Kopie-1536x1024.webp 1536w, https:\/\/www.klasmeier.com\/wp-content\/uploads\/02-Kopie-2048x1365.webp 2048w, https:\/\/www.klasmeier.com\/wp-content\/uploads\/02-Kopie-600x400.webp 600w\" sizes=\"auto, (max-width: 1024px) 100vw, 1024px\" \/><\/figure>\n<\/div>\n<\/div>\n<\/div>\n\n<div class=\"wp-block-group alignfull has-global-padding is-layout-constrained wp-container-core-group-is-layout-73128380 wp-block-group-is-layout-constrained\" style=\"margin-top:0;margin-bottom:0;padding-top:var(--wp--preset--spacing--50);padding-right:var(--wp--preset--spacing--50);padding-bottom:var(--wp--preset--spacing--50);padding-left:var(--wp--preset--spacing--50)\">\n<div class=\"wp-block-group is-vertical is-content-justification-center is-layout-flex wp-container-core-group-is-layout-bc18b00a wp-block-group-is-layout-flex\">\n<h2 class=\"wp-block-heading has-text-align-center has-xx-large-font-size\">Vad f\u00f6rblir of\u00f6r\u00e4ndrat?<\/h2>\n\n\n\n<div style=\"height:5px\" aria-hidden=\"true\" class=\"wp-block-spacer wp-container-content-463bd4c8\"><\/div>\n\n\n\n<p class=\"has-text-align-center wp-block-paragraph\">Mycket.  <br\/><br\/>V\u00e5ra v\u00e4rderingar f\u00f6rblir of\u00f6r\u00e4ndrade.<br\/><strong>Precision. Kompetens. P\u00e5litlighet. Personlig service.   <br\/><\/strong>Dessa v\u00e4rderingar kommer \u00e4ven i framtiden att utg\u00f6ra grunden f\u00f6r hur vi m\u00e4ts.<\/p>\n\n\n\n<p class=\"has-text-align-center wp-block-paragraph\">Du forts\u00e4tter att arbeta med de personer du k\u00e4nner. Dina kontaktpersoner f\u00f6rblir desamma. <\/p>\n\n\n\n<p class=\"has-text-align-center wp-block-paragraph\">V\u00e5ra h\u00f6ga kvalitetsstandarder och v\u00e5r ambition f\u00f6rblir desamma. Vi vill vara din l\u00e5ngsiktiga partner f\u00f6r exakt temperaturm\u00e4tteknik. <\/p>\n<\/div>\n<\/div>\n\n<div class=\"wp-block-group alignfull has-base-color has-contrast-background-color has-text-color has-background has-link-color wp-elements-93fc4e0b1e2da34c8801a4fefe5cbf76 has-global-padding is-layout-constrained wp-container-core-group-is-layout-36f65c2d wp-block-group-is-layout-constrained\" style=\"margin-top:0;margin-bottom:0;padding-top:var(--wp--preset--spacing--50);padding-right:var(--wp--preset--spacing--50);padding-bottom:var(--wp--preset--spacing--50);padding-left:var(--wp--preset--spacing--50)\">\n<h2 class=\"wp-block-heading alignwide has-base-color has-text-color has-link-color wp-elements-d1bd783b4caa9f196cf336a1464e33d6\" style=\"font-size:clamp(4.509rem, 4.509rem + ((1vw - 0.2rem) * 9.152), 10rem);letter-spacing:-0.02em\">Vanliga fr\u00e5gor<\/h2>\n\n\n\n<div class=\"wp-block-group alignwide is-layout-flow wp-block-group-is-layout-flow\">\n<hr class=\"wp-block-separator has-text-color has-base-color has-alpha-channel-opacity has-base-background-color has-background is-style-wide\" style=\"margin-top:var(--wp--preset--spacing--30);margin-bottom:var(--wp--preset--spacing--30)\"\/>\n\n\n\n<h3 class=\"wp-block-heading alignwide has-base-2-color has-text-color has-link-color wp-elements-16ea718ad1a071348d8574f6b1abfcd3\">\u00c4ndras mina kontaktpersoner?<\/h3>\n\n\n\n<p class=\"has-contrast-1-color has-text-color has-link-color wp-elements-88bf41258602a44a7a8af1a20246b306 wp-block-paragraph\">Nej.<br\/>Dina kontaktpersoner f\u00f6rblir of\u00f6r\u00e4ndrade.<\/p>\n\n\n\n<hr class=\"wp-block-separator has-text-color has-base-color has-alpha-channel-opacity has-base-background-color has-background is-style-wide\" style=\"margin-top:var(--wp--preset--spacing--30);margin-bottom:var(--wp--preset--spacing--30)\"\/>\n\n\n\n<h3 class=\"wp-block-heading alignwide has-base-2-color has-text-color has-link-color wp-elements-516f4695b49fc73f36d9537e4bbbea9e\">\u00c4ndras v\u00e5ra tj\u00e4nster?<\/h3>\n\n\n\n<p class=\"has-contrast-1-color has-text-color has-link-color wp-elements-02b9326c4faedcdb8eecb97b9f0c3c26 wp-block-paragraph\">Nej.<br\/>Hela v\u00e5rt tj\u00e4nsteutbud kvarst\u00e5r och kommer att vidareutvecklas kontinuerligt.<\/p>\n\n\n\n<hr class=\"wp-block-separator has-text-color has-base-color has-alpha-channel-opacity has-base-background-color has-background is-style-wide\" style=\"margin-top:var(--wp--preset--spacing--30);margin-bottom:var(--wp--preset--spacing--30)\"\/>\n\n\n\n<h3 class=\"wp-block-heading alignwide has-base-2-color has-text-color has-link-color wp-elements-af75ace6afa00aff516c0a2205f110fa\">M\u00e5ste jag t\u00e4nka p\u00e5 n\u00e5got?<\/h3>\n\n\n\n<p class=\"has-contrast-1-color has-text-color has-link-color wp-elements-685849ab97bbe2c4470aef9cda7f7541 wp-block-paragraph\">Nej.<br\/>F\u00f6r dig f\u00f6r\u00e4ndras praktiskt taget ingenting i den dagliga verksamheten.<\/p>\n\n\n\n<hr class=\"wp-block-separator has-text-color has-base-color has-alpha-channel-opacity has-base-background-color has-background is-style-wide\" style=\"margin-top:var(--wp--preset--spacing--30);margin-bottom:var(--wp--preset--spacing--30)\"\/>\n\n\n\n<h3 class=\"wp-block-heading alignwide has-base-2-color has-text-color has-link-color wp-elements-a933f77b55cbacafee18f89e35de26f0\">Varf\u00f6r heter f\u00f6retaget Klasmeier GmbH i framtiden?<\/h3>\n\n\n\n<p class=\"has-contrast-1-color has-text-color has-link-color wp-elements-854ae4cfc912ae44427d0549af68141c wp-block-paragraph\">Eftersom v\u00e5rt varum\u00e4rke idag omfattar mycket mer \u00e4n kalibrering och m\u00e4tteknik.<\/p>\n\n\n\n<p class=\"has-contrast-1-color has-text-color has-link-color wp-elements-6bcc08f71a35f312ea95c94899a6f1db wp-block-paragraph\">Det nya namnet skapar en tydlig varum\u00e4rkesprofil och understryker v\u00e5rt fokus p\u00e5 precision, kompetens och personlig kundservice.<\/p>\n\n\n\n<hr class=\"wp-block-separator has-text-color has-base-color has-alpha-channel-opacity has-base-background-color has-background is-style-wide\" style=\"margin-top:var(--wp--preset--spacing--30);margin-bottom:var(--wp--preset--spacing--30)\"\/>\n\n\n\n<h3 class=\"wp-block-heading alignwide has-base-2-color has-text-color has-link-color wp-elements-566d7151ca36723a3fc145f507ff3a9a\" id=\"anmerkungakkreditierung\">Vad h\u00e4nder med ackrediterade kalibreringar och kompetenspr\u00f6vningar?<\/h3>\n\n\n\n<p class=\"wp-block-paragraph\">De forts\u00e4tter of\u00f6r\u00e4ndrade.<\/p>\n\n\n\n<p class=\"has-contrast-1-color has-text-color has-link-color wp-elements-9cd6e6e5fa196878a71331b87d063177 wp-block-paragraph\">De ackrediterade kalibreringstj\u00e4nsterna enligt DIN EN ISO\/IEC 17025 och kompetenspr\u00f6vningarna enligt DIN EN ISO\/IEC 17043 utf\u00f6rs fortsatt av Klasmeier Kalibrier- och Messtechnik GmbH ISOTECH.<\/p>\n\n\n\n<div style=\"margin-top:var(--wp--preset--spacing--10);margin-bottom:0;height:var(--wp--preset--spacing--10)\" aria-hidden=\"true\" class=\"wp-block-spacer\"><\/div>\n<\/div>\n<\/div>\n\n<div class=\"wp-block-group alignfull has-global-padding is-layout-constrained wp-container-core-group-is-layout-36f65c2d wp-block-group-is-layout-constrained\" style=\"margin-top:0;margin-bottom:0;padding-top:var(--wp--preset--spacing--50);padding-right:var(--wp--preset--spacing--50);padding-bottom:var(--wp--preset--spacing--50);padding-left:var(--wp--preset--spacing--50)\">\n<div class=\"wp-block-columns alignwide are-vertically-aligned-center is-layout-flex wp-container-core-columns-is-layout-ca2b64f2 wp-block-columns-is-layout-flex\">\n<div class=\"wp-block-column is-vertically-aligned-center is-layout-flow wp-block-column-is-layout-flow\" style=\"flex-basis:50%\">\n<h2 class=\"wp-block-heading\">Ett personligt ord<\/h2>\n\n\n\n<p class=\"wp-block-paragraph\">F\u00f6r\u00e4ndringar \u00e4r meningsfulla n\u00e4r de erbjuder v\u00e5ra kunder ett verkligt merv\u00e4rde.<\/p>\n\n\n\n<p class=\"wp-block-paragraph\">Just d\u00e4rf\u00f6r har vi valt att ta detta steg.<\/p>\n\n\n\n<p class=\"wp-block-paragraph\">Med <strong>Klasmeier GmbH<\/strong> skapar vi grunden f\u00f6r att ytterligare st\u00e4rka v\u00e5rt varum\u00e4rke och \u00e4nnu mer konsekvent fokusera p\u00e5 det som v\u00e5ra kunder har uppskattat hos oss i m\u00e5nga \u00e5r: h\u00f6gsta precision, gedigen expertis och ett partnerskapligt samarbete.<\/p>\n\n\n\n<p class=\"wp-block-paragraph\">Jag ser fram emot n\u00e4sta projekt med dig, nu som Klasmeier GmbH.<\/p>\n\n\n\n<p class=\"wp-block-paragraph\">Tack f\u00f6r ditt f\u00f6rtroende.<\/p>\n\n\n\n<p class=\"wp-block-paragraph\">V\u00e4nliga h\u00e4lsningar fr\u00e5n Fulda<\/p>\n\n\n\n<p class=\"wp-block-paragraph\">Thomas Klasmeier<\/p>\n<\/div>\n\n\n\n<div class=\"wp-block-column is-vertically-aligned-center is-layout-flow wp-block-column-is-layout-flow\" style=\"flex-basis:50%\">\n<figure class=\"wp-block-image size-full is-style-rounded is-style-rounded--2\"><img data-dominant-color=\"99616b\" data-has-transparency=\"false\" loading=\"lazy\" decoding=\"async\" width=\"2560\" height=\"1707\" src=\"https:\/\/www.klasmeier.com\/wp-content\/uploads\/04-Kopie-scaled.webp\" alt=\"\" class=\"wp-image-16041 not-transparent\" style=\"--dominant-color: #99616b; aspect-ratio:4\/3;object-fit:cover\" srcset=\"https:\/\/www.klasmeier.com\/wp-content\/uploads\/04-Kopie-scaled.webp 2560w, https:\/\/www.klasmeier.com\/wp-content\/uploads\/04-Kopie-300x200.webp 300w, https:\/\/www.klasmeier.com\/wp-content\/uploads\/04-Kopie-1024x683.webp 1024w, https:\/\/www.klasmeier.com\/wp-content\/uploads\/04-Kopie-768x512.webp 768w, https:\/\/www.klasmeier.com\/wp-content\/uploads\/04-Kopie-1536x1024.webp 1536w, https:\/\/www.klasmeier.com\/wp-content\/uploads\/04-Kopie-2048x1365.webp 2048w, https:\/\/www.klasmeier.com\/wp-content\/uploads\/04-Kopie-600x400.webp 600w\" sizes=\"auto, (max-width: 2560px) 100vw, 2560px\" \/><\/figure>\n<\/div>\n<\/div>\n<\/div>\n","protected":false},"excerpt":{"rendered":"<p>Klasmeier utvecklas Ett nytt namn f\u00f6r det du k\u00e4nner oss f\u00f6r. I m\u00e5nga \u00e5r har Klasmeier st\u00e5tt f\u00f6r precision inom temperaturm\u00e4tteknik. Tillsammans med mitt team har jag f\u00e5tt f\u00f6lja f\u00f6retag inom industri, forskning och kalibreringslaboratorier p\u00e5 deras resa. V\u00e5r ambition har alltid varit densamma: att vara en p\u00e5litlig partner f\u00f6r kr\u00e4vande temperaturm\u00e4tningar. Med denna ambition [&hellip;]<\/p>\n","protected":false},"author":2,"featured_media":0,"parent":0,"menu_order":0,"comment_status":"closed","ping_status":"closed","template":"","meta":{"footnotes":""},"class_list":["post-16138","page","type-page","status-publish","hentry"],"_links":{"self":[{"href":"https:\/\/www.klasmeier.com\/sv\/wp-json\/wp\/v2\/pages\/16138","targetHints":{"allow":["GET"]}}],"collection":[{"href":"https:\/\/www.klasmeier.com\/sv\/wp-json\/wp\/v2\/pages"}],"about":[{"href":"https:\/\/www.klasmeier.com\/sv\/wp-json\/wp\/v2\/types\/page"}],"author":[{"embeddable":true,"href":"https:\/\/www.klasmeier.com\/sv\/wp-json\/wp\/v2\/users\/2"}],"replies":[{"embeddable":true,"href":"https:\/\/www.klasmeier.com\/sv\/wp-json\/wp\/v2\/comments?post=16138"}],"version-history":[{"count":2,"href":"https:\/\/www.klasmeier.com\/sv\/wp-json\/wp\/v2\/pages\/16138\/revisions"}],"predecessor-version":[{"id":16213,"href":"https:\/\/www.klasmeier.com\/sv\/wp-json\/wp\/v2\/pages\/16138\/revisions\/16213"}],"wp:attachment":[{"href":"https:\/\/www.klasmeier.com\/sv\/wp-json\/wp\/v2\/media?parent=16138"}],"curies":[{"name":"wp","href":"https:\/\/api.w.org\/{rel}","templated":true}]}}