{"id":10733,"date":"2024-03-01T11:41:19","date_gmt":"2024-03-01T10:41:19","guid":{"rendered":"https:\/\/www.klasmeier.com\/?page_id=10733"},"modified":"2025-11-20T13:41:02","modified_gmt":"2025-11-20T12:41:02","slug":"termometermanufaktur","status":"publish","type":"page","link":"https:\/\/www.klasmeier.com\/sv\/termometermanufaktur\/","title":{"rendered":"Termometermanufaktur"},"content":{"rendered":"\n<div class=\"wp-block-cover alignfull is-light has-base-2-color has-text-color has-link-color wp-elements-013a141c961f15632d1958b4de4d7757\" style=\"padding-right:var(--wp--preset--spacing--30);padding-left:var(--wp--preset--spacing--30)\"><img loading=\"lazy\" decoding=\"async\" width=\"1600\" height=\"1003\" class=\"wp-block-cover__image-background wp-image-2657\" alt=\"\" src=\"https:\/\/www.klasmeier.com\/wp-content\/uploads\/eXacal_Fertigung.jpg\" data-object-fit=\"cover\" srcset=\"https:\/\/www.klasmeier.com\/wp-content\/uploads\/eXacal_Fertigung.jpg 1600w, https:\/\/www.klasmeier.com\/wp-content\/uploads\/eXacal_Fertigung-300x188.jpg 300w, https:\/\/www.klasmeier.com\/wp-content\/uploads\/eXacal_Fertigung-1024x642.jpg 1024w, https:\/\/www.klasmeier.com\/wp-content\/uploads\/eXacal_Fertigung-768x481.jpg 768w, https:\/\/www.klasmeier.com\/wp-content\/uploads\/eXacal_Fertigung-1536x963.jpg 1536w, https:\/\/www.klasmeier.com\/wp-content\/uploads\/eXacal_Fertigung-600x376.jpg 600w\" sizes=\"auto, (max-width: 1600px) 100vw, 1600px\" \/><span aria-hidden=\"true\" class=\"wp-block-cover__background has-contrast-background-color has-background-dim-40 has-background-dim\"><\/span><div class=\"wp-block-cover__inner-container is-layout-flow wp-block-cover-is-layout-flow\">\n<h2 class=\"wp-block-heading has-text-align-center hm\"><strong>Termometermanufaktur<\/strong><\/h2>\n<\/div><\/div>\n\n\n\n<div class=\"wp-block-group alignfull has-global-padding is-layout-constrained wp-block-group-is-layout-constrained\" id=\"Manufaktur\" style=\"padding-top:var(--wp--preset--spacing--30);padding-bottom:var(--wp--preset--spacing--30)\">\n<figure class=\"wp-block-image aligncenter size-full\"><img loading=\"lazy\" decoding=\"async\" width=\"310\" height=\"89\" src=\"https:\/\/www.klasmeier.com\/wp-content\/uploads\/exacal.png\" alt=\"\" class=\"wp-image-10784\" srcset=\"https:\/\/www.klasmeier.com\/wp-content\/uploads\/exacal.png 310w, https:\/\/www.klasmeier.com\/wp-content\/uploads\/exacal-300x86.png 300w\" sizes=\"auto, (max-width: 310px) 100vw, 310px\" \/><\/figure>\n\n\n\n<h2 class=\"wp-block-heading alignwide has-text-align-center\" id=\"thermometer-manufaktur-prazisionsthermometer-in-handarbeit\"><strong>Termometermanufaktur \u2013 Precisionstermometrar i hantverk<\/strong><\/h2>\n\n\n\n<div class=\"wp-block-group alignwide has-global-padding is-layout-constrained wp-container-core-group-is-layout-cb1f04b5 wp-block-group-is-layout-constrained\" style=\"padding-top:var(--wp--preset--spacing--20);padding-bottom:var(--wp--preset--spacing--20)\">\n<div class=\"wp-block-columns alignwide is-layout-flex wp-container-core-columns-is-layout-28f84493 wp-block-columns-is-layout-flex\">\n<div class=\"wp-block-column is-layout-flow wp-block-column-is-layout-flow\" style=\"flex-basis:66%\">\n<p><mark style=\"background-color:rgba(0, 0, 0, 0);color:#dd3333\" class=\"has-inline-color\"><i class=\"fas fa-circle-check\"><\/i><\/mark> V\u00e5ra eXacal <a href=\"https:\/\/www.klasmeier.com\/sv\/praezisionsthermometer-von-klasmeier\/\">precisionstermometrar<\/a> tillverkas med st\u00f6rsta noggrannhet <strong>f\u00f6r hand<\/strong> i v\u00e5r manufaktur i Fulda, Tyskland \u2013 och kan p\u00e5 beg\u00e4ran skr\u00e4ddarsys <strong>enligt dina specifika krav<\/strong>. Oavsett om det g\u00e4ller anpassningar av handtag, kontakter, givarl\u00e4ngd eller anslutningskabel \u2013 <strong>vi f\u00f6rverkligar dina \u00f6nskem\u00e5l med precision<\/strong>.<\/p>\n\n\n\n<p><mark style=\"background-color:rgba(0, 0, 0, 0);color:#dd3333\" class=\"has-inline-color\"><i class=\"fas fa-circle-check\"><\/i><\/mark> V\u00e5ra termometrar \u00e4r <strong>utvecklade f\u00f6r exakta temperaturm\u00e4tningar<\/strong> och t\u00e4cker, beroende p\u00e5 modell, ett brett <strong>temperaturomr\u00e5de fr\u00e5n -200 \u00b0C till 1200 \u00b0C<\/strong>.<\/p>\n\n\n\n<p><mark style=\"background-color:rgba(0, 0, 0, 0);color:#dd3333\" class=\"has-inline-color\"><i class=\"fas fa-circle-check\"><\/i><\/mark> F\u00f6rutom termometerkonstruktionen l\u00e4gger vi s\u00e4rskild vikt vid utvecklingen av egna verktyg och innovativa produktionsmetoder. Fr\u00e5n <strong>design<\/strong> och <strong>produktion<\/strong> till den slutliga <strong>ackrediterade kalibreringen enligt DIN EN ISO\/IEC 17025 (DAkkS)<\/strong> sker varje steg uteslutande i v\u00e5ra egna lokaler. Tack vare <strong>anv\u00e4ndningen av h\u00f6gkvalitativa r\u00e5material<\/strong> och <strong>avsaknaden av externa leverant\u00f6rer<\/strong> <strong>garanterar<\/strong> vi en konstant h\u00f6g <strong>kvalitet p\u00e5 v\u00e5ra produkter<\/strong>.<\/p>\n<\/div>\n\n\n\n<div class=\"wp-block-column is-vertically-aligned-center is-layout-flow wp-block-column-is-layout-flow\" style=\"flex-basis:33%\">\n<figure class=\"wp-block-image alignright size-full is-resized has-custom-border hvr-grow\"><img loading=\"lazy\" decoding=\"async\" width=\"1024\" height=\"1024\" src=\"https:\/\/www.klasmeier.com\/wp-content\/uploads\/klasmeier_EU_Precision_Thermometry_transparent.webp\" alt=\"\" class=\"wp-image-13165\" style=\"border-radius:50px;width:400px;height:auto\" srcset=\"https:\/\/www.klasmeier.com\/wp-content\/uploads\/klasmeier_EU_Precision_Thermometry_transparent.webp 1024w, https:\/\/www.klasmeier.com\/wp-content\/uploads\/klasmeier_EU_Precision_Thermometry_transparent-300x300.webp 300w, https:\/\/www.klasmeier.com\/wp-content\/uploads\/klasmeier_EU_Precision_Thermometry_transparent-150x150.webp 150w, https:\/\/www.klasmeier.com\/wp-content\/uploads\/klasmeier_EU_Precision_Thermometry_transparent-768x768.webp 768w, https:\/\/www.klasmeier.com\/wp-content\/uploads\/klasmeier_EU_Precision_Thermometry_transparent-600x600.webp 600w, https:\/\/www.klasmeier.com\/wp-content\/uploads\/klasmeier_EU_Precision_Thermometry_transparent-100x100.webp 100w\" sizes=\"auto, (max-width: 1024px) 100vw, 1024px\" \/><\/figure>\n<\/div>\n<\/div>\n<\/div>\n\n\n\n<div class=\"wp-block-buttons is-content-justification-center is-layout-flex wp-container-core-buttons-is-layout-a89b3969 wp-block-buttons-is-layout-flex\">\n<div class=\"wp-block-button  hvr-shrink\"><a class=\"wp-block-button__link wp-element-button\" href=\"https:\/\/www.klasmeier.com\/en\/thermometer-manufaktur\/thermometer\/\">Till termometrarna<\/a><\/div>\n<\/div>\n<\/div>\n\n\n\n<div class=\"wp-block-group alignfull has-accent-background-color has-background has-global-padding is-layout-constrained wp-container-core-group-is-layout-80fb368b wp-block-group-is-layout-constrained\" style=\"padding-top:var(--wp--preset--spacing--30);padding-right:var(--wp--preset--spacing--30);padding-bottom:var(--wp--preset--spacing--30);padding-left:var(--wp--preset--spacing--30)\">\n<h3 class=\"wp-block-heading alignwide\">Se en rundtur i termometermanufakturen i videon:<\/h3>\n\n\n\n<div class=\"wp-block-group alignwide has-global-padding is-layout-constrained wp-block-group-is-layout-constrained\" style=\"margin-top:var(--wp--preset--spacing--30);margin-bottom:var(--wp--preset--spacing--30);padding-top:0;padding-bottom:0\">\n<figure class=\"wp-block-embed alignwide is-type-video is-provider-vimeo wp-block-embed-vimeo wp-embed-aspect-16-9 wp-has-aspect-ratio\"><div class=\"wp-block-embed__wrapper\">\n<iframe loading=\"lazy\" title=\"Rundgang durch die Thermometer Manufaktur von Klasmeier\" src=\"https:\/\/player.vimeo.com\/video\/768484806?h=8809463295&amp;dnt=1&amp;app_id=122963\" width=\"500\" height=\"281\" frameborder=\"0\" allow=\"autoplay; fullscreen; picture-in-picture; clipboard-write; encrypted-media\"><\/iframe>\n<\/div><\/figure>\n<\/div>\n<\/div>\n\n\n\n<div class=\"wp-block-group alignfull has-global-padding is-layout-constrained wp-block-group-is-layout-constrained\" id=\"Fertigungsverfahren\" style=\"padding-top:var(--wp--preset--spacing--30);padding-bottom:var(--wp--preset--spacing--30)\">\n<h3 class=\"wp-block-heading alignwide has-text-align-center\" id=\"das-fertigungsverfahren-im-uberblick\">Tillverkningsprocessen i \u00f6versikt<\/h3>\n\n\n\n<div class=\"wp-block-columns alignwide hvr-grow is-layout-flex wp-container-core-columns-is-layout-901e6cc9 wp-block-columns-is-layout-flex\" style=\"padding-top:var(--wp--preset--spacing--30);padding-bottom:var(--wp--preset--spacing--10)\">\n<div class=\"wp-block-column is-layout-flow wp-block-column-is-layout-flow\" style=\"flex-basis:25%\">\n<figure class=\"wp-block-image aligncenter size-full is-resized has-custom-border\"><img loading=\"lazy\" decoding=\"async\" width=\"300\" height=\"200\" src=\"https:\/\/www.klasmeier.com\/wp-content\/uploads\/exacal-fertigung-1.jpg\" alt=\"\" class=\"wp-image-2671\" style=\"border-radius:50px;width:308px;height:auto\"\/><\/figure>\n<\/div>\n\n\n\n<div class=\"wp-block-column is-layout-flow wp-block-column-is-layout-flow\" style=\"padding-left:var(--wp--preset--spacing--10);flex-basis:75%\">\n<h4 class=\"wp-block-heading\" id=\"mechanische-fertigung\"><strong>Mekanisk tillverkning<\/strong><\/h4>\n\n\n\n<p>Komponenter som handtag eller prototyper f\u00f6r utvecklingsprojekt tillverkas med h\u00f6g precision genom sp\u00e5nsk\u00e4rande bearbetning.<\/p>\n<\/div>\n<\/div>\n\n\n\n<div class=\"wp-block-columns alignwide hvr-grow is-layout-flex wp-container-core-columns-is-layout-28b55a6e wp-block-columns-is-layout-flex\" style=\"padding-top:var(--wp--preset--spacing--10);padding-bottom:var(--wp--preset--spacing--10)\">\n<div class=\"wp-block-column is-layout-flow wp-block-column-is-layout-flow\" style=\"flex-basis:25%\">\n<figure class=\"wp-block-image aligncenter size-full is-resized has-custom-border\"><img loading=\"lazy\" decoding=\"async\" width=\"300\" height=\"200\" src=\"https:\/\/www.klasmeier.com\/wp-content\/uploads\/exacal-schweissen-1.jpg\" alt=\"\" class=\"wp-image-2675\" style=\"border-radius:50px;width:308px;height:auto\"\/><\/figure>\n<\/div>\n\n\n\n<div class=\"wp-block-column is-layout-flow wp-block-column-is-layout-flow\" style=\"padding-left:var(--wp--preset--spacing--10);flex-basis:75%\">\n<h4 class=\"wp-block-heading\" id=\"edelmetall-schweissverfahren\"><strong>\u00c4delmetallsvetsning<\/strong><\/h4>\n\n\n\n<p>Termotr\u00e5dar och anslutningskablar svetsas manuellt med h\u00f6gsta noggrannhet. De n\u00f6dv\u00e4ndiga br\u00e4nngaserna, v\u00e4te och syre, lagras inte i flaskor utan genereras direkt genom elektrolys av vatten i den optimala blandningsf\u00f6rh\u00e5llandet 2:1. Denna metod s\u00e4kerst\u00e4ller en s\u00e4rskilt h\u00f6g renhet hos br\u00e4nngasen.<\/p>\n<\/div>\n<\/div>\n\n\n\n<div class=\"wp-block-columns alignwide hvr-grow is-layout-flex wp-container-core-columns-is-layout-28b55a6e wp-block-columns-is-layout-flex\" style=\"padding-top:var(--wp--preset--spacing--10);padding-bottom:var(--wp--preset--spacing--10)\">\n<div class=\"wp-block-column is-layout-flow wp-block-column-is-layout-flow\" style=\"flex-basis:25%\">\n<figure class=\"wp-block-image aligncenter size-full is-resized has-custom-border\"><img loading=\"lazy\" decoding=\"async\" width=\"300\" height=\"200\" src=\"https:\/\/www.klasmeier.com\/wp-content\/uploads\/eXacal-Laserschweissen.jpg\" alt=\"\" class=\"wp-image-2677\" style=\"border-radius:50px;width:308px;height:auto\"\/><\/figure>\n<\/div>\n\n\n\n<div class=\"wp-block-column is-layout-flow wp-block-column-is-layout-flow\" style=\"padding-left:var(--wp--preset--spacing--10);flex-basis:75%\">\n<h4 class=\"wp-block-heading\" id=\"laserschweissen\"><strong>Lasersvetsning<\/strong><\/h4>\n\n\n\n<p>Filigrana f\u00f6rbindningar, s\u00e5som anslutningstr\u00e5dar f\u00f6r temperatursensorer, svetsas med h\u00f6gprecisionslasrar under mikroskop.<\/p>\n<\/div>\n<\/div>\n\n\n\n<div class=\"wp-block-columns alignwide hvr-grow is-layout-flex wp-container-core-columns-is-layout-28b55a6e wp-block-columns-is-layout-flex\" style=\"padding-top:var(--wp--preset--spacing--10);padding-bottom:var(--wp--preset--spacing--10)\">\n<div class=\"wp-block-column is-layout-flow wp-block-column-is-layout-flow\" style=\"flex-basis:25%\">\n<figure class=\"wp-block-image aligncenter size-full is-resized has-custom-border\"><img loading=\"lazy\" decoding=\"async\" width=\"300\" height=\"200\" src=\"https:\/\/www.klasmeier.com\/wp-content\/uploads\/exacal-thermische-behandlung-1.jpg\" alt=\"\" class=\"wp-image-2679\" style=\"border-radius:50px;width:308px;height:auto\"\/><\/figure>\n<\/div>\n\n\n\n<div class=\"wp-block-column is-layout-flow wp-block-column-is-layout-flow\" style=\"padding-left:var(--wp--preset--spacing--10);flex-basis:75%\">\n<h4 class=\"wp-block-heading\" id=\"thermische-behandlung-von-thermomaterial\"><strong>Termisk behandling av termomaterial<\/strong><\/h4>\n\n\n\n<p>En av v\u00e5ra k\u00e4rnkompetenser \u00e4r den riktade termiska behandlingen av termotr\u00e5dar. Genom v\u00e5ra \u00e5ldringsprocesser s\u00e4kerst\u00e4lls ett metallurgiskt stabilt och termoelektriskt homogent tillst\u00e5nd hos eXacal-termoelementen.<\/p>\n<\/div>\n<\/div>\n\n\n\n<div class=\"wp-block-columns alignwide hvr-grow is-layout-flex wp-container-core-columns-is-layout-28b55a6e wp-block-columns-is-layout-flex\" style=\"padding-top:var(--wp--preset--spacing--10);padding-bottom:var(--wp--preset--spacing--10)\">\n<div class=\"wp-block-column is-layout-flow wp-block-column-is-layout-flow\" style=\"flex-basis:25%\">\n<figure class=\"wp-block-image aligncenter size-full is-resized has-custom-border\"><img loading=\"lazy\" decoding=\"async\" width=\"300\" height=\"200\" src=\"https:\/\/www.klasmeier.com\/wp-content\/uploads\/eXacal-Klasmeier-1.jpg\" alt=\"\" class=\"wp-image-2681\" style=\"border-radius:50px;width:308px;height:auto\"\/><\/figure>\n<\/div>\n\n\n\n<div class=\"wp-block-column is-layout-flow wp-block-column-is-layout-flow\" style=\"padding-left:var(--wp--preset--spacing--10);flex-basis:75%\">\n<h4 class=\"wp-block-heading\" id=\"alterung-von-widerstandsthermometern\"><strong>\u00c5ldring av motst\u00e5ndstermometrar<\/strong><\/h4>\n\n\n\n<p>Motst\u00e5ndstermometrar stabiliseras helt i en specialutvecklad \u00e5ldringsugn, som spolas med syre, enligt anpassade \u00e5ldringscykler.<\/p>\n<\/div>\n<\/div>\n\n\n\n<div class=\"wp-block-columns alignwide hvr-grow is-layout-flex wp-container-core-columns-is-layout-28b55a6e wp-block-columns-is-layout-flex\" style=\"padding-top:var(--wp--preset--spacing--10);padding-bottom:var(--wp--preset--spacing--10)\">\n<div class=\"wp-block-column is-layout-flow wp-block-column-is-layout-flow\" style=\"flex-basis:25%\">\n<figure class=\"wp-block-image aligncenter size-full is-resized has-custom-border\"><img loading=\"lazy\" decoding=\"async\" width=\"300\" height=\"200\" src=\"https:\/\/www.klasmeier.com\/wp-content\/uploads\/eXacal-SPRT-Draht-Messwiderstaende.jpg\" alt=\"\" class=\"wp-image-2683\" style=\"border-radius:50px;width:308px;height:auto\"\/><\/figure>\n<\/div>\n\n\n\n<div class=\"wp-block-column is-layout-flow wp-block-column-is-layout-flow\" style=\"padding-left:var(--wp--preset--spacing--10);flex-basis:75%\">\n<h4 class=\"wp-block-heading\" id=\"drahtspulen-wickeln\"><strong>Lindning av tr\u00e5dspolar<\/strong><\/h4>\n\n\n\n<p>F\u00f6r SPRT-motst\u00e5ndsv\u00e4rden lindas ultratunna, h\u00f6grena platinaledningar med en specialutvecklad lindningsmaskin till extremt fina tr\u00e5dspolar med h\u00f6g precision.<\/p>\n<\/div>\n<\/div>\n\n\n\n<div class=\"wp-block-columns alignwide hvr-grow is-layout-flex wp-container-core-columns-is-layout-28b55a6e wp-block-columns-is-layout-flex\" style=\"padding-top:var(--wp--preset--spacing--10);padding-bottom:var(--wp--preset--spacing--10)\">\n<div class=\"wp-block-column is-layout-flow wp-block-column-is-layout-flow\" style=\"flex-basis:25%\">\n<figure class=\"wp-block-image aligncenter size-full is-resized has-custom-border\"><img loading=\"lazy\" decoding=\"async\" width=\"300\" height=\"200\" src=\"https:\/\/www.klasmeier.com\/wp-content\/uploads\/Voraltern-der-Keramiken.png\" alt=\"\" class=\"wp-image-2953\" style=\"border-radius:50px;width:308px;height:auto\"\/><\/figure>\n<\/div>\n\n\n\n<div class=\"wp-block-column is-layout-flow wp-block-column-is-layout-flow\" style=\"padding-left:var(--wp--preset--spacing--10);flex-basis:75%\">\n<h4 class=\"wp-block-heading\" id=\"reinigung-von-keramikkomponenten-im-rohrofen\"><strong>Reng\u00f6ring av keramiska komponenter i r\u00f6rugn<\/strong><\/h4>\n\n\n\n<p>Alla keramiska komponenter som anv\u00e4nds i v\u00e5ra precisionstermometrar genomg\u00e5r en noggrann reng\u00f6ringsprocess i en r\u00f6rugn vid h\u00f6ga temperaturer innan de anv\u00e4nds.<\/p>\n<\/div>\n<\/div>\n<\/div>\n\n\n\n<div class=\"wp-block-group alignfull has-global-padding is-layout-constrained wp-container-core-group-is-layout-80fb368b wp-block-group-is-layout-constrained\" style=\"padding-top:var(--wp--preset--spacing--30);padding-right:var(--wp--preset--spacing--30);padding-bottom:var(--wp--preset--spacing--30);padding-left:var(--wp--preset--spacing--30)\">\n<figure class=\"wp-block-image alignwide size-full has-custom-border\"><img loading=\"lazy\" decoding=\"async\" width=\"1600\" height=\"569\" src=\"https:\/\/www.klasmeier.com\/wp-content\/uploads\/Temperatur-Messwiderstaende-von-Klasmeier.png\" alt=\"\" class=\"wp-image-2687\" style=\"border-radius:50px\" srcset=\"https:\/\/www.klasmeier.com\/wp-content\/uploads\/Temperatur-Messwiderstaende-von-Klasmeier.png 1600w, https:\/\/www.klasmeier.com\/wp-content\/uploads\/Temperatur-Messwiderstaende-von-Klasmeier-300x107.png 300w, https:\/\/www.klasmeier.com\/wp-content\/uploads\/Temperatur-Messwiderstaende-von-Klasmeier-1024x364.png 1024w, https:\/\/www.klasmeier.com\/wp-content\/uploads\/Temperatur-Messwiderstaende-von-Klasmeier-768x273.png 768w, https:\/\/www.klasmeier.com\/wp-content\/uploads\/Temperatur-Messwiderstaende-von-Klasmeier-1536x546.png 1536w, https:\/\/www.klasmeier.com\/wp-content\/uploads\/Temperatur-Messwiderstaende-von-Klasmeier-600x213.png 600w\" sizes=\"auto, (max-width: 1600px) 100vw, 1600px\" \/><\/figure>\n\n\n\n<div class=\"wp-block-columns alignwide are-vertically-aligned-center hvr-grow is-layout-flex wp-container-core-columns-is-layout-ef350914 wp-block-columns-is-layout-flex\" style=\"padding-top:var(--wp--preset--spacing--30);padding-bottom:var(--wp--preset--spacing--30)\">\n<div class=\"wp-block-column is-vertically-aligned-center is-layout-flow wp-block-column-is-layout-flow\" style=\"flex-basis:25%\">\n<figure class=\"wp-block-image aligncenter size-full is-resized has-custom-border\"><img loading=\"lazy\" decoding=\"async\" width=\"300\" height=\"300\" src=\"https:\/\/www.klasmeier.com\/wp-content\/uploads\/eXacal-Messwiderstaende-von-Klasmeier-1-300x300-1.png\" alt=\"\" class=\"wp-image-2689\" style=\"border-radius:50px;width:281px;height:auto\" srcset=\"https:\/\/www.klasmeier.com\/wp-content\/uploads\/eXacal-Messwiderstaende-von-Klasmeier-1-300x300-1.png 300w, https:\/\/www.klasmeier.com\/wp-content\/uploads\/eXacal-Messwiderstaende-von-Klasmeier-1-300x300-1-150x150.png 150w, https:\/\/www.klasmeier.com\/wp-content\/uploads\/eXacal-Messwiderstaende-von-Klasmeier-1-300x300-1-100x100.png 100w\" sizes=\"auto, (max-width: 300px) 100vw, 300px\" \/><\/figure>\n<\/div>\n\n\n\n<div class=\"wp-block-column is-vertically-aligned-center is-layout-flow wp-block-column-is-layout-flow\" style=\"flex-basis:75%\">\n<h3 class=\"wp-block-heading\">M\u00e4tmotst\u00e5nd fr\u00e5n egen tillverkning<\/h3>\n\n\n\n<p>Tillverkningen av temperaturm\u00e4tmotst\u00e5nd \u00e4r ett&nbsp;<strong>komplext hantverk<\/strong>&nbsp;som kr\u00e4ver en mycket&nbsp;<strong>precis process<\/strong>, vilken vi hanterar helt internt i v\u00e5r manufaktur. V\u00e5ra erfarna tekniker&nbsp;<strong>tr\u00e4r ultratunna platinaledningar f\u00f6r hand under mikroskop<\/strong>&nbsp;p\u00e5 en b\u00e4rarkropp av keramik eller kvarts. Innan detta steg formas platinaledningen till en&nbsp;<strong>fin spole i en specialutvecklad lindningsmaskin<\/strong>. I v\u00e5r&nbsp;<strong>termometermanufaktur<\/strong>&nbsp;bearbetar vi dessa extremt k\u00e4nsliga m\u00e4tmotst\u00e5nd vidare och f\u00f6r\u00e4dlar dem till&nbsp;<strong>precisionstermometrar av h\u00f6gsta kvalitet<\/strong>.<\/p>\n<\/div>\n<\/div>\n\n\n\n<div class=\"wp-block-buttons is-content-justification-center is-layout-flex wp-container-core-buttons-is-layout-a89b3969 wp-block-buttons-is-layout-flex\">\n<div class=\"wp-block-button  hvr-shrink\"><a class=\"wp-block-button__link wp-element-button\" href=\"https:\/\/www.klasmeier.com\/sv\/matmotstand-fran-klasmeier\/messwiderstaende-von-klasmeier\/\"><strong>Till m\u00e4tmotst\u00e5nden<\/strong><\/a><\/div>\n<\/div>\n<\/div>\n\n\n\n<div class=\"wp-block-group alignfull has-global-padding is-layout-constrained wp-container-core-group-is-layout-80fb368b wp-block-group-is-layout-constrained\" style=\"padding-top:var(--wp--preset--spacing--30);padding-right:var(--wp--preset--spacing--30);padding-bottom:var(--wp--preset--spacing--30);padding-left:var(--wp--preset--spacing--30)\">\n<figure class=\"wp-block-image alignwide size-full has-custom-border\"><img loading=\"lazy\" decoding=\"async\" width=\"1600\" height=\"541\" src=\"https:\/\/www.klasmeier.com\/wp-content\/uploads\/eXacal_3D-Druck.jpg\" alt=\"\" class=\"wp-image-2693\" style=\"border-radius:50px\" srcset=\"https:\/\/www.klasmeier.com\/wp-content\/uploads\/eXacal_3D-Druck.jpg 1600w, https:\/\/www.klasmeier.com\/wp-content\/uploads\/eXacal_3D-Druck-300x101.jpg 300w, https:\/\/www.klasmeier.com\/wp-content\/uploads\/eXacal_3D-Druck-1024x346.jpg 1024w, https:\/\/www.klasmeier.com\/wp-content\/uploads\/eXacal_3D-Druck-768x260.jpg 768w, https:\/\/www.klasmeier.com\/wp-content\/uploads\/eXacal_3D-Druck-1536x519.jpg 1536w, https:\/\/www.klasmeier.com\/wp-content\/uploads\/eXacal_3D-Druck-600x203.jpg 600w\" sizes=\"auto, (max-width: 1600px) 100vw, 1600px\" \/><\/figure>\n\n\n\n<div class=\"wp-block-columns alignwide are-vertically-aligned-center hvr-grow is-layout-flex wp-container-core-columns-is-layout-ef350914 wp-block-columns-is-layout-flex\" style=\"padding-top:var(--wp--preset--spacing--30);padding-bottom:var(--wp--preset--spacing--30)\">\n<div class=\"wp-block-column is-vertically-aligned-center is-layout-flow wp-block-column-is-layout-flow\" style=\"flex-basis:25%\">\n<figure class=\"wp-block-image aligncenter size-full is-resized has-custom-border\"><img loading=\"lazy\" decoding=\"async\" width=\"275\" height=\"275\" src=\"https:\/\/www.klasmeier.com\/wp-content\/uploads\/eXacal_3D_Druck.jpg\" alt=\"\" class=\"wp-image-2695\" style=\"border-radius:50px;width:281px;height:auto\" srcset=\"https:\/\/www.klasmeier.com\/wp-content\/uploads\/eXacal_3D_Druck.jpg 275w, https:\/\/www.klasmeier.com\/wp-content\/uploads\/eXacal_3D_Druck-150x150.jpg 150w, https:\/\/www.klasmeier.com\/wp-content\/uploads\/eXacal_3D_Druck-100x100.jpg 100w\" sizes=\"auto, (max-width: 275px) 100vw, 275px\" \/><\/figure>\n<\/div>\n\n\n\n<div class=\"wp-block-column is-vertically-aligned-center is-layout-flow wp-block-column-is-layout-flow\" style=\"flex-basis:75%\">\n<h3 class=\"wp-block-heading\">3D-utskriftsmetod<\/h3>\n\n\n\n<p>Isolationskomponenter och komplexa plastdelar inuti handtagen, s\u00e5som dragavlastningar, tillverkas med hj\u00e4lp av en modern 3D-utskriftsmetod. Detta ger oss m\u00e5nga f\u00f6rdelar. Komplexa konstruktioner kan produceras utan manuella mellanled och utan behov av dyra specialverktyg. Detta sparar b\u00e5de tid och kostnader. Genom 3D-utskrift kan eXacal-termometrar tillverkas i modulsystem och anpassas efter kundens specifika behov.<\/p>\n<\/div>\n<\/div>\n<\/div>\n\n\n\n<div class=\"wp-block-group alignfull has-accent-background-color has-background has-global-padding is-layout-constrained wp-container-core-group-is-layout-80fb368b wp-block-group-is-layout-constrained\" style=\"padding-top:var(--wp--preset--spacing--30);padding-right:var(--wp--preset--spacing--30);padding-bottom:var(--wp--preset--spacing--30);padding-left:var(--wp--preset--spacing--30)\">\n<figure class=\"wp-block-image alignwide size-full has-custom-border\"><img loading=\"lazy\" decoding=\"async\" width=\"1010\" height=\"383\" src=\"https:\/\/www.klasmeier.com\/wp-content\/uploads\/Klasmeier-Thermoelement-eXacal-Inhomogenitaeten-1-1.png\" alt=\"\" class=\"wp-image-2697\" style=\"border-radius:50px\" srcset=\"https:\/\/www.klasmeier.com\/wp-content\/uploads\/Klasmeier-Thermoelement-eXacal-Inhomogenitaeten-1-1.png 1010w, https:\/\/www.klasmeier.com\/wp-content\/uploads\/Klasmeier-Thermoelement-eXacal-Inhomogenitaeten-1-1-300x114.png 300w, https:\/\/www.klasmeier.com\/wp-content\/uploads\/Klasmeier-Thermoelement-eXacal-Inhomogenitaeten-1-1-768x291.png 768w, https:\/\/www.klasmeier.com\/wp-content\/uploads\/Klasmeier-Thermoelement-eXacal-Inhomogenitaeten-1-1-600x228.png 600w\" sizes=\"auto, (max-width: 1010px) 100vw, 1010px\" \/><\/figure>\n<\/div>\n\n\n\n<div class=\"wp-block-group alignfull has-global-padding is-layout-constrained wp-container-core-group-is-layout-0d683d8b wp-block-group-is-layout-constrained\" id=\"Inhomogenit\u00e4ten-Scanner\" style=\"padding-top:var(--wp--preset--spacing--30);padding-bottom:var(--wp--preset--spacing--30)\">\n<h3 class=\"wp-block-heading alignwide\" id=\"inhomogenitaten-scanner\">Inhomogenitets-Scanner<\/h3>\n\n\n\n<p>Unders\u00f6kningen av m\u00f6jliga inhomogeniteter i eXacal-termoelement utf\u00f6rs med en specialutvecklad&nbsp;<strong>inhomogenitets-scanner<\/strong>. En r\u00f6rlig v\u00e4rmek\u00e4lla skannar hela termomaterialet vid m\u00e4tpunkten f\u00f6r att identifiera lokala avvikelser.<\/p>\n\n\n\n<figure class=\"wp-block-image alignwide size-full has-custom-border\"><img loading=\"lazy\" decoding=\"async\" width=\"1024\" height=\"568\" src=\"https:\/\/www.klasmeier.com\/wp-content\/uploads\/Klasmeier-Inhomogenitaeten-Scanner-1024x568-1024x568-1.png\" alt=\"\" class=\"wp-image-2699\" style=\"border-radius:50px\" srcset=\"https:\/\/www.klasmeier.com\/wp-content\/uploads\/Klasmeier-Inhomogenitaeten-Scanner-1024x568-1024x568-1.png 1024w, https:\/\/www.klasmeier.com\/wp-content\/uploads\/Klasmeier-Inhomogenitaeten-Scanner-1024x568-1024x568-1-300x166.png 300w, https:\/\/www.klasmeier.com\/wp-content\/uploads\/Klasmeier-Inhomogenitaeten-Scanner-1024x568-1024x568-1-768x426.png 768w, https:\/\/www.klasmeier.com\/wp-content\/uploads\/Klasmeier-Inhomogenitaeten-Scanner-1024x568-1024x568-1-600x333.png 600w\" sizes=\"auto, (max-width: 1024px) 100vw, 1024px\" \/><\/figure>\n\n\n\n<p>Inhomogenitets-scannern \u00e4r en innovativ egenutveckling av&nbsp;<strong>Klasmeier<\/strong>&nbsp;och bidrar v\u00e4sentligt till optimeringen av eXacal-termoelementen. Den m\u00f6jligg\u00f6r:<\/p>\n\n\n\n<p><mark style=\"background-color:rgba(0, 0, 0, 0);color:#dd3333\" class=\"has-inline-color\"><i class=\"fas fa-circle-check\"><\/i><\/mark> <strong><strong>En mer realistisk bed\u00f6mning av m\u00e4tos\u00e4kerheter<\/strong><\/strong><br><mark style=\"background-color:rgba(0, 0, 0, 0);color:#dd3333\" class=\"has-inline-color\"><i class=\"fas fa-circle-check\"><\/i><\/mark> <strong><strong>\u00d6vervakning och f\u00f6rfining av termiska behandlingsprocesser<\/strong><\/strong><br><mark style=\"background-color:rgba(0, 0, 0, 0);color:#dd3333\" class=\"has-inline-color\"><i class=\"fas fa-circle-check\"><\/i><\/mark> <strong><strong>En avsev\u00e4rt f\u00f6rb\u00e4ttrad produktkvalitet och effektivare tillverkningsprocesser<\/strong><\/strong><\/p>\n<\/div>\n\n\n\n<div class=\"wp-block-group alignfull has-global-padding is-layout-constrained wp-container-core-group-is-layout-0c8379ad wp-block-group-is-layout-constrained\" style=\"margin-top:var(--wp--preset--spacing--30);margin-bottom:var(--wp--preset--spacing--30);padding-top:var(--wp--preset--spacing--20);padding-right:var(--wp--preset--spacing--30);padding-bottom:var(--wp--preset--spacing--20);padding-left:var(--wp--preset--spacing--30)\">\n<h3 class=\"wp-block-heading alignwide has-text-align-center\"><strong>Tillsammans hittar vi den b\u00e4sta l\u00f6sningen f\u00f6r dig<\/strong><\/h3>\n\n\n\n<div class=\"wp-block-columns alignwide hvr-grow has-accent-background-color has-background is-layout-flex wp-container-core-columns-is-layout-b6a795d6 wp-block-columns-is-layout-flex\" style=\"border-radius:50px;margin-top:var(--wp--preset--spacing--40);margin-bottom:var(--wp--preset--spacing--40);padding-top:var(--wp--preset--spacing--20);padding-right:var(--wp--preset--spacing--20);padding-bottom:var(--wp--preset--spacing--20);padding-left:var(--wp--preset--spacing--20)\">\n<div class=\"wp-block-column is-layout-flow wp-block-column-is-layout-flow\" style=\"flex-basis:40%\">\n<figure class=\"wp-block-image aligncenter size-full has-custom-border\"><img loading=\"lazy\" decoding=\"async\" width=\"500\" height=\"333\" src=\"https:\/\/www.klasmeier.com\/wp-content\/uploads\/ES.png\" alt=\"\" class=\"wp-image-2653\" style=\"border-radius:50px\" srcset=\"https:\/\/www.klasmeier.com\/wp-content\/uploads\/ES.png 500w, https:\/\/www.klasmeier.com\/wp-content\/uploads\/ES-300x200.png 300w\" sizes=\"auto, (max-width: 500px) 100vw, 500px\" \/><\/figure>\n<\/div>\n\n\n\n<div class=\"wp-block-column is-vertically-aligned-center is-layout-flow wp-block-column-is-layout-flow\" style=\"flex-basis:60%\">\n<h3 class=\"wp-block-heading has-text-align-center\">Prata direkt med v\u00e5r expert!<\/h3>\n\n\n\n<p class=\"has-text-align-center\"><br><strong>Din kontaktperson f\u00f6r precisionstermometrar:<\/strong><\/p>\n\n\n\n<p class=\"has-text-align-center\"><strong>Elke Seewald<\/strong><br><em>Chef f\u00f6r eXacal-manufakturen p\u00e5 Klasmeier<\/em><\/p>\n\n\n\n<p class=\"has-text-align-center\"><mark style=\"background-color:rgba(0, 0, 0, 0);color:#dd3333\" class=\"has-inline-color\"><i class=\"fas fa-envelope\"><\/i><\/mark> <a href=\"https:\/\/www.klasmeier.com\/sv\/foretag\/kontakta-oss\/\">Ta kontakt nu<\/a><\/p>\n<\/div>\n<\/div>\n<\/div>\n","protected":false},"excerpt":{"rendered":"<p>Termometermanufaktur \u2013 Precisionstermometrar i hantverk V\u00e5ra eXacal precisionstermometrar tillverkas med st\u00f6rsta noggrannhet f\u00f6r hand i v\u00e5r manufaktur i Fulda, Tyskland \u2013 och kan p\u00e5 beg\u00e4ran skr\u00e4ddarsys enligt dina specifika krav. Oavsett om det g\u00e4ller anpassningar av handtag, kontakter, givarl\u00e4ngd eller anslutningskabel \u2013 vi f\u00f6rverkligar dina \u00f6nskem\u00e5l med precision. V\u00e5ra termometrar \u00e4r utvecklade f\u00f6r exakta temperaturm\u00e4tningar [&hellip;]<\/p>\n","protected":false},"author":4,"featured_media":0,"parent":0,"menu_order":0,"comment_status":"closed","ping_status":"closed","template":"","meta":{"footnotes":""},"class_list":["post-10733","page","type-page","status-publish","hentry"],"_links":{"self":[{"href":"https:\/\/www.klasmeier.com\/sv\/wp-json\/wp\/v2\/pages\/10733","targetHints":{"allow":["GET"]}}],"collection":[{"href":"https:\/\/www.klasmeier.com\/sv\/wp-json\/wp\/v2\/pages"}],"about":[{"href":"https:\/\/www.klasmeier.com\/sv\/wp-json\/wp\/v2\/types\/page"}],"author":[{"embeddable":true,"href":"https:\/\/www.klasmeier.com\/sv\/wp-json\/wp\/v2\/users\/4"}],"replies":[{"embeddable":true,"href":"https:\/\/www.klasmeier.com\/sv\/wp-json\/wp\/v2\/comments?post=10733"}],"version-history":[{"count":5,"href":"https:\/\/www.klasmeier.com\/sv\/wp-json\/wp\/v2\/pages\/10733\/revisions"}],"predecessor-version":[{"id":13254,"href":"https:\/\/www.klasmeier.com\/sv\/wp-json\/wp\/v2\/pages\/10733\/revisions\/13254"}],"wp:attachment":[{"href":"https:\/\/www.klasmeier.com\/sv\/wp-json\/wp\/v2\/media?parent=10733"}],"curies":[{"name":"wp","href":"https:\/\/api.w.org\/{rel}","templated":true}]}}