{"id":10656,"date":"2024-03-12T16:50:42","date_gmt":"2024-03-12T15:50:42","guid":{"rendered":"https:\/\/www.klasmeier.com\/?page_id=10656"},"modified":"2025-03-07T11:10:34","modified_gmt":"2025-03-07T10:10:34","slug":"foretag","status":"publish","type":"page","link":"https:\/\/www.klasmeier.com\/sv\/foretag\/","title":{"rendered":"F\u00f6retag"},"content":{"rendered":"\n<figure class=\"wp-block-image alignfull size-full\"><img decoding=\"async\" src=\"https:\/\/www.klasmeier.com\/wp-content\/uploads\/2024\/03\/Klasmeier-Header-1.jpg\" alt=\"\" class=\"wp-image-1581\"\/><\/figure>\n\n\n\n<div class=\"wp-block-group alignwide has-global-padding is-layout-constrained wp-container-core-group-is-layout-e1df7a91 wp-block-group-is-layout-constrained\" style=\"padding-top:var(--wp--preset--spacing--20);padding-bottom:var(--wp--preset--spacing--20)\">\n<h3 class=\"wp-block-heading alignwide has-text-align-center\"><strong><strong>Klasmeier \u2013 Precision inom temperatur<\/strong><\/strong><\/h3>\n\n\n\n<figure class=\"wp-block-image alignwide size-full has-custom-border hvr-grow\"><img loading=\"lazy\" decoding=\"async\" width=\"1600\" height=\"1067\" src=\"https:\/\/www.klasmeier.com\/wp-content\/uploads\/2024\/03\/PK-TK.jpg\" alt=\"\" class=\"wp-image-1514\" style=\"border-radius:50px\" srcset=\"https:\/\/www.klasmeier.com\/wp-content\/uploads\/2024\/03\/PK-TK.jpg 1600w, https:\/\/www.klasmeier.com\/wp-content\/uploads\/2024\/03\/PK-TK-300x200.jpg 300w, https:\/\/www.klasmeier.com\/wp-content\/uploads\/2024\/03\/PK-TK-1024x683.jpg 1024w, https:\/\/www.klasmeier.com\/wp-content\/uploads\/2024\/03\/PK-TK-768x512.jpg 768w, https:\/\/www.klasmeier.com\/wp-content\/uploads\/2024\/03\/PK-TK-1536x1024.jpg 1536w, https:\/\/www.klasmeier.com\/wp-content\/uploads\/2024\/03\/PK-TK-600x400.jpg 600w\" sizes=\"auto, (max-width: 1600px) 100vw, 1600px\" \/><figcaption class=\"wp-element-caption\">Diplomingenj\u00f6rer Peter och Thomas Klasmeier<\/figcaption><\/figure>\n<\/div>\n\n\n\n<div class=\"wp-block-group alignfull has-accent-background-color has-background has-global-padding is-layout-constrained wp-container-core-group-is-layout-570efc33 wp-block-group-is-layout-constrained\" style=\"padding-top:var(--wp--preset--spacing--30);padding-right:var(--wp--preset--spacing--30);padding-bottom:var(--wp--preset--spacing--30);padding-left:var(--wp--preset--spacing--30)\">\n<p class=\"has-text-align-center\" style=\"font-size:clamp(0.875rem, 0.875rem + ((1vw - 0.2rem) * 0.708), 1.3rem);\">Klasmeier \u00e4r ett medelstort familjef\u00f6retag med s\u00e4te i Fulda. F\u00f6retaget har varit familje\u00e4gt i \u00f6ver 35 \u00e5r och drivs nu i andra generationen av diplomingenj\u00f6r Thomas Klasmeier.<\/p>\n\n\n\n<p class=\"has-text-align-center\" style=\"font-size:clamp(0.875rem, 0.875rem + ((1vw - 0.2rem) * 0.708), 1.3rem);\">F\u00f6retaget \u00e4r specialiserat p\u00e5 temperaturm\u00e4tning och temperaturkalibrering, driver kalibreringstj\u00e4nsten Klasmeier, organiserar utbildningar och tillverkar eXacal-precisionstermometrar.<\/p>\n<\/div>\n\n\n\n<div class=\"wp-block-group alignfull has-global-padding is-layout-constrained wp-container-core-group-is-layout-a87bbb62 wp-block-group-is-layout-constrained\" style=\"padding-top:var(--wp--preset--spacing--30);padding-right:var(--wp--preset--spacing--30);padding-bottom:var(--wp--preset--spacing--30);padding-left:var(--wp--preset--spacing--30)\">\n<h3 class=\"wp-block-heading alignwide\"><strong><strong>\u00d6ver 35 \u00e5r \u2013 precision inom temperatur<\/strong><\/strong><\/h3>\n\n\n\n<p class=\"has-text-align-left\">I november 1986 grundades f\u00f6retaget Klasmeier som en f\u00f6rs\u00e4ljningsorganisation f\u00f6r temperaturkalibreringsutrustning under varum\u00e4rket ISOTECH. Sedan dess har f\u00f6retagets verksamhetsomr\u00e5de kontinuerligt utvecklats. Projektering och drifts\u00e4ttning av kalibreringsanl\u00e4ggningar samt h\u00f6gprecisionsm\u00e4tning och registrering av den fysikaliska parametern temperatur har tillkommit.<\/p>\n\n\n\n<figure class=\"wp-block-image aligncenter size-full is-resized has-custom-border hvr-grow\"><img loading=\"lazy\" decoding=\"async\" width=\"350\" height=\"226\" src=\"https:\/\/www.klasmeier.com\/wp-content\/uploads\/2024\/03\/image-1.jpeg\" alt=\"\" class=\"wp-image-1543\" style=\"border-radius:50px;width:620px;height:auto\" srcset=\"https:\/\/www.klasmeier.com\/wp-content\/uploads\/2024\/03\/image-1.jpeg 350w, https:\/\/www.klasmeier.com\/wp-content\/uploads\/2024\/03\/image-1-300x194.jpeg 300w\" sizes=\"auto, (max-width: 350px) 100vw, 350px\" \/><figcaption class=\"wp-element-caption\">F\u00f6rs\u00e4ljningskontor 1986<\/figcaption><\/figure>\n\n\n\n<p class=\"has-text-align-left\">Sedan 1997 driver vi ett eget ackrediterat temperaturkalibreringslaboratorium. Vanligtvis j\u00e4mf\u00f6rs temperaturm\u00e4tningssystem som ska kalibreras i termostater med kalibrerade referensgivare i s\u00e5dana laboratorier. Den dokumenterade differensen \u00e4r ett m\u00e5tt p\u00e5 kalibreringsresultatet. Vi har valt en egen v\u00e4g genom att anv\u00e4nda definierade fixpunkter fr\u00e5n den internationella temperaturskalan ITS-90 (International Temperature Scale of 1990) f\u00f6r att utf\u00f6ra h\u00f6gprecisionskalibreringar. P\u00e5 s\u00e5 s\u00e4tt kan dessa definierade fixpunkter, fr\u00e5n -189 \u00b0C (trippelpunkten f\u00f6r h\u00f6ggradigt rent argon) till 962 \u00b0C (stelningspunkten f\u00f6r h\u00f6ggradigt rent silver), genereras och m\u00e4tas med en noggrannhet p\u00e5 upp till 1\/1000 \u00b0C (1 mK).<\/p>\n\n\n\n<div class=\"wp-block-group alignfull has-global-padding is-layout-constrained wp-container-core-group-is-layout-635d5d07 wp-block-group-is-layout-constrained\" style=\"padding-right:var(--wp--preset--spacing--30);padding-left:var(--wp--preset--spacing--30)\">\n<figure class=\"wp-block-image aligncenter size-full is-resized has-custom-border hvr-grow\"><img loading=\"lazy\" decoding=\"async\" width=\"383\" height=\"247\" src=\"https:\/\/www.klasmeier.com\/wp-content\/uploads\/2024\/03\/image-1.png\" alt=\"\" class=\"wp-image-1589\" style=\"border-radius:50px;width:620px\" srcset=\"https:\/\/www.klasmeier.com\/wp-content\/uploads\/2024\/03\/image-1.png 383w, https:\/\/www.klasmeier.com\/wp-content\/uploads\/2024\/03\/image-1-300x193.png 300w\" sizes=\"auto, (max-width: 383px) 100vw, 383px\" \/><figcaption class=\"wp-element-caption\">Klasmeiers m\u00e4ssmonter<\/figcaption><\/figure>\n<\/div>\n\n\n\n<p class=\"has-text-align-left\">V\u00e5ra fixpunkter och m\u00e4tsystem \u00e4r kopplade till de tyska nationella standarderna vid PTB (Physikalisch-Technische Bundesanstalt) och till den brittiska kalibreringstj\u00e4nsten UKAS samt DAkkS. D\u00e4rmed \u00e4r alla m\u00e4tningar och kalibreringar sp\u00e5rbara till b\u00e5de nationella och internationella standarder. Dessutom kan vi utf\u00f6ra sp\u00e5rbara fabrikskalibreringar i temperaturintervallet fr\u00e5n -200 \u00b0C till 1300 \u00b0C. <\/p>\n\n\n\n<p class=\"has-text-align-left\">I b\u00f6rjan av 2007 flyttade vi till nya lokaler p\u00e5 Flemingstra\u00dfe i Fulda. Genom detta tredubblades kapaciteten hos v\u00e5rt kalibreringslaboratorium.<\/p>\n<\/div>\n\n\n\n<div class=\"wp-block-group alignfull has-accent-background-color has-background has-global-padding is-layout-constrained wp-container-core-group-is-layout-bf4c8e8a wp-block-group-is-layout-constrained\" style=\"margin-top:0;margin-bottom:0;padding-top:var(--wp--preset--spacing--30);padding-right:var(--wp--preset--spacing--30);padding-bottom:var(--wp--preset--spacing--30);padding-left:var(--wp--preset--spacing--30)\">\n<h3 class=\"wp-block-heading alignwide has-text-align-center\"><strong><strong>F\u00f6retagshistoria<\/strong><\/strong><\/h3>\n\n\n\n<p class=\"has-text-align-left\"><strong>1986<\/strong><br>Grundande av en f\u00f6rs\u00e4ljningsorganisation f\u00f6r temperaturkalibreringsutrustning under varum\u00e4rket <a href=\"https:\/\/www.klasmeier.com\/unternehmen\/isotech\/\">ISOTECH<\/a> av dipl.-ing. Peter Klasmeier.<\/p>\n\n\n\n<p class=\"has-text-align-left\"><strong>1987 \u2013 1996<\/strong><br>Kontinuerlig ut\u00f6kning av verksamhetsomr\u00e5den, inklusive projektering och drifts\u00e4ttning av kalibreringsutrustning, h\u00f6gprecisionsm\u00e4tning och registrering av den fysikaliska parametern temperatur.<\/p>\n\n\n\n<p class=\"has-text-align-left\"><strong>1996<\/strong><br>Drifts\u00e4ttning av ett <a href=\"http:\/\/www.kalibrierdienst-klasmeier.de\/\" target=\"_blank\" rel=\"noopener\">ackrediterat DKD-kalibreringslaboratorium f\u00f6r temperatur<\/a>.<\/p>\n\n\n\n<p class=\"has-text-align-left\">Fixpunkterna och m\u00e4tutrustningen \u00e4r anslutna till de tyska nationella standarderna vid PTB (Physikalisch-Technische Bundesanstalt) och den brittiska kalibreringstj\u00e4nsten UKAS. D\u00e4rmed \u00e4r alla m\u00e4tningar och kalibreringar sp\u00e5rbara till b\u00e5de nationella och internationella standarder. Sp\u00e5rbara kalibreringar kan utf\u00f6ras inom temperaturintervallet fr\u00e5n -200 \u00b0C till 1300 \u00b0C.<\/p>\n<\/div>\n\n\n\n<div class=\"wp-block-group alignfull has-global-padding is-layout-constrained wp-container-core-group-is-layout-bf4c8e8a wp-block-group-is-layout-constrained\" style=\"margin-top:0;margin-bottom:0;padding-top:var(--wp--preset--spacing--30);padding-right:var(--wp--preset--spacing--30);padding-bottom:var(--wp--preset--spacing--30);padding-left:var(--wp--preset--spacing--30)\">\n<p class=\"has-text-align-left\"><strong>2004<\/strong><br><a href=\"https:\/\/klasmeier.engineer\/ueber-mich-thomas-klasmeier\/\" target=\"_blank\" rel=\"noopener\">Dipl.-Ing. (FH) Thomas Klasmeier<\/a> utses tillsammans med dipl.-ing. Peter Klasmeier till ensam beh\u00f6rig verkst\u00e4llande direkt\u00f6r.<\/p>\n\n\n\n<p class=\"has-text-align-left\">Ut\u00f6kning av DKD-ackrediteringen f\u00f6r kalibrering vid temperaturfixpunkter: DKD-kalibreringar kan nu utf\u00f6ras fr\u00e5n -38,8344 \u00b0C till 419,527 \u00b0C.<\/p>\n\n\n\n<p class=\"has-text-align-left\"><strong>2005<\/strong><br>Ut\u00f6kning av DKD-ackrediteringen med fixpunkten aluminium: DKD-kalibreringar kan nu utf\u00f6ras fr\u00e5n -38,8344 \u00b0C till 660,323 \u00b0C.<\/p>\n<\/div>\n\n\n\n<div class=\"wp-block-group alignfull has-accent-background-color has-background has-global-padding is-layout-constrained wp-container-core-group-is-layout-bf4c8e8a wp-block-group-is-layout-constrained\" style=\"margin-top:0;margin-bottom:0;padding-top:var(--wp--preset--spacing--30);padding-right:var(--wp--preset--spacing--30);padding-bottom:var(--wp--preset--spacing--30);padding-left:var(--wp--preset--spacing--30)\">\n<p class=\"has-text-align-left\"><strong>2007<\/strong><br>F\u00f6retaget flyttar till en st\u00f6rre byggnad i industriomr\u00e5det M\u00fcnsterfeld \/ Fulda. Kapaciteten f\u00f6r kalibreringslaboratoriet tredubblas d\u00e4rmed.<\/p>\n\n\n\n<figure class=\"wp-block-image aligncenter size-full is-resized has-custom-border hvr-grow\"><img loading=\"lazy\" decoding=\"async\" width=\"1024\" height=\"480\" src=\"https:\/\/www.klasmeier.com\/wp-content\/uploads\/2024\/03\/1-Klasmeier-Kalibrier-und-Messtechnik-GmbH-1024x480-1.jpg\" alt=\"\" class=\"wp-image-1591\" style=\"border-radius:50px;width:620px\" srcset=\"https:\/\/www.klasmeier.com\/wp-content\/uploads\/2024\/03\/1-Klasmeier-Kalibrier-und-Messtechnik-GmbH-1024x480-1.jpg 1024w, https:\/\/www.klasmeier.com\/wp-content\/uploads\/2024\/03\/1-Klasmeier-Kalibrier-und-Messtechnik-GmbH-1024x480-1-300x141.jpg 300w, https:\/\/www.klasmeier.com\/wp-content\/uploads\/2024\/03\/1-Klasmeier-Kalibrier-und-Messtechnik-GmbH-1024x480-1-768x360.jpg 768w, https:\/\/www.klasmeier.com\/wp-content\/uploads\/2024\/03\/1-Klasmeier-Kalibrier-und-Messtechnik-GmbH-1024x480-1-600x281.jpg 600w\" sizes=\"auto, (max-width: 1024px) 100vw, 1024px\" \/><figcaption class=\"wp-element-caption\">Den nya byggnaden f\u00f6r Klasmeier<\/figcaption><\/figure>\n\n\n\n<p class=\"has-text-align-left\"><strong>2009<\/strong><br>Ut\u00f6kning av DKD-ackrediteringen med silverfixpunkten: Som det enda laboratoriet i Tyskland kan vi nu utf\u00f6ra DKD-kalibreringar fr\u00e5n -38,8344 \u00b0C till 971,78 \u00b0C.<\/p>\n<\/div>\n\n\n\n<div class=\"wp-block-group alignfull has-global-padding is-layout-constrained wp-container-core-group-is-layout-bf4c8e8a wp-block-group-is-layout-constrained\" style=\"margin-top:0;margin-bottom:0;padding-top:var(--wp--preset--spacing--30);padding-right:var(--wp--preset--spacing--30);padding-bottom:var(--wp--preset--spacing--30);padding-left:var(--wp--preset--spacing--30)\">\n<figure class=\"wp-block-image aligncenter size-full is-resized hvr-grow\"><img loading=\"lazy\" decoding=\"async\" width=\"310\" height=\"89\" src=\"https:\/\/www.klasmeier.com\/wp-content\/uploads\/2024\/03\/exacal.png\" alt=\"\" class=\"wp-image-1593\" style=\"width:352px;height:auto\" srcset=\"https:\/\/www.klasmeier.com\/wp-content\/uploads\/2024\/03\/exacal.png 310w, https:\/\/www.klasmeier.com\/wp-content\/uploads\/2024\/03\/exacal-300x86.png 300w\" sizes=\"auto, (max-width: 310px) 100vw, 310px\" \/><\/figure>\n\n\n\n<p class=\"has-text-align-left\"><strong>2011<\/strong><br>Registrering av varum\u00e4rket <a href=\"http:\/\/www.exacal.de\/\" target=\"_blank\" rel=\"noopener\">eXacal<\/a>.<\/p>\n\n\n\n<p class=\"has-text-align-left\"><strong>2011<\/strong><br>Ut\u00f6kning av DKD-ackrediteringen med argontripelpunkten: DKD-kalibreringar kan nu utf\u00f6ras fr\u00e5n -189,3442 \u00b0C till 971,78 \u00b0C.<\/p>\n\n\n\n<p class=\"has-text-align-left\"><strong>2012<\/strong><br>V\u00e5rt kalibreringstj\u00e4nst erh\u00e5ller en ny DAkkS-ackreditering.<br>Efter en framg\u00e5ngsrik revision omvandlades den befintliga DKD-ackrediteringen till en DAkkS-ackreditering.<br>Det nya ackrediteringsnumret f\u00f6r kalibreringslaboratoriet \u00e4r D-K-15224-01-00.<\/p>\n<\/div>\n\n\n\n<div class=\"wp-block-group alignfull has-accent-background-color has-background has-global-padding is-layout-constrained wp-container-core-group-is-layout-bf4c8e8a wp-block-group-is-layout-constrained\" style=\"margin-top:0;margin-bottom:0;padding-top:var(--wp--preset--spacing--30);padding-right:var(--wp--preset--spacing--30);padding-bottom:var(--wp--preset--spacing--30);padding-left:var(--wp--preset--spacing--30)\">\n<p class=\"has-text-align-left\"><strong>2015<\/strong><br>Ut\u00f6kning av DAkkS-ackrediteringen f\u00f6r kalibrering av AC\/DC temperaturm\u00e4tningsbryggor med de minsta m\u00e4tos\u00e4kerheterna inom DAkkS.<\/p>\n\n\n\n<p class=\"has-text-align-left\"><strong>2016<\/strong><br>Nytt distributionspartnerskap: Klasmeier tar \u00f6ver representationen f\u00f6r marknadsledaren inom <a href=\"\/produkt-kategorie\/messwiderstaende\/\">handgjorda platina-m\u00e4tsensorer\/temperatursensorer<\/a> fr\u00e5n f\u00f6retaget <a href=\"\/tdi-pt100-messwiderstaende\/\">TDI &#8211; Thermal Development International<\/a>.<\/p>\n\n\n\n<p class=\"has-text-align-left\"><strong>2020<\/strong><br>Den nya <a href=\"https:\/\/www.exacal.de\/\" target=\"_blank\" rel=\"noopener\">eXacal Thermometer Manufaktur<\/a> startar sin verksamhet. H\u00e4r tillverkas nu <a href=\"\/praezisionsthermometer-von-klasmeier\/\">precisions-termometrar<\/a> genom noggrant hantverk i Fulda, Tyskland. F\u00f6rutom sj\u00e4lva konstruktionen av termometrarna ligger en stor del av utvecklingen p\u00e5 att ta fram egna verktyg och produktionsprocesser.<\/p>\n<\/div>\n\n\n\n<div class=\"wp-block-group alignfull has-global-padding is-layout-constrained wp-container-core-group-is-layout-530ec779 wp-block-group-is-layout-constrained\">\n<div class=\"wp-block-group alignfull has-global-padding is-layout-constrained wp-container-core-group-is-layout-a7646d0d wp-block-group-is-layout-constrained\" style=\"margin-top:0;margin-bottom:0;padding-top:var(--wp--preset--spacing--30);padding-right:var(--wp--preset--spacing--30);padding-bottom:var(--wp--preset--spacing--30);padding-left:var(--wp--preset--spacing--30)\">\n<figure class=\"wp-block-image aligncenter size-full is-resized has-custom-border hvr-grow\"><img loading=\"lazy\" decoding=\"async\" width=\"1600\" height=\"1003\" src=\"https:\/\/www.klasmeier.com\/wp-content\/uploads\/2024\/03\/eXacal_Fertigung.jpg\" alt=\"\" class=\"wp-image-1392\" style=\"border-radius:50px;width:620px\" srcset=\"https:\/\/www.klasmeier.com\/wp-content\/uploads\/2024\/03\/eXacal_Fertigung.jpg 1600w, https:\/\/www.klasmeier.com\/wp-content\/uploads\/2024\/03\/eXacal_Fertigung-300x188.jpg 300w, https:\/\/www.klasmeier.com\/wp-content\/uploads\/2024\/03\/eXacal_Fertigung-1024x642.jpg 1024w, https:\/\/www.klasmeier.com\/wp-content\/uploads\/2024\/03\/eXacal_Fertigung-768x481.jpg 768w, https:\/\/www.klasmeier.com\/wp-content\/uploads\/2024\/03\/eXacal_Fertigung-1536x963.jpg 1536w, https:\/\/www.klasmeier.com\/wp-content\/uploads\/2024\/03\/eXacal_Fertigung-600x376.jpg 600w\" sizes=\"auto, (max-width: 1600px) 100vw, 1600px\" \/><figcaption class=\"wp-element-caption\">eXacal Thermometer Manufaktur<\/figcaption><\/figure>\n<\/div>\n\n\n\n<p><strong>2024<\/strong><br>Klasmeier Kalibreringstj\u00e4nst f\u00e5r en ny DAkkS-ackreditering.<br>Efter en framg\u00e5ngsrik revision kan vi nu erbjuda <a href=\"https:\/\/www.klasmeier.com\/sv\/eignungspruefung-temperatur\/\">ackrediterade kompetenstester<\/a> enligt DIN EN ISO\/IEC 17043. Ackrediteringsnumret som kompetenstestleverant\u00f6r \u00e4r D-EP-15224-01-00.<\/p>\n\n\n\n<div style=\"height:30px\" aria-hidden=\"true\" class=\"wp-block-spacer\"><\/div>\n<\/div>\n","protected":false},"excerpt":{"rendered":"<p>Klasmeier \u2013 Precision inom temperatur Klasmeier \u00e4r ett medelstort familjef\u00f6retag med s\u00e4te i Fulda. F\u00f6retaget har varit familje\u00e4gt i \u00f6ver 35 \u00e5r och drivs nu i andra generationen av diplomingenj\u00f6r Thomas Klasmeier. F\u00f6retaget \u00e4r specialiserat p\u00e5 temperaturm\u00e4tning och temperaturkalibrering, driver kalibreringstj\u00e4nsten Klasmeier, organiserar utbildningar och tillverkar eXacal-precisionstermometrar. \u00d6ver 35 \u00e5r \u2013 precision inom temperatur I [&hellip;]<\/p>\n","protected":false},"author":4,"featured_media":0,"parent":0,"menu_order":0,"comment_status":"closed","ping_status":"closed","template":"","meta":{"footnotes":""},"class_list":["post-10656","page","type-page","status-publish","hentry"],"_links":{"self":[{"href":"https:\/\/www.klasmeier.com\/sv\/wp-json\/wp\/v2\/pages\/10656","targetHints":{"allow":["GET"]}}],"collection":[{"href":"https:\/\/www.klasmeier.com\/sv\/wp-json\/wp\/v2\/pages"}],"about":[{"href":"https:\/\/www.klasmeier.com\/sv\/wp-json\/wp\/v2\/types\/page"}],"author":[{"embeddable":true,"href":"https:\/\/www.klasmeier.com\/sv\/wp-json\/wp\/v2\/users\/4"}],"replies":[{"embeddable":true,"href":"https:\/\/www.klasmeier.com\/sv\/wp-json\/wp\/v2\/comments?post=10656"}],"version-history":[{"count":1,"href":"https:\/\/www.klasmeier.com\/sv\/wp-json\/wp\/v2\/pages\/10656\/revisions"}],"predecessor-version":[{"id":10658,"href":"https:\/\/www.klasmeier.com\/sv\/wp-json\/wp\/v2\/pages\/10656\/revisions\/10658"}],"wp:attachment":[{"href":"https:\/\/www.klasmeier.com\/sv\/wp-json\/wp\/v2\/media?parent=10656"}],"curies":[{"name":"wp","href":"https:\/\/api.w.org\/{rel}","templated":true}]}}