{"id":10540,"date":"2024-03-12T16:53:28","date_gmt":"2024-03-12T15:53:28","guid":{"rendered":"https:\/\/www.klasmeier.com\/?page_id=10540"},"modified":"2025-11-19T13:06:13","modified_gmt":"2025-11-19T12:06:13","slug":"noggrann-temperaturkalibrering-fran-klasmeiers-kalibreringstjanst","status":"publish","type":"page","link":"https:\/\/www.klasmeier.com\/sv\/noggrann-temperaturkalibrering-fran-klasmeiers-kalibreringstjanst\/","title":{"rendered":"Noggrann temperaturkalibrering fr\u00e5n Klasmeiers kalibreringstj\u00e4nst"},"content":{"rendered":"\n<div class=\"wp-block-group alignfull has-global-padding is-layout-constrained wp-container-core-group-is-layout-414c0a7a wp-block-group-is-layout-constrained\" style=\"padding-right:var(--wp--preset--spacing--30);padding-left:var(--wp--preset--spacing--30)\">\n<figure class=\"wp-block-image alignwide size-full has-custom-border\"><img loading=\"lazy\" decoding=\"async\" width=\"1700\" height=\"908\" src=\"https:\/\/www.klasmeier.com\/wp-content\/uploads\/2024\/04\/Kalibrierdienst-Klasmeier-BK.png\" alt=\"\" class=\"wp-image-2330\" style=\"border-radius:50px\" srcset=\"https:\/\/www.klasmeier.com\/wp-content\/uploads\/2024\/04\/Kalibrierdienst-Klasmeier-BK.png 1700w, https:\/\/www.klasmeier.com\/wp-content\/uploads\/2024\/04\/Kalibrierdienst-Klasmeier-BK-300x160.png 300w, https:\/\/www.klasmeier.com\/wp-content\/uploads\/2024\/04\/Kalibrierdienst-Klasmeier-BK-1024x547.png 1024w, https:\/\/www.klasmeier.com\/wp-content\/uploads\/2024\/04\/Kalibrierdienst-Klasmeier-BK-768x410.png 768w, https:\/\/www.klasmeier.com\/wp-content\/uploads\/2024\/04\/Kalibrierdienst-Klasmeier-BK-1536x820.png 1536w, https:\/\/www.klasmeier.com\/wp-content\/uploads\/2024\/04\/Kalibrierdienst-Klasmeier-BK-600x320.png 600w\" sizes=\"auto, (max-width: 1700px) 100vw, 1700px\" \/><\/figure>\n\n\n\n<figure class=\"wp-block-gallery has-nested-images columns-default is-cropped wp-block-gallery-1 is-layout-flex wp-block-gallery-is-layout-flex\">\n<figure class=\"wp-block-image size-large has-custom-border\"><img loading=\"lazy\" decoding=\"async\" width=\"1024\" height=\"401\" data-id=\"11254\" src=\"https:\/\/www.klasmeier.com\/wp-content\/uploads\/DAkkS-1024x401.webp\" alt=\"\" class=\"wp-image-11254\" style=\"border-radius:50px\" srcset=\"https:\/\/www.klasmeier.com\/wp-content\/uploads\/DAkkS-1024x401.webp 1024w, https:\/\/www.klasmeier.com\/wp-content\/uploads\/DAkkS-300x117.webp 300w, https:\/\/www.klasmeier.com\/wp-content\/uploads\/DAkkS-768x301.webp 768w, https:\/\/www.klasmeier.com\/wp-content\/uploads\/DAkkS-1536x601.webp 1536w, https:\/\/www.klasmeier.com\/wp-content\/uploads\/DAkkS-2048x802.webp 2048w, https:\/\/www.klasmeier.com\/wp-content\/uploads\/DAkkS-600x235.webp 600w\" sizes=\"auto, (max-width: 1024px) 100vw, 1024px\" \/><\/figure>\n<\/figure>\n<\/div>\n\n\n\n<div class=\"wp-block-group alignfull has-global-padding is-layout-constrained wp-container-core-group-is-layout-570efc33 wp-block-group-is-layout-constrained\" style=\"padding-top:var(--wp--preset--spacing--30);padding-right:var(--wp--preset--spacing--30);padding-bottom:var(--wp--preset--spacing--30);padding-left:var(--wp--preset--spacing--30)\">\n<h2 class=\"wp-block-heading alignwide has-text-align-center\"><strong>Vi s\u00e4kerst\u00e4ller din optimala produktkvalitet och s\u00e4kra processer \u2013<\/strong><br><strong>med DAkkS-ackrediterade temperaturkalibreringar<\/strong><\/h2>\n\n\n\n<h3 class=\"wp-block-heading has-text-align-center\"><strong>Vi kalibrerar f\u00f6r dig<\/strong><\/h3>\n\n\n\n<div class=\"wp-block-columns alignwide is-layout-flex wp-container-core-columns-is-layout-a1f62a3c wp-block-columns-is-layout-flex\" style=\"margin-top:0;margin-bottom:0;padding-top:var(--wp--preset--spacing--30);padding-bottom:var(--wp--preset--spacing--30)\">\n<div class=\"wp-block-column is-layout-flow wp-block-column-is-layout-flow\">\n<div class=\"wp-block-group hvr-grow is-vertical is-content-justification-center is-layout-flex wp-container-core-group-is-layout-ce155fab wp-block-group-is-layout-flex\">\n<figure class=\"wp-block-image size-medium\"><a href=\"https:\/\/www.klasmeier.com\/sv\/noggrann-temperaturkalibrering-fran-klasmeiers-kalibreringstjanst\/kalibrering-av-standardplatinaresistanstermometrar-sprts\/\"><img loading=\"lazy\" decoding=\"async\" width=\"300\" height=\"300\" src=\"https:\/\/www.klasmeier.com\/wp-content\/uploads\/SPRT-Kalibrierung-2-300x300.webp\" alt=\"\" class=\"wp-image-13013\" srcset=\"https:\/\/www.klasmeier.com\/wp-content\/uploads\/SPRT-Kalibrierung-2-300x300.webp 300w, https:\/\/www.klasmeier.com\/wp-content\/uploads\/SPRT-Kalibrierung-2-150x150.webp 150w, https:\/\/www.klasmeier.com\/wp-content\/uploads\/SPRT-Kalibrierung-2-600x600.webp 600w, https:\/\/www.klasmeier.com\/wp-content\/uploads\/SPRT-Kalibrierung-2-100x100.webp 100w, https:\/\/www.klasmeier.com\/wp-content\/uploads\/SPRT-Kalibrierung-2.webp 700w\" sizes=\"auto, (max-width: 300px) 100vw, 300px\" \/><\/a><\/figure>\n\n\n\n<h4 class=\"wp-block-heading has-text-align-center\"><a href=\"https:\/\/www.klasmeier.com\/sv\/noggrann-temperaturkalibrering-fran-klasmeiers-kalibreringstjanst\/kalibrering-av-standardplatinaresistanstermometrar-sprts\/\"><strong>SPRT<br>(Standard Platina Motst\u00e5ndstermomete)<\/strong><\/a><\/h4>\n\n\n\n<div class=\"wp-block-group has-global-padding is-content-justification-left is-layout-constrained wp-container-core-group-is-layout-31d42e9f wp-block-group-is-layout-constrained\" style=\"padding-top:var(--wp--preset--spacing--10);padding-bottom:var(--wp--preset--spacing--10)\">\n<p><mark style=\"background-color:rgba(0, 0, 0, 0);color:#dd3333\" class=\"has-inline-color\"><i class=\"fas fa-circle-check\"><\/i><\/mark> Kalibrering vid temperaturfixpunkter<br><mark style=\"background-color:rgba(0, 0, 0, 0);color:#dd3333\" class=\"has-inline-color\"><i class=\"fas fa-circle-check\"><\/i><\/mark> J\u00e4mf\u00f6relsekalibrering i kalibreringsbad<\/p>\n\n\n\n<div class=\"wp-block-buttons is-content-justification-center is-layout-flex wp-container-core-buttons-is-layout-a89b3969 wp-block-buttons-is-layout-flex\">\n<div class=\"wp-block-button hvr-shrink\"><a class=\"wp-block-button__link wp-element-button\" href=\"https:\/\/www.klasmeier.com\/sv\/noggrann-temperaturkalibrering-fran-klasmeiers-kalibreringstjanst\/kalibrering-av-standardplatinaresistanstermometrar-sprts\/\"><strong>F\u00f6r kalibrering av standard platina motst\u00e5ndstermometrar (SPRT)<\/strong><\/a><\/div>\n<\/div>\n<\/div>\n<\/div>\n<\/div>\n\n\n\n<div class=\"wp-block-column hvr-grow is-layout-flow wp-block-column-is-layout-flow\">\n<div class=\"wp-block-group is-vertical is-content-justification-center is-layout-flex wp-container-core-group-is-layout-ce155fab wp-block-group-is-layout-flex\">\n<figure class=\"wp-block-image size-medium\"><a href=\"\/sv\/kalibrierung-von-widerstandsthermometern\/\"><img loading=\"lazy\" decoding=\"async\" width=\"300\" height=\"300\" src=\"https:\/\/www.klasmeier.com\/wp-content\/uploads\/Kalibrierung-Widerstandsthermometer-300x300.png\" alt=\"\" class=\"wp-image-3092\" srcset=\"https:\/\/www.klasmeier.com\/wp-content\/uploads\/Kalibrierung-Widerstandsthermometer-300x300.png 300w, https:\/\/www.klasmeier.com\/wp-content\/uploads\/Kalibrierung-Widerstandsthermometer-1024x1024.png 1024w, https:\/\/www.klasmeier.com\/wp-content\/uploads\/Kalibrierung-Widerstandsthermometer-150x150.png 150w, https:\/\/www.klasmeier.com\/wp-content\/uploads\/Kalibrierung-Widerstandsthermometer-768x768.png 768w, https:\/\/www.klasmeier.com\/wp-content\/uploads\/Kalibrierung-Widerstandsthermometer-1536x1536.png 1536w, https:\/\/www.klasmeier.com\/wp-content\/uploads\/Kalibrierung-Widerstandsthermometer-600x600.png 600w, https:\/\/www.klasmeier.com\/wp-content\/uploads\/Kalibrierung-Widerstandsthermometer-100x100.png 100w, https:\/\/www.klasmeier.com\/wp-content\/uploads\/Kalibrierung-Widerstandsthermometer.png 1702w\" sizes=\"auto, (max-width: 300px) 100vw, 300px\" \/><\/a><\/figure>\n\n\n\n<h4 class=\"wp-block-heading has-text-align-center\"><a href=\"\/sv\/kalibrierung-von-widerstandsthermometern\/\"><strong>Motst\u00e5ndstermometrar <br>(Pt100, Pt25, etc.)<\/strong><\/a><\/h4>\n\n\n\n<div class=\"wp-block-group has-global-padding is-content-justification-left is-layout-constrained wp-container-core-group-is-layout-31d42e9f wp-block-group-is-layout-constrained\" style=\"padding-top:var(--wp--preset--spacing--10);padding-bottom:var(--wp--preset--spacing--10)\">\n<p><mark style=\"background-color:rgba(0, 0, 0, 0);color:#dd3333\" class=\"has-inline-color\"><i class=\"fas fa-circle-check\"><\/i><\/mark> Kalibrering vid temperaturfixpunkter<br><mark style=\"background-color:rgba(0, 0, 0, 0);color:#dd3333\" class=\"has-inline-color\"><i class=\"fas fa-circle-check\"><\/i><\/mark> J\u00e4mf\u00f6relsekalibrering i kalibreringsbad<\/p>\n\n\n\n<div class=\"wp-block-buttons is-content-justification-center is-layout-flex wp-container-core-buttons-is-layout-a89b3969 wp-block-buttons-is-layout-flex\">\n<div class=\"wp-block-button hvr-shrink\"><a class=\"wp-block-button__link wp-element-button\" href=\"\/sv\/kalibrierung-von-widerstandsthermometern\/\"><strong>F\u00f6r kalibrering av motst\u00e5ndstermometrar<\/strong><\/a><\/div>\n<\/div>\n<\/div>\n<\/div>\n<\/div>\n\n\n\n<div class=\"wp-block-column hvr-grow is-layout-flow wp-block-column-is-layout-flow\">\n<div class=\"wp-block-group is-vertical is-content-justification-center is-layout-flex wp-container-core-group-is-layout-ce155fab wp-block-group-is-layout-flex\">\n<figure class=\"wp-block-image size-medium\"><a href=\"\/sv\/kalibrierung-von-thermoelementen\/\"><img loading=\"lazy\" decoding=\"async\" width=\"300\" height=\"300\" src=\"https:\/\/www.klasmeier.com\/wp-content\/uploads\/Kalibrierung-Thermometer-300x300.png\" alt=\"\" class=\"wp-image-3090\" srcset=\"https:\/\/www.klasmeier.com\/wp-content\/uploads\/Kalibrierung-Thermometer-300x300.png 300w, https:\/\/www.klasmeier.com\/wp-content\/uploads\/Kalibrierung-Thermometer-150x150.png 150w, https:\/\/www.klasmeier.com\/wp-content\/uploads\/Kalibrierung-Thermometer-100x100.png 100w, https:\/\/www.klasmeier.com\/wp-content\/uploads\/Kalibrierung-Thermometer.png 600w\" sizes=\"auto, (max-width: 300px) 100vw, 300px\" \/><\/a><\/figure>\n\n\n\n<h4 class=\"wp-block-heading has-text-align-center\"><a href=\"\/sv\/kalibrierung-von-thermoelementen\/\"><strong>Termoelement<\/strong><br><strong>(alla typer)<\/strong><\/a><\/h4>\n\n\n\n<div class=\"wp-block-group has-global-padding is-content-justification-left is-layout-constrained wp-container-core-group-is-layout-31d42e9f wp-block-group-is-layout-constrained\" style=\"padding-top:var(--wp--preset--spacing--10);padding-bottom:var(--wp--preset--spacing--10)\">\n<p><mark style=\"background-color:rgba(0, 0, 0, 0);color:#dd3333\" class=\"has-inline-color\"><i class=\"fas fa-circle-check\"><\/i><\/mark> Kalibrering vid temperaturfixpunkter<br><mark style=\"background-color:rgba(0, 0, 0, 0);color:#dd3333\" class=\"has-inline-color\"><i class=\"fas fa-circle-check\"><\/i><\/mark> J\u00e4mf\u00f6relsekalibrering i kalibreringsbad<\/p>\n\n\n\n<div class=\"wp-block-buttons is-content-justification-center is-layout-flex wp-container-core-buttons-is-layout-a89b3969 wp-block-buttons-is-layout-flex\">\n<div class=\"wp-block-button hvr-shrink\"><a class=\"wp-block-button__link has-medium-font-size has-custom-font-size wp-element-button\" href=\"\/sv\/kalibrierung-von-thermoelementen\/\" style=\"padding-top:var(--wp--preset--spacing--10);padding-right:var(--wp--preset--spacing--20);padding-bottom:var(--wp--preset--spacing--10);padding-left:var(--wp--preset--spacing--20)\"><strong>F\u00f6r kalibrering av termoelement<\/strong><\/a><\/div>\n<\/div>\n<\/div>\n<\/div>\n<\/div>\n<\/div>\n\n\n\n<div class=\"wp-block-columns alignwide is-layout-flex wp-container-core-columns-is-layout-a1f62a3c wp-block-columns-is-layout-flex\" style=\"margin-top:0;margin-bottom:0;padding-top:var(--wp--preset--spacing--30);padding-bottom:var(--wp--preset--spacing--30)\">\n<div class=\"wp-block-column is-layout-flow wp-block-column-is-layout-flow\">\n<div class=\"wp-block-group hvr-grow is-vertical is-content-justification-center is-layout-flex wp-container-core-group-is-layout-ce155fab wp-block-group-is-layout-flex\">\n<figure class=\"wp-block-image size-medium\"><a href=\"https:\/\/www.klasmeier.com\/sv\/noggrann-temperaturkalibrering-fran-klasmeiers-kalibreringstjanst\/kalibrering-av-blockkalibratorer\/kalibrierung-von-blockkalibratoren-2\/\"><img loading=\"lazy\" decoding=\"async\" width=\"300\" height=\"300\" src=\"https:\/\/www.klasmeier.com\/wp-content\/uploads\/Kalibrierung-Blockkalibrator-1-300x300.png\" alt=\"\" class=\"wp-image-3096\" srcset=\"https:\/\/www.klasmeier.com\/wp-content\/uploads\/Kalibrierung-Blockkalibrator-1-300x300.png 300w, https:\/\/www.klasmeier.com\/wp-content\/uploads\/Kalibrierung-Blockkalibrator-1-150x150.png 150w, https:\/\/www.klasmeier.com\/wp-content\/uploads\/Kalibrierung-Blockkalibrator-1-100x100.png 100w, https:\/\/www.klasmeier.com\/wp-content\/uploads\/Kalibrierung-Blockkalibrator-1.png 600w\" sizes=\"auto, (max-width: 300px) 100vw, 300px\" \/><\/a><\/figure>\n\n\n\n<h4 class=\"wp-block-heading has-text-align-center\"><strong><a href=\"https:\/\/www.klasmeier.com\/sv\/noggrann-temperaturkalibrering-fran-klasmeiers-kalibreringstjanst\/kalibrering-av-blockkalibratorer\/kalibrierung-von-blockkalibratoren-2\/\">Temperaturblockkalibratorer<\/a><\/strong><\/h4>\n\n\n\n<div class=\"wp-block-group has-global-padding is-content-justification-left is-layout-constrained wp-container-core-group-is-layout-31d42e9f wp-block-group-is-layout-constrained\" style=\"padding-top:var(--wp--preset--spacing--10);padding-bottom:var(--wp--preset--spacing--10)\">\n<p><mark style=\"background-color:rgba(0, 0, 0, 0);color:#dd3333\" class=\"has-inline-color\"><i class=\"fas fa-circle-check\"><\/i><\/mark> Kalibrering enligt DAkkS-riktlinje R5-4<br><mark style=\"background-color:rgba(0, 0, 0, 0);color:#dd3333\" class=\"has-inline-color\"><i class=\"fas fa-circle-check\"><\/i><\/mark> Temperaturomr\u00e5de: -40 \u00b0C till 1300 \u00b0C<\/p>\n\n\n\n<p><\/p>\n\n\n\n<div class=\"wp-block-buttons is-content-justification-center is-layout-flex wp-container-core-buttons-is-layout-a89b3969 wp-block-buttons-is-layout-flex\">\n<div class=\"wp-block-button hvr-shrink\"><a class=\"wp-block-button__link wp-element-button\" href=\"https:\/\/www.klasmeier.com\/sv\/noggrann-temperaturkalibrering-fran-klasmeiers-kalibreringstjanst\/kalibrering-av-blockkalibratorer\/kalibrierung-von-blockkalibratoren-2\/\"><strong>F\u00f6r kalibrering av blockkalibratorer<\/strong><\/a><\/div>\n<\/div>\n<\/div>\n<\/div>\n<\/div>\n\n\n\n<div class=\"wp-block-column hvr-grow is-layout-flow wp-block-column-is-layout-flow\">\n<div class=\"wp-block-group is-vertical is-content-justification-center is-layout-flex wp-container-core-group-is-layout-ce155fab wp-block-group-is-layout-flex\">\n<figure class=\"wp-block-image size-medium\"><a href=\"\/sv\/kalibrierung-von-temperaturfixpunkten\/\"><img loading=\"lazy\" decoding=\"async\" width=\"300\" height=\"300\" src=\"https:\/\/www.klasmeier.com\/wp-content\/uploads\/Kalibrierung-von-Fixpunktzellen-300x300.png\" alt=\"\" class=\"wp-image-3098\" srcset=\"https:\/\/www.klasmeier.com\/wp-content\/uploads\/Kalibrierung-von-Fixpunktzellen-300x300.png 300w, https:\/\/www.klasmeier.com\/wp-content\/uploads\/Kalibrierung-von-Fixpunktzellen-150x150.png 150w, https:\/\/www.klasmeier.com\/wp-content\/uploads\/Kalibrierung-von-Fixpunktzellen-100x100.png 100w, https:\/\/www.klasmeier.com\/wp-content\/uploads\/Kalibrierung-von-Fixpunktzellen.png 600w\" sizes=\"auto, (max-width: 300px) 100vw, 300px\" \/><\/a><\/figure>\n\n\n\n<h4 class=\"wp-block-heading has-text-align-center\"><strong><a href=\"\/sv\/kalibrierung-von-temperaturfixpunkten\/\">Temperaturfixpunkter<\/a><\/strong><\/h4>\n\n\n\n<div class=\"wp-block-group has-global-padding is-content-justification-left is-layout-constrained wp-container-core-group-is-layout-31d42e9f wp-block-group-is-layout-constrained\" style=\"padding-top:var(--wp--preset--spacing--10);padding-bottom:var(--wp--preset--spacing--10)\">\n<p><mark style=\"background-color:rgba(0, 0, 0, 0);color:#dd3333\" class=\"has-inline-color\"><i class=\"fas fa-circle-check\"><\/i><\/mark> Kalibrering genom j\u00e4mf\u00f6relse med SPRT<br><mark style=\"background-color:rgba(0, 0, 0, 0);color:#dd3333\" class=\"has-inline-color\"><i class=\"fas fa-circle-check\"><\/i><\/mark> Argon -189,3442 \u00b0C till Silver 961,78 \u00b0C<\/p>\n\n\n\n<p><\/p>\n\n\n\n<div class=\"wp-block-buttons is-content-justification-center is-layout-flex wp-container-core-buttons-is-layout-a89b3969 wp-block-buttons-is-layout-flex\">\n<div class=\"wp-block-button hvr-shrink\"><a class=\"wp-block-button__link wp-element-button\" href=\"\/sv\/kalibrierung-von-temperaturfixpunkten\/\"><strong>F\u00f6r kalibrering av temperaturfixpunkter<\/strong><\/a><\/div>\n<\/div>\n<\/div>\n<\/div>\n<\/div>\n\n\n\n<div class=\"wp-block-column hvr-grow is-layout-flow wp-block-column-is-layout-flow\">\n<div class=\"wp-block-group is-vertical is-content-justification-center is-layout-flex wp-container-core-group-is-layout-ce155fab wp-block-group-is-layout-flex\">\n<figure class=\"wp-block-image size-medium\"><a href=\"https:\/\/www.klasmeier.com\/sv\/termometerkalibrering-vid-laga-temperaturer\/\"><img loading=\"lazy\" decoding=\"async\" width=\"300\" height=\"300\" src=\"https:\/\/www.klasmeier.com\/wp-content\/uploads\/Kalibrierung-bei-niedrigen-Temperaturen-300x300.png\" alt=\"\" class=\"wp-image-3100\" srcset=\"https:\/\/www.klasmeier.com\/wp-content\/uploads\/Kalibrierung-bei-niedrigen-Temperaturen-300x300.png 300w, https:\/\/www.klasmeier.com\/wp-content\/uploads\/Kalibrierung-bei-niedrigen-Temperaturen-150x150.png 150w, https:\/\/www.klasmeier.com\/wp-content\/uploads\/Kalibrierung-bei-niedrigen-Temperaturen-100x100.png 100w, https:\/\/www.klasmeier.com\/wp-content\/uploads\/Kalibrierung-bei-niedrigen-Temperaturen.png 600w\" sizes=\"auto, (max-width: 300px) 100vw, 300px\" \/><\/a><\/figure>\n\n\n\n<h4 class=\"wp-block-heading has-text-align-center\"><strong><a href=\"https:\/\/www.klasmeier.com\/sv\/termometerkalibrering-vid-laga-temperaturer\/\">Kalibrering vid l\u00e5ga temperaturer<\/a><\/strong><\/h4>\n\n\n\n<div class=\"wp-block-group has-global-padding is-content-justification-left is-layout-constrained wp-container-core-group-is-layout-31d42e9f wp-block-group-is-layout-constrained\" style=\"padding-top:var(--wp--preset--spacing--10);padding-bottom:var(--wp--preset--spacing--10)\">\n<p><mark style=\"background-color:rgba(0, 0, 0, 0);color:#dd3333\" class=\"has-inline-color\"><i class=\"fas fa-circle-check\"><\/i><\/mark> J\u00e4mf\u00f6relsekalibrering -80 \u00b0C till -180 \u00b0C<br><mark style=\"background-color:rgba(0, 0, 0, 0);color:#dd3333\" class=\"has-inline-color\"><i class=\"fas fa-circle-check\"><\/i><\/mark> Kv\u00e4ve -196 \u00b0C, Argon -189,3442 \u00b0C<\/p>\n\n\n\n<p><\/p>\n\n\n\n<div class=\"wp-block-buttons is-content-justification-center is-layout-flex wp-container-core-buttons-is-layout-a89b3969 wp-block-buttons-is-layout-flex\">\n<div class=\"wp-block-button hvr-shrink\"><a class=\"wp-block-button__link wp-element-button\" href=\"https:\/\/www.klasmeier.com\/sv\/termometerkalibrering-vid-laga-temperaturer\/\"><strong>F\u00f6r kalibrering vid l\u00e5ga temperaturer<\/strong><\/a><\/div>\n<\/div>\n<\/div>\n<\/div>\n<\/div>\n<\/div>\n<\/div>\n\n\n\n<div class=\"wp-block-group alignfull has-global-padding is-layout-constrained wp-container-core-group-is-layout-80fb368b wp-block-group-is-layout-constrained\" style=\"padding-top:var(--wp--preset--spacing--30);padding-right:var(--wp--preset--spacing--30);padding-bottom:var(--wp--preset--spacing--30);padding-left:var(--wp--preset--spacing--30)\">\n<div class=\"wp-block-columns alignwide hvr-grow has-accent-background-color has-background is-layout-flex wp-container-core-columns-is-layout-f3e73c6b wp-block-columns-is-layout-flex\" style=\"border-radius:50px;padding-top:var(--wp--preset--spacing--30);padding-right:var(--wp--preset--spacing--30);padding-bottom:var(--wp--preset--spacing--30);padding-left:var(--wp--preset--spacing--30)\">\n<div class=\"wp-block-column is-vertically-aligned-center is-layout-flow wp-block-column-is-layout-flow\" style=\"flex-basis:15%\">\n<figure class=\"wp-block-image aligncenter size-full is-resized has-custom-border hvr-curl-top-left is-style-rounded is-style-rounded--2\"><a href=\"\/wp-content\/uploads\/2024\/04\/D-K-15224-01-00-Urkunde-mit-Anlage-2023.pdf\"><img loading=\"lazy\" decoding=\"async\" width=\"106\" height=\"150\" src=\"https:\/\/www.klasmeier.com\/wp-content\/uploads\/2024\/04\/DAkkS-Urkunde-Klasmeier-2023.png\" alt=\"\" class=\"wp-image-2361\" style=\"border-width:5px;border-radius:25px;width:155px;height:auto\"\/><\/a><\/figure>\n<\/div>\n\n\n\n<div class=\"wp-block-column is-layout-flow wp-block-column-is-layout-flow\" style=\"flex-basis:85%\">\n<h3 class=\"wp-block-heading\">Eftersom kvalitet inte uppst\u00e5r av sig sj\u00e4lv:<\/h3>\n\n\n\n<h3 class=\"wp-block-heading\"><strong>V\u00e5rt DAkkS-ackrediteringscertifikat<\/strong><\/h3>\n\n\n\n<div class=\"wp-block-group is-vertical is-layout-flex wp-container-core-group-is-layout-4b827052 wp-block-group-is-layout-flex\">\n<p class=\"hvr-forward\"><i class=\"fas fa-arrow-right\"><\/i> <a href=\"\/wp-content\/uploads\/2024\/04\/D-K-15224-01-00-Urkunde-mit-Anlage-2023.pdf\" target=\"_blank\" rel=\"noreferrer noopener\">DAkkS-ackrediteringscertifikat Klasmeier (p\u00e5 tyska)<\/a><\/p>\n\n\n\n<p class=\"hvr-forward\"><i class=\"fas fa-arrow-right\"><\/i> <a href=\"https:\/\/www.klasmeier.com\/wp-content\/uploads\/Aktuelle-Liste-der-akkreditierten-Taetigkeiten-mit-flexiblem-Geltungsbereich.pdf\">Aktuell lista \u00f6ver ackrediterade aktiviteter med flexibelt till\u00e4mpningsomr\u00e5de (EA-2\/15) (p\u00e5 tyska)<\/a><\/p>\n<\/div>\n<\/div>\n<\/div>\n<\/div>\n\n\n\n<div class=\"wp-block-group alignfull has-global-padding is-layout-constrained wp-container-core-group-is-layout-80fb368b wp-block-group-is-layout-constrained\" style=\"padding-top:var(--wp--preset--spacing--30);padding-right:var(--wp--preset--spacing--30);padding-bottom:var(--wp--preset--spacing--30);padding-left:var(--wp--preset--spacing--30)\">\n<h3 class=\"wp-block-heading alignwide has-text-align-center\"><strong>Vi erbjuder dig<\/strong><\/h3>\n\n\n\n<div class=\"wp-block-columns alignwide are-vertically-aligned-top is-layout-flex wp-container-core-columns-is-layout-38638728 wp-block-columns-is-layout-flex\" style=\"margin-top:var(--wp--preset--spacing--40);margin-bottom:var(--wp--preset--spacing--40);padding-top:0;padding-right:0;padding-bottom:0;padding-left:0\">\n<div class=\"wp-block-column is-vertically-aligned-top hvr-grow is-layout-flow wp-block-column-is-layout-flow\" style=\"padding-top:0;padding-bottom:0\">\n<div class=\"wp-block-group has-accent-background-color has-background is-vertical is-content-justification-center is-layout-flex wp-container-core-group-is-layout-348d87aa wp-block-group-is-layout-flex\" style=\"border-radius:50px;padding-top:var(--wp--preset--spacing--30);padding-right:var(--wp--preset--spacing--30);padding-bottom:var(--wp--preset--spacing--30);padding-left:var(--wp--preset--spacing--30)\">\n<p><mark style=\"background-color:rgba(0, 0, 0, 0);color:#dd3333\" class=\"has-inline-color\"><i class=\"far fa-hourglass-half fa-6x\"><\/i><\/mark><\/p>\n\n\n\n<h4 class=\"wp-block-heading\"><strong>Snabba processer, inga f\u00f6rseningar<\/strong><\/h4>\n\n\n\n<p class=\"has-text-align-left\"><mark style=\"background-color:rgba(0, 0, 0, 0);color:#dd3333\" class=\"has-inline-color\"><i class=\"fas fa-circle-check\"><\/i><\/mark> Du drar nytta av v\u00e5ra <strong>korta ledtider<\/strong> <strong>p\u00e5 5\u20137 arbetsdagar<\/strong>. Detta hj\u00e4lper dig att <strong>undvika flaskhalsar<\/strong> i dina <strong>arbetsprocesser<\/strong>.<br><mark style=\"background-color:rgba(0, 0, 0, 0);color:#dd3333\" class=\"has-inline-color\"><i class=\"fas fa-circle-check\"><\/i><\/mark> P\u00e5 s\u00e5 s\u00e4tt kan du <strong>slutf\u00f6ra projekt i tid<\/strong> och <strong>uppfylla dina kunders f\u00f6rv\u00e4ntningar<\/strong>.<\/p>\n<\/div>\n<\/div>\n\n\n\n<div class=\"wp-block-column is-vertically-aligned-top hvr-grow is-layout-flow wp-block-column-is-layout-flow\" style=\"padding-top:0;padding-bottom:0\">\n<div class=\"wp-block-group has-accent-background-color has-background is-vertical is-content-justification-center is-layout-flex wp-container-core-group-is-layout-348d87aa wp-block-group-is-layout-flex\" style=\"border-radius:50px;padding-top:var(--wp--preset--spacing--30);padding-right:var(--wp--preset--spacing--30);padding-bottom:var(--wp--preset--spacing--30);padding-left:var(--wp--preset--spacing--30)\">\n<p><mark style=\"background-color:rgba(0, 0, 0, 0);color:#dd3333\" class=\"has-inline-color\"><i class=\"far fa-rectangle-list fa-6x\"><\/i><\/mark><\/p>\n\n\n\n<h4 class=\"wp-block-heading\"><strong>Enkel QM-efterlevnad<\/strong><\/h4>\n\n\n\n<p class=\"has-text-align-left\"><mark style=\"background-color:rgba(0, 0, 0, 0);color:#dd3333\" class=\"has-inline-color\"><i class=\"fas fa-circle-check\"><\/i><\/mark> V\u00e5ra kalibreringar hj\u00e4lper dig att <strong>uppfylla<\/strong> <strong>dina krav p\u00e5 kvalitetsledning<\/strong>.<br><mark style=\"background-color:rgba(0, 0, 0, 0);color:#dd3333\" class=\"has-inline-color\"><i class=\"fas fa-circle-check\"><\/i><\/mark> Med v\u00e5r hj\u00e4lp f\u00f6ljer du <strong>branschstandarder och myndighetsf\u00f6reskrifter<\/strong> och \u00e4r \u00e4ven <strong>v\u00e4l f\u00f6rberedd inf\u00f6r revisioner<\/strong>.<\/p>\n<\/div>\n<\/div>\n<\/div>\n\n\n\n<div class=\"wp-block-columns alignwide are-vertically-aligned-top is-layout-flex wp-container-core-columns-is-layout-38638728 wp-block-columns-is-layout-flex\" style=\"margin-top:var(--wp--preset--spacing--40);margin-bottom:var(--wp--preset--spacing--40);padding-top:0;padding-right:0;padding-bottom:0;padding-left:0\">\n<div class=\"wp-block-column is-vertically-aligned-top hvr-grow is-layout-flow wp-block-column-is-layout-flow\" style=\"padding-top:0;padding-bottom:0\">\n<div class=\"wp-block-group has-accent-background-color has-background is-vertical is-content-justification-center is-layout-flex wp-container-core-group-is-layout-348d87aa wp-block-group-is-layout-flex\" style=\"border-radius:50px;padding-top:var(--wp--preset--spacing--30);padding-right:var(--wp--preset--spacing--30);padding-bottom:var(--wp--preset--spacing--30);padding-left:var(--wp--preset--spacing--30)\">\n<p><mark style=\"background-color:rgba(0, 0, 0, 0);color:#dd3333\" class=\"has-inline-color\"><i class=\"fas fa-rotate-left fa-6x\"><\/i><\/mark><\/p>\n\n\n\n<h4 class=\"wp-block-heading\"><strong>Fullst\u00e4ndig sp\u00e5rbarhet<\/strong><\/h4>\n\n\n\n<p><mark style=\"background-color:rgba(0, 0, 0, 0);color:#dd3333\" class=\"has-inline-color\"><i class=\"fas fa-circle-check\"><\/i><\/mark> Genom DAkkS-ackreditering garanterar vi att <strong>alla kalibreringar \u00e4r sp\u00e5rbara till nationella och internationella standarder<\/strong>. Du kan lita p\u00e5 att dina m\u00e4tresultat \u00e4r exakta och tillf\u00f6rlitliga.<br><mark style=\"background-color:rgba(0, 0, 0, 0);color:#dd3333\" class=\"has-inline-color\"><i class=\"fas fa-circle-check\"><\/i><\/mark> <strong>DAkkS-kalibreringscertifikaten \u00e4r internationellt erk\u00e4nda<\/strong> och kan anv\u00e4ndas utomlands.<\/p>\n<\/div>\n<\/div>\n\n\n\n<div class=\"wp-block-column is-vertically-aligned-top hvr-grow is-layout-flow wp-block-column-is-layout-flow\" style=\"padding-top:0;padding-bottom:0\">\n<div class=\"wp-block-group has-accent-background-color has-background is-vertical is-content-justification-center is-layout-flex wp-container-core-group-is-layout-348d87aa wp-block-group-is-layout-flex\" style=\"border-radius:50px;padding-top:var(--wp--preset--spacing--30);padding-right:var(--wp--preset--spacing--30);padding-bottom:var(--wp--preset--spacing--30);padding-left:var(--wp--preset--spacing--30)\">\n<p><mark style=\"background-color:rgba(0, 0, 0, 0);color:#dd3333\" class=\"has-inline-color\"><i class=\"fas fa-plug fa-6x\"><\/i><\/mark><\/p>\n\n\n\n<h4 class=\"wp-block-heading\"><strong>Skr\u00e4ddarsydda l\u00f6sningar<\/strong><\/h4>\n\n\n\n<p class=\"has-text-align-left\"><mark style=\"background-color:rgba(0, 0, 0, 0);color:#dd3333\" class=\"has-inline-color\"><i class=\"fas fa-circle-check\"><\/i><\/mark> F\u00f6rutom standardkalibrering erbjuder vi \u00e4ven <strong>anpassade kalibreringar<\/strong>, som vi flexibelt kan <strong>skr\u00e4ddarsy efter dina behov<\/strong>.<br><mark style=\"background-color:rgba(0, 0, 0, 0);color:#dd3333\" class=\"has-inline-color\"><i class=\"fas fa-circle-check\"><\/i><\/mark> Med ett brett utbud av enheter, kalibreringsinsatser och adaptrar kan vi <strong>erbjuda den perfekta kalibreringen f\u00f6r dina m\u00e4tinstrument<\/strong>.<\/p>\n<\/div>\n<\/div>\n<\/div>\n\n\n\n<div class=\"wp-block-group alignwide hvr-grow has-accent-background-color has-background is-vertical is-content-justification-stretch is-layout-flex wp-container-core-group-is-layout-2ee2d1c6 wp-block-group-is-layout-flex\" style=\"border-radius:50px;margin-top:var(--wp--preset--spacing--50);margin-bottom:var(--wp--preset--spacing--50);padding-top:var(--wp--preset--spacing--30);padding-right:var(--wp--preset--spacing--30);padding-bottom:var(--wp--preset--spacing--30);padding-left:var(--wp--preset--spacing--30)\">\n<h3 class=\"wp-block-heading has-text-align-center\"><strong>H\u00f6jdpunkter i v\u00e5r kalibreringstj\u00e4nst<\/strong><\/h3>\n\n\n\n<p><mark style=\"background-color:rgba(0, 0, 0, 0);color:#dd3333\" class=\"has-inline-color\"><i class=\"fas fa-circle-check\"><\/i><\/mark> <strong>Full Range-kalibrering vid temperaturfixpunkter fr\u00e5n -189 \u00b0C till 961 \u00b0C<\/strong><br><mark style=\"background-color:rgba(0, 0, 0, 0);color:#dd3333\" class=\"has-inline-color\"><i class=\"fas fa-circle-check\"><\/i><\/mark> <strong>J\u00e4mf\u00f6relsekalibrering fr\u00e5n -196 \u00b0C till 1200 \u00b0C<\/strong><\/p>\n<\/div>\n\n\n\n<div class=\"wp-block-group alignwide hvr-grow has-accent-background-color has-background is-vertical is-content-justification-stretch is-layout-flex wp-container-core-group-is-layout-2ee2d1c6 wp-block-group-is-layout-flex\" style=\"border-radius:50px;margin-top:var(--wp--preset--spacing--50);margin-bottom:var(--wp--preset--spacing--50);padding-top:var(--wp--preset--spacing--30);padding-right:var(--wp--preset--spacing--30);padding-bottom:var(--wp--preset--spacing--30);padding-left:var(--wp--preset--spacing--30)\">\n<h3 class=\"wp-block-heading has-text-align-center\"><strong><strong>Det h\u00e4r kan du f\u00f6rv\u00e4nta dig av oss<\/strong><\/strong><\/h3>\n\n\n\n<div class=\"wp-block-columns are-vertically-aligned-center is-layout-flex wp-container-core-columns-is-layout-65e523f9 wp-block-columns-is-layout-flex\">\n<div class=\"wp-block-column is-vertically-aligned-center is-layout-flow wp-block-column-is-layout-flow\">\n<p><mark style=\"background-color:rgba(0, 0, 0, 0);color:#dd3333\" class=\"has-inline-color\"><i class=\"fas fa-circle-check\"><\/i><\/mark> H\u00f6gsta <strong>precision<\/strong>, vilket inneb\u00e4r <strong>minsta m\u00f6jliga m\u00e4tos\u00e4kerhet<\/strong><br><mark style=\"background-color:rgba(0, 0, 0, 0);color:#dd3333\" class=\"has-inline-color\"><i class=\"fas fa-circle-check\"><\/i><\/mark> Internationellt erk\u00e4nda <strong>DAkkS-kalibreringscertifikat<\/strong><br><mark style=\"background-color:rgba(0, 0, 0, 0);color:#dd3333\" class=\"has-inline-color\"><i class=\"fas fa-circle-check\"><\/i><\/mark> <strong>Kalibreringar<\/strong> kan utf\u00f6ras <strong>inom fem arbetsdagar<\/strong><br><mark style=\"background-color:rgba(0, 0, 0, 0);color:#dd3333\" class=\"has-inline-color\"><i class=\"fas fa-circle-check\"><\/i><\/mark> <strong>Korta sensorer med ett neds\u00e4nkningsdjup fr\u00e5n 300 mm<\/strong> kan kalibreras<br><mark style=\"background-color:rgba(0, 0, 0, 0);color:#dd3333\" class=\"has-inline-color\"><i class=\"fas fa-circle-check\"><\/i><\/mark> Professionella \u00e5ldringsmetoder <strong>f\u00f6rb\u00e4ttrar<\/strong> <strong>stabiliteten hos dina termometrar<\/strong><br><mark style=\"background-color:rgba(0, 0, 0, 0);color:#dd3333\" class=\"has-inline-color\"><i class=\"fas fa-circle-check\"><\/i><\/mark> Kalibreringstj\u00e4nsten har en <strong>tredubbel upps\u00e4ttning temperaturfixpunkter<\/strong>, vilket m\u00f6jligg\u00f6r fixpunktkalibrering n\u00e4r som helst<\/p>\n<\/div>\n\n\n\n<div class=\"wp-block-column is-vertically-aligned-center is-layout-flow wp-block-column-is-layout-flow\">\n<figure class=\"wp-block-image aligncenter size-full is-resized has-custom-border\"><img loading=\"lazy\" decoding=\"async\" width=\"500\" height=\"333\" src=\"https:\/\/www.klasmeier.com\/wp-content\/uploads\/2024\/04\/Labor-Klasmeier.png\" alt=\"\" class=\"wp-image-2393\" style=\"border-radius:50px;width:581px;height:auto\" srcset=\"https:\/\/www.klasmeier.com\/wp-content\/uploads\/2024\/04\/Labor-Klasmeier.png 500w, https:\/\/www.klasmeier.com\/wp-content\/uploads\/2024\/04\/Labor-Klasmeier-300x200.png 300w\" sizes=\"auto, (max-width: 500px) 100vw, 500px\" \/><\/figure>\n<\/div>\n<\/div>\n\n\n\n<p><mark style=\"background-color:rgba(0, 0, 0, 0);color:#dd3333\" class=\"has-inline-color\"><\/mark><\/p>\n<\/div>\n\n\n\n<h3 class=\"wp-block-heading alignwide has-text-align-center\"><strong><strong>Specialister p\u00e5 temperaturm\u00e4tningar och h\u00f6gsta kvalitet<\/strong><\/strong><\/h3>\n\n\n\n<div class=\"wp-block-columns alignwide are-vertically-aligned-top is-layout-flex wp-container-core-columns-is-layout-38638728 wp-block-columns-is-layout-flex\" style=\"margin-top:var(--wp--preset--spacing--40);margin-bottom:var(--wp--preset--spacing--40);padding-top:0;padding-right:0;padding-bottom:0;padding-left:0\">\n<div class=\"wp-block-column is-vertically-aligned-top hvr-grow is-layout-flow wp-block-column-is-layout-flow\" style=\"padding-top:0;padding-bottom:0\">\n<div class=\"wp-block-group has-accent-background-color has-background is-vertical is-content-justification-center is-layout-flex wp-container-core-group-is-layout-348d87aa wp-block-group-is-layout-flex\" style=\"border-radius:50px;padding-top:var(--wp--preset--spacing--30);padding-right:var(--wp--preset--spacing--30);padding-bottom:var(--wp--preset--spacing--30);padding-left:var(--wp--preset--spacing--30)\">\n<p><mark style=\"background-color:rgba(0, 0, 0, 0);color:#dd3333\" class=\"has-inline-color\"><mark style=\"background-color:rgba(0, 0, 0, 0);color:#dd3333\" class=\"has-inline-color\"><i class=\"fas fa-temperature-half fa-6x\"><\/i><\/mark><\/mark><\/p>\n\n\n\n<h4 class=\"wp-block-heading\"><strong>Experter p\u00e5 temperatur<\/strong><\/h4>\n\n\n\n<p class=\"has-text-align-left\"><mark style=\"background-color:rgba(0, 0, 0, 0);color:#dd3333\" class=\"has-inline-color\"><i class=\"fas fa-circle-check\"><\/i><\/mark> F\u00f6r att dina <strong>referenstermometrar och normaler<\/strong> ska vara i de b\u00e4sta h\u00e4nderna erbjuder vi l\u00e5ngt <strong>mer \u00e4n standardkalibreringar<\/strong>.<br><mark style=\"background-color:rgba(0, 0, 0, 0);color:#dd3333\" class=\"has-inline-color\"><i class=\"fas fa-circle-check\"><\/i><\/mark> V\u00e5r expertis inom temperaturm\u00e4tning garanterar <strong>h\u00f6gsta kvalitet och minimal m\u00e4tos\u00e4kerhet<\/strong> f\u00f6r dina mest v\u00e4rdefulla termometrar.<\/p>\n<\/div>\n<\/div>\n\n\n\n<div class=\"wp-block-column is-vertically-aligned-top hvr-grow is-layout-flow wp-block-column-is-layout-flow\" style=\"padding-top:0;padding-bottom:0\">\n<div class=\"wp-block-group has-accent-background-color has-background is-vertical is-content-justification-center is-layout-flex wp-container-core-group-is-layout-348d87aa wp-block-group-is-layout-flex\" style=\"border-radius:50px;padding-top:var(--wp--preset--spacing--30);padding-right:var(--wp--preset--spacing--30);padding-bottom:var(--wp--preset--spacing--30);padding-left:var(--wp--preset--spacing--30)\">\n<p><mark style=\"background-color:rgba(0, 0, 0, 0);color:#dd3333\" class=\"has-inline-color\"><i class=\"fas fa-chart-line fa-6x\"><\/i><\/mark><\/p>\n\n\n\n<h4 class=\"wp-block-heading\"><strong>Erfarenhet och precision<\/strong><\/h4>\n\n\n\n<p class=\"has-text-align-left\"><mark style=\"background-color:rgba(0, 0, 0, 0);color:#dd3333\" class=\"has-inline-color\"><i class=\"fas fa-circle-check\"><\/i><\/mark> V\u00e5rt kalibreringslaboratorium har varit i drift sedan 1997. Med v\u00e5r <strong>m\u00e5nga \u00e5rs erfarenhet<\/strong> vet vi exakt hur man hanterar <strong>h\u00f6gk\u00e4nsliga instrument och termometrar<\/strong>, kalibrerar och underh\u00e5ller dem optimalt \u2013 s\u00e5 att de levererar <strong>exakta resultat i m\u00e5nga \u00e5r<\/strong>.<\/p>\n<\/div>\n<\/div>\n<\/div>\n\n\n\n<div class=\"wp-block-columns alignwide are-vertically-aligned-top is-layout-flex wp-container-core-columns-is-layout-38638728 wp-block-columns-is-layout-flex\" style=\"margin-top:var(--wp--preset--spacing--40);margin-bottom:var(--wp--preset--spacing--40);padding-top:0;padding-right:0;padding-bottom:0;padding-left:0\">\n<div class=\"wp-block-column is-vertically-aligned-top hvr-grow is-layout-flow wp-block-column-is-layout-flow\" style=\"padding-top:0;padding-bottom:0\">\n<div class=\"wp-block-group has-accent-background-color has-background is-vertical is-content-justification-center is-layout-flex wp-container-core-group-is-layout-348d87aa wp-block-group-is-layout-flex\" style=\"border-radius:50px;padding-top:var(--wp--preset--spacing--30);padding-right:var(--wp--preset--spacing--30);padding-bottom:var(--wp--preset--spacing--30);padding-left:var(--wp--preset--spacing--30)\">\n<p><mark style=\"background-color:rgba(0, 0, 0, 0);color:#dd3333\" class=\"has-inline-color\"><i class=\"fas fa-truck fa-6x\"><\/i><\/mark><\/p>\n\n\n\n<h4 class=\"wp-block-heading\"><strong>Problemfri transport<\/strong><\/h4>\n\n\n\n<p><mark style=\"background-color:rgba(0, 0, 0, 0);color:#dd3333\" class=\"has-inline-color\"><i class=\"fas fa-circle-check\"><\/i><\/mark> Vill du <strong>slippa oroa dig<\/strong> f\u00f6r att dina <strong>m\u00e4tenheter kan skadas under transporten<\/strong>? Vi erbjuder dig en <strong>s\u00e4ker transportl\u00f6sning f\u00f6r dina m\u00e4tinstrument<\/strong>.<br><mark style=\"background-color:rgba(0, 0, 0, 0);color:#dd3333\" class=\"has-inline-color\"><i class=\"fas fa-circle-check\"><\/i><\/mark> Anv\u00e4nd v\u00e5r <strong>GO-transporttj\u00e4nst<\/strong> f\u00f6r att <strong>skicka och h\u00e4mta dina enheter och termometrar s\u00e4kert och smidigt<\/strong>. <br><strong>Kontakta oss om du \u00e4r intresserad!<\/strong><\/p>\n<\/div>\n<\/div>\n\n\n\n<div class=\"wp-block-column is-vertically-aligned-top hvr-grow is-layout-flow wp-block-column-is-layout-flow\" style=\"padding-top:0;padding-bottom:0\">\n<div class=\"wp-block-group has-accent-background-color has-background is-vertical is-content-justification-center is-layout-flex wp-container-core-group-is-layout-348d87aa wp-block-group-is-layout-flex\" style=\"border-radius:50px;padding-top:var(--wp--preset--spacing--30);padding-right:var(--wp--preset--spacing--30);padding-bottom:var(--wp--preset--spacing--30);padding-left:var(--wp--preset--spacing--30)\">\n<p><mark style=\"background-color:rgba(0, 0, 0, 0);color:#dd3333\" class=\"has-inline-color\"><i class=\"fas fa-phone-volume fa-6x\"><\/i><\/mark><\/p>\n\n\n\n<h4 class=\"wp-block-heading\"><strong>Direkt teknisk support<\/strong><\/h4>\n\n\n\n<p class=\"has-text-align-left\"><mark style=\"background-color:rgba(0, 0, 0, 0);color:#dd3333\" class=\"has-inline-color\"><i class=\"fas fa-circle-check\"><\/i><\/mark> Vi ger dig <strong>tillg\u00e5ng till v\u00e5ra experters kompetens och erfarenhet.<\/strong><br><mark style=\"background-color:rgba(0, 0, 0, 0);color:#dd3333\" class=\"has-inline-color\"><i class=\"fas fa-circle-check\"><\/i><\/mark> De hj\u00e4lper dig professionellt med alla dina fr\u00e5gor och \u00e4renden. Du f\u00e5r snabba och <strong>tillf\u00f6rlitliga svar p\u00e5 dina f\u00f6rfr\u00e5gningar.<\/strong><br>Du hittar <strong>kontaktuppgifterna till dina kontaktpersoner<\/strong> l\u00e4ngst ner p\u00e5 denna sida.<\/p>\n<\/div>\n<\/div>\n<\/div>\n<\/div>\n\n\n\n<div class=\"wp-block-group alignfull has-global-padding is-layout-constrained wp-container-core-group-is-layout-0c8379ad wp-block-group-is-layout-constrained\" style=\"margin-top:var(--wp--preset--spacing--30);margin-bottom:var(--wp--preset--spacing--30);padding-top:var(--wp--preset--spacing--20);padding-right:var(--wp--preset--spacing--30);padding-bottom:var(--wp--preset--spacing--20);padding-left:var(--wp--preset--spacing--30)\">\n<h2 class=\"wp-block-heading alignwide has-text-align-center\"><strong>Tillsammans hittar vi den r\u00e4tta l\u00f6sningen f\u00f6r dig<\/strong><\/h2>\n\n\n\n<div class=\"wp-block-columns alignwide hvr-grow has-accent-background-color has-background is-layout-flex wp-container-core-columns-is-layout-b6a795d6 wp-block-columns-is-layout-flex\" style=\"border-radius:50px;margin-top:var(--wp--preset--spacing--40);margin-bottom:var(--wp--preset--spacing--40);padding-top:var(--wp--preset--spacing--20);padding-right:var(--wp--preset--spacing--20);padding-bottom:var(--wp--preset--spacing--20);padding-left:var(--wp--preset--spacing--20)\">\n<div class=\"wp-block-column is-layout-flow wp-block-column-is-layout-flow\" style=\"flex-basis:40%\">\n<figure class=\"wp-block-image aligncenter size-full has-custom-border\"><img loading=\"lazy\" decoding=\"async\" width=\"500\" height=\"333\" src=\"https:\/\/www.klasmeier.com\/wp-content\/uploads\/2024\/03\/BK.png\" alt=\"\" class=\"wp-image-1608\" style=\"border-radius:50px\" srcset=\"https:\/\/www.klasmeier.com\/wp-content\/uploads\/2024\/03\/BK.png 500w, https:\/\/www.klasmeier.com\/wp-content\/uploads\/2024\/03\/BK-300x200.png 300w\" sizes=\"auto, (max-width: 500px) 100vw, 500px\" \/><\/figure>\n<\/div>\n\n\n\n<div class=\"wp-block-column is-vertically-aligned-center is-layout-flow wp-block-column-is-layout-flow\" style=\"flex-basis:60%\">\n<h3 class=\"wp-block-heading has-text-align-center\">Prata direkt med v\u00e5r expert!<\/h3>\n\n\n\n<p class=\"has-text-align-center\"><br><strong>Din kontaktperson f\u00f6r kalibreringstj\u00e4nster och kompetenstester:<br><\/strong><br><strong>Boris Kalb<\/strong><\/p>\n\n\n\n<p class=\"has-text-align-center\"><mark style=\"background-color:rgba(0, 0, 0, 0);color:#dd3333\" class=\"has-inline-color\"><i class=\"fas fa-envelope\"><\/i><\/mark> <a href=\"https:\/\/www.klasmeier.com\/sv\/foretag\/kontakta-oss\/\">Ta kontakt nu<\/a><\/p>\n<\/div>\n<\/div>\n<\/div>\n\n\n\n<div class=\"wp-block-group alignwide has-accent-background-color has-background has-global-padding is-layout-constrained wp-container-core-group-is-layout-7c68bf55 wp-block-group-is-layout-constrained\" id=\"anfragen\" style=\"border-radius:25px;margin-top:var(--wp--preset--spacing--30);margin-bottom:var(--wp--preset--spacing--30);padding-top:var(--wp--preset--spacing--20);padding-right:var(--wp--preset--spacing--20);padding-bottom:var(--wp--preset--spacing--20);padding-left:var(--wp--preset--spacing--20)\">\n<h3 class=\"wp-block-heading\"><strong><strong>Beg\u00e4r kalibrering<\/strong><\/strong><\/h3>\n\n\n\n<div class=\"wp-block-contact-form-7-contact-form-selector\">\n<div class=\"wpcf7 no-js\" id=\"wpcf7-f10568-o1\" lang=\"de-DE\" dir=\"ltr\" data-wpcf7-id=\"10568\">\n<div class=\"screen-reader-response\"><p role=\"status\" aria-live=\"polite\" aria-atomic=\"true\"><\/p> <ul><\/ul><\/div>\n<form action=\"\/sv\/wp-json\/wp\/v2\/pages\/10540#wpcf7-f10568-o1\" method=\"post\" class=\"wpcf7-form init\" aria-label=\"Kontaktformular\" novalidate=\"novalidate\" data-status=\"init\">\n<fieldset class=\"hidden-fields-container\"><input type=\"hidden\" name=\"_wpcf7\" value=\"10568\" \/><input type=\"hidden\" name=\"_wpcf7_version\" value=\"6.1.5\" \/><input type=\"hidden\" name=\"_wpcf7_locale\" value=\"de_DE\" \/><input type=\"hidden\" name=\"_wpcf7_unit_tag\" value=\"wpcf7-f10568-o1\" \/><input type=\"hidden\" name=\"_wpcf7_container_post\" value=\"0\" \/><input type=\"hidden\" name=\"_wpcf7_posted_data_hash\" value=\"\" \/>\n<\/fieldset>\n<style>\n\n\/* Allgemeine Stile f\u00fcr das Formular *\/\n.wpcf7-form {\n max-width: 1280px; \/* Volle Breite setzen *\/\n margin: 0 auto; \/* Zentrieren *\/\n box-sizing: border-box;\n padding-top: 0px; \/* Abstand nach oben *\/\n}\n\n\/* Stile f\u00fcr die Zeilen und Spalten *\/\n.form-row {\n display: flex;\n flex-wrap: wrap;\n justify-content: space-between;\n margin-bottom: 10px; \/* Abstand zwischen den Zeilen *\/\n}\n\n.form-column {\n width: 48%; \/* Zwei Spalten mit Abstand *\/\n box-sizing: border-box;\n}\n\n\/* Anpassung der H\u00f6he der Eingabefelder und der vollen Breite *\/\n.wpcf7-form input[type=\"text\"],\n.wpcf7-form input[type=\"email\"],\n.wpcf7-form textarea {\n font-size: 20px;\n height: 60px; \/* Erh\u00f6hte H\u00f6he der Eingabefelder *\/\n width: 400px; \/* Volle Breite der Spalte *\/\n padding: 10px; \/* Innenabstand f\u00fcr Eingabefelder *\/\n box-sizing: border-box;\n border-radius: 15px; \/* Abgerundete Ecken *\/\n border: 1px solid #ccc; \/* Rand um die Eingabefelder *\/\n transition: width 0.5s ease;\n}\n\n.wpcf7-form textarea {\n max-height: 150px;\n height: auto; \/* Erm\u00f6glicht flexible H\u00f6he *\/\n min-height: 120px; \/* Mindesth\u00f6he f\u00fcr mehrzeiliges Schreiben *\/\n resize: none; \/* Entfernt die Gr\u00f6\u00dfen\u00e4nderungsoption *\/\n}\n\n.wpcf7-form input[type=\"text\"]:hover,\n.wpcf7-form input[type=\"email\"]:hover,\n.wpcf7-form textarea:hover {\n width: 560px;\n border: 2px solid #DD3333;\n}\n\n.wpcf7 input[type=\"text\"]:focus,\n.wpcf7 textarea[type=\"text\"]:focus,\n.wpcf7 input[type=\"email\"]:focus,\n.wpcf7 textarea[type=\"email\"]:focus{\n width: 560px;\n outline: none;\n box-shadow: none;\n border: 3px solid #DD3333;\n}\n\n.wpcf7 input[type=\"checkbox\"] {\n width: 15px; \/* \u00c4ndert die Breite der Checkbox *\/\n height: 15px; \/* \u00c4ndert die H\u00f6he der Checkbox *\/\n transform: scale(1.5); \/* Vergr\u00f6\u00dfert die Checkbox *\/\n margin-right: 10px; \/* Abstand zwischen Checkbox und Text *\/\n -webkit-appearance: none; \/* Entfernt die Standard-Stilierung *\/\n appearance: none; \/* Entfernt die Standard-Stilierung *\/\n border: 1px solid #ccc; \/* Rand der Checkbox *\/\n border-radius: 8px; \/* Abgerundete Ecken *\/\n background-color: #f0f0f0; \/* Hintergrundfarbe der Checkbox *\/\n position: relative; \/* Erm\u00f6glicht die Positionierung des Haken-Pseudo-Elements *\/\n cursor: pointer; \/* \u00c4ndert den Cursor bei Hover *\/\n transition: background-color 0.3s, border-color 0.3s; \/* Smooth Transition *\/\n vertical-align: middle; \/* Richtet die Checkbox vertikal aus *\/\n}\n\n.wpcf7 input[type=\"checkbox\"]:checked {\n background-color: #DD3333; \/* Hintergrundfarbe wenn angeklickt *\/\n border-color: #DD3333; \/* Randfarbe wenn angeklickt *\/\n}\n\n.wpcf7 input[type=\"checkbox\"]:checked::after {\n content: '';\n position: absolute;\n top: 40%;\n left: 48%;\n width: 4px; \/* Breite des Hakens *\/\n height: 7px; \/* H\u00f6he des Hakens *\/\n border: solid white;\n border-width: 0 2px 2px 0;\n transform: translate(-50%, -50%) rotate(45deg);\n}\n\n.wpcf7 input[type=\"checkbox\"]:focus {\n outline: none;\n box-shadow: 0 0 2px 2px rgba(0, 123, 255, 0.25); \/* Optionale Hervorhebung bei Fokus *\/\n}\n\n\/* Platzhalterstile *\/\n::placeholder {\n color: #888; \/* Farbe f\u00fcr Platzhaltertext *\/\n font-size: 20px;\n}\n\n\/* Stile f\u00fcr die Checkboxen *\/\n.wpcf7-form p {\n margin-bottom: 10px;\n display: flex;\n align-items: center;\n text-align: center;\n}\n\n.wpcf7-form p label {\n margin-left: 5px;\n margin-bottom: 0; \/* Kein zus\u00e4tzlicher Abstand unten *\/\n display: flex;\n align-items: center;\n text-align: center;\n}\n\n.wpcf7 .wpcf7-submit {\n display: block; \/* Sicherstellen, dass der Button als Blockelement behandelt wird *\/\n margin: 0 auto; \/* Automatisches Zentrieren *\/\n}\n\n.wpcf7 .wpcf7-submit-container {\n text-align: center; \/* Zentriert den Button-Container *\/\n margin-top: 20px; \/* Optional: Abstand oberhalb des Containers *\/\n}\n\n.wpcf7-submit {\n background-color: #DD3333; \/* Hintergrundfarbe des Buttons *\/\n color: white; \/* Textfarbe des Buttons *\/\n border: none; \/* Kein Rahmen *\/\n padding: 15px 30px; \/* Innenabstand des Buttons *\/\n text-align: center; \/* Textzentrierung *\/\n text-decoration: none; \/* Kein Textdekor *\/\n display: block; \/* Als Blockelement behandeln *\/\n font-size: 20px; \/* Schriftgr\u00f6\u00dfe *\/\n margin: 0px auto; \/* Au\u00dfenabstand *\/\n margin-left: 25px; \/* Kleiner linker Abstand *\/\n cursor: pointer; \/* Cursor bei Hover *\/\n border-radius: 15px; \/* Abgerundete Ecken *\/\n transition: background-color 0.3s ease, transform 0.3s ease; \/* \u00dcbergangseffekte *\/\n}\n\n.wpcf7-submit:hover {\n background-color: #DD3333; \/* Hintergrundfarbe bei Hover *\/\n transform: scale(1.05); \/* Vergr\u00f6\u00dferung bei Hover *\/\n}\n\n.wpcf7-submit:active {\n background-color: #DD3333; \/* Hintergrundfarbe bei Klick *\/\n transform: scale(1.02); \/* Leichte Verkleinerung bei Klick *\/\n}\n\n.wpcf7 .wpcf7-spinner {\n display: block; \/* Als Blockelement behandeln *\/\n position: absolute; \/* Absolute Positionierung innerhalb des Containers *\/\n top: 100%; \/* Abstand vom oberen Rand des Containers *\/\n left: 50%; \/* Zentriert horizontal innerhalb des Containers *\/\n transform: translateX(-50%); \/* Zur\u00fcckverschieben um die H\u00e4lfte der eigenen Breite *\/\n}\n\n\n@media screen and (max-width: 600px) {\n .wpcf7 input[type=\"checkbox\"] {\n width: 50px !important;\n height: 20px !important;\n margin-right: 10px;\n border-radius: 50%; \/* Rund statt 8px *\/\n }\n\n}\n\n\n@media screen and (max-width: 768px) {\n \/* Spalten untereinander *\/\n .form-row {\n flex-direction: column;\n }\n\n .form-column {\n width: 100% !important;\n margin-bottom: 10px;\n }\n\n .wpcf7-form input[type=\"text\"],\n .wpcf7-form input[type=\"email\"],\n .wpcf7-form input[type=\"tel\"],\n .wpcf7-form textarea {\n width: 100% !important;\n }\n\n \/* Checkbox bleibt rund und linksb\u00fcndig *\/\n .wpcf7 input[type=\"checkbox\"] {\n width: 20px;\n height: 20px;\n margin-right: 10px;\n border-radius: 50%; \/* Rund statt 8px *\/\n }\n\n \/* Optional: Upload-Feld auch bei Bedarf zentrieren *\/\n .codedropz-upload-container {\n padding: 30px 15px;\n }\n\n .codedropz-upload-inner {\n width: 100%;\n box-sizing: border-box;\n }\n\n .codedropz-btn-wrap {\n justify-content: center;\n }\n}\n\n\n@media screen and (max-width: 1350px) {\n .wpcf7-form input[type=\"text\"],\n .wpcf7-form input[type=\"email\"],\n .wpcf7-form input[type=\"tel\"],\n .wpcf7-form textarea {\n transition: none !important;\n width: 100% !important;\n }\n\n .wpcf7-form input[type=\"text\"]:hover,\n .wpcf7-form input[type=\"email\"]:hover,\n .wpcf7-form input[type=\"tel\"]:hover,\n .wpcf7-form textarea:hover,\n .wpcf7 input[type=\"text\"]:focus,\n .wpcf7 input[type=\"email\"]:focus,\n .wpcf7 input[type=\"tel\"]:focus,\n .wpcf7 textarea:focus {\n width: 100% !important;\n border: 2px solid #DD3333;\n }\n}\n<\/style>\n<div class=\"form-row\">\n\t<div class=\"form-column\">\n\t\t<p><br \/>\n<span class=\"wpcf7-form-control-wrap\" data-name=\"vorname\"><input size=\"40\" maxlength=\"400\" class=\"wpcf7-form-control wpcf7-text wpcf7-validates-as-required\" id=\"vorname\" aria-required=\"true\" aria-invalid=\"false\" placeholder=\"F\u00f6rnamn\" value=\"\" type=\"text\" name=\"vorname\" \/><\/span>\n\t\t<\/p>\n\t\t<p><br \/>\n<span class=\"wpcf7-form-control-wrap\" data-name=\"nachname\"><input size=\"40\" maxlength=\"400\" class=\"wpcf7-form-control wpcf7-text wpcf7-validates-as-required\" id=\"nachname\" aria-required=\"true\" aria-invalid=\"false\" placeholder=\"Efternamn\" value=\"\" type=\"text\" name=\"nachname\" \/><\/span>\n\t\t<\/p>\n\t\t<p><br \/>\n<span class=\"wpcf7-form-control-wrap\" data-name=\"email\"><input size=\"40\" maxlength=\"400\" class=\"wpcf7-form-control wpcf7-email wpcf7-validates-as-required wpcf7-text wpcf7-validates-as-email\" id=\"email\" aria-required=\"true\" aria-invalid=\"false\" placeholder=\"E-postadress\" value=\"\" type=\"email\" name=\"email\" \/><\/span>\n\t\t<\/p>\n\t<\/div>\n\t<div class=\"form-column\">\n\t\t<p><br \/>\n<span class=\"wpcf7-form-control-wrap\" data-name=\"firma\"><input size=\"40\" maxlength=\"400\" class=\"wpcf7-form-control wpcf7-text wpcf7-validates-as-required\" id=\"firma\" aria-required=\"true\" aria-invalid=\"false\" placeholder=\"F\u00f6retag\" value=\"\" type=\"text\" name=\"firma\" \/><\/span>\n\t\t<\/p>\n\t\t<p><br \/>\n<span class=\"wpcf7-form-control-wrap\" data-name=\"nachricht\"><textarea cols=\"40\" rows=\"10\" maxlength=\"2000\" class=\"wpcf7-form-control wpcf7-textarea wpcf7-validates-as-required\" id=\"nachricht\" aria-required=\"true\" aria-invalid=\"false\" placeholder=\"Meddelande (valfritt)\" name=\"nachricht\"><\/textarea><\/span>\n\t\t<\/p>\n\t<\/div>\n<\/div>\n<p><br \/>\n<span class=\"wpcf7-form-control-wrap\" data-name=\"Datenschutz\"><span class=\"wpcf7-form-control wpcf7-checkbox wpcf7-validates-as-required\"><span class=\"wpcf7-list-item first last\"><label><input type=\"checkbox\" name=\"Datenschutz[]\" value=\"Jag godk\u00e4nner lagringen av mina uppgifter i enlighet med sekretesspolicyn.\" \/><span class=\"wpcf7-list-item-label\">Jag godk\u00e4nner lagringen av mina uppgifter i enlighet med sekretesspolicyn.<\/span><\/label><\/span><\/span><\/span>\n<\/p>\n<p class=\"wpcf7-form-control-wrap\"><br \/>\n<input class=\"wpcf7-form-control wpcf7-submit has-spinner\" type=\"submit\" value=\"Skicka f\u00f6rfr\u00e5gan\" \/>\n<\/p>\n<p><input type=\"hidden\" name=\"page-info\" id=\"page-info\" value=\"\" \/>\n<\/p>\n<p><script>\ndocument.addEventListener('DOMContentLoaded', function () {\n var pageInfoField = document.querySelector('#page-info');\n if (pageInfoField) {\n var pageTitle = document.title;\n var pageURL = window.location.href;\n pageInfoField.value = pageTitle + ' (' + pageURL + ')';\n }\n});\n<\/script>\n<\/p><div class=\"wpcf7-response-output\" aria-hidden=\"true\"><\/div>\n<\/form>\n<\/div>\n<\/div>\n<\/div>\n","protected":false},"excerpt":{"rendered":"<p>Vi s\u00e4kerst\u00e4ller din optimala produktkvalitet och s\u00e4kra processer \u2013med DAkkS-ackrediterade temperaturkalibreringar Vi kalibrerar f\u00f6r dig SPRT(Standard Platina Motst\u00e5ndstermomete) Kalibrering vid temperaturfixpunkter J\u00e4mf\u00f6relsekalibrering i kalibreringsbad Motst\u00e5ndstermometrar (Pt100, Pt25, etc.) Kalibrering vid temperaturfixpunkter J\u00e4mf\u00f6relsekalibrering i kalibreringsbad Termoelement(alla typer) Kalibrering vid temperaturfixpunkter J\u00e4mf\u00f6relsekalibrering i kalibreringsbad Temperaturblockkalibratorer Kalibrering enligt DAkkS-riktlinje R5-4 Temperaturomr\u00e5de: -40 \u00b0C till 1300 \u00b0C Temperaturfixpunkter Kalibrering [&hellip;]<\/p>\n","protected":false},"author":4,"featured_media":0,"parent":0,"menu_order":0,"comment_status":"closed","ping_status":"closed","template":"","meta":{"footnotes":""},"class_list":["post-10540","page","type-page","status-publish","hentry"],"_links":{"self":[{"href":"https:\/\/www.klasmeier.com\/sv\/wp-json\/wp\/v2\/pages\/10540","targetHints":{"allow":["GET"]}}],"collection":[{"href":"https:\/\/www.klasmeier.com\/sv\/wp-json\/wp\/v2\/pages"}],"about":[{"href":"https:\/\/www.klasmeier.com\/sv\/wp-json\/wp\/v2\/types\/page"}],"author":[{"embeddable":true,"href":"https:\/\/www.klasmeier.com\/sv\/wp-json\/wp\/v2\/users\/4"}],"replies":[{"embeddable":true,"href":"https:\/\/www.klasmeier.com\/sv\/wp-json\/wp\/v2\/comments?post=10540"}],"version-history":[{"count":17,"href":"https:\/\/www.klasmeier.com\/sv\/wp-json\/wp\/v2\/pages\/10540\/revisions"}],"predecessor-version":[{"id":13037,"href":"https:\/\/www.klasmeier.com\/sv\/wp-json\/wp\/v2\/pages\/10540\/revisions\/13037"}],"wp:attachment":[{"href":"https:\/\/www.klasmeier.com\/sv\/wp-json\/wp\/v2\/media?parent=10540"}],"curies":[{"name":"wp","href":"https:\/\/api.w.org\/{rel}","templated":true}]}}