{"id":10509,"date":"2024-03-25T12:21:37","date_gmt":"2024-03-25T11:21:37","guid":{"rendered":"https:\/\/www.klasmeier.com\/?page_id=10509"},"modified":"2025-04-02T11:54:27","modified_gmt":"2025-04-02T09:54:27","slug":"produkter","status":"publish","type":"page","link":"https:\/\/www.klasmeier.com\/sv\/produkter\/","title":{"rendered":"Produkter"},"content":{"rendered":"\n<div class=\"wp-block-group alignfull has-global-padding is-layout-constrained wp-block-group-is-layout-constrained\" style=\"margin-top:0;padding-top:var(--wp--preset--spacing--40);padding-bottom:var(--wp--preset--spacing--40)\">\n<h2 class=\"wp-block-heading alignwide has-text-align-center\"><strong>Produkter<\/strong><\/h2>\n\n\n\n<h3 class=\"wp-block-heading alignwide has-text-align-center\">Precisionstermometrar tillverkade f\u00f6r hand och kalibreringstj\u00e4nster fr\u00e5n v\u00e5rt DAkkS-ackrediterade kalibreringslaboratorium<\/h3>\n\n\n\n<div class=\"wp-block-group alignwide has-global-padding is-layout-constrained wp-block-group-is-layout-constrained\" style=\"padding-top:var(--wp--preset--spacing--30);padding-bottom:var(--wp--preset--spacing--30)\">\n<figure class=\"wp-block-image alignwide size-full has-custom-border\"><img loading=\"lazy\" decoding=\"async\" width=\"1280\" height=\"720\" src=\"https:\/\/www.klasmeier.com\/wp-content\/uploads\/Pt100I-Griff-edited.jpg\" alt=\"\" class=\"wp-image-4122\" style=\"border-radius:50px\" srcset=\"https:\/\/www.klasmeier.com\/wp-content\/uploads\/Pt100I-Griff-edited.jpg 1280w, https:\/\/www.klasmeier.com\/wp-content\/uploads\/Pt100I-Griff-edited-300x169.jpg 300w, https:\/\/www.klasmeier.com\/wp-content\/uploads\/Pt100I-Griff-edited-1024x576.jpg 1024w, https:\/\/www.klasmeier.com\/wp-content\/uploads\/Pt100I-Griff-edited-768x432.jpg 768w, https:\/\/www.klasmeier.com\/wp-content\/uploads\/Pt100I-Griff-edited-600x338.jpg 600w\" sizes=\"auto, (max-width: 1280px) 100vw, 1280px\" \/><\/figure>\n<\/div>\n<\/div>\n\n\n\n<div class=\"wp-block-group alignfull has-global-padding is-layout-constrained wp-block-group-is-layout-constrained\">\n<h2 class=\"wp-block-heading has-text-align-center\"><strong>Vad vi erbjuder:<\/strong><\/h2>\n\n\n\n<div class=\"wp-block-group alignwide has-global-padding is-layout-constrained wp-container-core-group-is-layout-8b335784 wp-block-group-is-layout-constrained\" style=\"padding-top:var(--wp--preset--spacing--40);padding-bottom:var(--wp--preset--spacing--40)\">\n<div class=\"wp-block-columns alignwide is-layout-flex wp-container-core-columns-is-layout-7fc3d43a wp-block-columns-is-layout-flex\">\n<div class=\"wp-block-column is-layout-flow wp-block-column-is-layout-flow\">\n<div class=\"wp-block-group hvr-grow has-accent-background-color has-background is-vertical is-content-justification-center is-layout-flex wp-container-core-group-is-layout-101fcb7d wp-block-group-is-layout-flex\" style=\"border-radius:50px;padding-top:var(--wp--preset--spacing--30);padding-right:var(--wp--preset--spacing--30);padding-bottom:var(--wp--preset--spacing--30);padding-left:var(--wp--preset--spacing--30)\">\n<figure class=\"wp-block-image size-full is-resized\"><img loading=\"lazy\" decoding=\"async\" width=\"310\" height=\"89\" src=\"https:\/\/www.klasmeier.com\/wp-content\/uploads\/exacal.png\" alt=\"\" class=\"wp-image-2717\" style=\"width:376px;height:auto\" srcset=\"https:\/\/www.klasmeier.com\/wp-content\/uploads\/exacal.png 310w, https:\/\/www.klasmeier.com\/wp-content\/uploads\/exacal-300x86.png 300w\" sizes=\"auto, (max-width: 310px) 100vw, 310px\" \/><\/figure>\n\n\n\n<h4 class=\"wp-block-heading has-text-align-center\"><strong>Termometermanufaktur<\/strong><\/h4>\n\n\n\n<div class=\"wp-block-group is-vertical is-content-justification-stretch is-layout-flex wp-container-core-group-is-layout-ef933e46 wp-block-group-is-layout-flex\">\n<p><mark style=\"background-color:rgba(0, 0, 0, 0);color:#dd3333\" class=\"has-inline-color\"><i class=\"fas fa-circle-check\"><\/i><\/mark> <strong>Termometrar<\/strong><br>Tillverkade med noggrant hantverk i Klasmeiers egen&nbsp;<strong>eXacal Manufaktur<\/strong>.<\/p>\n\n\n\n<p><mark style=\"background-color:rgba(0, 0, 0, 0);color:#dd3333\" class=\"has-inline-color\"><i class=\"fas fa-circle-check\"><\/i><\/mark> <strong><strong>Reparation av termometrar<\/strong><\/strong><br>F\u00f6r mer h\u00e5llbarhet: Forts\u00e4tt anv\u00e4nda termometrar med ett v\u00e4rdefullt, l\u00e5ngt f\u00f6rflutet. Efter fem \u00e5rs utvecklingsarbete erbjuder vi nu reparation av precisionstermometrar \u2013 en mycket h\u00e5llbar l\u00f6sning f\u00f6r industrin.<\/p>\n\n\n\n<p><mark style=\"background-color:rgba(0, 0, 0, 0);color:#dd3333\" class=\"has-inline-color\"><i class=\"fas fa-circle-check\"><\/i><\/mark> <strong>Manufaktur<\/strong><br>eXacal precisionstermometrar anv\u00e4nds f\u00f6r exakta temperaturm\u00e4tningar eller som kalibreringsstandarder. De har kontinuerligt optimerats under m\u00e5nga \u00e5r i v\u00e5r termometermanufaktur f\u00f6r att s\u00e4kerst\u00e4lla h\u00f6gsta m\u00e4tnoggrannhet.<\/p>\n\n\n\n<p><mark style=\"background-color:rgba(0, 0, 0, 0);color:#dd3333\" class=\"has-inline-color\"><i class=\"fas fa-circle-check\"><\/i><\/mark> <strong>Temperaturgivare<\/strong><br>I termometrins v\u00e4rld \u00e4r precisionen hos temperaturgivaren en avg\u00f6rande faktor f\u00f6r noggrannheten och tillf\u00f6rlitligheten hos en termometer.<\/p>\n\n\n\n<p><mark style=\"background-color:rgba(0, 0, 0, 0);color:#dd3333\" class=\"has-inline-color\"><i class=\"fas fa-circle-check\"><\/i><\/mark> <strong>Teknologi<\/strong><br>eXacal precisionstermometrar har designats fr\u00e5n grunden. Utvecklingen tog \u00f6ver fyra \u00e5r. Alla anv\u00e4nda komponenter har noggrant utformats och anpassats f\u00f6r att fungera optimalt tillsammans.<\/p>\n<\/div>\n\n\n\n<div class=\"wp-block-buttons is-content-justification-center is-layout-flex wp-container-core-buttons-is-layout-b5994976 wp-block-buttons-is-layout-flex\">\n<div class=\"wp-block-button is-style-outline hvr-shrink is-style-outline--1\"><a class=\"wp-block-button__link has-text-align-center wp-element-button\" href=\"\/sv\/thermometer-manufaktur\/\"><strong>Till manufakturen<\/strong><\/a><\/div>\n<\/div>\n<\/div>\n<\/div>\n\n\n\n<div class=\"wp-block-column is-layout-flow wp-block-column-is-layout-flow\">\n<div class=\"wp-block-group hvr-grow has-accent-background-color has-background is-vertical is-content-justification-center is-layout-flex wp-container-core-group-is-layout-aacb5aaa wp-block-group-is-layout-flex\" style=\"border-radius:50px;padding-top:var(--wp--preset--spacing--30);padding-right:var(--wp--preset--spacing--30);padding-bottom:var(--wp--preset--spacing--30);padding-left:var(--wp--preset--spacing--30)\">\n<figure class=\"wp-block-image size-full is-resized\"><img loading=\"lazy\" decoding=\"async\" width=\"277\" height=\"98\" src=\"https:\/\/www.klasmeier.com\/wp-content\/uploads\/2024\/04\/dakks-akkreditierung-klasmeier.png\" alt=\"\" class=\"wp-image-2148\" style=\"width:302px;height:auto\"\/><\/figure>\n\n\n\n<h4 class=\"wp-block-heading has-text-align-center\"><strong>Kalibreringstj\u00e4nst<\/strong><\/h4>\n\n\n\n<div class=\"wp-block-group is-vertical is-layout-flex wp-container-core-group-is-layout-ea0cb840 wp-block-group-is-layout-flex\">\n<p><mark style=\"background-color:rgba(0, 0, 0, 0);color:#dd3333\" class=\"has-inline-color\"><i class=\"fas fa-circle-check\"><\/i><\/mark> <strong>Standardtermometrar<\/strong><br>DAkkS-kalibrering av ITS-90-standardtermometrar (SPRT) utf\u00f6rs vid ITS-90 fixpunkter.<\/p>\n\n\n\n<p><mark style=\"background-color:rgba(0, 0, 0, 0);color:#dd3333\" class=\"has-inline-color\"><i class=\"fas fa-circle-check\"><\/i><\/mark> <strong>Motst\u00e5ndstermometrar<\/strong><br>Kalibrering av motst\u00e5ndstermometrar (temperatursensorer s\u00e5som Pt100, Pt25 osv.) och indikatorer med DAkkS-kalibreringscertifikat utf\u00f6rs vid smala ITS-90 fixpunkter.<\/p>\n\n\n\n<p><mark style=\"background-color:rgba(0, 0, 0, 0);color:#dd3333\" class=\"has-inline-color\"><i class=\"fas fa-circle-check\"><\/i><\/mark> <strong>Termoelement<\/strong><br>Termoelement kalibreras vid ITS-90 fixpunkter i temperaturintervallet fr\u00e5n vattnets trippelpunkt till silverfryspunkten med utm\u00e4rkt m\u00e4tos\u00e4kerhet.<\/p>\n\n\n\n<p><mark style=\"background-color:rgba(0, 0, 0, 0);color:#dd3333\" class=\"has-inline-color\"><i class=\"fas fa-circle-check\"><\/i><\/mark> <strong>Blockkalibratorer<\/strong><br>Blockkalibratorer kalibreras genom j\u00e4mf\u00f6relse med kalibrerade motst\u00e5ndstermometrar eller termoelement. Kalibreringen utf\u00f6rs enligt DAkkS-DKD-riktlinjen R5-4 f\u00f6r kalibrering av blockkalibratorer eller Klasmeiers egna testrapporter f\u00f6r ISOTECH-enheter.<\/p>\n\n\n\n<p><mark style=\"background-color:rgba(0, 0, 0, 0);color:#dd3333\" class=\"has-inline-color\"><i class=\"fas fa-circle-check\"><\/i><\/mark> <strong>Temperaturfixpunkter<\/strong><br>Temperaturfixpunkter kalibreras genom j\u00e4mf\u00f6relse med referensfixpunkter med hj\u00e4lp av mycket stabila standardmotst\u00e5ndstermometrar (SPRT).<\/p>\n\n\n\n<p><mark style=\"background-color:rgba(0, 0, 0, 0);color:#dd3333\" class=\"has-inline-color\"><i class=\"fas fa-circle-check\"><\/i><\/mark> <strong>Kalibrering vid l\u00e5ga temperaturer<\/strong><br>Vill du kalibrera termometrar vid extremt l\u00e5ga temperaturer? Men r\u00e4cker inte temperaturintervallet f\u00f6r kalibreringsbaden och de standardiserade metoderna f\u00f6r dina behov? D\u00e5 har du kommit r\u00e4tt. Vi anv\u00e4nder kokande kv\u00e4ve f\u00f6r att ut\u00f6ka temperaturintervallet.<\/p>\n<\/div>\n\n\n\n<div class=\"wp-block-buttons is-content-justification-center is-layout-flex wp-container-core-buttons-is-layout-a89b3969 wp-block-buttons-is-layout-flex\">\n<div class=\"wp-block-button is-style-outline hvr-shrink is-style-outline--2\"><a class=\"wp-block-button__link wp-element-button\" href=\"\/sv\/kalibrierdienst-klasmeier\/\"><strong>Till kalibreringstj\u00e4nsten<\/strong><\/a><\/div>\n<\/div>\n<\/div>\n<\/div>\n<\/div>\n<\/div>\n<\/div>\n\n\n\n<div class=\"wp-block-group alignfull has-global-padding is-layout-constrained wp-block-group-is-layout-constrained\" style=\"padding-top:var(--wp--preset--spacing--30);padding-bottom:var(--wp--preset--spacing--30)\">\n<h3 class=\"wp-block-heading has-text-align-center\"><strong>L\u00e5t oss ge dig personlig r\u00e5dgivning!<\/strong><\/h3>\n\n\n\n<div class=\"wp-block-group alignwide has-global-padding is-layout-constrained wp-container-core-group-is-layout-7657ddd5 wp-block-group-is-layout-constrained\" style=\"padding-top:var(--wp--preset--spacing--30);padding-bottom:var(--wp--preset--spacing--30)\">\n<div class=\"wp-block-columns alignwide is-layout-flex wp-container-core-columns-is-layout-7fc3d43a wp-block-columns-is-layout-flex\">\n<div class=\"wp-block-column is-layout-flow wp-block-column-is-layout-flow\" style=\"flex-basis:50%\">\n<div class=\"wp-block-group hvr-grow has-accent-background-color has-background is-vertical is-content-justification-center is-layout-flex wp-container-core-group-is-layout-101fcb7d wp-block-group-is-layout-flex\" style=\"border-radius:50px;padding-top:var(--wp--preset--spacing--30);padding-right:var(--wp--preset--spacing--30);padding-bottom:var(--wp--preset--spacing--30);padding-left:var(--wp--preset--spacing--30)\">\n<figure class=\"wp-block-image size-full is-resized has-custom-border\"><img loading=\"lazy\" decoding=\"async\" width=\"500\" height=\"333\" src=\"https:\/\/www.klasmeier.com\/wp-content\/uploads\/ES.png\" alt=\"\" class=\"wp-image-2654\" style=\"border-radius:50px;width:514px;height:auto\" srcset=\"https:\/\/www.klasmeier.com\/wp-content\/uploads\/ES.png 500w, https:\/\/www.klasmeier.com\/wp-content\/uploads\/ES-300x200.png 300w\" sizes=\"auto, (max-width: 500px) 100vw, 500px\" \/><\/figure>\n\n\n\n<h4 class=\"wp-block-heading has-text-align-center\"><strong>Elke Seewald<\/strong><br><em>Chef f\u00f6r eXacal Manufaktur, termometerproduktion<\/em><\/h4>\n\n\n\n<p class=\"has-text-align-center\"><mark style=\"background-color:rgba(0, 0, 0, 0)\" class=\"has-inline-color has-accent-3-color\"><i class=\"fas fa-envelope\"><\/i><\/mark> <a href=\"https:\/\/www.klasmeier.com\/sv\/foretag\/kontakta-oss\/\">Ta kontakt nu<\/a><\/p>\n<\/div>\n<\/div>\n\n\n\n<div class=\"wp-block-column is-layout-flow wp-block-column-is-layout-flow\" style=\"flex-basis:50%\">\n<div class=\"wp-block-group hvr-grow has-accent-background-color has-background is-vertical is-content-justification-center is-layout-flex wp-container-core-group-is-layout-aacb5aaa wp-block-group-is-layout-flex\" style=\"border-radius:50px;padding-top:var(--wp--preset--spacing--30);padding-right:var(--wp--preset--spacing--30);padding-bottom:var(--wp--preset--spacing--30);padding-left:var(--wp--preset--spacing--30)\">\n<figure class=\"wp-block-image size-full is-resized has-custom-border\"><img loading=\"lazy\" decoding=\"async\" width=\"640\" height=\"427\" src=\"https:\/\/www.klasmeier.com\/wp-content\/uploads\/2024\/03\/Ansprechpartner-Labor-Boris-Kalb.png\" alt=\"\" class=\"wp-image-1375\" style=\"border-radius:50px;width:514px\" srcset=\"https:\/\/www.klasmeier.com\/wp-content\/uploads\/2024\/03\/Ansprechpartner-Labor-Boris-Kalb.png 640w, https:\/\/www.klasmeier.com\/wp-content\/uploads\/2024\/03\/Ansprechpartner-Labor-Boris-Kalb-300x200.png 300w, https:\/\/www.klasmeier.com\/wp-content\/uploads\/2024\/03\/Ansprechpartner-Labor-Boris-Kalb-600x400.png 600w\" sizes=\"auto, (max-width: 640px) 100vw, 640px\" \/><\/figure>\n\n\n\n<h4 class=\"wp-block-heading has-text-align-center\"><strong>Boris Kalb<\/strong><br><em>Chef f\u00f6r Klasmeiers kalibreringslaboratorium, f\u00f6rel\u00e4sare inom temperaturseminarier<\/em><\/h4>\n\n\n\n<p class=\"has-text-align-center\"><mark style=\"background-color:rgba(0, 0, 0, 0)\" class=\"has-inline-color has-accent-3-color\"><i class=\"fas fa-envelope\"><\/i><\/mark> <a href=\"https:\/\/www.klasmeier.com\/sv\/foretag\/kontakta-oss\/\">Ta kontakt nu<\/a><\/p>\n<\/div>\n<\/div>\n<\/div>\n<\/div>\n<\/div>\n","protected":false},"excerpt":{"rendered":"<p>Produkter Precisionstermometrar tillverkade f\u00f6r hand och kalibreringstj\u00e4nster fr\u00e5n v\u00e5rt DAkkS-ackrediterade kalibreringslaboratorium Vad vi erbjuder: Termometermanufaktur TermometrarTillverkade med noggrant hantverk i Klasmeiers egen&nbsp;eXacal Manufaktur. Reparation av termometrarF\u00f6r mer h\u00e5llbarhet: Forts\u00e4tt anv\u00e4nda termometrar med ett v\u00e4rdefullt, l\u00e5ngt f\u00f6rflutet. Efter fem \u00e5rs utvecklingsarbete erbjuder vi nu reparation av precisionstermometrar \u2013 en mycket h\u00e5llbar l\u00f6sning f\u00f6r industrin. ManufaktureXacal precisionstermometrar [&hellip;]<\/p>\n","protected":false},"author":4,"featured_media":0,"parent":0,"menu_order":0,"comment_status":"closed","ping_status":"closed","template":"","meta":{"footnotes":""},"class_list":["post-10509","page","type-page","status-publish","hentry"],"_links":{"self":[{"href":"https:\/\/www.klasmeier.com\/sv\/wp-json\/wp\/v2\/pages\/10509","targetHints":{"allow":["GET"]}}],"collection":[{"href":"https:\/\/www.klasmeier.com\/sv\/wp-json\/wp\/v2\/pages"}],"about":[{"href":"https:\/\/www.klasmeier.com\/sv\/wp-json\/wp\/v2\/types\/page"}],"author":[{"embeddable":true,"href":"https:\/\/www.klasmeier.com\/sv\/wp-json\/wp\/v2\/users\/4"}],"replies":[{"embeddable":true,"href":"https:\/\/www.klasmeier.com\/sv\/wp-json\/wp\/v2\/comments?post=10509"}],"version-history":[{"count":3,"href":"https:\/\/www.klasmeier.com\/sv\/wp-json\/wp\/v2\/pages\/10509\/revisions"}],"predecessor-version":[{"id":11685,"href":"https:\/\/www.klasmeier.com\/sv\/wp-json\/wp\/v2\/pages\/10509\/revisions\/11685"}],"wp:attachment":[{"href":"https:\/\/www.klasmeier.com\/sv\/wp-json\/wp\/v2\/media?parent=10509"}],"curies":[{"name":"wp","href":"https:\/\/api.w.org\/{rel}","templated":true}]}}