{"id":10501,"date":"2024-04-21T18:05:05","date_gmt":"2024-04-21T16:05:05","guid":{"rendered":"https:\/\/www.klasmeier.com\/?page_id=10501"},"modified":"2025-04-02T11:51:08","modified_gmt":"2025-04-02T09:51:08","slug":"distributionspartner","status":"publish","type":"page","link":"https:\/\/www.klasmeier.com\/sv\/distributionspartner\/","title":{"rendered":"Distributionspartner"},"content":{"rendered":"\n<div class=\"wp-block-group alignfull has-global-padding is-layout-constrained wp-container-core-group-is-layout-e6038ede wp-block-group-is-layout-constrained\" style=\"padding-top:var(--wp--preset--spacing--30);padding-bottom:var(--wp--preset--spacing--30)\">\n<h2 class=\"wp-block-heading alignwide\"><strong><strong>Distributionspartner<\/strong><\/strong><\/h2>\n\n\n\n<div class=\"wp-block-group alignwide has-global-padding is-content-justification-center is-layout-constrained wp-container-core-group-is-layout-7cd3bfbb wp-block-group-is-layout-constrained\">\n<iframe src=\"https:\/\/www.google.com\/maps\/embed?pb=!1m14!1m8!1m3!1d5070.061945941722!2d9.644794!3d50.552194!3m2!1i1024!2i768!4f13.1!3m3!1m2!1s0x47a3344057492cb3%3A0x97f8a5df7758c8c1!2sKlasmeier%20Kalibrier-%20und%20Messtechnik%20GmbH!5e0!3m2!1sde!2sus!4v1710894420650!5m2!1sde!2sus\" width=\"1280\" height=\"500\" style=\"border:0;\" allowfullscreen=\"\" loading=\"lazy\" referrerpolicy=\"no-referrer-when-downgrade\"><\/iframe>\n<\/div>\n\n\n\n<div class=\"wp-block-group alignwide has-global-padding is-layout-constrained wp-block-group-is-layout-constrained\" style=\"padding-top:var(--wp--preset--spacing--20);padding-bottom:var(--wp--preset--spacing--20)\">\n<h3 class=\"wp-block-heading alignwide\">Huvudkontor \/ Distribution i Tyskland och v\u00e4rlden \u00f6ver<\/h3>\n\n\n\n<div class=\"wp-block-group alignwide is-vertical is-layout-flex wp-container-core-group-is-layout-fe9cc265 wp-block-group-is-layout-flex\">\n<figure class=\"wp-block-image alignleft size-full is-resized\"><img loading=\"lazy\" decoding=\"async\" width=\"2952\" height=\"738\" src=\"https:\/\/www.klasmeier.com\/wp-content\/uploads\/2024\/02\/KK-Slogan-300-dpi.png\" alt=\"\" class=\"wp-image-34\" style=\"width:267px;height:auto\" srcset=\"https:\/\/www.klasmeier.com\/wp-content\/uploads\/2024\/02\/KK-Slogan-300-dpi.png 2952w, https:\/\/www.klasmeier.com\/wp-content\/uploads\/2024\/02\/KK-Slogan-300-dpi-300x75.png 300w, https:\/\/www.klasmeier.com\/wp-content\/uploads\/2024\/02\/KK-Slogan-300-dpi-1024x256.png 1024w, https:\/\/www.klasmeier.com\/wp-content\/uploads\/2024\/02\/KK-Slogan-300-dpi-768x192.png 768w, https:\/\/www.klasmeier.com\/wp-content\/uploads\/2024\/02\/KK-Slogan-300-dpi-1536x384.png 1536w, https:\/\/www.klasmeier.com\/wp-content\/uploads\/2024\/02\/KK-Slogan-300-dpi-2048x512.png 2048w\" sizes=\"auto, (max-width: 2952px) 100vw, 2952px\" \/><\/figure>\n\n\n\n<h6 class=\"wp-block-heading alignwide has-text-align-left\" style=\"font-size:clamp(0.984rem, 0.984rem + ((1vw - 0.2rem) * 0.86), 1.5rem);\"><strong>Klasmeier<\/strong><br><strong>Kalibrier- und Messtechnik GmbH<\/strong><\/h6>\n<\/div>\n\n\n\n<div class=\"wp-block-group alignwide is-content-justification-space-between is-nowrap is-layout-flex wp-container-core-group-is-layout-cb46ffcb wp-block-group-is-layout-flex\">\n<p style=\"font-size:clamp(0.875rem, 0.875rem + ((1vw - 0.2rem) * 0.708), 1.3rem);\"><strong>Adress<\/strong><br>Flemingstrasse 12-14<br>36041 Fulda \u2013 Tyskland<\/p>\n\n\n\n<p style=\"font-size:clamp(0.875rem, 0.875rem + ((1vw - 0.2rem) * 0.708), 1.3rem);\"><br>Telefon\u00a0+49 661 380 940 0<br><\/p>\n\n\n\n<p style=\"font-size:clamp(0.875rem, 0.875rem + ((1vw - 0.2rem) * 0.708), 1.3rem);\"><br><strong>F\u00f6lj oss p\u00e5:<br><\/strong><a href=\"https:\/\/de.linkedin.com\/company\/klasmeier\" target=\"_blank\" rel=\"noopener\">LinkedIn<\/a> <i class=\"fab fa-linkedin-in\"><\/i><\/p>\n<\/div>\n<\/div>\n<\/div>\n\n\n\n<div class=\"wp-block-group alignfull has-global-padding is-layout-constrained wp-block-group-is-layout-constrained\">\n<h3 class=\"wp-block-heading alignwide\">Internationella distributionspartners<\/h3>\n\n\n\n<div class=\"wp-block-columns alignwide is-layout-flex wp-container-core-columns-is-layout-a58e361c wp-block-columns-is-layout-flex\" style=\"padding-top:var(--wp--preset--spacing--30);padding-right:var(--wp--preset--spacing--30);padding-bottom:var(--wp--preset--spacing--30);padding-left:var(--wp--preset--spacing--30)\">\n<div class=\"wp-block-column is-vertically-aligned-stretch is-layout-flow wp-container-core-column-is-layout-5d8b474c wp-block-column-is-layout-flow\" style=\"padding-top:0;padding-right:0;padding-bottom:0;padding-left:0\">\n<h4 class=\"wp-block-heading has-text-align-center\"><strong>Polen<\/strong><\/h4>\n\n\n\n<div class=\"wp-block-group hvr-grow has-accent-background-color has-background is-vertical is-content-justification-stretch is-layout-flex wp-container-core-group-is-layout-e4cb8d06 wp-block-group-is-layout-flex\" style=\"border-radius:50px;padding-top:var(--wp--preset--spacing--30);padding-right:var(--wp--preset--spacing--30);padding-bottom:var(--wp--preset--spacing--30);padding-left:var(--wp--preset--spacing--30)\">\n<div class=\"wp-block-group has-global-padding is-layout-constrained wp-container-core-group-is-layout-b1d50903 wp-block-group-is-layout-constrained\" style=\"padding-top:var(--wp--preset--spacing--20);padding-bottom:var(--wp--preset--spacing--20)\">\n<figure class=\"wp-block-image aligncenter size-full is-resized\"><img loading=\"lazy\" decoding=\"async\" width=\"300\" height=\"40\" src=\"https:\/\/www.klasmeier.com\/wp-content\/uploads\/alitech_poland-300x40-1.png\" alt=\"\" class=\"wp-image-2871\" style=\"width:360px;height:auto\"\/><\/figure>\n<\/div>\n\n\n\n<p><strong>alitech sp. z o. o.<\/strong><br>ul.Stobrawska 30<br>54-211 Wroc\u0142aw<br>Poland<\/p>\n\n\n\n<p>Telefon: +48 71 3521992<\/p>\n\n\n\n<p>E-post: <a href=\"https:\/&#47;&#119;&#119;&#x77;&#x2e;&#x6b;la&#115;&#109;&#x65;&#x69;&#x65;&#x72;&#46;c&#111;&#109;&#x2f;&#x76;&#x65;&#x72;t&#114;&#105;&#101;&#x62;&#x73;&#x70;ar&#116;&#110;&#101;&#x72;&#x2f;&#x62;iu&#114;&#111;&#x40;&#x61;&#x6c;&#x69;te&#99;&#104;&#x2e;&#x63;&#x6f;m&#46;&#112;&#108;&quot;>biu&#114;&#111;&#64;&#97;&#x6c;&#x69;&#x74;&#x65;&#x63;&#x68;&#x2e;com&#46;&#112;&#108;<\/a>&#8221;><\/a><a href=\"mai&#108;&#116;&#111;&#x3a;&#x62;&#x69;&#x75;&#x72;&#x6f;&#64;al&#105;&#116;&#101;&#99;&#x68;&#x2e;&#x63;&#x6f;&#x6d;&#x2e;pl\">&#x62;&#x69;&#x75;&#x72;&#x6f;&#x40;&#x61;&#x6c;&#x69;&#x74;&#x65;&#x63;&#x68;&#x2e;&#x63;&#x6f;&#x6d;&#x2e;&#x70;&#x6c;<\/a><br>Webbplats:&nbsp;<a href=\"http:\/\/www.alitech.com.pl\/\" target=\"_blank\" rel=\"noopener\">www.alitech.com.pl<\/a><\/p>\n\n\n\n<p>Kontaktperson: Alina Solon-Lipi\u0144ska, CEO<\/p>\n<\/div>\n<\/div>\n\n\n\n<div class=\"wp-block-column is-layout-flow wp-container-core-column-is-layout-5d8b474c wp-block-column-is-layout-flow\" style=\"padding-top:0;padding-right:0;padding-bottom:0;padding-left:0\">\n<h4 class=\"wp-block-heading has-text-align-center\"><strong>Schweiz<\/strong><\/h4>\n\n\n\n<div class=\"wp-block-group hvr-grow has-accent-background-color has-background is-vertical is-content-justification-stretch is-layout-flex wp-container-core-group-is-layout-21c4ce27 wp-block-group-is-layout-flex\" style=\"border-radius:50px;padding-top:var(--wp--preset--spacing--30);padding-right:var(--wp--preset--spacing--30);padding-bottom:var(--wp--preset--spacing--30);padding-left:var(--wp--preset--spacing--30)\">\n<div class=\"wp-block-group has-global-padding is-layout-constrained wp-container-core-group-is-layout-b1d50903 wp-block-group-is-layout-constrained\" style=\"padding-top:var(--wp--preset--spacing--20);padding-bottom:var(--wp--preset--spacing--20)\">\n<figure class=\"wp-block-image aligncenter size-full is-resized\"><img loading=\"lazy\" decoding=\"async\" width=\"300\" height=\"68\" src=\"https:\/\/www.klasmeier.com\/wp-content\/uploads\/ALLMETRA-300x68-1.png\" alt=\"\" class=\"wp-image-2874\" style=\"width:353px;height:auto\"\/><\/figure>\n<\/div>\n\n\n\n<p><strong>ALLMETRA AG<\/strong><br>Flughofstrasse 57<br>8152 Glattbrugg-Z\u00fcrich<br>Switzerland<\/p>\n\n\n\n<p>Telefon: +41 44 302 4455<br>E-post: <a href=\"http:\/\/<a href=&quot;m&#97;&#105;&#x6c;&#x74;o:&#105;&#110;&#x66;&#x6f;&#64;a&#108;&#108;&#x6d;&#x65;tr&#97;&#x2e;&#x63;&#x6f;m&quot;>&#105;&#x6e;&#102;&#x6f;&#64;&#97;&#x6c;&#108;&#x6d;e&#x74;r&#97;&#x2e;&#99;&#x6f;m<\/a>&#8221;><\/a><a href=\"&#x6d;&#97;&#105;l&#x74;&#x6f;&#58;i&#x6e;&#x66;&#111;&#64;a&#x6c;&#108;&#109;e&#x74;&#x72;&#97;&#46;&#x63;&#x6f;&#109;\">&#x69;&#110;f&#x6f;&#64;&#97;&#x6c;&#x6c;&#109;e&#x74;&#114;a&#x2e;&#x63;&#111;m<\/a><br>Webbplats: <a href=\"http:\/\/www.allmetra.com\/\" target=\"_blank\" rel=\"noopener\">www.allmetra.com<\/a><\/p>\n\n\n\n<p>Kontaktperson: Ren\u00e9 Seiler<\/p>\n<\/div>\n<\/div>\n<\/div>\n\n\n\n<div class=\"wp-block-columns alignwide is-layout-flex wp-container-core-columns-is-layout-a58e361c wp-block-columns-is-layout-flex\" style=\"padding-top:var(--wp--preset--spacing--30);padding-right:var(--wp--preset--spacing--30);padding-bottom:var(--wp--preset--spacing--30);padding-left:var(--wp--preset--spacing--30)\">\n<div class=\"wp-block-column is-vertically-aligned-stretch is-layout-flow wp-container-core-column-is-layout-5d8b474c wp-block-column-is-layout-flow\" style=\"padding-top:0;padding-right:0;padding-bottom:0;padding-left:0\">\n<h4 class=\"wp-block-heading has-text-align-center\"><strong>M\u00e9xico<\/strong><\/h4>\n\n\n\n<div class=\"wp-block-group hvr-grow has-accent-background-color has-background is-vertical is-content-justification-stretch is-layout-flex wp-container-core-group-is-layout-e4cb8d06 wp-block-group-is-layout-flex\" style=\"border-radius:50px;padding-top:var(--wp--preset--spacing--30);padding-right:var(--wp--preset--spacing--30);padding-bottom:var(--wp--preset--spacing--30);padding-left:var(--wp--preset--spacing--30)\">\n<div class=\"wp-block-group has-global-padding is-layout-constrained wp-container-core-group-is-layout-b1d50903 wp-block-group-is-layout-constrained\" style=\"padding-top:var(--wp--preset--spacing--20);padding-bottom:var(--wp--preset--spacing--20)\">\n<figure class=\"wp-block-image aligncenter size-full is-resized has-custom-border\"><img loading=\"lazy\" decoding=\"async\" width=\"300\" height=\"84\" src=\"https:\/\/www.klasmeier.com\/wp-content\/uploads\/Insco-300x84-1.png\" alt=\"\" class=\"wp-image-2882\" style=\"border-radius:15px;width:360px;height:auto\"\/><\/figure>\n<\/div>\n\n\n\n<p><strong><strong>INSCO de M\u00e9xico S. A. de C. V.<\/strong><\/strong><\/p>\n\n\n\n<p>Escape 3-A Local 2<br>Alce Blanco<br>Naucalpan de Ju\u00e1rez<br>Estado de M\u00e9xico<br>M\u00e9xico. 53370<\/p>\n\n\n\n<p>Telefon: +52 55 5359 0088<br>E-post: <a href=\"&#109;&#97;&#x69;l&#116;&#x6f;&#x3a;v&#101;&#x6e;&#x74;a&#115;&#x40;&#x69;n&#115;&#x63;&#x6f;m&#101;&#x78;&#x69;c&#111;&#x2e;c&#111;&#109;\">&#x76;&#x65;&#110;t&#x61;&#x73;&#64;&#105;n&#x73;&#x63;&#111;&#109;e&#x78;&#x69;&#99;o&#46;&#x63;&#x6f;&#109;<\/a> <br>Webbplats: <a href=\"http:\/\/www.inscomex.com\/\" target=\"_blank\" rel=\"noopener\">www.inscomex.com<\/a><\/p>\n<\/div>\n<\/div>\n\n\n\n<div class=\"wp-block-column is-layout-flow wp-container-core-column-is-layout-5d8b474c wp-block-column-is-layout-flow\" style=\"padding-top:0;padding-right:0;padding-bottom:0;padding-left:0\">\n<h4 class=\"wp-block-heading has-text-align-center\"><strong>Argentinien<\/strong><\/h4>\n\n\n\n<div class=\"wp-block-group hvr-grow has-accent-background-color has-background is-vertical is-content-justification-stretch is-layout-flex wp-container-core-group-is-layout-21c4ce27 wp-block-group-is-layout-flex\" style=\"border-radius:50px;padding-top:var(--wp--preset--spacing--30);padding-right:var(--wp--preset--spacing--30);padding-bottom:var(--wp--preset--spacing--30);padding-left:var(--wp--preset--spacing--30)\">\n<div class=\"wp-block-group has-global-padding is-layout-constrained wp-container-core-group-is-layout-b1d50903 wp-block-group-is-layout-constrained\" style=\"padding-top:var(--wp--preset--spacing--20);padding-bottom:var(--wp--preset--spacing--20)\">\n<figure class=\"wp-block-image aligncenter size-full is-resized\"><img loading=\"lazy\" decoding=\"async\" width=\"512\" height=\"128\" src=\"https:\/\/www.klasmeier.com\/wp-content\/uploads\/Sensotec.png\" alt=\"\" class=\"wp-image-2880\" style=\"width:353px;height:auto\" srcset=\"https:\/\/www.klasmeier.com\/wp-content\/uploads\/Sensotec.png 512w, https:\/\/www.klasmeier.com\/wp-content\/uploads\/Sensotec-300x75.png 300w\" sizes=\"auto, (max-width: 512px) 100vw, 512px\" \/><\/figure>\n<\/div>\n\n\n\n<p><strong><strong>Sensotec S. A.<\/strong><\/strong><\/p>\n\n\n\n<p><br>Estomba 831<br>(C1427COS)<br>Bs. As. \u2013 Argentina<\/p>\n\n\n\n<p>Telefon: (+54 11) 4551 5995<\/p>\n\n\n\n<p>E-post: <a href=\"https:&#x2f;\/&#x77;&#119;&#x77;&#46;k&#x6c;&#97;&#x73;&#109;e&#x69;&#101;&#x72;&#46;c&#x6f;m&#x2f;&#118;&#x65;&#x72;t&#x72;&#105;&#x65;&#98;s&#x70;&#97;&#x72;&#116;n&#x65;r&#x2f;&#118;e&#x6e;t&#x61;&#115;&#x40;&#115;e&#x6e;&#115;&#x6f;&#116;e&#x63;&#46;&#x63;&#111;m&#x2e;a&#x72;\"><\/a><a href=\"&#109;&#97;&#x69;l&#116;&#x6f;&#x3a;v&#101;&#x6e;&#x74;a&#115;&#x40;&#x73;e&#110;&#x73;&#x6f;t&#101;&#x63;&#x2e;c&#111;&#x6d;&#46;&#97;&#114;\">&#118;&#x65;n&#116;&#x61;s&#64;&#x73;e&#110;&#x73;o&#116;&#x65;&#99;&#x2e;&#x63;&#111;&#x6d;&#x2e;&#97;&#x72;<\/a><br>Webbplats: <a href=\"http:\/\/www.sensotec.com.ar\/\" target=\"_blank\" rel=\"noopener\">www.sensotec.com.ar<\/a><\/p>\n<\/div>\n<\/div>\n<\/div>\n\n\n\n<div class=\"wp-block-columns alignwide is-layout-flex wp-container-core-columns-is-layout-a58e361c wp-block-columns-is-layout-flex\" style=\"padding-top:var(--wp--preset--spacing--30);padding-right:var(--wp--preset--spacing--30);padding-bottom:var(--wp--preset--spacing--30);padding-left:var(--wp--preset--spacing--30)\">\n<div class=\"wp-block-column is-vertically-aligned-stretch is-layout-flow wp-container-core-column-is-layout-5d8b474c wp-block-column-is-layout-flow\" style=\"padding-top:0;padding-right:0;padding-bottom:0;padding-left:0\">\n<h4 class=\"wp-block-heading has-text-align-center\"><strong>Italien<\/strong><\/h4>\n\n\n\n<div class=\"wp-block-group hvr-grow has-accent-background-color has-background is-vertical is-content-justification-stretch is-layout-flex wp-container-core-group-is-layout-e4cb8d06 wp-block-group-is-layout-flex\" style=\"border-radius:50px;padding-top:var(--wp--preset--spacing--30);padding-right:var(--wp--preset--spacing--30);padding-bottom:var(--wp--preset--spacing--30);padding-left:var(--wp--preset--spacing--30)\">\n<div class=\"wp-block-group has-global-padding is-layout-constrained wp-container-core-group-is-layout-b1d50903 wp-block-group-is-layout-constrained\" style=\"padding-top:var(--wp--preset--spacing--20);padding-bottom:var(--wp--preset--spacing--20)\">\n<figure class=\"wp-block-image aligncenter size-full is-resized has-custom-border\"><img loading=\"lazy\" decoding=\"async\" width=\"300\" height=\"218\" src=\"https:\/\/www.klasmeier.com\/wp-content\/uploads\/CalRef-Logo.png\" alt=\"\" class=\"wp-image-2886\" style=\"border-radius:15px;width:360px;height:auto\"\/><\/figure>\n<\/div>\n\n\n\n<p><strong><strong><strong>CalRef Srl<\/strong><\/strong><\/strong><br>Via Ambrosoli 8\/B<br>20090 \u2013 Rodano (Milano)<br>Italy<\/p>\n\n\n\n<p>Telefon: +39 0270301324<\/p>\n\n\n\n<p>E-post: <a class=\"\" href=\"mailto:<a href=&quot;&#x6d;&#x61;&#x69;&#x6c;&#x74;&#x6f;&#x3a;&#x69;&#x6e;&#x66;&#x6f;&#x40;&#x63;&#x61;&#108;&#114;&#101;&#102;&#46;&#101;&#117;&quot;>&#x69;&#x6e;&#x66;&#111;&#64;&#99;al&#x72;&#x65;&#x66;&#x2e;&#101;&#117;<\/a>&#8221;><\/a><a href=\"&#109;&#x61;&#105;&#x6c;&#116;&#x6f;&#58;&#x69;&#110;&#x66;&#111;&#x40;&#99;&#x61;&#108;&#x72;&#101;&#x66;&#46;&#x65;&#117;\">inf&#111;&#64;&#99;&#97;&#x6c;&#x72;&#x65;&#x66;&#x2e;&#x65;&#x75;<\/a><br>Webbplats: <a class=\"\" href=\"http:\/\/www.calref.eu\/\" target=\"_blank\" rel=\"noopener\">www.calref.eu<\/a><\/p>\n\n\n\n<p>Kontaktperson: Marcello CARAVAGGIO<\/p>\n<\/div>\n<\/div>\n\n\n\n<div class=\"wp-block-column is-layout-flow wp-container-core-column-is-layout-5d8b474c wp-block-column-is-layout-flow\" style=\"padding-top:0;padding-right:0;padding-bottom:0;padding-left:0\">\n<div style=\"height:1px\" aria-hidden=\"true\" class=\"wp-block-spacer\"><\/div>\n<\/div>\n<\/div>\n<\/div>\n","protected":false},"excerpt":{"rendered":"<p>Distributionspartner Huvudkontor \/ Distribution i Tyskland och v\u00e4rlden \u00f6ver KlasmeierKalibrier- und Messtechnik GmbH AdressFlemingstrasse 12-1436041 Fulda \u2013 Tyskland Telefon\u00a0+49 661 380 940 0 F\u00f6lj oss p\u00e5:LinkedIn Internationella distributionspartners Polen alitech sp. z o. o.ul.Stobrawska 3054-211 Wroc\u0142awPoland Telefon: +48 71 3521992 E-post: &#x69;&#110;f&#x6f;&#x40;&#97;l&#x6c;&#109;e&#x74;&#x72;&#97;&#46;&#x63;&#111;mWebbplats: www.allmetra.com Kontaktperson: Ren\u00e9 Seiler M\u00e9xico INSCO de M\u00e9xico S. A. de C. V. [&hellip;]<\/p>\n","protected":false},"author":4,"featured_media":0,"parent":0,"menu_order":0,"comment_status":"closed","ping_status":"closed","template":"","meta":{"footnotes":""},"class_list":["post-10501","page","type-page","status-publish","hentry"],"_links":{"self":[{"href":"https:\/\/www.klasmeier.com\/sv\/wp-json\/wp\/v2\/pages\/10501","targetHints":{"allow":["GET"]}}],"collection":[{"href":"https:\/\/www.klasmeier.com\/sv\/wp-json\/wp\/v2\/pages"}],"about":[{"href":"https:\/\/www.klasmeier.com\/sv\/wp-json\/wp\/v2\/types\/page"}],"author":[{"embeddable":true,"href":"https:\/\/www.klasmeier.com\/sv\/wp-json\/wp\/v2\/users\/4"}],"replies":[{"embeddable":true,"href":"https:\/\/www.klasmeier.com\/sv\/wp-json\/wp\/v2\/comments?post=10501"}],"version-history":[{"count":2,"href":"https:\/\/www.klasmeier.com\/sv\/wp-json\/wp\/v2\/pages\/10501\/revisions"}],"predecessor-version":[{"id":11670,"href":"https:\/\/www.klasmeier.com\/sv\/wp-json\/wp\/v2\/pages\/10501\/revisions\/11670"}],"wp:attachment":[{"href":"https:\/\/www.klasmeier.com\/sv\/wp-json\/wp\/v2\/media?parent=10501"}],"curies":[{"name":"wp","href":"https:\/\/api.w.org\/{rel}","templated":true}]}}