{"id":10475,"date":"2024-02-07T11:14:43","date_gmt":"2024-02-07T10:14:43","guid":{"rendered":"https:\/\/www.klasmeier.com\/?page_id=10475"},"modified":"2025-11-20T13:28:57","modified_gmt":"2025-11-20T12:28:57","slug":"temperaturmatning-och-temperaturkalibrering","status":"publish","type":"page","link":"https:\/\/www.klasmeier.com\/sv\/","title":{"rendered":"Temperaturm\u00e4tning och temperaturkalibrering"},"content":{"rendered":"\n<div class=\"wp-block-group alignfull has-global-padding is-layout-constrained wp-container-core-group-is-layout-e6038ede wp-block-group-is-layout-constrained\" style=\"padding-top:var(--wp--preset--spacing--30);padding-bottom:var(--wp--preset--spacing--30)\">\n<figure class=\"wp-block-image alignwide size-full has-custom-border\"><img loading=\"lazy\" decoding=\"async\" width=\"1600\" height=\"749\" src=\"https:\/\/www.klasmeier.com\/wp-content\/uploads\/Klasmeier-Praezision-in-Temperatur.jpg\" alt=\"\" class=\"wp-image-3347\" style=\"border-radius:50px\" srcset=\"https:\/\/www.klasmeier.com\/wp-content\/uploads\/Klasmeier-Praezision-in-Temperatur.jpg 1600w, https:\/\/www.klasmeier.com\/wp-content\/uploads\/Klasmeier-Praezision-in-Temperatur-300x140.jpg 300w, https:\/\/www.klasmeier.com\/wp-content\/uploads\/Klasmeier-Praezision-in-Temperatur-1024x479.jpg 1024w, https:\/\/www.klasmeier.com\/wp-content\/uploads\/Klasmeier-Praezision-in-Temperatur-768x360.jpg 768w, https:\/\/www.klasmeier.com\/wp-content\/uploads\/Klasmeier-Praezision-in-Temperatur-1536x719.jpg 1536w, https:\/\/www.klasmeier.com\/wp-content\/uploads\/Klasmeier-Praezision-in-Temperatur-600x281.jpg 600w\" sizes=\"auto, (max-width: 1600px) 100vw, 1600px\" \/><\/figure>\n<\/div>\n\n\n\n<h1 class=\"wp-block-heading alignwide has-text-align-center\" style=\"padding-right:var(--wp--preset--spacing--30);padding-left:var(--wp--preset--spacing--30);font-size:clamp(1.743rem, 1.743rem + ((1vw - 0.2rem) * 2.095), 3rem);\"><strong>Precision i temperatur<\/strong> <\/h1>\n\n\n\n<h2 class=\"wp-block-heading has-text-align-center\" style=\"padding-right:var(--wp--preset--spacing--30);padding-left:var(--wp--preset--spacing--30)\">Temperaturm\u00e4tning, kalibrering &amp; j\u00e4mf\u00f6relseprovning fr\u00e5n en och samma leverant\u00f6r<\/h2>\n\n\n\n<h2 class=\"wp-block-heading alignwide has-text-align-center has-large-font-size\" style=\"margin-top:var(--wp--preset--spacing--10);margin-bottom:var(--wp--preset--spacing--10);padding-top:var(--wp--preset--spacing--10);padding-right:var(--wp--preset--spacing--40);padding-bottom:var(--wp--preset--spacing--10);padding-left:var(--wp--preset--spacing--40)\">Vi utvecklar och tillverkar precisionstermometrar, kalibrerar enligt DAkkS-standard och s\u00e4kerst\u00e4ller kvalitet genom j\u00e4mf\u00f6relseprovningar \u2013 f\u00f6r m\u00e4tresultat som du kan lita p\u00e5.<\/h2>\n\n\n\n<div class=\"wp-block-group alignfull has-accent-background-color has-background has-global-padding is-layout-constrained wp-block-group-is-layout-constrained\" style=\"padding-top:var(--wp--preset--spacing--30);padding-bottom:var(--wp--preset--spacing--30)\">\n<h3 class=\"wp-block-heading alignwide has-text-align-center\"><strong>Vill du \u2026<\/strong><\/h3>\n\n\n\n<div class=\"wp-block-columns alignwide is-layout-flex wp-container-core-columns-is-layout-3e50e92f wp-block-columns-is-layout-flex\" style=\"padding-top:var(--wp--preset--spacing--30);padding-bottom:var(--wp--preset--spacing--30)\">\n<div class=\"wp-block-column is-layout-flow wp-block-column-is-layout-flow\">\n<div class=\"wp-block-group hvr-grow is-vertical is-content-justification-stretch is-layout-flex wp-container-core-group-is-layout-353c4f5a wp-block-group-is-layout-flex\">\n<p class=\"has-text-align-center\"><mark style=\"background-color:rgba(0, 0, 0, 0);color:#dd3333\" class=\"has-inline-color\"><i class=\"fas fa-clipboard-check fa-6x\"><\/i><\/mark><\/p>\n\n\n\n<p class=\"has-text-align-center\" style=\"font-size:clamp(14.642px, 0.915rem + ((1vw - 3.2px) * 0.766), 22px);\"><strong>M\u00e4ta temperatur exakt och undvika fel?<\/strong><\/p>\n<\/div>\n<\/div>\n\n\n\n<div class=\"wp-block-column is-layout-flow wp-block-column-is-layout-flow\">\n<div class=\"wp-block-group hvr-grow is-vertical is-content-justification-stretch is-layout-flex wp-container-core-group-is-layout-353c4f5a wp-block-group-is-layout-flex\">\n<p class=\"has-text-align-center\"><mark style=\"background-color:rgba(0, 0, 0, 0);color:#dd3333\" class=\"has-inline-color\"><i class=\"fas fa-compass fa-6x\"><\/i><\/mark><\/p>\n\n\n\n<p class=\"has-text-align-center\" style=\"font-size:clamp(14.642px, 0.915rem + ((1vw - 3.2px) * 0.766), 22px);\"><strong>K\u00e4nna dig trygg i arbetet med dina m\u00e4tinstrument?<\/strong><\/p>\n<\/div>\n<\/div>\n\n\n\n<div class=\"wp-block-column is-layout-flow wp-block-column-is-layout-flow\">\n<div class=\"wp-block-group hvr-grow is-vertical is-content-justification-stretch is-layout-flex wp-container-core-group-is-layout-353c4f5a wp-block-group-is-layout-flex\">\n<p class=\"has-text-align-center\"><mark style=\"background-color:rgba(0, 0, 0, 0);color:#dd3333\" class=\"has-inline-color\"><i class=\"fas fa-chart-line fa-6x\"><\/i><\/mark><\/p>\n\n\n\n<p class=\"has-text-align-center\" style=\"font-size:clamp(14.642px, 0.915rem + ((1vw - 3.2px) * 0.766), 22px);\"><strong>Kalibrera dina m\u00e4tinstrument sj\u00e4lv eller l\u00e5ta dem kalibreras sp\u00e5rbart?<\/strong><\/p>\n<\/div>\n<\/div>\n<\/div>\n\n\n\n<h3 class=\"wp-block-heading alignwide has-text-align-center\"><strong>D\u00e5 har du kommit helt r\u00e4tt till oss!<\/strong><\/h3>\n<\/div>\n\n\n\n<div class=\"wp-block-group alignwide has-global-padding is-layout-constrained wp-block-group-is-layout-constrained\" style=\"padding-top:var(--wp--preset--spacing--30);padding-bottom:var(--wp--preset--spacing--30)\">\n<h2 class=\"wp-block-heading alignwide has-text-align-center\">Du kan lita p\u00e5 v\u00e5r expertis<\/h2>\n\n\n\n<h3 class=\"wp-block-heading alignwide has-text-align-center\">I mer \u00e4n tre decennier har Klasmeier st\u00e5tt f\u00f6r h\u00f6gsta precision inom temperaturm\u00e4tteknik.<\/h3>\n\n\n\n<h4 class=\"wp-block-heading alignwide has-text-align-left\" style=\"font-size:clamp(0.875rem, 0.875rem + ((1vw - 0.2rem) * 0.708), 1.3rem);\">Oavsett om du beh\u00f6ver termometrar, vill f\u00e5 dina m\u00e4tmedel kalibrerade eller delta i j\u00e4mf\u00f6relseprovningar eller seminarier \u2013 hos oss f\u00e5r du allt fr\u00e5n en och samma partner: utveckling och produktion, kalibrering och kompetens.<\/h4>\n\n\n\n<div style=\"height:26px\" aria-hidden=\"true\" class=\"wp-block-spacer\"><\/div>\n\n\n\n<div class=\"wp-block-columns alignwide is-layout-flex wp-container-core-columns-is-layout-65e523f9 wp-block-columns-is-layout-flex\">\n<div class=\"wp-block-column is-layout-flow wp-block-column-is-layout-flow\">\n<div class=\"wp-block-group hvr-grow is-vertical is-content-justification-center is-layout-flex wp-container-core-group-is-layout-f632606d wp-block-group-is-layout-flex\" style=\"padding-right:var(--wp--preset--spacing--10);padding-left:var(--wp--preset--spacing--10)\">\n<h2 class=\"wp-block-heading\" style=\"font-size:clamp(1.039rem, 1.039rem + ((1vw - 0.2rem) * 0.935), 1.6rem);\"><strong><a href=\"https:\/\/www.klasmeier.com\/sv\/produkter\/\">Kalibreringsprodukter<\/a><\/strong><\/h2>\n\n\n\n<figure class=\"wp-block-image size-full\"><a href=\"https:\/\/www.klasmeier.com\/sv\/produkter\/\"><img data-dominant-color=\"9b999b\" data-has-transparency=\"false\" style=\"--dominant-color: #9b999b;\" loading=\"lazy\" decoding=\"async\" width=\"1702\" height=\"1702\" src=\"https:\/\/www.klasmeier.com\/wp-content\/uploads\/Kalibrierprodukte-2.webp\" alt=\"\" class=\"wp-image-12977 not-transparent\" srcset=\"https:\/\/www.klasmeier.com\/wp-content\/uploads\/Kalibrierprodukte-2.webp 1702w, https:\/\/www.klasmeier.com\/wp-content\/uploads\/Kalibrierprodukte-2-300x300.webp 300w, https:\/\/www.klasmeier.com\/wp-content\/uploads\/Kalibrierprodukte-2-1024x1024.webp 1024w, https:\/\/www.klasmeier.com\/wp-content\/uploads\/Kalibrierprodukte-2-150x150.webp 150w, https:\/\/www.klasmeier.com\/wp-content\/uploads\/Kalibrierprodukte-2-768x768.webp 768w, https:\/\/www.klasmeier.com\/wp-content\/uploads\/Kalibrierprodukte-2-1536x1536.webp 1536w, https:\/\/www.klasmeier.com\/wp-content\/uploads\/Kalibrierprodukte-2-600x600.webp 600w, https:\/\/www.klasmeier.com\/wp-content\/uploads\/Kalibrierprodukte-2-100x100.webp 100w\" sizes=\"auto, (max-width: 1702px) 100vw, 1702px\" \/><\/a><\/figure>\n\n\n\n<p class=\"has-text-align-center\">Passande <strong>temperaturm\u00e4tningsinstrument<\/strong> f\u00f6r alla dina <strong>olika m\u00e4tuppgifter<\/strong><\/p>\n\n\n\n<div class=\"wp-block-buttons is-content-justification-center is-layout-flex wp-container-core-buttons-is-layout-a89b3969 wp-block-buttons-is-layout-flex\">\n<div class=\"wp-block-button hvr-shrink\"><a class=\"wp-block-button__link has-medium-font-size has-custom-font-size wp-element-button\" href=\"https:\/\/www.klasmeier.com\/sv\/produkter\/\" style=\"border-radius:50px;padding-top:var(--wp--preset--spacing--10);padding-right:var(--wp--preset--spacing--20);padding-bottom:var(--wp--preset--spacing--10);padding-left:var(--wp--preset--spacing--20)\">Till produktutbudet<\/a><\/div>\n<\/div>\n<\/div>\n<\/div>\n\n\n\n<div class=\"wp-block-column is-layout-flow wp-block-column-is-layout-flow\">\n<div class=\"wp-block-group hvr-grow is-vertical is-content-justification-center is-layout-flex wp-container-core-group-is-layout-f632606d wp-block-group-is-layout-flex\" style=\"padding-right:var(--wp--preset--spacing--10);padding-left:var(--wp--preset--spacing--10)\">\n<h2 class=\"wp-block-heading\" style=\"font-size:clamp(1.017rem, 1.017rem + ((1vw - 0.2rem) * 0.905), 1.56rem);\"><strong><a href=\"https:\/\/www.klasmeier.com\/sv\/termometermanufaktur\/\">eXacal-termometrar<\/a><\/strong><\/h2>\n\n\n\n<figure class=\"wp-block-image size-full\"><a href=\"https:\/\/www.klasmeier.com\/sv\/termometermanufaktur\/\"><img loading=\"lazy\" decoding=\"async\" width=\"1536\" height=\"1536\" src=\"https:\/\/www.klasmeier.com\/wp-content\/uploads\/Praezisionsthermometer-eXacal.webp\" alt=\"\" class=\"wp-image-13155\" srcset=\"https:\/\/www.klasmeier.com\/wp-content\/uploads\/Praezisionsthermometer-eXacal.webp 1536w, https:\/\/www.klasmeier.com\/wp-content\/uploads\/Praezisionsthermometer-eXacal-300x300.webp 300w, https:\/\/www.klasmeier.com\/wp-content\/uploads\/Praezisionsthermometer-eXacal-1024x1024.webp 1024w, https:\/\/www.klasmeier.com\/wp-content\/uploads\/Praezisionsthermometer-eXacal-150x150.webp 150w, https:\/\/www.klasmeier.com\/wp-content\/uploads\/Praezisionsthermometer-eXacal-768x768.webp 768w, https:\/\/www.klasmeier.com\/wp-content\/uploads\/Praezisionsthermometer-eXacal-600x600.webp 600w, https:\/\/www.klasmeier.com\/wp-content\/uploads\/Praezisionsthermometer-eXacal-100x100.webp 100w\" sizes=\"auto, (max-width: 1536px) 100vw, 1536px\" \/><\/a><\/figure>\n\n\n\n<p class=\"has-text-align-center\"><strong>Precisionstermometrar<\/strong> enligt dina krav, <strong>fr\u00e5n -200&nbsp;\u00b0C till 1200&nbsp;\u00b0C<\/strong> \u2013 handgjorda i Tyskland<\/p>\n\n\n\n<div class=\"wp-block-buttons is-content-justification-center is-layout-flex wp-container-core-buttons-is-layout-a89b3969 wp-block-buttons-is-layout-flex\">\n<div class=\"wp-block-button hvr-shrink\"><a class=\"wp-block-button__link has-medium-font-size has-custom-font-size wp-element-button\" href=\"https:\/\/www.klasmeier.com\/sv\/termometermanufaktur\/\" style=\"border-radius:50px;padding-top:var(--wp--preset--spacing--10);padding-right:var(--wp--preset--spacing--20);padding-bottom:var(--wp--preset--spacing--10);padding-left:var(--wp--preset--spacing--20)\">Till manufakturen<\/a><\/div>\n<\/div>\n<\/div>\n<\/div>\n\n\n\n<div class=\"wp-block-column is-layout-flow wp-block-column-is-layout-flow\">\n<div class=\"wp-block-group hvr-grow is-vertical is-content-justification-center is-layout-flex wp-container-core-group-is-layout-f632606d wp-block-group-is-layout-flex\" style=\"padding-right:var(--wp--preset--spacing--10);padding-left:var(--wp--preset--spacing--10)\">\n<h2 class=\"wp-block-heading\" style=\"font-size:clamp(1.039rem, 1.039rem + ((1vw - 0.2rem) * 0.935), 1.6rem);\"><strong><a href=\"https:\/\/www.klasmeier.com\/sv\/foretag\/foretagsportratt\/kalibrierdienst-klasmeier\/\">DAkkS-kalibreringstj\u00e4nst<\/a><\/strong><\/h2>\n\n\n\n<figure class=\"wp-block-image size-full has-custom-border\"><a href=\"https:\/\/www.klasmeier.com\/sv\/foretag\/foretagsportratt\/kalibrierdienst-klasmeier\/\"><img data-dominant-color=\"616166\" data-has-transparency=\"true\" loading=\"lazy\" decoding=\"async\" width=\"1702\" height=\"1702\" src=\"https:\/\/www.klasmeier.com\/wp-content\/uploads\/Kalibrierdienst-Klasmeier.webp\" alt=\"\" class=\"wp-image-12986 has-transparency\" style=\"--dominant-color: #616166; border-radius:100%\" srcset=\"https:\/\/www.klasmeier.com\/wp-content\/uploads\/Kalibrierdienst-Klasmeier.webp 1702w, https:\/\/www.klasmeier.com\/wp-content\/uploads\/Kalibrierdienst-Klasmeier-300x300.webp 300w, https:\/\/www.klasmeier.com\/wp-content\/uploads\/Kalibrierdienst-Klasmeier-1024x1024.webp 1024w, https:\/\/www.klasmeier.com\/wp-content\/uploads\/Kalibrierdienst-Klasmeier-150x150.webp 150w, https:\/\/www.klasmeier.com\/wp-content\/uploads\/Kalibrierdienst-Klasmeier-768x768.webp 768w, https:\/\/www.klasmeier.com\/wp-content\/uploads\/Kalibrierdienst-Klasmeier-1536x1536.webp 1536w, https:\/\/www.klasmeier.com\/wp-content\/uploads\/Kalibrierdienst-Klasmeier-600x600.webp 600w, https:\/\/www.klasmeier.com\/wp-content\/uploads\/Kalibrierdienst-Klasmeier-100x100.webp 100w\" sizes=\"auto, (max-width: 1702px) 100vw, 1702px\" \/><\/a><\/figure>\n\n\n\n<p class=\"has-text-align-center\">Sp\u00e5rbar <strong>kalibrering<\/strong> av dina m\u00e4tmedel \u2013 <strong>l\u00e5ga m\u00e4tos\u00e4kerheter<\/strong> och <strong>kort genomloppstid<\/strong><\/p>\n\n\n\n<div class=\"wp-block-buttons is-content-justification-center is-layout-flex wp-container-core-buttons-is-layout-a89b3969 wp-block-buttons-is-layout-flex\">\n<div class=\"wp-block-button hvr-shrink\"><a class=\"wp-block-button__link has-medium-font-size has-custom-font-size wp-element-button\" href=\"https:\/\/www.klasmeier.com\/sv\/foretag\/foretagsportratt\/kalibrierdienst-klasmeier\/\" style=\"border-radius:50px;padding-top:var(--wp--preset--spacing--10);padding-right:var(--wp--preset--spacing--20);padding-bottom:var(--wp--preset--spacing--10);padding-left:var(--wp--preset--spacing--20)\">Till kalibreringstj\u00e4nsten<\/a><\/div>\n<\/div>\n<\/div>\n<\/div>\n\n\n\n<div class=\"wp-block-column is-layout-flow wp-block-column-is-layout-flow\">\n<div class=\"wp-block-group hvr-grow is-vertical is-content-justification-center is-layout-flex wp-container-core-group-is-layout-f632606d wp-block-group-is-layout-flex\" style=\"padding-right:var(--wp--preset--spacing--10);padding-left:var(--wp--preset--spacing--10)\">\n<h3 class=\"wp-block-heading\" style=\"font-size:clamp(1.039rem, 1.039rem + ((1vw - 0.2rem) * 0.935), 1.6rem);\"><strong><a href=\"https:\/\/www.klasmeier.com\/sv\/lamplighetsprovningar-inom-temperatur\/\">J\u00e4mf\u00f6relseprovningar<\/a><\/strong><\/h3>\n\n\n\n<figure class=\"wp-block-image size-full has-custom-border\"><a href=\"https:\/\/www.klasmeier.com\/sv\/lamplighetsprovningar-inom-temperatur\/\"><img data-dominant-color=\"797576\" data-has-transparency=\"true\" loading=\"lazy\" decoding=\"async\" width=\"1702\" height=\"1702\" src=\"https:\/\/www.klasmeier.com\/wp-content\/uploads\/Eignungspruefungen.webp\" alt=\"\" class=\"wp-image-12955 has-transparency\" style=\"--dominant-color: #797576; border-radius:100%\" srcset=\"https:\/\/www.klasmeier.com\/wp-content\/uploads\/Eignungspruefungen.webp 1702w, https:\/\/www.klasmeier.com\/wp-content\/uploads\/Eignungspruefungen-300x300.webp 300w, https:\/\/www.klasmeier.com\/wp-content\/uploads\/Eignungspruefungen-1024x1024.webp 1024w, https:\/\/www.klasmeier.com\/wp-content\/uploads\/Eignungspruefungen-150x150.webp 150w, https:\/\/www.klasmeier.com\/wp-content\/uploads\/Eignungspruefungen-768x768.webp 768w, https:\/\/www.klasmeier.com\/wp-content\/uploads\/Eignungspruefungen-1536x1536.webp 1536w, https:\/\/www.klasmeier.com\/wp-content\/uploads\/Eignungspruefungen-600x600.webp 600w, https:\/\/www.klasmeier.com\/wp-content\/uploads\/Eignungspruefungen-100x100.webp 100w\" sizes=\"auto, (max-width: 1702px) 100vw, 1702px\" \/><\/a><\/figure>\n\n\n\n<p class=\"has-text-align-center\"><strong>J\u00e4mf\u00f6relseprovningar fr\u00e5n -196&nbsp;\u00b0C till +1200&nbsp;\u00b0C<\/strong> \u2013 f\u00f6r tillf\u00f6rlitliga resultat och dokumenterad kompetens.<\/p>\n\n\n\n<div class=\"wp-block-buttons is-content-justification-center is-layout-flex wp-container-core-buttons-is-layout-a89b3969 wp-block-buttons-is-layout-flex\">\n<div class=\"wp-block-button hvr-shrink\"><a class=\"wp-block-button__link has-medium-font-size has-custom-font-size wp-element-button\" href=\"https:\/\/www.klasmeier.com\/sv\/lamplighetsprovningar-inom-temperatur\/\" style=\"border-radius:50px;padding-top:var(--wp--preset--spacing--10);padding-right:var(--wp--preset--spacing--20);padding-bottom:var(--wp--preset--spacing--10);padding-left:var(--wp--preset--spacing--20)\">Till j\u00e4mf\u00f6relseprovningen<\/a><\/div>\n<\/div>\n<\/div>\n<\/div>\n<\/div>\n<\/div>\n\n\n\n<div class=\"wp-block-group alignwide has-accent-background-color has-background is-vertical is-content-justification-center is-layout-flex wp-container-core-group-is-layout-c113826b wp-block-group-is-layout-flex\" style=\"border-radius:50px;padding-top:var(--wp--preset--spacing--30);padding-right:var(--wp--preset--spacing--40);padding-bottom:var(--wp--preset--spacing--30);padding-left:var(--wp--preset--spacing--40)\">\n<h2 class=\"wp-block-heading\">Temperaturseminarier<\/h2>\n\n\n\n<div style=\"height:10px\" aria-hidden=\"true\" class=\"wp-block-spacer wp-container-content-728072c3\"><\/div>\n\n\n\n<div class=\"wp-block-columns is-layout-flex wp-container-core-columns-is-layout-28f84493 wp-block-columns-is-layout-flex\">\n<div class=\"wp-block-column is-layout-flow wp-block-column-is-layout-flow\">\n<h4 class=\"wp-block-heading has-text-align-center\" style=\"padding-right:var(--wp--preset--spacing--50);padding-left:var(--wp--preset--spacing--50)\"><strong>Praktiskt inriktade utbildningar om temperaturm\u00e4tteknik, kalibreringsmetoder och normkrav \u2013 kompakta,<\/strong> <strong>begripliga och direkt till\u00e4mpbara.<\/strong><\/h4>\n<\/div>\n<\/div>\n\n\n\n<div class=\"wp-block-columns is-layout-flex wp-container-core-columns-is-layout-28f84493 wp-block-columns-is-layout-flex\">\n<div class=\"wp-block-column is-layout-flow wp-block-column-is-layout-flow\" style=\"padding-top:var(--wp--preset--spacing--10);padding-right:0;padding-bottom:var(--wp--preset--spacing--10);padding-left:0;flex-basis:66.66%\">\n<p><mark style=\"background-color:rgba(0, 0, 0, 0);color:#dd3333\" class=\"has-inline-color\"><i class=\"fas fa-circle-check\"><\/i><\/mark> <strong>Online- &amp; klassrumsseminarier<\/strong> <br><mark style=\"background-color:rgba(0, 0, 0, 0);color:#dd3333\" class=\"has-inline-color\"><i class=\"fas fa-circle-check\"><\/i><\/mark> <strong>Onlinekurs<\/strong> f\u00f6r flexibel inl\u00e4rning \u2013 n\u00e4r som helst och var som helst<br><mark style=\"background-color:rgba(0, 0, 0, 0);color:#dd3333\" class=\"has-inline-color\"><i class=\"fas fa-circle-check\"><\/i><\/mark> <strong>Kalibreringsmetoder &amp; m\u00e4tteknik<\/strong><br><mark style=\"background-color:rgba(0, 0, 0, 0);color:#dd3333\" class=\"has-inline-color\"><i class=\"fas fa-circle-check\"><\/i><\/mark> <strong>Krav &amp; riktlinjer<\/strong> (DKD \/ DAkkS \/ EA \/ GUM)<br><mark style=\"background-color:rgba(0, 0, 0, 0);color:#dd3333\" class=\"has-inline-color\"><i class=\"fas fa-circle-check\"><\/i><\/mark> <strong>Online-community<\/strong> f\u00f6r utbyte och praktisk dialog mellan deltagare och experter<br><mark style=\"background-color:rgba(0, 0, 0, 0);color:#dd3333\" class=\"has-inline-color\"><i class=\"fas fa-circle-check\"><\/i><\/mark> Med <strong>f\u00f6rel\u00e4sare fr\u00e5n v\u00e5rt kalibreringslaboratorium<\/strong> som f\u00f6renar teoretisk kunskap med praktisk till\u00e4mpning<\/p>\n<\/div>\n\n\n\n<div class=\"wp-block-column is-layout-flow wp-block-column-is-layout-flow\" style=\"padding-top:0;padding-right:0;padding-bottom:0;padding-left:0;flex-basis:30%\">\n<figure class=\"wp-block-image alignleft size-medium\" style=\"margin-right:var(--wp--preset--spacing--20);margin-left:var(--wp--preset--spacing--20)\"><img loading=\"lazy\" decoding=\"async\" width=\"292\" height=\"300\" src=\"https:\/\/www.klasmeier.com\/wp-content\/uploads\/Seminare-Klasmeier-292x300.png\" alt=\"\" class=\"wp-image-3331\" srcset=\"https:\/\/www.klasmeier.com\/wp-content\/uploads\/Seminare-Klasmeier-292x300.png 292w, https:\/\/www.klasmeier.com\/wp-content\/uploads\/Seminare-Klasmeier-997x1024.png 997w, https:\/\/www.klasmeier.com\/wp-content\/uploads\/Seminare-Klasmeier-768x789.png 768w, https:\/\/www.klasmeier.com\/wp-content\/uploads\/Seminare-Klasmeier-1496x1536.png 1496w, https:\/\/www.klasmeier.com\/wp-content\/uploads\/Seminare-Klasmeier-600x616.png 600w, https:\/\/www.klasmeier.com\/wp-content\/uploads\/Seminare-Klasmeier.png 1702w\" sizes=\"auto, (max-width: 292px) 100vw, 292px\" \/><\/figure>\n<\/div>\n<\/div>\n\n\n\n<div class=\"wp-block-buttons is-layout-flex wp-block-buttons-is-layout-flex\">\n<div class=\"wp-block-button is-style-outline is-style-outline--1\"><a class=\"wp-block-button__link wp-element-button\">Till v\u00e5rt seminarieutbud<\/a><\/div>\n<\/div>\n<\/div>\n\n\n\n<div style=\"height:41px\" aria-hidden=\"true\" class=\"wp-block-spacer\"><\/div>\n\n\n\n<div class=\"wp-block-group alignfull has-base-background-color has-background has-global-padding is-layout-constrained wp-container-core-group-is-layout-0e01820a wp-block-group-is-layout-constrained\" style=\"padding-top:var(--wp--preset--spacing--20);padding-bottom:var(--wp--preset--spacing--20)\">\n<h2 class=\"wp-block-heading alignwide has-text-align-center\">Om Klasmeier \u2013 kvalitet som r\u00e4knas<\/h2>\n\n\n\n<div style=\"height:15px\" aria-hidden=\"true\" class=\"wp-block-spacer\"><\/div>\n\n\n\n<div class=\"wp-block-columns alignwide is-layout-flex wp-container-core-columns-is-layout-28f84493 wp-block-columns-is-layout-flex\">\n<div class=\"wp-block-column is-layout-flow wp-block-column-is-layout-flow\" style=\"flex-basis:50%\">\n<figure class=\"wp-block-image aligncenter size-large has-custom-border\"><img loading=\"lazy\" decoding=\"async\" width=\"1024\" height=\"683\" src=\"https:\/\/www.klasmeier.com\/wp-content\/uploads\/2024\/03\/PK-TK-1024x683.jpg\" alt=\"\" class=\"wp-image-1514\" style=\"border-radius:50px\" srcset=\"https:\/\/www.klasmeier.com\/wp-content\/uploads\/2024\/03\/PK-TK-1024x683.jpg 1024w, https:\/\/www.klasmeier.com\/wp-content\/uploads\/2024\/03\/PK-TK-300x200.jpg 300w, https:\/\/www.klasmeier.com\/wp-content\/uploads\/2024\/03\/PK-TK-768x512.jpg 768w, https:\/\/www.klasmeier.com\/wp-content\/uploads\/2024\/03\/PK-TK-1536x1024.jpg 1536w, https:\/\/www.klasmeier.com\/wp-content\/uploads\/2024\/03\/PK-TK-600x400.jpg 600w, https:\/\/www.klasmeier.com\/wp-content\/uploads\/2024\/03\/PK-TK.jpg 1600w\" sizes=\"auto, (max-width: 1024px) 100vw, 1024px\" \/><\/figure>\n<\/div>\n\n\n\n<div class=\"wp-block-column is-layout-flow wp-block-column-is-layout-flow\" style=\"flex-basis:50%\">\n<p><strong>Vi \u00e4r ett familjef\u00f6retag med \u00f6ver 35 \u00e5rs erfarenhet<\/strong> och f\u00f6renar hantverksm\u00e4ssig precision, kalibrering och j\u00e4mf\u00f6relseprovningar \u2013 f\u00f6r exakta m\u00e4tresultat som du kan lita p\u00e5.<br><br>V\u00e5ra l\u00f6sningar anv\u00e4nds \u00f6verallt d\u00e4r temperatur \u00e4r avg\u00f6rande: i provningslaboratorier, industrin, l\u00e4kemedelsbranschen, medicinteknik, energiproduktion och forskning \u2013 \u00f6verallt d\u00e4r h\u00f6gsta noggrannhet kr\u00e4vs.<\/p>\n<\/div>\n<\/div>\n\n\n\n<div style=\"height:10px\" aria-hidden=\"true\" class=\"wp-block-spacer\"><\/div>\n\n\n\n<div class=\"wp-block-buttons alignwide is-content-justification-center is-layout-flex wp-container-core-buttons-is-layout-a89b3969 wp-block-buttons-is-layout-flex\">\n<div class=\"wp-block-button is-style-outline is-style-outline--2\"><a class=\"wp-block-button__link wp-element-button\" href=\"https:\/\/www.klasmeier.com\/sv\/foretag\/om-oss\/\">Mer om oss<\/a><\/div>\n<\/div>\n\n\n\n<div class=\"wp-block-columns alignwide is-layout-flex wp-container-core-columns-is-layout-7fc3d43a wp-block-columns-is-layout-flex\">\n<div class=\"wp-block-column hvr-grow is-layout-flow wp-block-column-is-layout-flow\">\n<div style=\"height:1px\" aria-hidden=\"true\" class=\"wp-block-spacer\"><\/div>\n<\/div>\n\n\n\n<div class=\"wp-block-column hvr-grow is-layout-flow wp-block-column-is-layout-flow\">\n<div style=\"height:1px\" aria-hidden=\"true\" class=\"wp-block-spacer\"><\/div>\n<\/div>\n<\/div>\n\n\n\n<div style=\"height:10px\" aria-hidden=\"true\" class=\"wp-block-spacer\"><\/div>\n<\/div>\n\n\n\n<div class=\"wp-block-group alignwide has-accent-background-color has-background is-vertical is-content-justification-center is-layout-flex wp-container-core-group-is-layout-386451ff wp-block-group-is-layout-flex\" style=\"border-radius:50px;padding-top:var(--wp--preset--spacing--30);padding-right:var(--wp--preset--spacing--30);padding-bottom:var(--wp--preset--spacing--30);padding-left:var(--wp--preset--spacing--30)\">\n<h2 class=\"wp-block-heading has-text-align-center\"><strong>Varf\u00f6r Klasmeier<\/strong> \u2013 dina f\u00f6rdelar i korthet<\/h2>\n\n\n\n<div style=\"height:20px\" aria-hidden=\"true\" class=\"wp-block-spacer wp-container-content-62aae154\"><\/div>\n\n\n\n<div class=\"wp-block-columns is-layout-flex wp-container-core-columns-is-layout-f1061711 wp-block-columns-is-layout-flex\" style=\"padding-right:var(--wp--preset--spacing--20);padding-left:var(--wp--preset--spacing--20)\">\n<div class=\"wp-block-column is-layout-flow wp-block-column-is-layout-flow\" style=\"padding-right:0;padding-left:0\">\n<h4 class=\"wp-block-heading\"><strong>Klasmeier \u00e4r mer \u00e4n bara m\u00e4tinstrument.<\/strong> Vi erbjuder precision, s\u00e4kerhet och h\u00e5llbarhet \u2013 och \u00e4r din partner genom hela livscykeln f\u00f6r temperaturm\u00e4tteknik.<\/h4>\n\n\n\n<div class=\"wp-block-columns is-layout-flex wp-container-core-columns-is-layout-28f84493 wp-block-columns-is-layout-flex\">\n<div class=\"wp-block-column is-layout-flow wp-block-column-is-layout-flow\" style=\"flex-basis:66.66%\">\n<p><mark style=\"background-color:rgba(0, 0, 0, 0);color:#dd3333\" class=\"has-inline-color\"><i class=\"fas fa-circle-check\"><\/i><\/mark> <strong data-start=\"2174\" data-end=\"2197\" style=\"white-space: normal; caret-color: rgb(0, 0, 0); color: rgb(0, 0, 0);\">Tysk manufaktur<\/strong>\u00a0\u2013 utveckling och produktion i Tyskland<br><mark style=\"background-color:rgba(0, 0, 0, 0);color:#dd3333\" class=\"has-inline-color\"><i class=\"fas fa-circle-check\"><\/i><\/mark> <strong data-start=\"2255\" data-end=\"2295\" style=\"white-space: normal; caret-color: rgb(0, 0, 0); color: rgb(0, 0, 0);\">DAkkS-ackrediterad kalibreringstj\u00e4nst<\/strong>\u00a0\u2013 sp\u00e5rbara resultat enligt ISO\/IEC 17025<span style=\"white-space: normal; caret-color: rgb(0, 0, 0); color: rgb(0, 0, 0); font-size: medium;\">\u00a0<\/span><br><mark style=\"background-color:rgba(0, 0, 0, 0);color:#dd3333\" class=\"has-inline-color\"><i class=\"fas fa-circle-check\"><\/i><\/mark> <strong data-start=\"2346\" data-end=\"2366\" style=\"white-space: normal; caret-color: rgb(0, 0, 0); color: rgb(0, 0, 0);\">H\u00f6g noggrannhet<\/strong>\u00a0\u2013 mycket sm\u00e5 m\u00e4tos\u00e4kerheter i ett brett temperaturomr\u00e5de (-200\u00a0\u00b0C till 1200\u00a0\u00b0C)<br><mark style=\"background-color:rgba(0, 0, 0, 0);color:#dd3333\" class=\"has-inline-color\"><i class=\"fas fa-circle-check\"><\/i><\/mark> <strong data-start=\"2459\" data-end=\"2481\" style=\"white-space: normal; caret-color: rgb(0, 0, 0); color: rgb(0, 0, 0);\">Fullservice<\/strong>\u00a0\u2013 fr\u00e5n termometer via kalibrering till j\u00e4mf\u00f6relseprovning<br><mark style=\"background-color:rgba(0, 0, 0, 0);color:#dd3333\" class=\"has-inline-color\"><i class=\"fas fa-circle-check\"><\/i><\/mark> <strong data-start=\"2547\" data-end=\"2572\" style=\"white-space: normal; caret-color: rgb(0, 0, 0); color: rgb(0, 0, 0);\">Korta genomloppstider<\/strong>\u00a0\u2013 effektiv service och planeringss\u00e4kerhet<br><mark style=\"background-color:rgba(0, 0, 0, 0);color:#dd3333\" class=\"has-inline-color\"><i class=\"fas fa-circle-check\"><\/i><\/mark> <strong data-start=\"2618\" data-end=\"2643\" style=\"white-space: normal; caret-color: rgb(0, 0, 0); color: rgb(0, 0, 0);\">M\u00e5ng\u00e5rig erfarenhet<\/strong>\u00a0\u2013 \u00f6ver 35 \u00e5rs expertis inom temperaturm\u00e4tteknik<br><mark style=\"background-color:rgba(0, 0, 0, 0);color:#dd3333\" class=\"has-inline-color\"><i class=\"fas fa-circle-check\"><\/i><\/mark> <strong data-start=\"2700\" data-end=\"2729\" style=\"white-space: normal; caret-color: rgb(0, 0, 0); color: rgb(0, 0, 0);\">Skr\u00e4ddarsydda l\u00f6sningar<\/strong>\u00a0\u2013 individuellt anpassade termometrar och kalibreringskoncept<br><mark style=\"background-color:rgba(0, 0, 0, 0);color:#dd3333\" class=\"has-inline-color\"><i class=\"fas fa-circle-check\"><\/i><\/mark> <strong>H\u00e5llbarhet<\/strong>\u00a0\u2013 vi reparerar och bevarar precisionstermometrar f\u00f6r l\u00e5ng livsl\u00e4ngd<\/p>\n<\/div>\n\n\n\n<div class=\"wp-block-column is-layout-flow wp-block-column-is-layout-flow\" style=\"flex-basis:33.33%\">\n<figure class=\"wp-block-image size-full\"><img loading=\"lazy\" decoding=\"async\" width=\"1024\" height=\"1024\" src=\"https:\/\/www.klasmeier.com\/wp-content\/uploads\/klasmeier_EU_Precision_Thermometry_transparent.webp\" alt=\"\" class=\"wp-image-13165\" srcset=\"https:\/\/www.klasmeier.com\/wp-content\/uploads\/klasmeier_EU_Precision_Thermometry_transparent.webp 1024w, https:\/\/www.klasmeier.com\/wp-content\/uploads\/klasmeier_EU_Precision_Thermometry_transparent-300x300.webp 300w, https:\/\/www.klasmeier.com\/wp-content\/uploads\/klasmeier_EU_Precision_Thermometry_transparent-150x150.webp 150w, https:\/\/www.klasmeier.com\/wp-content\/uploads\/klasmeier_EU_Precision_Thermometry_transparent-768x768.webp 768w, https:\/\/www.klasmeier.com\/wp-content\/uploads\/klasmeier_EU_Precision_Thermometry_transparent-600x600.webp 600w, https:\/\/www.klasmeier.com\/wp-content\/uploads\/klasmeier_EU_Precision_Thermometry_transparent-100x100.webp 100w\" sizes=\"auto, (max-width: 1024px) 100vw, 1024px\" \/><\/figure>\n<\/div>\n<\/div>\n<\/div>\n<\/div>\n\n\n\n<div style=\"height:5px\" aria-hidden=\"true\" class=\"wp-block-spacer wp-container-content-463bd4c8\"><\/div>\n<\/div>\n\n\n\n<div style=\"height:15px\" aria-hidden=\"true\" class=\"wp-block-spacer\"><\/div>\n\n\n\n<div class=\"wp-block-group alignfull has-base-background-color has-background has-global-padding is-layout-constrained wp-container-core-group-is-layout-955f5470 wp-block-group-is-layout-constrained\" style=\"border-radius:0px;margin-top:var(--wp--preset--spacing--20)\"><p><iframe loading=\"lazy\" src=\"https:\/\/tad920caf.emailsys1a.net\/162\/9079\/351b448ed9\/subscribe\/form.html?_g=1763555189\" frameborder=\"0\" width=\"100%\" height=\"550\"><\/iframe><\/p>\n<\/div>\n","protected":false},"excerpt":{"rendered":"<p>Precision i temperatur Temperaturm\u00e4tning, kalibrering &amp; j\u00e4mf\u00f6relseprovning fr\u00e5n en och samma leverant\u00f6r Vi utvecklar och tillverkar precisionstermometrar, kalibrerar enligt DAkkS-standard och s\u00e4kerst\u00e4ller kvalitet genom j\u00e4mf\u00f6relseprovningar \u2013 f\u00f6r m\u00e4tresultat som du kan lita p\u00e5. Vill du \u2026 M\u00e4ta temperatur exakt och undvika fel? K\u00e4nna dig trygg i arbetet med dina m\u00e4tinstrument? Kalibrera dina m\u00e4tinstrument sj\u00e4lv eller [&hellip;]<\/p>\n","protected":false},"author":4,"featured_media":0,"parent":0,"menu_order":0,"comment_status":"closed","ping_status":"closed","template":"page-no-title","meta":{"footnotes":""},"class_list":["post-10475","page","type-page","status-publish","hentry"],"_links":{"self":[{"href":"https:\/\/www.klasmeier.com\/sv\/wp-json\/wp\/v2\/pages\/10475","targetHints":{"allow":["GET"]}}],"collection":[{"href":"https:\/\/www.klasmeier.com\/sv\/wp-json\/wp\/v2\/pages"}],"about":[{"href":"https:\/\/www.klasmeier.com\/sv\/wp-json\/wp\/v2\/types\/page"}],"author":[{"embeddable":true,"href":"https:\/\/www.klasmeier.com\/sv\/wp-json\/wp\/v2\/users\/4"}],"replies":[{"embeddable":true,"href":"https:\/\/www.klasmeier.com\/sv\/wp-json\/wp\/v2\/comments?post=10475"}],"version-history":[{"count":15,"href":"https:\/\/www.klasmeier.com\/sv\/wp-json\/wp\/v2\/pages\/10475\/revisions"}],"predecessor-version":[{"id":13237,"href":"https:\/\/www.klasmeier.com\/sv\/wp-json\/wp\/v2\/pages\/10475\/revisions\/13237"}],"wp:attachment":[{"href":"https:\/\/www.klasmeier.com\/sv\/wp-json\/wp\/v2\/media?parent=10475"}],"curies":[{"name":"wp","href":"https:\/\/api.w.org\/{rel}","templated":true}]}}