{"id":10398,"date":"2024-02-29T17:17:13","date_gmt":"2024-02-29T16:17:13","guid":{"rendered":"https:\/\/www.klasmeier.com\/?post_type=product&#038;p=10398"},"modified":"2025-12-04T11:41:52","modified_gmt":"2025-12-04T10:41:52","slug":"pt-pd-precyzyjny-termoelement-0-c-do-1500-c","status":"publish","type":"product","link":"https:\/\/www.klasmeier.com\/pl\/produkt\/pt-pd-precyzyjny-termoelement-0-c-do-1500-c\/","title":{"rendered":"Pt\/Pd Precyzyjny termoelement (0 \u00b0C do 1500 \u00b0C)"},"content":{"rendered":"\n<div class=\"wp-block-group has-global-padding is-layout-constrained wp-container-core-group-is-layout-530ec779 wp-block-group-is-layout-constrained\">\n<figure class=\"wp-block-image aligncenter size-full\"><img loading=\"lazy\" decoding=\"async\" width=\"310\" height=\"89\" src=\"https:\/\/www.klasmeier.com\/wp-content\/uploads\/exacal.png\" alt=\"\" class=\"wp-image-10302\" srcset=\"https:\/\/www.klasmeier.com\/wp-content\/uploads\/exacal.png 310w, https:\/\/www.klasmeier.com\/wp-content\/uploads\/exacal-300x86.png 300w\" sizes=\"auto, (max-width: 310px) 100vw, 310px\" \/><\/figure>\n\n\n\n<div class=\"wp-block-columns is-layout-flex wp-container-core-columns-is-layout-28f84493 wp-block-columns-is-layout-flex\">\n<div class=\"wp-block-column is-layout-flow wp-block-column-is-layout-flow\" style=\"flex-basis:66.66%\">\n<p>Termoelementy platynowo-palladowe (Pt\/Pd) to najdok\u0142adniejsze termoelementy produkowane w manufakturze eXacal.<\/p>\n\n\n\n<div class=\"wp-block-group is-vertical is-layout-flex wp-container-core-group-is-layout-669f9327 wp-block-group-is-layout-flex\" style=\"padding-top:0;padding-bottom:0\">\n<p><mark style=\"background-color:rgba(0, 0, 0, 0)\" class=\"has-inline-color has-accent-3-color\"><i class=\"fas fa-circle-check\"><\/i><\/mark> Zakres temperatur: <strong>0 \u00b0C do 1500 \u00b0C<\/strong><\/p>\n\n\n\n<p><mark style=\"background-color:rgba(0, 0, 0, 0)\" class=\"has-inline-color has-accent-3-color\"><i class=\"fas fa-circle-check\"><\/i><\/mark> <strong>Konstrukcja kompensuj\u0105ca napr\u0119\u017cenia<\/strong><br>Konstrukcja punktu pomiarowego umo\u017cliwia beznapi\u0119ciowe rozszerzanie drut\u00f3w termicznych.<\/p>\n\n\n\n<p><mark style=\"background-color:rgba(0, 0, 0, 0)\" class=\"has-inline-color has-accent-3-color\"><i class=\"fas fa-circle-check\"><\/i><\/mark> <strong>Doskona\u0142a jednorodno\u015b\u0107<\/strong><br>Wysoka czysto\u015b\u0107 99,99% oraz obr\u00f3bka cieplna drut\u00f3w termicznych zapewniaj\u0105 doskona\u0142\u0105 jednorodno\u015b\u0107.<\/p>\n\n\n\n<p><mark style=\"background-color:rgba(0, 0, 0, 0)\" class=\"has-inline-color has-accent-3-color\"><i class=\"fas fa-circle-check\"><\/i><\/mark> <strong>Ma\u0142a niepewno\u015b\u0107 pomiarowa i niska dryft<\/strong><br>Osi\u0105galne niepewno\u015bci pomiarowe s\u0105 oko\u0142o 2 razy mniejsze ni\u017c w przypadku termoelement\u00f3w typu R\/S.<\/p>\n<\/div>\n<\/div>\n\n\n\n<div class=\"wp-block-column is-layout-flow wp-block-column-is-layout-flow\" style=\"flex-basis:33.33%\">\n<figure class=\"wp-block-image size-medium\"><img loading=\"lazy\" decoding=\"async\" width=\"300\" height=\"300\" src=\"https:\/\/www.klasmeier.com\/wp-content\/uploads\/klasmeier_EU_Precision_Thermometry_transparent-300x300.webp\" alt=\"\" class=\"wp-image-13163\" srcset=\"https:\/\/www.klasmeier.com\/wp-content\/uploads\/klasmeier_EU_Precision_Thermometry_transparent-300x300.webp 300w, https:\/\/www.klasmeier.com\/wp-content\/uploads\/klasmeier_EU_Precision_Thermometry_transparent-150x150.webp 150w, https:\/\/www.klasmeier.com\/wp-content\/uploads\/klasmeier_EU_Precision_Thermometry_transparent-768x768.webp 768w, https:\/\/www.klasmeier.com\/wp-content\/uploads\/klasmeier_EU_Precision_Thermometry_transparent-600x600.webp 600w, https:\/\/www.klasmeier.com\/wp-content\/uploads\/klasmeier_EU_Precision_Thermometry_transparent-100x100.webp 100w, https:\/\/www.klasmeier.com\/wp-content\/uploads\/klasmeier_EU_Precision_Thermometry_transparent.webp 1024w\" sizes=\"auto, (max-width: 300px) 100vw, 300px\" \/><\/figure>\n<\/div>\n<\/div>\n\n\n\n<p>Termoelementy Pt\/Pd mog\u0105 by\u0107 stosowane w zakresie temperatur od 0 \u00b0C do 1500 \u00b0C z bardzo ma\u0142ymi niepewno\u015bciami pomiarowymi. <strong>Unikaln\u0105 cech\u0105 tego termoelementu jest kompensuj\u0105ca napr\u0119\u017cenia strefa po\u0142\u0105czenia drut\u00f3w termicznych.<\/strong> Ta specjalna konstrukcja umo\u017cliwia beznapi\u0119ciowe rozszerzanie drut\u00f3w termicznych platynowych i palladowych. R\u00f3\u017cnice w wsp\u00f3\u0142czynnikach rozszerzalno\u015bci cieplnej obu drut\u00f3w s\u0105 kompensowane, eliminuj\u0105c mechaniczne napr\u0119\u017cenia, kt\u00f3re mog\u0142yby wp\u0142ywa\u0107 na wsp\u00f3\u0142czynnik Seebecka.<\/p>\n\n\n\n<div class=\"wp-block-group has-global-padding is-layout-constrained wp-container-core-group-is-layout-b1d50903 wp-block-group-is-layout-constrained\" style=\"padding-top:var(--wp--preset--spacing--20);padding-bottom:var(--wp--preset--spacing--20)\">\n<h3 class=\"wp-block-heading\">Niepewno\u015b\u0107 pomiarowa<\/h3>\n\n\n\n<figure class=\"wp-block-image alignwide size-full has-custom-border\"><img loading=\"lazy\" decoding=\"async\" width=\"992\" height=\"554\" src=\"https:\/\/www.klasmeier.com\/wp-content\/uploads\/PtPd-Praezesionsthermoelement.png\" alt=\"\" class=\"wp-image-4702\" style=\"border-radius:50px\" srcset=\"https:\/\/www.klasmeier.com\/wp-content\/uploads\/PtPd-Praezesionsthermoelement.png 992w, https:\/\/www.klasmeier.com\/wp-content\/uploads\/PtPd-Praezesionsthermoelement-300x168.png 300w, https:\/\/www.klasmeier.com\/wp-content\/uploads\/PtPd-Praezesionsthermoelement-768x429.png 768w, https:\/\/www.klasmeier.com\/wp-content\/uploads\/PtPd-Praezesionsthermoelement-600x335.png 600w\" sizes=\"auto, (max-width: 992px) 100vw, 992px\" \/><\/figure>\n<\/div>\n<\/div>\n","protected":false},"excerpt":{"rendered":"<p>Producent: Klasmeier \/ eXacal Model: Pt\/Pd Termoelement<\/p>\n","protected":false},"featured_media":11359,"template":"","meta":[],"product_brand":[],"product_cat":[],"product_tag":[],"class_list":{"0":"post-10398","1":"product","2":"type-product","3":"status-publish","4":"has-post-thumbnail","7":"first","8":"instock","9":"shipping-taxable","10":"purchasable","11":"product-type-variable"},"_links":{"self":[{"href":"https:\/\/www.klasmeier.com\/pl\/wp-json\/wp\/v2\/product\/10398","targetHints":{"allow":["GET"]}}],"collection":[{"href":"https:\/\/www.klasmeier.com\/pl\/wp-json\/wp\/v2\/product"}],"about":[{"href":"https:\/\/www.klasmeier.com\/pl\/wp-json\/wp\/v2\/types\/product"}],"wp:featuredmedia":[{"embeddable":true,"href":"https:\/\/www.klasmeier.com\/pl\/wp-json\/wp\/v2\/media\/11359"}],"wp:attachment":[{"href":"https:\/\/www.klasmeier.com\/pl\/wp-json\/wp\/v2\/media?parent=10398"}],"wp:term":[{"taxonomy":"product_brand","embeddable":true,"href":"https:\/\/www.klasmeier.com\/pl\/wp-json\/wp\/v2\/product_brand?post=10398"},{"taxonomy":"product_cat","embeddable":true,"href":"https:\/\/www.klasmeier.com\/pl\/wp-json\/wp\/v2\/product_cat?post=10398"},{"taxonomy":"product_tag","embeddable":true,"href":"https:\/\/www.klasmeier.com\/pl\/wp-json\/wp\/v2\/product_tag?post=10398"}],"curies":[{"name":"wp","href":"https:\/\/api.w.org\/{rel}","templated":true}]}}