{"id":10307,"date":"2024-02-29T17:20:51","date_gmt":"2024-02-29T16:20:51","guid":{"rendered":"https:\/\/www.klasmeier.com\/?post_type=product&#038;p=10307"},"modified":"2026-08-31T14:05:44","modified_gmt":"2026-08-31T12:05:44","slug":"wtorny-termometr-referencyjny-sprt-100-c-do-430-c","status":"publish","type":"product","link":"https:\/\/www.klasmeier.com\/pl\/produkt\/wtorny-termometr-referencyjny-sprt-100-c-do-430-c\/","title":{"rendered":"Wt\u00f3rny termometr referencyjny SPRT<br\/><b>-100 \u00b0C do 430 \u00b0C<\/b>"},"content":{"rendered":"\n<figure class=\"wp-block-image aligncenter size-full\"><img loading=\"lazy\" decoding=\"async\" width=\"449\" height=\"82\" src=\"https:\/\/www.klasmeier.com\/wp-content\/uploads\/exacal-Logo-edited.png\" alt=\"\" class=\"wp-image-4288\" srcset=\"https:\/\/www.klasmeier.com\/wp-content\/uploads\/exacal-Logo-edited.png 449w, https:\/\/www.klasmeier.com\/wp-content\/uploads\/exacal-Logo-edited-300x55.png 300w\" sizes=\"auto, (max-width: 449px) 100vw, 449px\" \/><\/figure>\n\n<h3 class=\"wp-block-heading has-text-align-left\"><strong>Cechy szczeg\u00f3lne wt\u00f3rnego SPRT model 217: <\/strong><\/h3>\n\n<div class=\"wp-block-columns is-layout-flex wp-container-core-columns-is-layout-3a88641f wp-block-columns-is-layout-flex\">\n<div class=\"wp-block-column is-layout-flow wp-block-column-is-layout-flow\" style=\"flex-basis:66.66%\">\n<p class=\"wp-block-paragraph\"><mark style=\"background-color:rgba(0, 0, 0, 0)\" class=\"has-inline-color has-accent-3-color\"><i class=\"fas fa-circle-check\"><\/i> <\/mark><span><strong>Zakres temperatur:<\/strong> Dzi\u0119ki zakresowi pracy od -100 \u00b0C do 430 \u00b0C nasz wt\u00f3rny termometr referencyjny SPRT model 217 obejmuje \u015bredni zakres temperatur dla typowych zastosowa\u0144. Czyni to go wszechstronnym rozwi\u0105zaniem dla r\u00f3\u017cnorodnych wymaga\u0144 pomiarowych. <\/span><\/p>\n\n\n\n<p class=\"wp-block-paragraph\"><mark style=\"background-color:rgba(0, 0, 0, 0)\" class=\"has-inline-color has-accent-3-color\"><i class=\"fas fa-circle-check\"><\/i><\/mark> <span><strong>Niskie niepewno\u015bci pomiaru:<\/strong> Precyzj\u0119 termometru podkre\u015blaj\u0105 niskie niepewno\u015bci pomiaru wynosz\u0105ce zaledwie od 2,5 mK do 8,5 mK przy kalibracji akredytowanej przez DAkkS zgodnie z DIN EN ISO\/IEC 17025. Ta wysoka dok\u0142adno\u015b\u0107 zapewnia wiarygodne wyniki we wszystkich obszarach zastosowa\u0144. <\/span><\/p>\n\n\n\n<p class=\"wp-block-paragraph\"><mark style=\"background-color:rgba(0, 0, 0, 0)\" class=\"has-inline-color has-accent-3-color\"><i class=\"fas fa-circle-check\"><\/i><\/mark> <span><strong>Wytrzyma\u0142o\u015b\u0107:<\/strong> Jako wytrzyma\u0142a alternatywa dla bardzo wra\u017cliwych SPRT z p\u0142aszczem kwarcowym, nasz wt\u00f3rny termometr referencyjny SPRT wyr\u00f3\u017cnia si\u0119 metalowym p\u0142aszczem i stabilnymi rezystorami pomiarowymi. Dzi\u0119ki temu idealnie nadaje si\u0119 do d\u0142ugotrwa\u0142ej eksploatacji. <\/span><\/p>\n<\/div>\n\n\n\n<div class=\"wp-block-column is-layout-flow wp-block-column-is-layout-flow\" style=\"flex-basis:33.33%\">\n<figure class=\"wp-block-image size-medium\"><img data-dominant-color=\"060f16\" data-has-transparency=\"true\" style=\"--dominant-color: #060f16;\" loading=\"lazy\" decoding=\"async\" width=\"300\" height=\"300\" src=\"https:\/\/www.klasmeier.com\/wp-content\/uploads\/klasmeier_EU_Precision_Thermometry_transparent-300x300.webp\" alt=\"\" class=\"wp-image-13158 has-transparency\" srcset=\"https:\/\/www.klasmeier.com\/wp-content\/uploads\/klasmeier_EU_Precision_Thermometry_transparent-300x300.webp 300w, https:\/\/www.klasmeier.com\/wp-content\/uploads\/klasmeier_EU_Precision_Thermometry_transparent-150x150.webp 150w, https:\/\/www.klasmeier.com\/wp-content\/uploads\/klasmeier_EU_Precision_Thermometry_transparent-768x768.webp 768w, https:\/\/www.klasmeier.com\/wp-content\/uploads\/klasmeier_EU_Precision_Thermometry_transparent-600x600.webp 600w, https:\/\/www.klasmeier.com\/wp-content\/uploads\/klasmeier_EU_Precision_Thermometry_transparent-100x100.webp 100w, https:\/\/www.klasmeier.com\/wp-content\/uploads\/klasmeier_EU_Precision_Thermometry_transparent.webp 1024w\" sizes=\"auto, (max-width: 300px) 100vw, 300px\" \/><\/figure>\n<\/div>\n<\/div>\n\n<p class=\"wp-block-paragraph\"><mark style=\"background-color:rgba(0, 0, 0, 0)\" class=\"has-inline-color has-accent-3-color\"><i class=\"fas fa-circle-check\"><\/i><\/mark> <span><strong>Nowy czujnik SPRT:<\/strong> Nowo opracowany przez Klasmeier <\/span>czujnik temperatury SPRT zosta\u0142 ulepszony w nast\u0119puj\u0105cych obszarach:<\/p>\n\n<div class=\"wp-block-columns is-layout-flex wp-container-core-columns-is-layout-3a88641f wp-block-columns-is-layout-flex\">\n<div class=\"wp-block-column is-layout-flow wp-block-column-is-layout-flow\" style=\"flex-basis:100%\">\n<ul class=\"wp-block-list is-style-checkmark-list\">\n<li> szybka odpowied\u017a <\/li>\n\n\n\n<li>ma\u0142a histereza <\/li>\n\n\n\n<li>niskie samonagrzewanie<\/li>\n\n\n\n<li>doskona\u0142a powtarzalno\u015b\u0107 i stabilno\u015b\u0107<\/li>\n<\/ul>\n<\/div>\n<\/div>\n\n<div class=\"wp-block-group alignwide is-vertical is-layout-flex wp-container-core-group-is-layout-9b5fcf50 wp-block-group-is-layout-flex\" style=\"padding-top:var(--wp--preset--spacing--30);padding-bottom:var(--wp--preset--spacing--30)\">\n<h2 class=\"wp-block-heading has-text-align-left\"><strong>Czujniki temperatury z naszej w\u0142asnej manufaktury<\/strong><\/h2>\n\n\n\n<p class=\"wp-block-paragraph\">Ka\u017cdy czujnik temperatury wzorcowego platynowego termometru rezystancyjnego eXacal 230 (SPRT) jest wytwarzany z najwy\u017csz\u0105 staranno\u015bci\u0105 i precyzj\u0105 w naszej w\u0142asnej manufakturze w Fuldzie. Opracowanie i produkcja w\u0142asnych rezystor\u00f3w pomiarowych gwarantuj\u0105 najwy\u017csz\u0105 jako\u015b\u0107 i niezawodno\u015b\u0107. <\/p>\n\n\n\n<p class=\"wp-block-paragraph\"><strong>Dlaczego manufaktura Klasmeier?<\/strong><br\/><strong>\u2022 Rzemie\u015blnicza precyzja:<\/strong> Nasze SPRT s\u0105 wytwarzane przez do\u015bwiadczonych ekspert\u00f3w, kt\u00f3rzy uwa\u017cnie kontroluj\u0105 ka\u017cdy detal.<br\/><strong>\u2022 Indywidualne rozwi\u0105zania: <\/strong>Mo\u017cemy uwzgl\u0119dni\u0107 specyficzne wymagania i wykona\u0107 czujniki szyte na miar\u0119 dla Twojego zastosowania.<br\/><strong>\u2022 Kontrola jako\u015bci:<\/strong> Ka\u017cdy czujnik przechodzi rygorystyczne procedury testowe, aby zapewni\u0107 zgodno\u015b\u0107 z wysokimi wymaganiami Mi\u0119dzynarodowej Skali Temperatur ITS-90.<\/p>\n\n\n\n<p class=\"wp-block-paragraph\">Dzi\u0119ki produkcji w naszej w\u0142asnej manufakturze mamy pe\u0142n\u0105 kontrol\u0119 nad ca\u0142ym procesem wytwarzania \u2013 od doboru materia\u0142\u00f3w po ko\u0144cow\u0105 akredytowan\u0105 kalibracj\u0119. Efekt: produkt spe\u0142niaj\u0105cy najwy\u017csze wymagania w technice pomiarowej. <\/p>\n\n\n\n<h3 class=\"wp-block-heading has-text-align-left\"><strong>Kalibracja wt\u00f3rnych SPRT certyfikowana przez DAkkS<\/strong><\/h3>\n\n\n\n<p class=\"wp-block-paragraph\"><span>W naszym w\u0142asnym <strong><a href=\"https:\/\/www.klasmeier.com\/pl\/serwisie-kalibracyjnym-klasmeier\/\" data-type=\"link\" data-id=\"https:\/\/www.klasmeier.com\/kalibrierdienst-klasmeier\/\">laboratorium kalibracyjnym akredytowanym przez DAkkS<\/a><\/strong> oferujemy wysokoprecyzyjne us\u0142ugi kalibracji SPRT. Nasza akredytacja gwarantuje, \u017ce ka\u017cda kalibracja jest wykonywana zgodnie z mi\u0119dzynarodowo uznanymi normami <strong>DIN EN ISO\/IEC 17025<\/strong>. Zapewnia to pe\u0142n\u0105 sp\u00f3jno\u015b\u0107 pomiarow\u0105 z krajowymi i mi\u0119dzynarodowymi wzorcami.  <\/span><\/p>\n\n\n\n<p class=\"wp-block-paragraph\"><\/p>\n\n\n\n<figure class=\"wp-block-image size-large has-custom-border\"><img data-dominant-color=\"f7f7f8\" data-has-transparency=\"false\" loading=\"lazy\" decoding=\"async\" width=\"1024\" height=\"586\" src=\"https:\/\/www.klasmeier.com\/wp-content\/uploads\/SPRT-217-eXacal-Klasmeier-1024x586.webp\" alt=\"\" class=\"wp-image-11115 not-transparent\" style=\"--dominant-color: #f7f7f8; border-radius:50px\" srcset=\"https:\/\/www.klasmeier.com\/wp-content\/uploads\/SPRT-217-eXacal-Klasmeier-1024x586.webp 1024w, https:\/\/www.klasmeier.com\/wp-content\/uploads\/SPRT-217-eXacal-Klasmeier-300x172.webp 300w, https:\/\/www.klasmeier.com\/wp-content\/uploads\/SPRT-217-eXacal-Klasmeier-768x439.webp 768w, https:\/\/www.klasmeier.com\/wp-content\/uploads\/SPRT-217-eXacal-Klasmeier-1536x879.webp 1536w, https:\/\/www.klasmeier.com\/wp-content\/uploads\/SPRT-217-eXacal-Klasmeier-2048x1172.webp 2048w, https:\/\/www.klasmeier.com\/wp-content\/uploads\/SPRT-217-eXacal-Klasmeier-600x343.webp 600w\" sizes=\"auto, (max-width: 1024px) 100vw, 1024px\" \/><\/figure>\n\n\n\n<div style=\"height:45px\" aria-hidden=\"true\" class=\"wp-block-spacer wp-container-content-95fa6ccb\"><\/div>\n\n\n\n<figure class=\"wp-block-table pttb\"><table class=\"has-fixed-layout\"><tbody><tr><td class=\"has-text-align-center\" data-align=\"center\"><strong>Zakres<\/strong><\/td><td><strong>Punkty sta\u0142e temperatury<\/strong><\/td><td><strong>Niepewno\u015b\u0107 pomiaru<\/strong><\/td><\/tr><tr><td class=\"has-text-align-center\" data-align=\"center\">-38,8344 \u00b0C &#8211; 0,01 \u00b0C<\/td><td>rt\u0119\u0107 do wody<\/td><td>3,5 mK<\/td><\/tr><tr><td class=\"has-text-align-center\" data-align=\"center\">0,01 \u00b0C &#8211; 29,7646 \u00b0C<\/td><td>woda do galu<\/td><td>3,5 mK<\/td><\/tr><tr><td class=\"has-text-align-center\" data-align=\"center\">0,01 \u00b0C &#8211; 156,5985 \u00b0C<\/td><td>woda do indu<\/td><td>6 mK<\/td><\/tr><tr><td class=\"has-text-align-center\" data-align=\"center\">0,01 \u00b0C &#8211; 231,928 \u00b0C<\/td><td>woda do cyny<\/td><td>8,5 mK<\/td><\/tr><tr><td class=\"has-text-align-center\" data-align=\"center\">0,01 \u00b0C &#8211; 419,527 \u00b0C<\/td><td>Od wody do cynku<\/td><td>12 mK<\/td><\/tr><\/tbody><\/table><figcaption class=\"wp-element-caption\">Podane niepewno\u015bci pomiaru odpowiadaj\u0105 k=2, obejmuj\u0105 funkcj\u0119 odchy\u0142ki ITS-90, samonagrzewanie i histerez\u0119 oraz s\u0105 podane dla danego zakresu.<\/figcaption><\/figure>\n<\/div>\n\n<div class=\"wp-block-group is-vertical is-content-justification-center is-layout-flex wp-container-core-group-is-layout-a7cf8a65 wp-block-group-is-layout-flex\" style=\"padding-top:var(--wp--preset--spacing--30);padding-bottom:var(--wp--preset--spacing--30)\">\n<h3 class=\"wp-block-heading has-text-align-left\"><strong>Co wyr\u00f3\u017cnia nasz\u0105 kalibracj\u0119?<\/strong><\/h3>\n\n\n\n<p class=\"wp-block-paragraph\"><mark style=\"background-color:rgba(0, 0, 0, 0)\" class=\"has-inline-color has-accent-3-color\"><i class=\"fas fa-circle-check\"><\/i><\/mark> <span><strong>Sp\u00f3jno\u015b\u0107 pomiarowa:<\/strong> Dzi\u0119ki naszej akredytacji DAkkS ka\u017cda kalibracja jest bezpo\u015brednio powi\u0105zana z krajowymi i mi\u0119dzynarodowymi wzorcami. Daje to Pa\u0144stwu pewno\u015b\u0107, \u017ce wyniki pomiar\u00f3w s\u0105 uznawane na ca\u0142ym \u015bwiecie. <\/span><\/p>\n\n\n\n<p class=\"wp-block-paragraph\"><mark style=\"background-color:rgba(0, 0, 0, 0)\" class=\"has-inline-color has-accent-3-color\"><i class=\"fas fa-circle-check\"><\/i><\/mark> <span><strong>Niepewno\u015b\u0107 pomiaru:<\/strong> Dok\u0142adno\u015b\u0107 naszej kalibracji opiera si\u0119 na starannej ocenie wszystkich sk\u0142adowych niepewno\u015bci, w tym powtarzalno\u015bci termometru, funkcji odchy\u0142ki ITS-90, samonagrzewania oraz histerezy czujnika.<\/span><\/p>\n\n\n\n<p class=\"wp-block-paragraph\"><mark style=\"background-color:rgba(0, 0, 0, 0)\" class=\"has-inline-color has-accent-3-color\"><i class=\"fas fa-circle-check\"><\/i><\/mark> <span><strong>Zakres zastosowa\u0144:<\/strong> Dzi\u0119ki szczeg\u00f3\u0142owym informacjom zawartym w \u015bwiadectwie kalibracji mog\u0105 Pa\u0144stwo u\u017cywa\u0107 swojego wt\u00f3rnego SPRT w <strong>zakresie temperatur od -38,8344 \u00b0C do 419,527 \u00b0C<\/strong> z pe\u0142nym zaufaniem.<\/span><\/p>\n\n\n\n<p class=\"wp-block-paragraph\">Dowiedz si\u0119 wi\u0119cej o naszym laboratorium kalibracyjnym:<\/p>\n\n\n\n<p class=\"wp-block-paragraph\"><a href=\"https:\/\/www.klasmeier.com\/pl\/serwisie-kalibracyjnym-klasmeier\/kalibracja-standardowych-platynowych-termometrow-rezystancyjnych-sprt\/\">Kalibracja wzorcowych platynowych termometr\u00f3w rezystancyjnych<\/a><\/p>\n<\/div>\n","protected":false},"excerpt":{"rendered":"<p style=\"text-align: left;\">Model: eXacal 217 <br \/>Producent: Klasmeier<\/p>\n","protected":false},"featured_media":16056,"template":"","meta":[],"product_brand":[],"product_cat":[645],"product_tag":[646,667,647],"class_list":["post-10307","product","type-product","status-publish","has-post-thumbnail","product_cat-wzorcowy-platynowy-termometr-rezystancyjny-sprt","product_tag-sprt","product_tag-wtorny-sprt-2","product_tag-wzorcowe-platynowe-termometry-rezystancyjne-sprt","first","instock","shipping-taxable","purchasable","product-type-simple"],"_links":{"self":[{"href":"https:\/\/www.klasmeier.com\/pl\/wp-json\/wp\/v2\/product\/10307","targetHints":{"allow":["GET"]}}],"collection":[{"href":"https:\/\/www.klasmeier.com\/pl\/wp-json\/wp\/v2\/product"}],"about":[{"href":"https:\/\/www.klasmeier.com\/pl\/wp-json\/wp\/v2\/types\/product"}],"wp:featuredmedia":[{"embeddable":true,"href":"https:\/\/www.klasmeier.com\/pl\/wp-json\/wp\/v2\/media\/16056"}],"wp:attachment":[{"href":"https:\/\/www.klasmeier.com\/pl\/wp-json\/wp\/v2\/media?parent=10307"}],"wp:term":[{"taxonomy":"product_brand","embeddable":true,"href":"https:\/\/www.klasmeier.com\/pl\/wp-json\/wp\/v2\/product_brand?post=10307"},{"taxonomy":"product_cat","embeddable":true,"href":"https:\/\/www.klasmeier.com\/pl\/wp-json\/wp\/v2\/product_cat?post=10307"},{"taxonomy":"product_tag","embeddable":true,"href":"https:\/\/www.klasmeier.com\/pl\/wp-json\/wp\/v2\/product_tag?post=10307"}],"curies":[{"name":"wp","href":"https:\/\/api.w.org\/{rel}","templated":true}]}}