{"id":10237,"date":"2024-05-16T17:55:32","date_gmt":"2024-05-16T15:55:32","guid":{"rendered":"https:\/\/www.klasmeier.com\/?page_id=10237"},"modified":"2025-11-20T12:40:12","modified_gmt":"2025-11-20T11:40:12","slug":"exacal","status":"publish","type":"page","link":"https:\/\/www.klasmeier.com\/pl\/exacal\/","title":{"rendered":"eXacal &#8211; Precyzyjne Termometry"},"content":{"rendered":"\n<div class=\"wp-block-cover alignfull\"><img loading=\"lazy\" decoding=\"async\" width=\"1500\" height=\"500\" class=\"wp-block-cover__image-background wp-image-4258\" alt=\"\" src=\"https:\/\/www.klasmeier.com\/wp-content\/uploads\/eXacal_Klasmeier-SPRT-1.jpg\" data-object-fit=\"cover\" srcset=\"https:\/\/www.klasmeier.com\/wp-content\/uploads\/eXacal_Klasmeier-SPRT-1.jpg 1500w, https:\/\/www.klasmeier.com\/wp-content\/uploads\/eXacal_Klasmeier-SPRT-1-300x100.jpg 300w, https:\/\/www.klasmeier.com\/wp-content\/uploads\/eXacal_Klasmeier-SPRT-1-1024x341.jpg 1024w, https:\/\/www.klasmeier.com\/wp-content\/uploads\/eXacal_Klasmeier-SPRT-1-768x256.jpg 768w, https:\/\/www.klasmeier.com\/wp-content\/uploads\/eXacal_Klasmeier-SPRT-1-600x200.jpg 600w\" sizes=\"auto, (max-width: 1500px) 100vw, 1500px\" \/><span aria-hidden=\"true\" class=\"wp-block-cover__background has-contrast-background-color has-background-dim\"><\/span><div class=\"wp-block-cover__inner-container has-global-padding is-layout-constrained wp-block-cover-is-layout-constrained\">\n<h1 class=\"wp-block-heading alignfull has-text-align-center has-base-2-color has-text-color has-link-color wp-elements-fd7ec115c02f909626e84a6293fba661\" id=\"e-xacal-prazisionsthermometer\" style=\"font-size:clamp(46.18px, 2.886rem + ((1vw - 3.2px) * 4.565), 90px);\"><strong>eXacal Precyzyjne Termometry<\/strong><\/h1>\n<\/div><\/div>\n\n\n\n<div class=\"wp-block-group alignfull has-global-padding is-layout-constrained wp-block-group-is-layout-constrained\" style=\"padding-top:var(--wp--preset--spacing--20);padding-bottom:var(--wp--preset--spacing--20)\">\n<figure class=\"wp-block-image aligncenter size-full is-resized hvr-grow\"><a href=\"https:\/\/exacal.de\/\" target=\"_blank\" rel=\"noreferrer noopener\"><img loading=\"lazy\" decoding=\"async\" width=\"449\" height=\"82\" src=\"https:\/\/www.klasmeier.com\/wp-content\/uploads\/exacal-Logo-edited.png\" alt=\"eXacal\" class=\"wp-image-4288\" style=\"width:482px;height:auto\" srcset=\"https:\/\/www.klasmeier.com\/wp-content\/uploads\/exacal-Logo-edited.png 449w, https:\/\/www.klasmeier.com\/wp-content\/uploads\/exacal-Logo-edited-300x55.png 300w\" sizes=\"auto, (max-width: 449px) 100vw, 449px\" \/><\/a><\/figure>\n\n\n\n<div class=\"wp-block-group alignwide is-nowrap is-layout-flex wp-container-core-group-is-layout-2b79da06 wp-block-group-is-layout-flex\" style=\"padding-top:var(--wp--preset--spacing--10);padding-bottom:var(--wp--preset--spacing--10)\">\n<div class=\"wp-block-buttons mobilebtn is-content-justification-space-between is-layout-flex wp-container-core-buttons-is-layout-d36a73af wp-block-buttons-is-layout-flex\">\n<div class=\"wp-block-button hvr-shrink\"><a class=\"wp-block-button__link wp-element-button\" href=\"#SPRT\">SPRT<\/a><\/div>\n\n\n\n<div class=\"wp-block-button hvr-shrink\"><a class=\"wp-block-button__link wp-element-button\" href=\"#Precyzyjne-Termometry\">Precyzyjne Termometry<\/a><\/div>\n\n\n\n<div class=\"wp-block-button hvr-shrink\"><a class=\"wp-block-button__link wp-element-button\" href=\"#Przemys\u0142owe-Termometry-Referencyjne\">Przemys\u0142owe Termometry Referencyjne<\/a><\/div>\n\n\n\n<div class=\"wp-block-button hvr-shrink\"><a class=\"wp-block-button__link wp-element-button\" href=\"#Termometry-do-Zastosowa\u0144-Specjalnych\">Termometry do Zastosowa\u0144 Specjalnych<\/a><\/div>\n\n\n\n<div class=\"wp-block-button hvr-shrink\"><a class=\"wp-block-button__link wp-element-button\" href=\"#Termometry-Zanurzeniowe\">Termometry Zanurzeniowe<\/a><\/div>\n\n\n\n<div class=\"wp-block-button hvr-shrink\"><a class=\"wp-block-button__link wp-element-button\" href=\"#Rundgang\">Zwiedzanie<\/a><\/div>\n\n\n\n<div class=\"wp-block-button hvr-shrink\"><a class=\"wp-block-button__link wp-element-button\" href=\"#Fertigungsverfahren\">Procesy produkcyjne<\/a><\/div>\n\n\n\n<div class=\"wp-block-button hvr-shrink\"><a class=\"wp-block-button__link wp-element-button\" href=\"#Messwiderst\u00e4nde\">Rezystory pomiarowe<\/a><\/div>\n\n\n\n<div class=\"wp-block-button hvr-shrink\"><a class=\"wp-block-button__link wp-element-button\" href=\"#3D-Druckverfahren\">Technologia druku 3D<\/a><\/div>\n\n\n\n<div class=\"wp-block-button hvr-shrink\"><a class=\"wp-block-button__link wp-element-button\" href=\"#Inhomogenit\u00e4ten-Scanner\">Skaner niejednorodno\u015bci<\/a><\/div>\n\n\n\n<div class=\"wp-block-button hvr-shrink\"><a class=\"wp-block-button__link wp-element-button\" href=\"#Technologie\">Technologia<\/a><\/div>\n<\/div>\n<\/div>\n\n\n\n<div class=\"wp-block-rank-math-toc-block alignwide displaynone\" id=\"rank-math-toc\"><h2>Table of Contents<\/h2><nav><ul><li><a href=\"#e-xacal-prazisionsthermometer\">eXacal Precyzyjne Termometry<\/a><ul><li><a href=\"#widerstandsthermometer-und-thermoelemente\">Termometry rezystancyjne i termopary<\/a><ul><li><a href=\"#sprt-standard-platin-widerstandsthermometer\">SPRT (Standardowy Platynowy Termometr Rezystancyjny)<\/a><\/li><\/ul><\/li><li><a href=\"#precyzyjne-termometry\">Precyzyjne Termometry<\/a><ul><li><a href=\"#modelle\">Modele:<\/a><\/li><\/ul><\/li><li><a href=\"#przemyslowe-termometry-referencyjne\">Przemys\u0142owe Termometry Referencyjne<\/a><ul><li><a href=\"#modele-1\">Modele:<\/a><\/li><\/ul><\/li><li><a href=\"#termometry-do-zastosowan-specjalnych\">Termometry do Zastosowa\u0144 Specjalnych<\/a><ul><li><a href=\"#modele-2\">Modele:<\/a><\/li><li><a href=\"#ihre-ansprechpartnerin-fur-prazisionsthermometer\">\nTwoja osoba kontaktowa w sprawie termometr\u00f3w precyzyjnych:<\/a><\/li><\/ul><\/li><li><a href=\"#manufaktura-termometrow-precyzyjne-termometry-recznie-wykonywane\">Manufaktura Termometr\u00f3w \u2013 Precyzyjne Termometry R\u0119cznie Wykonywane<\/a><ul><li><a href=\"#einen-rundgang-durch-die-thermometer-manufaktur-sehen-sie-im-video\">Zwiedzanie manufaktury termometr\u00f3w mo\u017cna zobaczy\u0107 na wideo:<\/a><\/li><li><a href=\"#przeglad-procesu-produkcji\">Przegl\u0105d procesu produkcji<\/a><ul><li><a href=\"#produkcja-mechaniczna\">Produkcja mechaniczna<\/a><\/li><li><a href=\"#spawanie-metali-szlachetnych\">Spawanie metali szlachetnych<\/a><\/li><li><a href=\"#spawanie-laserowe\">Spawanie laserowe<\/a><\/li><li><a href=\"#obrobka-termiczna-materialow-termometrycznych\">Obr\u00f3bka termiczna materia\u0142\u00f3w termometrycznych<\/a><\/li><li><a href=\"#starzenie-termometr\u00f3w-oporowych\">Starzenie termometr\u00f3w oporowych<\/a><\/li><li><a href=\"#nawijanie-cewek-drutowych\">Nawijanie cewek drutowych<\/a><\/li><li><a href=\"#czyszczenie-komponentow-ceramicznych-w-piecu-rurowym\">Czyszczenie komponent\u00f3w ceramicznych w piecu rurowym<\/a><\/li><\/ul><\/li><li><a href=\"#rezystory-pomiarowe-z-wlasnej-produkcji\">Rezystory pomiarowe \u2013 precyzja z w\u0142asnej produkcji<\/a><\/li><li><a href=\"#3-d-druckverfahren\">Nowoczesna technologia druku 3D<\/a><\/li><li><a href=\"#skaner-niejednorodnosci\">Skaner Niejednorodno\u015bci<\/a><\/li><\/ul><\/li><li><a href=\"#e-xacal-technologie\">Technologia eXacal<\/a><ul><li><a href=\"#uchwyt-jako-nosnik-technologii\">Uchwyt jako no\u015bnik technologii<\/a><\/li><li><a href=\"#czujniki-temperatury\">Czujniki temperatury<\/a><\/li><li><a href=\"#thermometerdraht\">Drut termometru<\/a><\/li><li><a href=\"#schutzrohre\">Rurki ochronne<\/a><\/li><li><a href=\"#anschlussleitungen\">Przewody przy\u0142\u0105czeniowe<\/a><\/li><li><a href=\"#wysokiej-jakosci-walizka-eXacal\">Wysokiej jako\u015bci walizka eXacal<\/a><\/li><li><a href=\"#gemeinsam-die-richtige-losung-fur-sie-finden\">Razem znajdziemy dla Ciebie odpowiednie rozwi\u0105zanie<\/a><\/li><li><a href=\"#sprechen-sie-direkt-mit-unserem-experten\">Porozmawiaj bezpo\u015brednio z naszym ekspertem!<\/a><\/li><\/ul><\/li><\/ul><\/li><\/ul><\/nav><\/div>\n<\/div>\n\n\n\n<div class=\"wp-block-group alignfull has-global-padding is-layout-constrained wp-block-group-is-layout-constrained\" style=\"padding-top:var(--wp--preset--spacing--10);padding-bottom:var(--wp--preset--spacing--30)\">\n<div class=\"wp-block-group alignwide has-global-padding is-layout-constrained wp-container-core-group-is-layout-029b1f03 wp-block-group-is-layout-constrained\">\n<h2 class=\"wp-block-heading alignfull has-text-align-center\" id=\"widerstandsthermometer-und-thermoelemente\">Termometry rezystancyjne i termopary<\/h2>\n\n\n\n<p class=\"has-text-align-center\">Precyzyjne termometry eXacal s\u0105 stosowane do<strong> dok\u0142adnych pomiar\u00f3w temperatury <\/strong>lub jako <strong>termometry referencyjne do kalibracji innych termometr\u00f3w<\/strong>. Przez wiele lat by\u0142y one systematycznie optymalizowane w naszej manufakturze, aby zapewni\u0107 najwy\u017csz\u0105 dok\u0142adno\u015b\u0107 pomiar\u00f3w. R\u00f3\u017cne modele termometr\u00f3w eXacal mog\u0105 by\u0107&nbsp;<strong>stosowane w szerokim zakresie temperatur od -200 \u00b0C do 1200 \u00b0C<\/strong>.<\/p>\n<\/div>\n<\/div>\n\n\n\n<div class=\"wp-block-group alignfull has-accent-background-color has-background has-global-padding is-layout-constrained wp-block-group-is-layout-constrained\" id=\"SPRT\" style=\"padding-top:var(--wp--preset--spacing--30);padding-bottom:var(--wp--preset--spacing--30)\">\n<div class=\"wp-block-columns alignwide is-layout-flex wp-container-core-columns-is-layout-28f84493 wp-block-columns-is-layout-flex\">\n<div class=\"wp-block-column is-layout-flow wp-block-column-is-layout-flow\">\n<figure class=\"wp-block-image aligncenter size-large is-resized has-custom-border\"><img loading=\"lazy\" decoding=\"async\" width=\"1024\" height=\"1024\" src=\"https:\/\/www.klasmeier.com\/wp-content\/uploads\/eXacal_Klasmeier-SPRT_Produktfoto-1024x1024.jpg\" alt=\"SPRT (Standardowy Platynowy Termometr Rezystancyjny)\" class=\"wp-image-4265\" style=\"border-radius:50px;width:560px;height:auto\" srcset=\"https:\/\/www.klasmeier.com\/wp-content\/uploads\/eXacal_Klasmeier-SPRT_Produktfoto-1024x1024.jpg 1024w, https:\/\/www.klasmeier.com\/wp-content\/uploads\/eXacal_Klasmeier-SPRT_Produktfoto-300x300.jpg 300w, https:\/\/www.klasmeier.com\/wp-content\/uploads\/eXacal_Klasmeier-SPRT_Produktfoto-150x150.jpg 150w, https:\/\/www.klasmeier.com\/wp-content\/uploads\/eXacal_Klasmeier-SPRT_Produktfoto-768x768.jpg 768w, https:\/\/www.klasmeier.com\/wp-content\/uploads\/eXacal_Klasmeier-SPRT_Produktfoto-600x600.jpg 600w, https:\/\/www.klasmeier.com\/wp-content\/uploads\/eXacal_Klasmeier-SPRT_Produktfoto-100x100.jpg 100w, https:\/\/www.klasmeier.com\/wp-content\/uploads\/eXacal_Klasmeier-SPRT_Produktfoto.jpg 1500w\" sizes=\"auto, (max-width: 1024px) 100vw, 1024px\" \/><\/figure>\n<\/div>\n\n\n\n<div class=\"wp-block-column is-layout-flow wp-block-column-is-layout-flow\">\n<h3 class=\"wp-block-heading\" id=\"sprt-standard-platin-widerstandsthermometer\">SPRT (Standardowy Platynowy Termometr Rezystancyjny)<\/h3>\n\n\n\n<p><strong>Wytrzyma\u0142y wt\u00f3rny termometr referencyjny SPRT do najwy\u017cszej precyzji pomiar\u00f3w temperatury<\/strong><\/p>\n\n\n\n<p>Nasze SPRT (Standardowe Platynowe Termometry Rezystancyjne) s\u0105 stosowane w precyzyjnych pomiarach temperatury jako wzorce kalibracyjne oraz do dok\u0142adnych pomiar\u00f3w temperatury w wymagaj\u0105cych zastosowaniach. Zaprojektowane, aby sprosta\u0107 wymaganiom bada\u0144 naukowych, przemys\u0142u i kontroli jako\u015bci, oferuj\u0105 doskona\u0142\u0105 dok\u0142adno\u015b\u0107 i niezawodno\u015b\u0107. Termometry SPRT spe\u0142niaj\u0105 wymagania skali temperatur ITS-90.<\/p>\n\n\n\n<p class=\"hvr-forward\"><i class=\"fas fa-arrow-right\"><\/i> <a href=\"https:\/\/www.klasmeier.com\/pl\/produkt\/wtorny-sprt-termometr-referencyjny-200-c-do-250-c\/\">Wt\u00f3rny termometr referencyjny SPRT <strong>(-200 \u00b0C do 250 \u00b0C)<\/strong><\/a><br><a href=\"https:\/\/www.klasmeier.com\/pl\/produkt\/wtorny-termometr-referencyjny-sprt-100-c-do-430-c\/\"><i class=\"fas fa-arrow-right\"><\/i><\/a> <a href=\"https:\/\/www.klasmeier.com\/pl\/produkt\/wtorny-termometr-referencyjny-sprt-100-c-do-430-c\/\">Wt\u00f3rny termometr referencyjny SPRT&nbsp;<strong>(-100 \u00b0C do 430 \u00b0C)<\/strong><\/a><br><a href=\"https:\/\/www.klasmeier.com\/produkt\/sekundaeres-sprt-referenzthermometer-exacal_215_670\/\"><i class=\"fas fa-arrow-right\"><\/i><\/a> <a href=\"https:\/\/www.klasmeier.com\/pl\/produkt\/sekundaeres-sprt-referenzthermometer-exacal_215_670\/\">Wt\u00f3rny termometr referencyjny SPRT&nbsp;<strong>(-100 \u00b0C do 670 \u00b0C)<\/strong><\/a><br><a href=\"https:\/\/www.klasmeier.com\/produkt\/primaeres-standard-platin-widerstandsthermometer-sprt-200-c-bis-670-c\/\"><i class=\"fas fa-arrow-right\"><\/i><\/a> <a href=\"https:\/\/www.klasmeier.com\/pl\/produkt\/podstawowy-standardowy-platynowy-rezystor-termometryczny-sprt-200-c-do-670-c\/\">Pierwotny standardowy platynowy termometr rezystancyjny (SPRT)&nbsp;<strong>-200 \u00b0C do 670 \u00b0C<\/strong><\/a><\/p>\n\n\n\n<p class=\"hvr-forward\"><\/p>\n<\/div>\n<\/div>\n<\/div>\n\n\n\n<div class=\"wp-block-group alignfull has-global-padding is-layout-constrained wp-block-group-is-layout-constrained\" id=\"Precyzyjne-Termometry\" style=\"padding-top:var(--wp--preset--spacing--30);padding-bottom:var(--wp--preset--spacing--30)\">\n<div class=\"wp-block-group alignwide has-global-padding is-layout-constrained wp-container-core-group-is-layout-3b63ac32 wp-block-group-is-layout-constrained\">\n<h2 class=\"wp-block-heading alignwide has-text-align-center\" id=\"precyzyjne-termometry\"><strong>Precyzyjne Termometry<\/strong><\/h2>\n\n\n\n<p>Nasze precyzyjne termometry idealnie nadaj\u0105 si\u0119 jako&nbsp;<strong>wzorce temperatury w kalibracjach lub do dok\u0142adnych pomiar\u00f3w temperatury<\/strong>. Dost\u0119pne jako&nbsp;<strong>termometry rezystancyjne (Pt100)<\/strong>&nbsp;oraz&nbsp;<strong>termopary szlachetnych metali typu R\/S\/B, Pt\/Pd i Pt\/Au<\/strong>. Termometry eXacal to&nbsp;<strong>wytrzyma\u0142a alternatywa dla bardzo czu\u0142ych standardowych platynowych termometr\u00f3w rezystancyjnych (SPRT) zgodnych z ITS-90<\/strong>. Termopary eXacal s\u0105&nbsp;<strong>wyposa\u017cone w stalowy punkt odniesienia<\/strong>.<\/p>\n<\/div>\n\n\n\n<div class=\"wp-block-columns alignwide is-layout-flex wp-container-core-columns-is-layout-28f84493 wp-block-columns-is-layout-flex\">\n<div class=\"wp-block-column is-vertically-aligned-center is-layout-flow wp-block-column-is-layout-flow\" style=\"flex-basis:40%\">\n<figure class=\"wp-block-image aligncenter size-full is-resized hvr-grow\"><img loading=\"lazy\" decoding=\"async\" width=\"900\" height=\"900\" src=\"https:\/\/www.klasmeier.com\/wp-content\/uploads\/2024\/02\/eXacal-Praezisionsthermometer.png\" alt=\"eXacal Precyzyjne Termometry\" class=\"wp-image-945\" style=\"width:392px;height:auto\" srcset=\"https:\/\/www.klasmeier.com\/wp-content\/uploads\/2024\/02\/eXacal-Praezisionsthermometer.png 900w, https:\/\/www.klasmeier.com\/wp-content\/uploads\/2024\/02\/eXacal-Praezisionsthermometer-300x300.png 300w, https:\/\/www.klasmeier.com\/wp-content\/uploads\/2024\/02\/eXacal-Praezisionsthermometer-150x150.png 150w, https:\/\/www.klasmeier.com\/wp-content\/uploads\/2024\/02\/eXacal-Praezisionsthermometer-768x768.png 768w, https:\/\/www.klasmeier.com\/wp-content\/uploads\/2024\/02\/eXacal-Praezisionsthermometer-600x600.png 600w, https:\/\/www.klasmeier.com\/wp-content\/uploads\/2024\/02\/eXacal-Praezisionsthermometer-100x100.png 100w\" sizes=\"auto, (max-width: 900px) 100vw, 900px\" \/><\/figure>\n<\/div>\n\n\n\n<div class=\"wp-block-column is-layout-flow wp-block-column-is-layout-flow\" style=\"flex-basis:60%\">\n<div class=\"wp-block-group is-vertical is-layout-flex wp-container-core-group-is-layout-6a6f6fd5 wp-block-group-is-layout-flex\">\n<h4 class=\"wp-block-heading\" id=\"modelle\"><strong>Modele:<\/strong><\/h4>\n\n\n\n<div style=\"height:30px\" aria-hidden=\"true\" class=\"wp-block-spacer wp-container-content-62aae154\"><\/div>\n\n\n\n<p><strong>Pt100<\/strong><\/p>\n\n\n\n<div class=\"wp-block-group is-vertical is-layout-flex wp-container-core-group-is-layout-4b827052 wp-block-group-is-layout-flex\">\n<p class=\"hvr-forward\"><i class=\"fas fa-arrow-right\"><\/i> <a href=\"https:\/\/www.klasmeier.com\/pl\/produkt\/pt100-model-l-niskotemperaturowy-precyzyjny-termometr-200-c-do-250-c\/\">Pt100 Model L <strong>(-200 \u00b0C do 250 \u00b0C)<\/strong><\/a><\/p>\n\n\n\n<p class=\"hvr-forward\"><i class=\"fas fa-arrow-right\"><\/i> <a href=\"https:\/\/www.klasmeier.com\/pl\/produkt\/pt100-model-m-sredniotemperaturowy-termometr-precyzyjny-100-c-do-250-c\/\" data-type=\"link\" data-id=\"https:\/\/www.klasmeier.com\/produkt\/modell-m\/\">Pt100 Model M <strong>(-100 \u00b0C do 250 \u00b0C)<\/strong><\/a><\/p>\n\n\n\n<p class=\"hvr-forward\"><i class=\"fas fa-arrow-right\"><\/i> <a href=\"https:\/\/www.klasmeier.com\/pl\/produkt\/pt100-model-n-sredniotemperaturowy-precyzyjny-termometr-100-c-do-420-c\/\" data-type=\"link\" data-id=\"https:\/\/www.klasmeier.com\/produkt\/pt100-modell-n-medium-temperatur-praezisionsthermometer-100-c-bis-420-c\/\">Pt100 Model N <strong>(-100 \u00b0C do 420 \u00b0C)<\/strong><\/a><\/p>\n\n\n\n<p class=\"hvr-forward\"><i class=\"fas fa-arrow-right\"><\/i> <a href=\"https:\/\/www.klasmeier.com\/pl\/produkt\/termometr-precyzyjny-wysokotemperaturowy-pt100-model-h-100-c-do-660-c\/\">Pt100 Model H <strong>(-100 \u00b0C do 660 \u00b0C)<\/strong><\/a><\/p>\n\n\n\n<p class=\"hvr-forward\"><i class=\"fas fa-arrow-right\"><\/i> <a href=\"https:\/\/www.klasmeier.com\/pl\/produkt\/pt100-model-hs-wysokotemperaturowy-termometr-precyzyjny-0-c-do-850-c\/\">Pt100 Model HS <strong>(0 \u00b0C do 850 \u00b0C)<\/strong><\/a><\/p>\n<\/div>\n\n\n\n<div style=\"height:21px\" aria-hidden=\"true\" class=\"wp-block-spacer wp-container-content-62aae154\"><\/div>\n\n\n\n<p><strong>Termopary szlachetnych metali<\/strong><\/p>\n\n\n\n<div class=\"wp-block-group is-vertical is-layout-flex wp-container-core-group-is-layout-4b827052 wp-block-group-is-layout-flex\">\n<p class=\"hvr-forward\"><i class=\"fas fa-arrow-right\"><\/i> Termopara <a href=\"https:\/\/www.klasmeier.com\/pl\/produkt\/termoelement-precyzyjny-typ-r-0-c-do-1200-c\/\">Typ R<\/a><\/p>\n\n\n\n<p class=\"hvr-forward\"><i class=\"fas fa-arrow-right\"><\/i> Termopara <a href=\"https:\/\/www.klasmeier.com\/pl\/produkt\/typ-s-precyzyjny-termoelement-0-c-do-1200-c\/\">Typ S<\/a><\/p>\n\n\n\n<p class=\"hvr-forward\"><i class=\"fas fa-arrow-right\"><\/i> Termopara <a href=\"https:\/\/www.klasmeier.com\/pl\/produkt\/termoelement-precyzyjny-typ-b-0-c-do-1500-c\/\">Typ B<\/a><\/p>\n\n\n\n<p class=\"hvr-forward\"><i class=\"fas fa-arrow-right\"><\/i> Termopara <a href=\"https:\/\/www.klasmeier.com\/pl\/produkt\/pt-pd-precyzyjny-termoelement-0-c-do-1500-c\/\">Pt\/Pd<\/a><\/p>\n\n\n\n<p class=\"hvr-forward\"><i class=\"fas fa-arrow-right\"><\/i> Termopara Pt\/Au<\/p>\n<\/div>\n<\/div>\n<\/div>\n<\/div>\n<\/div>\n\n\n\n<div class=\"wp-block-group alignfull has-accent-background-color has-background has-global-padding is-layout-constrained wp-block-group-is-layout-constrained\" id=\"Przemyslowe-Termometry-Referencyjne\" style=\"padding-top:var(--wp--preset--spacing--30);padding-bottom:var(--wp--preset--spacing--30)\">\n<div class=\"wp-block-group alignwide has-global-padding is-layout-constrained wp-container-core-group-is-layout-3b63ac32 wp-block-group-is-layout-constrained\">\n<h2 class=\"wp-block-heading alignwide has-text-align-center\" id=\"przemyslowe-termometry-referencyjne\"><strong>Przemys\u0142owe Termometry Referencyjne<\/strong><\/h2>\n\n\n\n<p><strong>Przemys\u0142owe termometry referencyjne (Pt100 i termopary metali szlachetnych)<\/strong> s\u0105 idealne do <strong>zastosowa\u0144 przemys\u0142owych w \u015bledzonych pomiarach temperatury<\/strong> lub jako <strong>normy wt\u00f3rne w kalibracjach przemys\u0142owych<\/strong> (np. w kalibratorze blokowym temperatury).<\/p>\n<\/div>\n\n\n\n<div class=\"wp-block-columns alignwide is-layout-flex wp-container-core-columns-is-layout-28f84493 wp-block-columns-is-layout-flex\">\n<div class=\"wp-block-column is-vertically-aligned-center is-layout-flow wp-block-column-is-layout-flow\" style=\"flex-basis:33%\">\n<figure class=\"wp-block-image aligncenter size-full is-resized hvr-grow\"><img loading=\"lazy\" decoding=\"async\" width=\"600\" height=\"600\" src=\"https:\/\/www.klasmeier.com\/wp-content\/uploads\/2024\/02\/Abgewinkeltes-eXacal-Thermometer-IHW.png\" alt=\"Przemys\u0142owe Termometry Referencyjne eXacal\" class=\"wp-image-1035\" style=\"width:411px;height:auto\" srcset=\"https:\/\/www.klasmeier.com\/wp-content\/uploads\/2024\/02\/Abgewinkeltes-eXacal-Thermometer-IHW.png 600w, https:\/\/www.klasmeier.com\/wp-content\/uploads\/2024\/02\/Abgewinkeltes-eXacal-Thermometer-IHW-300x300.png 300w, https:\/\/www.klasmeier.com\/wp-content\/uploads\/2024\/02\/Abgewinkeltes-eXacal-Thermometer-IHW-150x150.png 150w, https:\/\/www.klasmeier.com\/wp-content\/uploads\/2024\/02\/Abgewinkeltes-eXacal-Thermometer-IHW-100x100.png 100w\" sizes=\"auto, (max-width: 600px) 100vw, 600px\" \/><\/figure>\n<\/div>\n\n\n\n<div class=\"wp-block-column is-layout-flow wp-block-column-is-layout-flow\" style=\"flex-basis:66%\">\n<div class=\"wp-block-group is-vertical is-layout-flex wp-container-core-group-is-layout-b5cd8a94 wp-block-group-is-layout-flex\">\n<h4 class=\"wp-block-heading\" id=\"modele-1\"><strong>Modele:<\/strong><\/h4>\n\n\n\n<div style=\"height:30px\" aria-hidden=\"true\" class=\"wp-block-spacer wp-container-content-62aae154\"><\/div>\n\n\n\n<p><strong>Pt100<\/strong><\/p>\n\n\n\n<div class=\"wp-block-group is-vertical is-layout-flex wp-container-core-group-is-layout-4b827052 wp-block-group-is-layout-flex\">\n<p class=\"hvr-forward\"><i class=\"fas fa-arrow-right\"><\/i> <a href=\"https:\/\/www.klasmeier.com\/pl\/produkt\/pt100-i-przemyslowy-termometr-referencyjny-100-c-250-c\/\">Pt100 Model I <strong>(-100 \u00b0C do 250 \u00b0C)<\/strong><\/a><\/p>\n\n\n\n<p class=\"hvr-forward\"><i class=\"fas fa-arrow-right\"><\/i> <a href=\"https:\/\/www.klasmeier.com\/pl\/produkt\/pt100-in-przemyslowy-termometr-referencyjny-100-c-400-c\/\">Pt100 Model IN <strong>(-100 \u00b0C do 400 \u00b0C)<\/strong><\/a><\/p>\n\n\n\n<p class=\"hvr-forward\"><i class=\"fas fa-arrow-right\"><\/i> <a href=\"https:\/\/www.klasmeier.com\/pl\/produkt\/pt100-ih-przemyslowy-termometr-referencyjny-100-c-660-c\/\">Pt100 Model IH <strong>(-100 \u00b0C do 660 \u00b0C)<\/strong><\/a><\/p>\n\n\n\n<p class=\"hvr-forward\"><i class=\"fas fa-arrow-right\"><\/i> <a href=\"https:\/\/www.klasmeier.com\/pl\/produkt\/pt100-ihw-przemyslowy-termometr-referencyjny-odchylony-100-c-660-c\/\">Pt100 Model IHW (zagi\u0119ty) <strong>(-100 \u00b0C do 660 \u00b0C)<\/strong><\/a><\/p>\n\n\n\n<p class=\"hvr-forward\"><i class=\"fas fa-arrow-right\"><\/i> <a href=\"https:\/\/www.klasmeier.com\/pl\/produkt\/pt100-iw-przemyslowy-termometr-referencyjny-odchylony-100-c-250-c\/\">Pt100 Model IW (zagi\u0119ty) <strong>(0 \u00b0C do 250 \u00b0C)<\/strong><\/a><\/p>\n<\/div>\n\n\n\n<p><br><strong>Termopary Metali Szlachetnych<\/strong><\/p>\n\n\n\n<div class=\"wp-block-group is-vertical is-layout-flex wp-container-core-group-is-layout-a2d2d6d0 wp-block-group-is-layout-flex\" style=\"margin-top:0;margin-bottom:0;padding-top:0;padding-bottom:0\">\n<p class=\"hvr-forward\"><i class=\"fas fa-arrow-right\"><\/i> <a href=\"https:\/\/www.klasmeier.com\/pl\/produkt\/typ-r-przemyslowy-termoelement-referencyjny-0-c-do-1200-c\/\">Typ R<\/a><\/p>\n\n\n\n<p class=\"hvr-forward\"><i class=\"fas fa-arrow-right\"><\/i> <a href=\"https:\/\/www.klasmeier.com\/pl\/produkt\/termoelement-referencyjne-typu-s-do-zastosowan-przemyslowych-0-c-do-1200-c\/\">Typ S<\/a><\/p>\n<\/div>\n<\/div>\n<\/div>\n<\/div>\n<\/div>\n\n\n\n<div class=\"wp-block-group alignfull has-global-padding is-layout-constrained wp-container-core-group-is-layout-0d683d8b wp-block-group-is-layout-constrained\" id=\"Termometry-do-Zastosowan-Specjalnych\" style=\"padding-top:var(--wp--preset--spacing--30);padding-bottom:var(--wp--preset--spacing--30)\">\n<h2 class=\"wp-block-heading alignwide has-text-align-center\" id=\"termometry-do-zastosowan-specjalnych\"><strong>Termometry do Zastosowa\u0144 Specjalnych<\/strong><\/h2>\n\n\n\n<p style=\"font-size:clamp(0.875rem, 0.875rem + ((1vw - 0.2rem) * 0.542), 1.2rem);\"><strong>Konstrukcje specjalne:<\/strong>&nbsp;Produkujemy precyzyjne termometry r\u00f3wnie\u017c wed\u0142ug indywidualnych wymaga\u0144, na przyk\u0142ad&nbsp;<strong>termometry r\u00f3\u017cnicowe, zakrzywione czujniki temperatury oraz termometry wed\u0142ug specjalnych zam\u00f3wie\u0144 klient\u00f3w<\/strong>.<\/p>\n\n\n\n<div class=\"wp-block-columns alignwide is-layout-flex wp-container-core-columns-is-layout-28f84493 wp-block-columns-is-layout-flex\">\n<div class=\"wp-block-column is-vertically-aligned-center is-layout-flow wp-block-column-is-layout-flow\" style=\"flex-basis:33%\">\n<figure class=\"wp-block-image aligncenter size-full is-resized hvr-grow\"><img loading=\"lazy\" decoding=\"async\" width=\"900\" height=\"200\" src=\"https:\/\/www.klasmeier.com\/wp-content\/uploads\/2024\/03\/eXacal_Differenz-Thermometer.png\" alt=\"eXacal Termometry do Zastosowa\u0144 Specjalnych\" class=\"wp-image-1371\" style=\"width:390px;height:auto\" srcset=\"https:\/\/www.klasmeier.com\/wp-content\/uploads\/2024\/03\/eXacal_Differenz-Thermometer.png 900w, https:\/\/www.klasmeier.com\/wp-content\/uploads\/2024\/03\/eXacal_Differenz-Thermometer-300x67.png 300w, https:\/\/www.klasmeier.com\/wp-content\/uploads\/2024\/03\/eXacal_Differenz-Thermometer-768x171.png 768w, https:\/\/www.klasmeier.com\/wp-content\/uploads\/2024\/03\/eXacal_Differenz-Thermometer-600x133.png 600w\" sizes=\"auto, (max-width: 900px) 100vw, 900px\" \/><\/figure>\n<\/div>\n\n\n\n<div class=\"wp-block-column is-layout-flow wp-block-column-is-layout-flow\" style=\"flex-basis:66%\">\n<div class=\"wp-block-group is-vertical is-layout-flex wp-container-core-group-is-layout-2d729e81 wp-block-group-is-layout-flex\">\n<h4 class=\"wp-block-heading\" id=\"modele-2\"><strong>Modele:<\/strong><\/h4>\n\n\n\n<div class=\"wp-block-group is-vertical is-layout-flex wp-container-core-group-is-layout-4b827052 wp-block-group-is-layout-flex\">\n<p class=\"hvr-forward\"><i class=\"fas fa-arrow-right\"><\/i> <a href=\"https:\/\/www.klasmeier.com\/pl\/produkt\/typ-r-typ-s-termoelement-do-pomiaru-roznicy-temperatur-0-c-1200-c\/\">Typ R \/ Typ S Termopara R\u00f3\u017cnicowa <strong>(0 \u00b0C do 1200 \u00b0C)<\/strong><\/a><\/p>\n\n\n\n<p class=\"hvr-forward\"><i class=\"fas fa-arrow-right\"><\/i> <a href=\"https:\/\/www.klasmeier.com\/pl\/produkt\/modell-m\/\">Pt100 Model M&nbsp;<strong>(-100 \u00b0C do 250 \u00b0C)<\/strong><\/a><\/p>\n\n\n\n<p class=\"hvr-forward\"><i class=\"fas fa-arrow-right\"><\/i> <a href=\"https:\/\/www.klasmeier.com\/pl\/produkt\/pt100-typ-d-termometr-roznicowy-temperatury-100-c-250-c\/\">Pt100 Typ D Termometr R\u00f3\u017cnicowy<strong> (-100 \u00b0C do 250 \u00b0C)<\/strong><\/a><\/p>\n<\/div>\n<\/div>\n<\/div>\n<\/div>\n<\/div>\n\n\n\n<div class=\"wp-block-group alignfull has-global-padding is-layout-constrained wp-block-group-is-layout-constrained\" style=\"margin-top:var(--wp--preset--spacing--30);margin-bottom:var(--wp--preset--spacing--10);padding-top:var(--wp--preset--spacing--30);padding-bottom:var(--wp--preset--spacing--30)\">\n<h3 class=\"wp-block-heading alignwide has-text-align-center\" id=\"haben-sie-fragen-zu-unseren-prazisionsthermometern\"><strong>Masz pytania dotycz\u0105ce naszych termometr\u00f3w precyzyjnych?<\/strong><\/h3>\n\n\n\n<div class=\"wp-block-columns alignwide hvr-grow has-accent-background-color has-background is-layout-flex wp-container-core-columns-is-layout-b6a795d6 wp-block-columns-is-layout-flex\" style=\"border-radius:50px;margin-top:var(--wp--preset--spacing--40);margin-bottom:var(--wp--preset--spacing--40);padding-top:var(--wp--preset--spacing--20);padding-right:var(--wp--preset--spacing--20);padding-bottom:var(--wp--preset--spacing--20);padding-left:var(--wp--preset--spacing--20)\">\n<div class=\"wp-block-column is-layout-flow wp-block-column-is-layout-flow\">\n<figure class=\"wp-block-image size-full has-custom-border\"><img loading=\"lazy\" decoding=\"async\" width=\"500\" height=\"333\" src=\"https:\/\/www.klasmeier.com\/wp-content\/uploads\/ES.png\" alt=\"\" class=\"wp-image-2653\" style=\"border-radius:50px\" srcset=\"https:\/\/www.klasmeier.com\/wp-content\/uploads\/ES.png 500w, https:\/\/www.klasmeier.com\/wp-content\/uploads\/ES-300x200.png 300w\" sizes=\"auto, (max-width: 500px) 100vw, 500px\" \/><\/figure>\n<\/div>\n\n\n\n<div class=\"wp-block-column is-vertically-aligned-center is-layout-flow wp-block-column-is-layout-flow\">\n<h3 class=\"wp-block-heading has-text-align-center\" id=\"sprechen-sie-direkt-mit-unserer-expertin\">Porozmawiaj bezpo\u015brednio z nasz\u0105 ekspertk\u0105!<\/h3>\n\n\n\n<h4 class=\"wp-block-heading has-text-align-center\" id=\"ihre-ansprechpartnerin-fur-prazisionsthermometer\"><br><strong>Twoja osoba kontaktowa w sprawie termometr\u00f3w precyzyjnych:<\/strong><\/h4>\n\n\n\n<p class=\"has-text-align-center\"><strong>Elke Seewald<\/strong><br><em>Kierowniczka manufaktury <a href=\"http:\/\/exacal.de\" target=\"_blank\" rel=\"noopener\">eXacal<\/a> w Klasmeier<\/em><\/p>\n\n\n\n<p class=\"has-text-align-center\"><mark style=\"background-color:rgba(0, 0, 0, 0);color:#dd3333\" class=\"has-inline-color\"><i class=\"fas fa-envelope\"><\/i><\/mark> <a href=\"https:\/\/www.klasmeier.com\/pl\/firma\/skontaktuj-sie-z-nami\/\">Skontaktuj si\u0119 teraz<\/a><\/p>\n<\/div>\n<\/div>\n<\/div>\n\n\n\n<div class=\"wp-block-group alignfull has-global-padding is-layout-constrained wp-block-group-is-layout-constrained\" id=\"Manufaktura\" style=\"padding-top:var(--wp--preset--spacing--30);padding-bottom:var(--wp--preset--spacing--30)\">\n<figure class=\"wp-block-image aligncenter size-full\"><img loading=\"lazy\" decoding=\"async\" width=\"310\" height=\"89\" src=\"https:\/\/www.klasmeier.com\/wp-content\/uploads\/exacal.png\" alt=\"\" class=\"wp-image-10302\" srcset=\"https:\/\/www.klasmeier.com\/wp-content\/uploads\/exacal.png 310w, https:\/\/www.klasmeier.com\/wp-content\/uploads\/exacal-300x86.png 300w\" sizes=\"auto, (max-width: 310px) 100vw, 310px\" \/><\/figure>\n\n\n\n<h2 class=\"wp-block-heading alignwide has-text-align-center\" id=\"manufaktura-termometrow-precyzyjne-termometry-recznie-wykonywane\"><strong>Manufaktura Termometr\u00f3w \u2013 Precyzyjne Termometry R\u0119cznie Wykonywane<\/strong><\/h2>\n\n\n\n<div class=\"wp-block-group alignwide has-global-padding is-layout-constrained wp-container-core-group-is-layout-cb1f04b5 wp-block-group-is-layout-constrained\" style=\"padding-top:var(--wp--preset--spacing--20);padding-bottom:var(--wp--preset--spacing--20)\">\n<div class=\"wp-block-columns alignwide is-layout-flex wp-container-core-columns-is-layout-28f84493 wp-block-columns-is-layout-flex\">\n<div class=\"wp-block-column is-layout-flow wp-block-column-is-layout-flow\" style=\"flex-basis:66%\">\n<p><mark style=\"background-color:rgba(0, 0, 0, 0);color:#dd3333\" class=\"has-inline-color\"><i class=\"fas fa-circle-check\"><\/i><\/mark> Nasze <a href=\"https:\/\/www.klasmeier.com\/pl\/praezisionsthermometer-von-klasmeier\/\">precyzyjne termometry eXacal<\/a> s\u0105 produkowane w naszej manufakturze w Fulda, Niemcy, z najwy\u017csz\u0105 staranno\u015bci\u0105 <strong>r\u0119cznie<\/strong> \u2013 na \u017cyczenie r\u00f3wnie\u017c dostosowane <strong>do indywidualnych potrzeb<\/strong>. Niezale\u017cnie od tego, czy chodzi o modyfikacj\u0119 uchwytu, z\u0142\u0105cza, d\u0142ugo\u015bci czujnika czy przewodu przy\u0142\u0105czeniowego \u2013 <strong>realizujemy Twoje wymagania z najwy\u017csz\u0105 precyzj\u0105<\/strong>.<\/p>\n\n\n\n<p><mark style=\"background-color:rgba(0, 0, 0, 0);color:#dd3333\" class=\"has-inline-color\"><i class=\"fas fa-circle-check\"><\/i><\/mark> Nasze termometry zosta\u0142y <strong>zaprojektowane do precyzyjnych pomiar\u00f3w temperatury<\/strong> i obejmuj\u0105 szeroki <strong>zakres temperatur od -200 \u00b0C do 1200 \u00b0C<\/strong>, w zale\u017cno\u015bci od modelu.<\/p>\n\n\n\n<p><mark style=\"background-color:rgba(0, 0, 0, 0);color:#dd3333\" class=\"has-inline-color\"><i class=\"fas fa-circle-check\"><\/i><\/mark> Opr\u00f3cz samej konstrukcji termometr\u00f3w k\u0142adziemy du\u017cy nacisk na rozw\u00f3j w\u0142asnych narz\u0119dzi i innowacyjnych proces\u00f3w produkcyjnych. Od <strong>projektowania<\/strong> przez <strong>produkcj\u0119<\/strong> a\u017c po ko\u0144cow\u0105 <strong>akredytowan\u0105 kalibracj\u0119 zgodnie z DIN EN ISO\/IEC 17025 (DAkkS)<\/strong> \u2013 ka\u017cdy etap odbywa si\u0119 wy\u0142\u0105cznie w naszym zak\u0142adzie. Dzi\u0119ki <strong>wysokiej jako\u015bci surowc\u00f3w<\/strong> i <strong>braku zewn\u0119trznych dostawc\u00f3w<\/strong> <strong>gwarantujemy<\/strong> sta\u0142\u0105 <strong>wysok\u0105 jako\u015b\u0107 naszych produkt\u00f3w<\/strong>.<\/p>\n<\/div>\n\n\n\n<div class=\"wp-block-column is-layout-flow wp-block-column-is-layout-flow\"><\/div>\n\n\n\n<div class=\"wp-block-column is-vertically-aligned-center is-layout-flow wp-block-column-is-layout-flow\" style=\"flex-basis:33%\">\n<figure class=\"wp-block-image aligncenter size-full is-resized has-custom-border hvr-grow\"><img loading=\"lazy\" decoding=\"async\" width=\"1024\" height=\"1024\" src=\"https:\/\/www.klasmeier.com\/wp-content\/uploads\/klasmeier_EU_Precision_Thermometry_transparent.webp\" alt=\"\" class=\"wp-image-13163\" style=\"border-radius:50px;width:400px;height:auto\" srcset=\"https:\/\/www.klasmeier.com\/wp-content\/uploads\/klasmeier_EU_Precision_Thermometry_transparent.webp 1024w, https:\/\/www.klasmeier.com\/wp-content\/uploads\/klasmeier_EU_Precision_Thermometry_transparent-300x300.webp 300w, https:\/\/www.klasmeier.com\/wp-content\/uploads\/klasmeier_EU_Precision_Thermometry_transparent-150x150.webp 150w, https:\/\/www.klasmeier.com\/wp-content\/uploads\/klasmeier_EU_Precision_Thermometry_transparent-768x768.webp 768w, https:\/\/www.klasmeier.com\/wp-content\/uploads\/klasmeier_EU_Precision_Thermometry_transparent-600x600.webp 600w, https:\/\/www.klasmeier.com\/wp-content\/uploads\/klasmeier_EU_Precision_Thermometry_transparent-100x100.webp 100w\" sizes=\"auto, (max-width: 1024px) 100vw, 1024px\" \/><\/figure>\n<\/div>\n<\/div>\n<\/div>\n\n\n\n<div class=\"wp-block-buttons is-content-justification-center is-layout-flex wp-container-core-buttons-is-layout-a89b3969 wp-block-buttons-is-layout-flex\">\n<div class=\"wp-block-button  hvr-shrink\"><a class=\"wp-block-button__link wp-element-button\" href=\"https:\/\/www.klasmeier.com\/en\/thermometer-manufaktur\/thermometer\/\">Do termometr\u00f3w<\/a><\/div>\n<\/div>\n<\/div>\n\n\n\n<div class=\"wp-block-group alignfull has-global-padding is-layout-constrained wp-block-group-is-layout-constrained\" style=\"padding-top:var(--wp--preset--spacing--30);padding-bottom:var(--wp--preset--spacing--30)\">\n<figure class=\"wp-block-image alignwide size-full has-custom-border\"><img loading=\"lazy\" decoding=\"async\" width=\"1600\" height=\"1003\" src=\"https:\/\/www.klasmeier.com\/wp-content\/uploads\/2024\/03\/eXacal_Fertigung.jpg\" alt=\"\" class=\"wp-image-1392\" style=\"border-radius:50px\" srcset=\"https:\/\/www.klasmeier.com\/wp-content\/uploads\/2024\/03\/eXacal_Fertigung.jpg 1600w, https:\/\/www.klasmeier.com\/wp-content\/uploads\/2024\/03\/eXacal_Fertigung-300x188.jpg 300w, https:\/\/www.klasmeier.com\/wp-content\/uploads\/2024\/03\/eXacal_Fertigung-1024x642.jpg 1024w, https:\/\/www.klasmeier.com\/wp-content\/uploads\/2024\/03\/eXacal_Fertigung-768x481.jpg 768w, https:\/\/www.klasmeier.com\/wp-content\/uploads\/2024\/03\/eXacal_Fertigung-1536x963.jpg 1536w, https:\/\/www.klasmeier.com\/wp-content\/uploads\/2024\/03\/eXacal_Fertigung-600x376.jpg 600w\" sizes=\"auto, (max-width: 1600px) 100vw, 1600px\" \/><\/figure>\n<\/div>\n\n\n\n<div class=\"wp-block-group alignfull has-accent-background-color has-background has-global-padding is-layout-constrained wp-block-group-is-layout-constrained\" id=\"Rundgang\" style=\"padding-top:var(--wp--preset--spacing--30);padding-bottom:var(--wp--preset--spacing--30)\">\n<h3 class=\"wp-block-heading alignwide\" id=\"einen-rundgang-durch-die-thermometer-manufaktur-sehen-sie-im-video\">Zwiedzanie manufaktury termometr\u00f3w mo\u017cna zobaczy\u0107 na wideo:<\/h3>\n\n\n\n<div class=\"wp-block-group alignwide has-global-padding is-layout-constrained wp-block-group-is-layout-constrained\" style=\"border-style:none;border-width:0px;border-radius:0px;margin-top:var(--wp--preset--spacing--30);margin-bottom:var(--wp--preset--spacing--30);padding-top:0;padding-bottom:0\">\n<figure class=\"wp-block-embed alignwide is-type-video is-provider-vimeo wp-block-embed-vimeo wp-embed-aspect-16-9 wp-has-aspect-ratio\"><div class=\"wp-block-embed__wrapper\">\n<iframe loading=\"lazy\" title=\"Rundgang durch die Thermometer Manufaktur von Klasmeier\" src=\"https:\/\/player.vimeo.com\/video\/768484806?h=8809463295&amp;dnt=1&amp;app_id=122963\" width=\"500\" height=\"281\" frameborder=\"0\" allow=\"autoplay; fullscreen; picture-in-picture; clipboard-write; encrypted-media\"><\/iframe>\n<\/div><\/figure>\n<\/div>\n<\/div>\n\n\n\n<div class=\"wp-block-group alignfull has-global-padding is-layout-constrained wp-block-group-is-layout-constrained\" id=\"ProcesProdukcji\" style=\"padding-top:var(--wp--preset--spacing--30);padding-bottom:var(--wp--preset--spacing--30)\">\n<h3 class=\"wp-block-heading alignwide has-text-align-center\" id=\"przeglad-procesu-produkcji\">Przegl\u0105d procesu produkcji<\/h3>\n\n\n\n<div class=\"wp-block-columns alignwide hvr-grow is-layout-flex wp-container-core-columns-is-layout-901e6cc9 wp-block-columns-is-layout-flex\" style=\"padding-top:var(--wp--preset--spacing--30);padding-bottom:var(--wp--preset--spacing--10)\">\n<div class=\"wp-block-column is-layout-flow wp-block-column-is-layout-flow\" style=\"flex-basis:25%\">\n<figure class=\"wp-block-image aligncenter size-full is-resized has-custom-border\"><img loading=\"lazy\" decoding=\"async\" width=\"300\" height=\"200\" src=\"https:\/\/www.klasmeier.com\/wp-content\/uploads\/exacal-fertigung-1.jpg\" alt=\"\" class=\"wp-image-2671\" style=\"border-radius:50px;width:308px;height:auto\"\/><\/figure>\n<\/div>\n\n\n\n<div class=\"wp-block-column is-layout-flow wp-block-column-is-layout-flow\" style=\"padding-left:var(--wp--preset--spacing--10);flex-basis:75%\">\n<h4 class=\"wp-block-heading\" id=\"produkcja-mechaniczna\"><strong>Produkcja mechaniczna<\/strong><\/h4>\n\n\n\n<p>Elementy, takie jak uchwyty czy prototypy dla projekt\u00f3w rozwojowych, s\u0105 precyzyjnie wytwarzane metod\u0105 obr\u00f3bki skrawaniem.<\/p>\n<\/div>\n<\/div>\n\n\n\n<div class=\"wp-block-columns alignwide hvr-grow is-layout-flex wp-container-core-columns-is-layout-28b55a6e wp-block-columns-is-layout-flex\" style=\"padding-top:var(--wp--preset--spacing--10);padding-bottom:var(--wp--preset--spacing--10)\">\n<div class=\"wp-block-column is-layout-flow wp-block-column-is-layout-flow\" style=\"flex-basis:25%\">\n<figure class=\"wp-block-image aligncenter size-full is-resized has-custom-border\"><img loading=\"lazy\" decoding=\"async\" width=\"300\" height=\"200\" src=\"https:\/\/www.klasmeier.com\/wp-content\/uploads\/exacal-schweissen-1.jpg\" alt=\"\" class=\"wp-image-2675\" style=\"border-radius:50px;width:308px;height:auto\"\/><\/figure>\n<\/div>\n\n\n\n<div class=\"wp-block-column is-layout-flow wp-block-column-is-layout-flow\" style=\"padding-left:var(--wp--preset--spacing--10);flex-basis:75%\">\n<h4 class=\"wp-block-heading\" id=\"spawanie-metali-szlachetnych\"><strong>Spawanie metali szlachetnych<\/strong><\/h4>\n\n\n\n<p>Druty termoparowe i przewody przy\u0142\u0105czeniowe s\u0105 r\u0119cznie spawane z najwy\u017csz\u0105 precyzj\u0105. Wymagane do tego gazy palne, wod\u00f3r i tlen, nie s\u0105 przechowywane w butlach, lecz s\u0105 generowane bezpo\u015brednio przez elektroliz\u0119 wody w optymalnym stosunku mieszania 2:1. Ten proces zapewnia wyj\u0105tkowo wysok\u0105 czysto\u015b\u0107 gazu palnego.<\/p>\n<\/div>\n<\/div>\n\n\n\n<div class=\"wp-block-columns alignwide hvr-grow is-layout-flex wp-container-core-columns-is-layout-28b55a6e wp-block-columns-is-layout-flex\" style=\"padding-top:var(--wp--preset--spacing--10);padding-bottom:var(--wp--preset--spacing--10)\">\n<div class=\"wp-block-column is-layout-flow wp-block-column-is-layout-flow\" style=\"flex-basis:25%\">\n<figure class=\"wp-block-image aligncenter size-full is-resized has-custom-border\"><img loading=\"lazy\" decoding=\"async\" width=\"300\" height=\"200\" src=\"https:\/\/www.klasmeier.com\/wp-content\/uploads\/eXacal-Laserschweissen.jpg\" alt=\"\" class=\"wp-image-2677\" style=\"border-radius:50px;width:308px;height:auto\"\/><\/figure>\n<\/div>\n\n\n\n<div class=\"wp-block-column is-layout-flow wp-block-column-is-layout-flow\" style=\"padding-left:var(--wp--preset--spacing--10);flex-basis:75%\">\n<h4 class=\"wp-block-heading\" id=\"spawanie-laserowe\"><strong>Spawanie laserowe<\/strong><\/h4>\n\n\n\n<p>Precyzyjne po\u0142\u0105czenia, na przyk\u0142ad przewody przy\u0142\u0105czeniowe czujnik\u00f3w temperatury, s\u0105 spawane pod mikroskopem za pomoc\u0105 laser\u00f3w o wysokiej precyzji.<\/p>\n<\/div>\n<\/div>\n\n\n\n<div class=\"wp-block-columns alignwide hvr-grow is-layout-flex wp-container-core-columns-is-layout-28b55a6e wp-block-columns-is-layout-flex\" style=\"padding-top:var(--wp--preset--spacing--10);padding-bottom:var(--wp--preset--spacing--10)\">\n<div class=\"wp-block-column is-layout-flow wp-block-column-is-layout-flow\" style=\"flex-basis:25%\">\n<figure class=\"wp-block-image aligncenter size-full is-resized has-custom-border\"><img loading=\"lazy\" decoding=\"async\" width=\"300\" height=\"200\" src=\"https:\/\/www.klasmeier.com\/wp-content\/uploads\/exacal-thermische-behandlung-1.jpg\" alt=\"\" class=\"wp-image-2679\" style=\"border-radius:50px;width:308px;height:auto\"\/><\/figure>\n<\/div>\n\n\n\n<div class=\"wp-block-column is-layout-flow wp-block-column-is-layout-flow\" style=\"padding-left:var(--wp--preset--spacing--10);flex-basis:75%\">\n<h4 class=\"wp-block-heading\" id=\"obrobka-termiczna-materialow-termometrycznych\"><strong>Obr\u00f3bka termiczna materia\u0142\u00f3w termometrycznych<\/strong><\/h4>\n\n\n\n<p>Jedn\u0105 z kluczowych kompetencji jest celowa obr\u00f3bka termiczna drut\u00f3w termoparowych. Dzi\u0119ki naszym procesom starzenia zapewniamy metalurgicznie stabilny i termoelektrycznie jednorodny stan termoelement\u00f3w eXacal.<\/p>\n<\/div>\n<\/div>\n\n\n\n<div class=\"wp-block-columns alignwide hvr-grow is-layout-flex wp-container-core-columns-is-layout-28b55a6e wp-block-columns-is-layout-flex\" style=\"padding-top:var(--wp--preset--spacing--10);padding-bottom:var(--wp--preset--spacing--10)\">\n<div class=\"wp-block-column is-layout-flow wp-block-column-is-layout-flow\" style=\"flex-basis:25%\">\n<figure class=\"wp-block-image aligncenter size-full is-resized has-custom-border\"><img loading=\"lazy\" decoding=\"async\" width=\"300\" height=\"200\" src=\"https:\/\/www.klasmeier.com\/wp-content\/uploads\/eXacal-Klasmeier-1.jpg\" alt=\"\" class=\"wp-image-2681\" style=\"border-radius:50px;width:308px;height:auto\"\/><\/figure>\n<\/div>\n\n\n\n<div class=\"wp-block-column is-layout-flow wp-block-column-is-layout-flow\" style=\"padding-left:var(--wp--preset--spacing--10);flex-basis:75%\">\n<h4 class=\"wp-block-heading\" id=\"starzenie-termometr\u00f3w-oporowych\"><strong>Starzenie termometr\u00f3w oporowych<\/strong><\/h4>\n\n\n\n<p>Termometry oporowe s\u0105 w pe\u0142ni stabilizowane w specjalnie zaprojektowanym piecu do starzenia, kt\u00f3ry jest przep\u0142ukiwany tlenem i dzia\u0142a wed\u0142ug dostosowanych cykli starzenia.<\/p>\n<\/div>\n<\/div>\n\n\n\n<div class=\"wp-block-columns alignwide hvr-grow is-layout-flex wp-container-core-columns-is-layout-28b55a6e wp-block-columns-is-layout-flex\" style=\"padding-top:var(--wp--preset--spacing--10);padding-bottom:var(--wp--preset--spacing--10)\">\n<div class=\"wp-block-column is-layout-flow wp-block-column-is-layout-flow\" style=\"flex-basis:25%\">\n<figure class=\"wp-block-image aligncenter size-full is-resized has-custom-border\"><img loading=\"lazy\" decoding=\"async\" width=\"300\" height=\"200\" src=\"https:\/\/www.klasmeier.com\/wp-content\/uploads\/eXacal-SPRT-Draht-Messwiderstaende.jpg\" alt=\"\" class=\"wp-image-2683\" style=\"border-radius:50px;width:308px;height:auto\"\/><\/figure>\n<\/div>\n\n\n\n<div class=\"wp-block-column is-layout-flow wp-block-column-is-layout-flow\" style=\"padding-left:var(--wp--preset--spacing--10);flex-basis:75%\">\n<h4 class=\"wp-block-heading\" id=\"nawijanie-cewek-drutowych\"><strong>Nawijanie cewek drutowych<\/strong><\/h4>\n\n\n\n<p>Do czujnik\u00f3w SPRT cienki, wysokiej czysto\u015bci drut platynowy jest precyzyjnie nawijany na ultra-cienkie cewki przy u\u017cyciu specjalnie zaprojektowanej maszyny nawijaj\u0105cej.<\/p>\n<\/div>\n<\/div>\n\n\n\n<div class=\"wp-block-columns alignwide hvr-grow is-layout-flex wp-container-core-columns-is-layout-28b55a6e wp-block-columns-is-layout-flex\" style=\"padding-top:var(--wp--preset--spacing--10);padding-bottom:var(--wp--preset--spacing--10)\">\n<div class=\"wp-block-column is-layout-flow wp-block-column-is-layout-flow\" style=\"flex-basis:25%\">\n<figure class=\"wp-block-image aligncenter size-full is-resized has-custom-border\"><img loading=\"lazy\" decoding=\"async\" width=\"300\" height=\"200\" src=\"https:\/\/www.klasmeier.com\/wp-content\/uploads\/Voraltern-der-Keramiken.png\" alt=\"\" class=\"wp-image-2953\" style=\"border-radius:50px;width:308px;height:auto\"\/><\/figure>\n<\/div>\n\n\n\n<div class=\"wp-block-column is-layout-flow wp-block-column-is-layout-flow\" style=\"padding-left:var(--wp--preset--spacing--10);flex-basis:75%\">\n<h4 class=\"wp-block-heading\" id=\"czyszczenie-komponentow-ceramicznych-w-piecu-rurowym\"><strong>Czyszczenie komponent\u00f3w ceramicznych w piecu rurowym<\/strong><\/h4>\n\n\n\n<p>Wszystkie komponenty ceramiczne u\u017cywane w naszych precyzyjnych termometrach przechodz\u0105 intensywny proces czyszczenia w piecu rurowym w wysokiej temperaturze przed ich u\u017cyciem.<\/p>\n<\/div>\n<\/div>\n<\/div>\n\n\n\n<div class=\"wp-block-group alignfull has-global-padding is-layout-constrained wp-block-group-is-layout-constrained\" id=\"Messwiderst\u00e4nde\" style=\"padding-top:var(--wp--preset--spacing--30);padding-bottom:var(--wp--preset--spacing--30)\">\n<figure class=\"wp-block-image alignwide size-full has-custom-border\"><img loading=\"lazy\" decoding=\"async\" width=\"1600\" height=\"569\" src=\"https:\/\/www.klasmeier.com\/wp-content\/uploads\/Temperatur-Messwiderstaende-von-Klasmeier.png\" alt=\"\" class=\"wp-image-2687\" style=\"border-radius:50px\" srcset=\"https:\/\/www.klasmeier.com\/wp-content\/uploads\/Temperatur-Messwiderstaende-von-Klasmeier.png 1600w, https:\/\/www.klasmeier.com\/wp-content\/uploads\/Temperatur-Messwiderstaende-von-Klasmeier-300x107.png 300w, https:\/\/www.klasmeier.com\/wp-content\/uploads\/Temperatur-Messwiderstaende-von-Klasmeier-1024x364.png 1024w, https:\/\/www.klasmeier.com\/wp-content\/uploads\/Temperatur-Messwiderstaende-von-Klasmeier-768x273.png 768w, https:\/\/www.klasmeier.com\/wp-content\/uploads\/Temperatur-Messwiderstaende-von-Klasmeier-1536x546.png 1536w, https:\/\/www.klasmeier.com\/wp-content\/uploads\/Temperatur-Messwiderstaende-von-Klasmeier-600x213.png 600w\" sizes=\"auto, (max-width: 1600px) 100vw, 1600px\" \/><\/figure>\n\n\n\n<div class=\"wp-block-columns alignwide are-vertically-aligned-center hvr-grow is-layout-flex wp-container-core-columns-is-layout-ef350914 wp-block-columns-is-layout-flex\" style=\"padding-top:var(--wp--preset--spacing--30);padding-bottom:var(--wp--preset--spacing--30)\">\n<div class=\"wp-block-column is-vertically-aligned-center is-layout-flow wp-block-column-is-layout-flow\" style=\"flex-basis:25%\">\n<figure class=\"wp-block-image aligncenter size-full is-resized has-custom-border\"><img loading=\"lazy\" decoding=\"async\" width=\"300\" height=\"300\" src=\"https:\/\/www.klasmeier.com\/wp-content\/uploads\/eXacal-Messwiderstaende-von-Klasmeier-1-300x300-1.png\" alt=\"\" class=\"wp-image-2689\" style=\"border-radius:50px;width:281px;height:auto\" srcset=\"https:\/\/www.klasmeier.com\/wp-content\/uploads\/eXacal-Messwiderstaende-von-Klasmeier-1-300x300-1.png 300w, https:\/\/www.klasmeier.com\/wp-content\/uploads\/eXacal-Messwiderstaende-von-Klasmeier-1-300x300-1-150x150.png 150w, https:\/\/www.klasmeier.com\/wp-content\/uploads\/eXacal-Messwiderstaende-von-Klasmeier-1-300x300-1-100x100.png 100w\" sizes=\"auto, (max-width: 300px) 100vw, 300px\" \/><\/figure>\n<\/div>\n\n\n\n<div class=\"wp-block-column is-vertically-aligned-center is-layout-flow wp-block-column-is-layout-flow\" style=\"flex-basis:75%\">\n<h3 class=\"wp-block-heading\" id=\"rezystory-pomiarowe-z-wlasnej-produkcji\">Rezystory pomiarowe \u2013 precyzja z w\u0142asnej produkcji<\/h3>\n\n\n\n<p>Produkcja rezystor\u00f3w pomiarowych temperatury to rzemios\u0142o wymagaj\u0105ce najwy\u017cszej precyzji i wiedzy technicznej. W naszej manufakturze \u0142\u0105czymy nowoczesn\u0105 technologi\u0119 z tradycyjn\u0105 r\u0119czn\u0105 obr\u00f3bk\u0105, aby w pe\u0142ni samodzielnie realizowa\u0107 ten skomplikowany proces. Z najwy\u017csz\u0105 staranno\u015bci\u0105 i do\u015bwiadczeniem nasi specjali\u015bci r\u0119cznie nawlekaj\u0105 pod mikroskopem ultracienki drut platynowy na ceramiczne lub kwarcowe korpusy no\u015bne. Wcze\u015bniej drut jest formowany na maszynie nawijaj\u0105cej w delikatn\u0105 cewk\u0119, kt\u00f3ra stanowi podstaw\u0119 naszych wysoce czu\u0142ych rezystor\u00f3w pomiarowych. Te precyzyjne komponenty stanowi\u0105 serce naszych produkt\u00f3w. W naszej manufakturze termometr\u00f3w s\u0105 one dalej przetwarzane i udoskonalane, tworz\u0105c najwy\u017cszej jako\u015bci termometry precyzyjne \u2013 zapewniaj\u0105ce dok\u0142adne wyniki pomiar\u00f3w, na kt\u00f3re mo\u017cesz liczy\u0107.<\/p>\n<\/div>\n<\/div>\n\n\n\n<div class=\"wp-block-buttons is-content-justification-center is-layout-flex wp-container-core-buttons-is-layout-a89b3969 wp-block-buttons-is-layout-flex\">\n<div class=\"wp-block-button  hvr-shrink\"><a class=\"wp-block-button__link wp-element-button\" href=\"https:\/\/www.klasmeier.com\/pl\/rezystory-pomiarowe-od-klasmeier\/messwiderstaende-von-klasmeier\/\">Przejd\u017a do rezystor\u00f3w pomiarowych<\/a><\/div>\n<\/div>\n<\/div>\n\n\n\n<div class=\"wp-block-group alignfull has-global-padding is-layout-constrained wp-block-group-is-layout-constrained\" id=\"3D-Druckverfahren\" style=\"padding-top:var(--wp--preset--spacing--30);padding-bottom:var(--wp--preset--spacing--30)\">\n<figure class=\"wp-block-image alignwide size-full has-custom-border\"><img loading=\"lazy\" decoding=\"async\" width=\"1600\" height=\"541\" src=\"https:\/\/www.klasmeier.com\/wp-content\/uploads\/eXacal_3D-Druck.jpg\" alt=\"\" class=\"wp-image-2693\" style=\"border-radius:50px\" srcset=\"https:\/\/www.klasmeier.com\/wp-content\/uploads\/eXacal_3D-Druck.jpg 1600w, https:\/\/www.klasmeier.com\/wp-content\/uploads\/eXacal_3D-Druck-300x101.jpg 300w, https:\/\/www.klasmeier.com\/wp-content\/uploads\/eXacal_3D-Druck-1024x346.jpg 1024w, https:\/\/www.klasmeier.com\/wp-content\/uploads\/eXacal_3D-Druck-768x260.jpg 768w, https:\/\/www.klasmeier.com\/wp-content\/uploads\/eXacal_3D-Druck-1536x519.jpg 1536w, https:\/\/www.klasmeier.com\/wp-content\/uploads\/eXacal_3D-Druck-600x203.jpg 600w\" sizes=\"auto, (max-width: 1600px) 100vw, 1600px\" \/><\/figure>\n\n\n\n<div class=\"wp-block-columns alignwide are-vertically-aligned-center hvr-grow is-layout-flex wp-container-core-columns-is-layout-ef350914 wp-block-columns-is-layout-flex\" style=\"padding-top:var(--wp--preset--spacing--30);padding-bottom:var(--wp--preset--spacing--30)\">\n<div class=\"wp-block-column is-vertically-aligned-center is-layout-flow wp-block-column-is-layout-flow\" style=\"flex-basis:25%\">\n<figure class=\"wp-block-image aligncenter size-full is-resized has-custom-border\"><img loading=\"lazy\" decoding=\"async\" width=\"275\" height=\"275\" src=\"https:\/\/www.klasmeier.com\/wp-content\/uploads\/eXacal_3D_Druck.jpg\" alt=\"\" class=\"wp-image-2695\" style=\"border-radius:50px;width:281px;height:auto\" srcset=\"https:\/\/www.klasmeier.com\/wp-content\/uploads\/eXacal_3D_Druck.jpg 275w, https:\/\/www.klasmeier.com\/wp-content\/uploads\/eXacal_3D_Druck-150x150.jpg 150w, https:\/\/www.klasmeier.com\/wp-content\/uploads\/eXacal_3D_Druck-100x100.jpg 100w\" sizes=\"auto, (max-width: 275px) 100vw, 275px\" \/><\/figure>\n<\/div>\n\n\n\n<div class=\"wp-block-column is-vertically-aligned-center is-layout-flow wp-block-column-is-layout-flow\" style=\"flex-basis:75%\">\n<h3 class=\"wp-block-heading\" id=\"3-d-druckverfahren\">Nowoczesna technologia druku 3D<\/h3>\n\n\n\n<p>W naszych termometrach eXacal stosujemy wysoce precyzyjne elementy izolacyjne oraz z\u0142o\u017cone komponenty z tworzyw sztucznych, takie jak odci\u0105\u017cenia mechaniczne. Te elementy s\u0105 produkowane bezpo\u015brednio w naszej fabryce z wykorzystaniem najnowocze\u015bniejszej technologii druku 3D. Dzi\u0119ki temu nawet skomplikowane geometrie mog\u0105 by\u0107 realizowane bez potrzeby stosowania dodatkowych narz\u0119dzi lub r\u0119cznych etap\u00f3w po\u015brednich. To nie tylko oszcz\u0119dza czas i koszty, ale tak\u017ce umo\u017cliwia elastyczn\u0105 i dostosowan\u0105 do potrzeb klienta produkcj\u0119 naszych termometr\u00f3w w systemie modu\u0142owym.<\/p>\n<\/div>\n<\/div>\n<\/div>\n\n\n\n<div class=\"wp-block-group alignfull has-accent-background-color has-background has-global-padding is-layout-constrained wp-block-group-is-layout-constrained\" style=\"padding-top:var(--wp--preset--spacing--30);padding-bottom:var(--wp--preset--spacing--30)\">\n<figure class=\"wp-block-image alignwide size-full has-custom-border\"><img loading=\"lazy\" decoding=\"async\" width=\"1010\" height=\"383\" src=\"https:\/\/www.klasmeier.com\/wp-content\/uploads\/Klasmeier-Thermoelement-eXacal-Inhomogenitaeten-1-1.png\" alt=\"\" class=\"wp-image-2697\" style=\"border-radius:50px\" srcset=\"https:\/\/www.klasmeier.com\/wp-content\/uploads\/Klasmeier-Thermoelement-eXacal-Inhomogenitaeten-1-1.png 1010w, https:\/\/www.klasmeier.com\/wp-content\/uploads\/Klasmeier-Thermoelement-eXacal-Inhomogenitaeten-1-1-300x114.png 300w, https:\/\/www.klasmeier.com\/wp-content\/uploads\/Klasmeier-Thermoelement-eXacal-Inhomogenitaeten-1-1-768x291.png 768w, https:\/\/www.klasmeier.com\/wp-content\/uploads\/Klasmeier-Thermoelement-eXacal-Inhomogenitaeten-1-1-600x228.png 600w\" sizes=\"auto, (max-width: 1010px) 100vw, 1010px\" \/><\/figure>\n<\/div>\n\n\n\n<div class=\"wp-block-group alignfull has-global-padding is-layout-constrained wp-container-core-group-is-layout-0d683d8b wp-block-group-is-layout-constrained\" id=\"Skaner-Niejednorodno\u015bci\" style=\"padding-top:var(--wp--preset--spacing--30);padding-bottom:var(--wp--preset--spacing--30)\">\n<h3 class=\"wp-block-heading alignwide\" id=\"skaner-niejednorodnosci\">Skaner Niejednorodno\u015bci<\/h3>\n\n\n\n<p>Analiza mo\u017cliwych niejednorodno\u015bci w termoelementach eXacal odbywa si\u0119 za pomoc\u0105 specjalnie opracowanego skanera niejednorodno\u015bci. Ruchome \u017ar\u00f3d\u0142o ciep\u0142a bada <strong>ca\u0142y materia\u0142 termiczny<\/strong> w punkcie pomiarowym pod k\u0105tem lokalnych odchyle\u0144.<\/p>\n\n\n\n<figure class=\"wp-block-image alignwide size-full has-custom-border\"><img loading=\"lazy\" decoding=\"async\" width=\"1024\" height=\"568\" src=\"https:\/\/www.klasmeier.com\/wp-content\/uploads\/Klasmeier-Inhomogenitaeten-Scanner-1024x568-1024x568-1.png\" alt=\"\" class=\"wp-image-2699\" style=\"border-radius:50px\" srcset=\"https:\/\/www.klasmeier.com\/wp-content\/uploads\/Klasmeier-Inhomogenitaeten-Scanner-1024x568-1024x568-1.png 1024w, https:\/\/www.klasmeier.com\/wp-content\/uploads\/Klasmeier-Inhomogenitaeten-Scanner-1024x568-1024x568-1-300x166.png 300w, https:\/\/www.klasmeier.com\/wp-content\/uploads\/Klasmeier-Inhomogenitaeten-Scanner-1024x568-1024x568-1-768x426.png 768w, https:\/\/www.klasmeier.com\/wp-content\/uploads\/Klasmeier-Inhomogenitaeten-Scanner-1024x568-1024x568-1-600x333.png 600w\" sizes=\"auto, (max-width: 1024px) 100vw, 1024px\" \/><\/figure>\n\n\n\n<p>Skaner niejednorodno\u015bci to innowacyjne rozwi\u0105zanie opracowane przez firm\u0119 Klasmeier, kt\u00f3re znacz\u0105co przyczynia si\u0119 do optymalizacji termoelement\u00f3w eXacal. Umo\u017cliwia on:<\/p>\n\n\n\n<p><mark style=\"background-color:rgba(0, 0, 0, 0);color:#dd3333\" class=\"has-inline-color\"><i class=\"fas fa-circle-check\"><\/i><\/mark> <strong>bardziej realistyczn\u0105 ocen\u0119 niepewno\u015bci pomiarowych<\/strong><br><mark style=\"background-color:rgba(0, 0, 0, 0);color:#dd3333\" class=\"has-inline-color\"><i class=\"fas fa-circle-check\"><\/i><\/mark> <strong>weryfikacj\u0119 i udoskonalenie proces\u00f3w obr\u00f3bki cieplnej<\/strong><br><mark style=\"background-color:rgba(0, 0, 0, 0);color:#dd3333\" class=\"has-inline-color\"><i class=\"fas fa-circle-check\"><\/i><\/mark> <strong>znaczn\u0105 popraw\u0119 jako\u015bci produktu i proces\u00f3w produkcyjnych<\/strong><\/p>\n<\/div>\n\n\n\n<div class=\"wp-block-group alignfull has-accent-background-color has-background has-global-padding is-layout-constrained wp-container-core-group-is-layout-bbf895ec wp-block-group-is-layout-constrained\" id=\"Technologie\" style=\"padding-top:var(--wp--preset--spacing--40);padding-bottom:var(--wp--preset--spacing--40)\">\n<h2 class=\"wp-block-heading alignwide has-text-align-center\" id=\"e-xacal-technologie\"><strong><strong>Technologia eXacal<\/strong><\/strong><\/h2>\n\n\n\n<p>Termometry precyzyjne eXacal zosta\u0142y zaprojektowane od podstaw. Ka\u017cdy komponent zosta\u0142 zaprojektowany z najwy\u017csz\u0105 staranno\u015bci\u0105 i perfekcyjnie dopasowany do pozosta\u0142ych. Centralnym elementem jest innowacyjny uchwyt, kt\u00f3ry pe\u0142ni rol\u0119 no\u015bnika technologii. Dzi\u0119ki modu\u0142owej konstrukcji umo\u017cliwia on r\u00f3\u017cnorodne kombinacje termometr\u00f3w eXacal.<\/p>\n<\/div>\n\n\n\n<div class=\"wp-block-group alignfull has-global-padding is-layout-constrained wp-container-core-group-is-layout-0d683d8b wp-block-group-is-layout-constrained\" style=\"padding-top:var(--wp--preset--spacing--30);padding-bottom:var(--wp--preset--spacing--30)\">\n<div class=\"wp-block-columns hvr-grow has-accent-background-color has-background is-layout-flex wp-container-core-columns-is-layout-cc9b1f73 wp-block-columns-is-layout-flex\" style=\"border-radius:50px;margin-top:var(--wp--preset--spacing--30);margin-bottom:var(--wp--preset--spacing--30);padding-top:var(--wp--preset--spacing--30);padding-right:var(--wp--preset--spacing--30);padding-bottom:var(--wp--preset--spacing--30);padding-left:var(--wp--preset--spacing--30)\">\n<div class=\"wp-block-column is-layout-flow wp-block-column-is-layout-flow\" style=\"flex-basis:30%\">\n<figure class=\"wp-block-image aligncenter size-full is-resized has-custom-border\"><img loading=\"lazy\" decoding=\"async\" width=\"900\" height=\"900\" src=\"https:\/\/www.klasmeier.com\/wp-content\/uploads\/eXacal_Handgriff.jpg\" alt=\"\" class=\"wp-image-2745\" style=\"border-radius:50px;width:388px;height:auto\" srcset=\"https:\/\/www.klasmeier.com\/wp-content\/uploads\/eXacal_Handgriff.jpg 900w, https:\/\/www.klasmeier.com\/wp-content\/uploads\/eXacal_Handgriff-300x300.jpg 300w, https:\/\/www.klasmeier.com\/wp-content\/uploads\/eXacal_Handgriff-150x150.jpg 150w, https:\/\/www.klasmeier.com\/wp-content\/uploads\/eXacal_Handgriff-768x768.jpg 768w, https:\/\/www.klasmeier.com\/wp-content\/uploads\/eXacal_Handgriff-600x600.jpg 600w, https:\/\/www.klasmeier.com\/wp-content\/uploads\/eXacal_Handgriff-100x100.jpg 100w\" sizes=\"auto, (max-width: 900px) 100vw, 900px\" \/><\/figure>\n<\/div>\n\n\n\n<div class=\"wp-block-column is-layout-flow wp-block-column-is-layout-flow\" style=\"padding-left:var(--wp--preset--spacing--10);flex-basis:70%\">\n<h3 class=\"wp-block-heading has-text-align-center\" id=\"uchwyt-jako-nosnik-technologii\">Uchwyt jako no\u015bnik technologii<\/h3>\n\n\n\n<p>Nasze termometry eXacal mog\u0105 by\u0107 konfigurowane w niemal dowolny spos\u00f3b dzi\u0119ki modu\u0142owej konstrukcji. Jest to mo\u017cliwe dzi\u0119ki aluminiowemu uchwytowi, kt\u00f3ry dla ka\u017cdego termometru jest wyposa\u017cony w indywidualnie drukowan\u0105 w 3D wk\u0142adk\u0119. Wa\u017cne komponenty, takie jak odci\u0105\u017cenia przewod\u00f3w, wype\u0142nienia gazem ochronnym czy r\u00f3\u017cne os\u0142ony, mog\u0105 by\u0107 dowolnie \u0142\u0105czone.<\/p>\n<\/div>\n<\/div>\n\n\n\n<div class=\"wp-block-columns hvr-grow has-accent-background-color has-background is-layout-flex wp-container-core-columns-is-layout-cc9b1f73 wp-block-columns-is-layout-flex\" style=\"border-radius:50px;margin-top:var(--wp--preset--spacing--30);margin-bottom:var(--wp--preset--spacing--30);padding-top:var(--wp--preset--spacing--30);padding-right:var(--wp--preset--spacing--30);padding-bottom:var(--wp--preset--spacing--30);padding-left:var(--wp--preset--spacing--30)\">\n<div class=\"wp-block-column is-vertically-aligned-top is-layout-flow wp-block-column-is-layout-flow\" style=\"padding-left:var(--wp--preset--spacing--10);flex-basis:70%\">\n<h3 class=\"wp-block-heading has-text-align-center\" id=\"czujniki-temperatury\">Czujniki temperatury<\/h3>\n\n\n\n<p class=\"has-text-align-center\"><strong>Precyzyjne oporniki pomiarowe z w\u0142asnej produkcji<\/strong><\/p>\n\n\n\n<p>W naszej manufakturze produkujemy precyzyjne oporniki pomiarowe do pomiaru temperatury. Do\u015bwiadczeni pracownicy nawijaj\u0105 drut platynowy na ceramiczne lub kwarcowe korpusy. Po nawini\u0119ciu formujemy z tych opornik\u00f3w termometry precyzyjne.<\/p>\n\n\n\n<div class=\"wp-block-buttons is-content-justification-center is-layout-flex wp-container-core-buttons-is-layout-a89b3969 wp-block-buttons-is-layout-flex\">\n<div class=\"wp-block-button is-style-outline hvr-shrink is-style-outline--2\"><a class=\"wp-block-button__link wp-element-button\" href=\"https:\/\/www.klasmeier.com\/pl\/rezystory-pomiarowe-od-klasmeier\/messwiderstaende-von-klasmeier\/\">Do opornik\u00f3w pomiarowych<\/a><\/div>\n<\/div>\n<\/div>\n\n\n\n<div class=\"wp-block-column is-layout-flow wp-block-column-is-layout-flow\" style=\"flex-basis:30%\">\n<figure class=\"wp-block-image aligncenter size-full is-resized has-custom-border\"><img loading=\"lazy\" decoding=\"async\" width=\"900\" height=\"900\" src=\"https:\/\/www.klasmeier.com\/wp-content\/uploads\/eXacal_Messwiderstand.jpg\" alt=\"\" class=\"wp-image-2749\" style=\"border-radius:50px;width:388px;height:auto\" srcset=\"https:\/\/www.klasmeier.com\/wp-content\/uploads\/eXacal_Messwiderstand.jpg 900w, https:\/\/www.klasmeier.com\/wp-content\/uploads\/eXacal_Messwiderstand-300x300.jpg 300w, https:\/\/www.klasmeier.com\/wp-content\/uploads\/eXacal_Messwiderstand-150x150.jpg 150w, https:\/\/www.klasmeier.com\/wp-content\/uploads\/eXacal_Messwiderstand-768x768.jpg 768w, https:\/\/www.klasmeier.com\/wp-content\/uploads\/eXacal_Messwiderstand-600x600.jpg 600w, https:\/\/www.klasmeier.com\/wp-content\/uploads\/eXacal_Messwiderstand-100x100.jpg 100w\" sizes=\"auto, (max-width: 900px) 100vw, 900px\" \/><\/figure>\n<\/div>\n<\/div>\n\n\n\n<div class=\"wp-block-columns hvr-grow has-accent-background-color has-background is-layout-flex wp-container-core-columns-is-layout-cc9b1f73 wp-block-columns-is-layout-flex\" style=\"border-radius:50px;margin-top:var(--wp--preset--spacing--30);margin-bottom:var(--wp--preset--spacing--30);padding-top:var(--wp--preset--spacing--30);padding-right:var(--wp--preset--spacing--30);padding-bottom:var(--wp--preset--spacing--30);padding-left:var(--wp--preset--spacing--30)\">\n<div class=\"wp-block-column is-layout-flow wp-block-column-is-layout-flow\" style=\"flex-basis:30%\">\n<figure class=\"wp-block-image aligncenter size-full is-resized has-custom-border\"><img loading=\"lazy\" decoding=\"async\" width=\"900\" height=\"900\" src=\"https:\/\/www.klasmeier.com\/wp-content\/uploads\/eXacal_Thermometerdraht.jpg\" alt=\"\" class=\"wp-image-2752\" style=\"border-radius:50px;width:388px;height:auto\" srcset=\"https:\/\/www.klasmeier.com\/wp-content\/uploads\/eXacal_Thermometerdraht.jpg 900w, https:\/\/www.klasmeier.com\/wp-content\/uploads\/eXacal_Thermometerdraht-300x300.jpg 300w, https:\/\/www.klasmeier.com\/wp-content\/uploads\/eXacal_Thermometerdraht-150x150.jpg 150w, https:\/\/www.klasmeier.com\/wp-content\/uploads\/eXacal_Thermometerdraht-768x768.jpg 768w, https:\/\/www.klasmeier.com\/wp-content\/uploads\/eXacal_Thermometerdraht-600x600.jpg 600w, https:\/\/www.klasmeier.com\/wp-content\/uploads\/eXacal_Thermometerdraht-100x100.jpg 100w\" sizes=\"auto, (max-width: 900px) 100vw, 900px\" \/><\/figure>\n<\/div>\n\n\n\n<div class=\"wp-block-column is-layout-flow wp-block-column-is-layout-flow\" style=\"padding-left:var(--wp--preset--spacing--10);flex-basis:70%\">\n<h3 class=\"wp-block-heading has-text-align-center\" id=\"thermometerdraht\">Drut termometru<\/h3>\n\n\n\n<p>Jako drut termometryczny w opornikach pomiarowych i kapilarach u\u017cywamy metali szlachetnych, a nie standardowych przewod\u00f3w os\u0142onowych. W zale\u017cno\u015bci od zakresu temperatury stosujemy czyste srebro lub platyn\u0119. Dzi\u0119ki temu minimalizujemy efekty termoelektryczne i redukujemy napi\u0119cia paso\u017cytnicze w termometrze.&nbsp;&nbsp;<\/p>\n<\/div>\n<\/div>\n\n\n\n<div class=\"wp-block-columns hvr-grow has-accent-background-color has-background is-layout-flex wp-container-core-columns-is-layout-cc9b1f73 wp-block-columns-is-layout-flex\" style=\"border-radius:50px;margin-top:var(--wp--preset--spacing--30);margin-bottom:var(--wp--preset--spacing--30);padding-top:var(--wp--preset--spacing--30);padding-right:var(--wp--preset--spacing--30);padding-bottom:var(--wp--preset--spacing--30);padding-left:var(--wp--preset--spacing--30)\">\n<div class=\"wp-block-column is-vertically-aligned-top is-layout-flow wp-block-column-is-layout-flow\" style=\"padding-left:var(--wp--preset--spacing--10);flex-basis:70%\">\n<h3 class=\"wp-block-heading has-text-align-center\" id=\"schutzrohre\">Rurki ochronne<\/h3>\n\n\n\n<p>Rurki ochronne s\u0105 dobierane pod k\u0105tem obci\u0105\u017cenia termicznego oraz charakterystyki atmosfery. Aby optymalnie chroni\u0107 czujnik temperatury przed wp\u0142ywami mechanicznymi i chemicznymi, w zale\u017cno\u015bci od zastosowania stosuje si\u0119 rurki ochronne wykonane z czystej ceramiki, metali szlachetnych, stop\u00f3w wysokotemperaturowych lub szafiru.<\/p>\n<\/div>\n\n\n\n<div class=\"wp-block-column is-layout-flow wp-block-column-is-layout-flow\" style=\"flex-basis:30%\">\n<figure class=\"wp-block-image aligncenter size-full is-resized has-custom-border\"><img loading=\"lazy\" decoding=\"async\" width=\"900\" height=\"900\" src=\"https:\/\/www.klasmeier.com\/wp-content\/uploads\/eXacal_Schutzrohre-1.jpg\" alt=\"\" class=\"wp-image-2759\" style=\"border-radius:50px;width:388px;height:auto\" srcset=\"https:\/\/www.klasmeier.com\/wp-content\/uploads\/eXacal_Schutzrohre-1.jpg 900w, https:\/\/www.klasmeier.com\/wp-content\/uploads\/eXacal_Schutzrohre-1-300x300.jpg 300w, https:\/\/www.klasmeier.com\/wp-content\/uploads\/eXacal_Schutzrohre-1-150x150.jpg 150w, https:\/\/www.klasmeier.com\/wp-content\/uploads\/eXacal_Schutzrohre-1-768x768.jpg 768w, https:\/\/www.klasmeier.com\/wp-content\/uploads\/eXacal_Schutzrohre-1-600x600.jpg 600w, https:\/\/www.klasmeier.com\/wp-content\/uploads\/eXacal_Schutzrohre-1-100x100.jpg 100w\" sizes=\"auto, (max-width: 900px) 100vw, 900px\" \/><\/figure>\n<\/div>\n<\/div>\n\n\n\n<div class=\"wp-block-columns hvr-grow has-accent-background-color has-background is-layout-flex wp-container-core-columns-is-layout-cc9b1f73 wp-block-columns-is-layout-flex\" style=\"border-radius:50px;margin-top:var(--wp--preset--spacing--30);margin-bottom:var(--wp--preset--spacing--30);padding-top:var(--wp--preset--spacing--30);padding-right:var(--wp--preset--spacing--30);padding-bottom:var(--wp--preset--spacing--30);padding-left:var(--wp--preset--spacing--30)\">\n<div class=\"wp-block-column is-layout-flow wp-block-column-is-layout-flow\" style=\"flex-basis:30%\">\n<figure class=\"wp-block-image aligncenter size-full is-resized has-custom-border\"><img loading=\"lazy\" decoding=\"async\" width=\"900\" height=\"900\" src=\"https:\/\/www.klasmeier.com\/wp-content\/uploads\/eXacal_Anschlussleitung-1.jpg\" alt=\"\" class=\"wp-image-2761\" style=\"border-radius:50px;width:388px;height:auto\" srcset=\"https:\/\/www.klasmeier.com\/wp-content\/uploads\/eXacal_Anschlussleitung-1.jpg 900w, https:\/\/www.klasmeier.com\/wp-content\/uploads\/eXacal_Anschlussleitung-1-300x300.jpg 300w, https:\/\/www.klasmeier.com\/wp-content\/uploads\/eXacal_Anschlussleitung-1-150x150.jpg 150w, https:\/\/www.klasmeier.com\/wp-content\/uploads\/eXacal_Anschlussleitung-1-768x768.jpg 768w, https:\/\/www.klasmeier.com\/wp-content\/uploads\/eXacal_Anschlussleitung-1-600x600.jpg 600w, https:\/\/www.klasmeier.com\/wp-content\/uploads\/eXacal_Anschlussleitung-1-100x100.jpg 100w\" sizes=\"auto, (max-width: 900px) 100vw, 900px\" \/><\/figure>\n<\/div>\n\n\n\n<div class=\"wp-block-column is-layout-flow wp-block-column-is-layout-flow\" style=\"padding-left:var(--wp--preset--spacing--10);flex-basis:70%\">\n<h3 class=\"wp-block-heading has-text-align-center\" id=\"anschlussleitungen\">Przewody przy\u0142\u0105czeniowe<\/h3>\n\n\n\n<p>Przewody przy\u0142\u0105czeniowe do termoelement\u00f3w i termometr\u00f3w rezystancyjnych s\u0105 konfekcjonowane r\u0119cznie. Wykorzystywane s\u0105 linki miedziane wykonane ze stopu miedzi o niskim napr\u0119\u017ceniu, kt\u00f3ry zosta\u0142 specjalnie odlany na potrzeby naszych termometr\u00f3w.&nbsp;Jako izolacja stosowany jest wzmocniony p\u0142aszcz tekstylny wykonany z poddanego obr\u00f3bce cieplnej w\u0142\u00f3kna szklanego, odpornego na wysokie temperatury. Dzi\u0119ki temu poszczeg\u00f3lne \u017cy\u0142y s\u0105 chronione przed obci\u0105\u017ceniami mechanicznymi, wysokimi temperaturami i rozpuszczalnikami organicznymi.<\/p>\n<\/div>\n<\/div>\n<\/div>\n\n\n\n<div class=\"wp-block-group alignfull has-global-padding is-layout-constrained wp-container-core-group-is-layout-0d683d8b wp-block-group-is-layout-constrained\" style=\"padding-top:var(--wp--preset--spacing--30);padding-bottom:var(--wp--preset--spacing--30)\">\n<h3 class=\"wp-block-heading alignwide has-text-align-center\" id=\"wysokiej-jakosci-walizka-eXacal\"><strong>Wysokiej jako\u015bci walizka eXacal<\/strong><\/h3>\n\n\n\n<p>Wszystkie termometry eXacal s\u0105 dostarczane w etui, ale opcjonalnie mo\u017cna je zam\u00f3wi\u0107 tak\u017ce w&nbsp;wysokiej jako\u015bci drewnianej walizce transportowej. Dzi\u0119ki solidnej drewnianej skrzynce z dopasowan\u0105 piankow\u0105 wk\u0142adk\u0105, delikatne termometry s\u0105 dobrze chronione podczas transportu i przechowywania.&nbsp;<\/p>\n\n\n\n<figure class=\"wp-block-image alignwide size-full has-custom-border\"><img loading=\"lazy\" decoding=\"async\" width=\"1280\" height=\"491\" src=\"https:\/\/www.klasmeier.com\/wp-content\/uploads\/eXacal-Koffer-mit-Thermoelement.png\" alt=\"\" class=\"wp-image-2765\" style=\"border-radius:50px\" srcset=\"https:\/\/www.klasmeier.com\/wp-content\/uploads\/eXacal-Koffer-mit-Thermoelement.png 1280w, https:\/\/www.klasmeier.com\/wp-content\/uploads\/eXacal-Koffer-mit-Thermoelement-300x115.png 300w, https:\/\/www.klasmeier.com\/wp-content\/uploads\/eXacal-Koffer-mit-Thermoelement-1024x393.png 1024w, https:\/\/www.klasmeier.com\/wp-content\/uploads\/eXacal-Koffer-mit-Thermoelement-768x295.png 768w, https:\/\/www.klasmeier.com\/wp-content\/uploads\/eXacal-Koffer-mit-Thermoelement-600x230.png 600w\" sizes=\"auto, (max-width: 1280px) 100vw, 1280px\" \/><\/figure>\n\n\n\n<div class=\"wp-block-columns is-layout-flex wp-container-core-columns-is-layout-514d0522 wp-block-columns-is-layout-flex\" style=\"padding-top:var(--wp--preset--spacing--20);padding-bottom:var(--wp--preset--spacing--20)\">\n<div class=\"wp-block-column is-layout-flow wp-block-column-is-layout-flow\">\n<figure class=\"wp-block-image size-full has-custom-border hvr-float\"><img loading=\"lazy\" decoding=\"async\" width=\"425\" height=\"283\" src=\"https:\/\/www.klasmeier.com\/wp-content\/uploads\/eXacal-Koffer-mit-Pt100.png\" alt=\"\" class=\"wp-image-2767\" style=\"border-radius:50px\" srcset=\"https:\/\/www.klasmeier.com\/wp-content\/uploads\/eXacal-Koffer-mit-Pt100.png 425w, https:\/\/www.klasmeier.com\/wp-content\/uploads\/eXacal-Koffer-mit-Pt100-300x200.png 300w\" sizes=\"auto, (max-width: 425px) 100vw, 425px\" \/><\/figure>\n<\/div>\n\n\n\n<div class=\"wp-block-column is-layout-flow wp-block-column-is-layout-flow\">\n<figure class=\"wp-block-image size-full has-custom-border hvr-float\"><img loading=\"lazy\" decoding=\"async\" width=\"425\" height=\"283\" src=\"https:\/\/www.klasmeier.com\/wp-content\/uploads\/eXacal-Koffer-Klasmeier.png\" alt=\"\" class=\"wp-image-2769\" style=\"border-radius:50px\" srcset=\"https:\/\/www.klasmeier.com\/wp-content\/uploads\/eXacal-Koffer-Klasmeier.png 425w, https:\/\/www.klasmeier.com\/wp-content\/uploads\/eXacal-Koffer-Klasmeier-300x200.png 300w\" sizes=\"auto, (max-width: 425px) 100vw, 425px\" \/><\/figure>\n<\/div>\n\n\n\n<div class=\"wp-block-column is-layout-flow wp-block-column-is-layout-flow\">\n<figure class=\"wp-block-image size-full has-custom-border hvr-float\"><img loading=\"lazy\" decoding=\"async\" width=\"425\" height=\"283\" src=\"https:\/\/www.klasmeier.com\/wp-content\/uploads\/eXacal-Holzkoffer-Detailansicht.png\" alt=\"\" class=\"wp-image-2771\" style=\"border-radius:50px\" srcset=\"https:\/\/www.klasmeier.com\/wp-content\/uploads\/eXacal-Holzkoffer-Detailansicht.png 425w, https:\/\/www.klasmeier.com\/wp-content\/uploads\/eXacal-Holzkoffer-Detailansicht-300x200.png 300w\" sizes=\"auto, (max-width: 425px) 100vw, 425px\" \/><\/figure>\n<\/div>\n<\/div>\n<\/div>\n\n\n\n<div class=\"wp-block-group alignfull has-global-padding is-layout-constrained wp-block-group-is-layout-constrained\" style=\"margin-top:var(--wp--preset--spacing--30);margin-bottom:var(--wp--preset--spacing--30);padding-top:var(--wp--preset--spacing--20);padding-bottom:var(--wp--preset--spacing--20)\">\n<h3 class=\"wp-block-heading alignwide has-text-align-center\" id=\"gemeinsam-die-richtige-losung-fur-sie-finden\"><strong>Razem znajdziemy dla Ciebie odpowiednie rozwi\u0105zanie<\/strong><\/h3>\n\n\n\n<div class=\"wp-block-columns alignwide hvr-grow has-accent-background-color has-background is-layout-flex wp-container-core-columns-is-layout-b6a795d6 wp-block-columns-is-layout-flex\" style=\"border-radius:50px;margin-top:var(--wp--preset--spacing--40);margin-bottom:var(--wp--preset--spacing--40);padding-top:var(--wp--preset--spacing--20);padding-right:var(--wp--preset--spacing--20);padding-bottom:var(--wp--preset--spacing--20);padding-left:var(--wp--preset--spacing--20)\">\n<div class=\"wp-block-column is-layout-flow wp-block-column-is-layout-flow\">\n<figure class=\"wp-block-image size-full has-custom-border\"><img loading=\"lazy\" decoding=\"async\" width=\"500\" height=\"333\" src=\"https:\/\/www.klasmeier.com\/wp-content\/uploads\/2024\/03\/TK.png\" alt=\"\" class=\"wp-image-1440\" style=\"border-radius:50px\" srcset=\"https:\/\/www.klasmeier.com\/wp-content\/uploads\/2024\/03\/TK.png 500w, https:\/\/www.klasmeier.com\/wp-content\/uploads\/2024\/03\/TK-300x200.png 300w\" sizes=\"auto, (max-width: 500px) 100vw, 500px\" \/><\/figure>\n<\/div>\n\n\n\n<div class=\"wp-block-column is-vertically-aligned-center is-layout-flow wp-block-column-is-layout-flow\">\n<h3 class=\"wp-block-heading has-text-align-center\" id=\"sprechen-sie-direkt-mit-unserem-experten\">Porozmawiaj bezpo\u015brednio z naszym ekspertem!<\/h3>\n\n\n\n<p class=\"has-text-align-center\"><br><strong>Tw\u00f3j osoba kontaktowa w Klasmeier:<\/strong><\/p>\n\n\n\n<p class=\"has-text-align-center\"><strong>Thomas Klasmeier<\/strong><\/p>\n\n\n\n<p class=\"has-text-align-center\"><mark style=\"background-color:rgba(0, 0, 0, 0);color:#dd3333\" class=\"has-inline-color\"><i class=\"fas fa-envelope\"><\/i><\/mark> <a href=\"https:\/\/www.klasmeier.com\/pl\/firma\/skontaktuj-sie-z-nami\/\">Skontaktuj si\u0119 teraz<\/a><\/p>\n<\/div>\n<\/div>\n<\/div>\n","protected":false},"excerpt":{"rendered":"<p>Termometry rezystancyjne i termopary Precyzyjne termometry eXacal s\u0105 stosowane do dok\u0142adnych pomiar\u00f3w temperatury lub jako termometry referencyjne do kalibracji innych termometr\u00f3w. Przez wiele lat by\u0142y one systematycznie optymalizowane w naszej manufakturze, aby zapewni\u0107 najwy\u017csz\u0105 dok\u0142adno\u015b\u0107 pomiar\u00f3w. R\u00f3\u017cne modele termometr\u00f3w eXacal mog\u0105 by\u0107&nbsp;stosowane w szerokim zakresie temperatur od -200 \u00b0C do 1200 \u00b0C. SPRT (Standardowy Platynowy [&hellip;]<\/p>\n","protected":false},"author":4,"featured_media":0,"parent":0,"menu_order":0,"comment_status":"closed","ping_status":"closed","template":"","meta":{"footnotes":""},"class_list":["post-10237","page","type-page","status-publish","hentry"],"_links":{"self":[{"href":"https:\/\/www.klasmeier.com\/pl\/wp-json\/wp\/v2\/pages\/10237","targetHints":{"allow":["GET"]}}],"collection":[{"href":"https:\/\/www.klasmeier.com\/pl\/wp-json\/wp\/v2\/pages"}],"about":[{"href":"https:\/\/www.klasmeier.com\/pl\/wp-json\/wp\/v2\/types\/page"}],"author":[{"embeddable":true,"href":"https:\/\/www.klasmeier.com\/pl\/wp-json\/wp\/v2\/users\/4"}],"replies":[{"embeddable":true,"href":"https:\/\/www.klasmeier.com\/pl\/wp-json\/wp\/v2\/comments?post=10237"}],"version-history":[{"count":16,"href":"https:\/\/www.klasmeier.com\/pl\/wp-json\/wp\/v2\/pages\/10237\/revisions"}],"predecessor-version":[{"id":13211,"href":"https:\/\/www.klasmeier.com\/pl\/wp-json\/wp\/v2\/pages\/10237\/revisions\/13211"}],"wp:attachment":[{"href":"https:\/\/www.klasmeier.com\/pl\/wp-json\/wp\/v2\/media?parent=10237"}],"curies":[{"name":"wp","href":"https:\/\/api.w.org\/{rel}","templated":true}]}}