{"id":10219,"date":"2024-03-12T16:53:01","date_gmt":"2024-03-12T15:53:01","guid":{"rendered":"https:\/\/www.klasmeier.com\/?page_id=10219"},"modified":"2025-02-24T14:27:22","modified_gmt":"2025-02-24T13:27:22","slug":"portret-firmy","status":"publish","type":"page","link":"https:\/\/www.klasmeier.com\/pl\/firma\/portret-firmy\/","title":{"rendered":"Portret firmy"},"content":{"rendered":"\n<div class=\"wp-block-group alignwide has-global-padding is-layout-constrained wp-container-core-group-is-layout-ff6bed8a wp-block-group-is-layout-constrained\" style=\"padding-top:var(--wp--preset--spacing--30);padding-bottom:var(--wp--preset--spacing--30)\">\n<h2 class=\"wp-block-heading alignwide has-text-align-center\"><strong>Najdok\u0142adniejsze pomiary temperatury \u2013 wykonywane w: Fulda<\/strong><\/h2>\n\n\n\n<h3 class=\"wp-block-heading alignwide has-text-align-center\">Klasmeier w dzielnicy M\u00fcnsterfeld od ponad 35 lat wyznacza najwy\u017csze standardy w obszarze kalibracji i metrologii<\/h3>\n\n\n\n<p>Czy wiedzieli\u015bcie Pa\u0144stwo, \u017ce w Fuldzie znajduje si\u0119 najdok\u0142adniejsze, prywatnie prowadzone laboratorium kalibracji temperatury w Niemczech? Oznacza to w praktyce, \u017ce w przypadku wielu komercyjnie dost\u0119pnych urz\u0105dze\u0144 uznanych marek \u2013 czy to termometr lekarski, pralka, piekarnik, wska\u017anik temperatury w komputerze pok\u0142adowym samolotu czy wy\u015bwietlacz w samochodzie \u2013 istnieje pewien zwi\u0105zek z Fuld\u0105, a konkretnie z firm\u0105 Klasmeier Kalibrier- und Messtechnik GmbH. Dzi\u0119ki naszym us\u0142ugom mo\u017cna mie\u0107 pewno\u015b\u0107, \u017ce wskazywana przez dane urz\u0105dzenie temperatura jest zgodna z rzeczywist\u0105 temperatur\u0105 wg norm krajowych i mi\u0119dzynarodowych.<\/p>\n<\/div>\n\n\n\n<div class=\"wp-block-group alignfull has-accent-background-color has-background has-global-padding is-layout-constrained wp-container-core-group-is-layout-76192a7f wp-block-group-is-layout-constrained\" style=\"padding-right:var(--wp--preset--spacing--30);padding-left:var(--wp--preset--spacing--30)\">\n<div class=\"wp-block-group alignwide has-global-padding is-layout-constrained wp-block-group-is-layout-constrained\" style=\"padding-top:var(--wp--preset--spacing--40);padding-bottom:var(--wp--preset--spacing--40)\">\n<figure class=\"wp-block-image alignwide size-full has-custom-border hvr-grow\"><img loading=\"lazy\" decoding=\"async\" width=\"1600\" height=\"1067\" src=\"https:\/\/www.klasmeier.com\/wp-content\/uploads\/2024\/03\/PK-TK.jpg\" alt=\"\" class=\"wp-image-1514\" style=\"border-radius:50px\" srcset=\"https:\/\/www.klasmeier.com\/wp-content\/uploads\/2024\/03\/PK-TK.jpg 1600w, https:\/\/www.klasmeier.com\/wp-content\/uploads\/2024\/03\/PK-TK-300x200.jpg 300w, https:\/\/www.klasmeier.com\/wp-content\/uploads\/2024\/03\/PK-TK-1024x683.jpg 1024w, https:\/\/www.klasmeier.com\/wp-content\/uploads\/2024\/03\/PK-TK-768x512.jpg 768w, https:\/\/www.klasmeier.com\/wp-content\/uploads\/2024\/03\/PK-TK-1536x1024.jpg 1536w, https:\/\/www.klasmeier.com\/wp-content\/uploads\/2024\/03\/PK-TK-600x400.jpg 600w\" sizes=\"auto, (max-width: 1600px) 100vw, 1600px\" \/><\/figure>\n<\/div>\n<\/div>\n\n\n\n<div class=\"wp-block-group alignfull has-global-padding is-layout-constrained wp-container-core-group-is-layout-7a94f013 wp-block-group-is-layout-constrained\" style=\"padding-top:var(--wp--preset--spacing--30);padding-right:var(--wp--preset--spacing--30);padding-bottom:var(--wp--preset--spacing--30);padding-left:var(--wp--preset--spacing--30)\">\n<div class=\"wp-block-columns alignwide is-layout-flex wp-container-core-columns-is-layout-28f84493 wp-block-columns-is-layout-flex\">\n<div class=\"wp-block-column is-vertically-aligned-center is-layout-flow wp-block-column-is-layout-flow\" style=\"flex-basis:33%\">\n<figure class=\"wp-block-image aligncenter size-full is-resized has-custom-border hvr-grow\"><img loading=\"lazy\" decoding=\"async\" width=\"370\" height=\"370\" src=\"https:\/\/www.klasmeier.com\/wp-content\/uploads\/2024\/03\/Zellenhalter.jpg\" alt=\"\" class=\"wp-image-1519\" style=\"border-radius:50px;width:405px;height:auto\" srcset=\"https:\/\/www.klasmeier.com\/wp-content\/uploads\/2024\/03\/Zellenhalter.jpg 370w, https:\/\/www.klasmeier.com\/wp-content\/uploads\/2024\/03\/Zellenhalter-300x300.jpg 300w, https:\/\/www.klasmeier.com\/wp-content\/uploads\/2024\/03\/Zellenhalter-150x150.jpg 150w, https:\/\/www.klasmeier.com\/wp-content\/uploads\/2024\/03\/Zellenhalter-100x100.jpg 100w\" sizes=\"auto, (max-width: 370px) 100vw, 370px\" \/><\/figure>\n<\/div>\n\n\n\n<div class=\"wp-block-column is-vertically-aligned-stretch is-layout-flow wp-block-column-is-layout-flow\" style=\"flex-basis:66%\">\n<h3 class=\"wp-block-heading\"><strong>Pomiary z u\u017cyciem pierwiastk\u00f3w chemicznych, takich jak cynk, aluminium czy gal<\/strong><\/h3>\n\n\n\n<div class=\"wp-block-group has-global-padding is-layout-constrained wp-container-core-group-is-layout-029b1f03 wp-block-group-is-layout-constrained\">\n<p>Osoba wchodz\u0105ca do jasnego i przestronnego laboratorium firmy Klasmeier GmbH przy Flemingstra\u00dfe 12-14 najpierw zauwa\u017cy przyjemnie ch\u0142odne powietrze: temperatura w pomieszczeniu jest utrzymywana stale na poziomie 22\u00b0C, aby zapewni\u0107 optymaln\u0105 prac\u0119 nowoczesnych urz\u0105dze\u0144 kalibracyjnych. Liczne kalibratory zosta\u0142y zaprojektowane w r\u00f3\u017cny spos\u00f3b i oferuj\u0105 idealne rozwi\u0105zanie dla ka\u017cdego zlecenia: s\u0105 tam kalibratory blokowe, k\u0105piele kalibracyjne czy piece kalibracyjne \u2013 a do pomiar\u00f3w wykorzystuje si\u0119 r\u00f3\u017cne pierwiastki chemiczne, od wysoko oczyszczonej wody, przez srebro, rt\u0119\u0107, cynk i cyna, po mniej znane elementy, takie jak argon, gal czy ind.<\/p>\n\n\n\n<div class=\"wp-block-buttons is-content-justification-center is-layout-flex wp-container-core-buttons-is-layout-a89b3969 wp-block-buttons-is-layout-flex\">\n<div class=\"wp-block-button hvr-shrink\"><a class=\"wp-block-button__link wp-element-button\" href=\"\/pl\/kalibrierdienst-klasmeier\/\" style=\"padding-top:var(--wp--preset--spacing--10);padding-right:var(--wp--preset--spacing--20);padding-bottom:var(--wp--preset--spacing--10);padding-left:var(--wp--preset--spacing--20)\">Wi\u0119cej o naszej ofercie kalibracyjnej<\/a><\/div>\n<\/div>\n<\/div>\n<\/div>\n<\/div>\n<\/div>\n\n\n\n<div class=\"wp-block-group alignfull has-accent-background-color has-background has-global-padding is-layout-constrained wp-container-core-group-is-layout-16519ba3 wp-block-group-is-layout-constrained\" style=\"padding-top:var(--wp--preset--spacing--40);padding-right:var(--wp--preset--spacing--30);padding-bottom:var(--wp--preset--spacing--40);padding-left:var(--wp--preset--spacing--30)\">\n<div class=\"wp-block-group alignwide has-global-padding is-layout-constrained wp-block-group-is-layout-constrained\">\n<figure class=\"wp-block-image alignwide size-full has-custom-border hvr-grow\"><img loading=\"lazy\" decoding=\"async\" width=\"1600\" height=\"1003\" src=\"https:\/\/www.klasmeier.com\/wp-content\/uploads\/2024\/03\/eXacal_Fertigung.jpg\" alt=\"\" class=\"wp-image-1392\" style=\"border-radius:50px\" srcset=\"https:\/\/www.klasmeier.com\/wp-content\/uploads\/2024\/03\/eXacal_Fertigung.jpg 1600w, https:\/\/www.klasmeier.com\/wp-content\/uploads\/2024\/03\/eXacal_Fertigung-300x188.jpg 300w, https:\/\/www.klasmeier.com\/wp-content\/uploads\/2024\/03\/eXacal_Fertigung-1024x642.jpg 1024w, https:\/\/www.klasmeier.com\/wp-content\/uploads\/2024\/03\/eXacal_Fertigung-768x481.jpg 768w, https:\/\/www.klasmeier.com\/wp-content\/uploads\/2024\/03\/eXacal_Fertigung-1536x963.jpg 1536w, https:\/\/www.klasmeier.com\/wp-content\/uploads\/2024\/03\/eXacal_Fertigung-600x376.jpg 600w\" sizes=\"auto, (max-width: 1600px) 100vw, 1600px\" \/><\/figure>\n<\/div>\n<\/div>\n\n\n\n<div class=\"wp-block-group alignfull has-base-background-color has-background has-global-padding is-layout-constrained wp-container-core-group-is-layout-7a94f013 wp-block-group-is-layout-constrained\" style=\"padding-top:var(--wp--preset--spacing--30);padding-right:var(--wp--preset--spacing--30);padding-bottom:var(--wp--preset--spacing--30);padding-left:var(--wp--preset--spacing--30)\">\n<div class=\"wp-block-group alignwide has-global-padding is-layout-constrained wp-container-core-group-is-layout-029b1f03 wp-block-group-is-layout-constrained\">\n<h3 class=\"wp-block-heading alignwide has-text-align-center\"><strong><strong><strong>W\u0142asna manufaktura eXacal \u2013 Precyzyjne termometry<\/strong><\/strong><\/strong><\/h3>\n\n\n\n<p class=\"has-text-align-left\">Dok\u0142adnie naprzeciwko laboratorium znajduje si\u0119 wewn\u0119trzna manufaktura, w kt\u00f3rej r\u0119cznie produkowane s\u0105 <a href=\"https:\/\/www.klasmeier.com\/pl\/praezisionsthermometer-von-klasmeier\/\">termometry precyzyjne eXacal<\/a>. \u201eW pewnym momencie doszli\u015bmy do wniosku, \u017ce na rynku nie mo\u017cna ju\u017c znale\u017a\u0107 wystarczaj\u0105co dok\u0142adnych, niestandardowych termometr\u00f3w referencyjnych spe\u0142niaj\u0105cych nasze wymagania. W zwi\u0105zku z tym w 2015 roku rozpocz\u0119li\u015bmy czteroletni\u0105 prac\u0119 rozwojow\u0105 nad w\u0142asn\u0105 produkcj\u0105 termometr\u00f3w, kt\u00f3re mog\u0105 by\u0107 stosowane do precyzyjnych pomiar\u00f3w temperatury albo s\u0142u\u017cy\u0107 jako wzorzec laboratoryjny w zakresie temperatur od -200\u00b0C do 1200\u00b0C\u201d \u2013 wyja\u015bnia dyrektor zarz\u0105dzaj\u0105cy, Thomas Klasmeier.<\/p>\n\n\n\n<div class=\"wp-block-buttons is-content-justification-center is-layout-flex wp-container-core-buttons-is-layout-a89b3969 wp-block-buttons-is-layout-flex\">\n<div class=\"wp-block-button hvr-shrink\"><a class=\"wp-block-button__link wp-element-button\" href=\"\/pl\/thermometer-manufaktur\/\" style=\"padding-top:var(--wp--preset--spacing--10);padding-right:var(--wp--preset--spacing--20);padding-bottom:var(--wp--preset--spacing--10);padding-left:var(--wp--preset--spacing--20)\">Wi\u0119cej o manufakturze eXacal<\/a><\/div>\n<\/div>\n<\/div>\n<\/div>\n\n\n\n<div class=\"wp-block-group alignfull has-accent-background-color has-background has-global-padding is-layout-constrained wp-container-core-group-is-layout-7a94f013 wp-block-group-is-layout-constrained\" style=\"padding-top:var(--wp--preset--spacing--30);padding-right:var(--wp--preset--spacing--30);padding-bottom:var(--wp--preset--spacing--30);padding-left:var(--wp--preset--spacing--30)\">\n<div class=\"wp-block-columns alignwide are-vertically-aligned-center is-layout-flex wp-container-core-columns-is-layout-3a44fd3c wp-block-columns-is-layout-flex\" style=\"padding-top:var(--wp--preset--spacing--30);padding-bottom:var(--wp--preset--spacing--30)\">\n<div class=\"wp-block-column is-vertically-aligned-center hvr-grow is-layout-flow wp-block-column-is-layout-flow\">\n<figure class=\"wp-block-image aligncenter size-full has-custom-border\"><img loading=\"lazy\" decoding=\"async\" width=\"300\" height=\"300\" src=\"https:\/\/www.klasmeier.com\/wp-content\/uploads\/2024\/03\/Klasmeier-eXacal-Thermometer.jpg\" alt=\"\" class=\"wp-image-1532\" style=\"border-radius:50px\" srcset=\"https:\/\/www.klasmeier.com\/wp-content\/uploads\/2024\/03\/Klasmeier-eXacal-Thermometer.jpg 300w, https:\/\/www.klasmeier.com\/wp-content\/uploads\/2024\/03\/Klasmeier-eXacal-Thermometer-150x150.jpg 150w, https:\/\/www.klasmeier.com\/wp-content\/uploads\/2024\/03\/Klasmeier-eXacal-Thermometer-100x100.jpg 100w\" sizes=\"auto, (max-width: 300px) 100vw, 300px\" \/><\/figure>\n<\/div>\n\n\n\n<div class=\"wp-block-column is-vertically-aligned-center hvr-grow is-layout-flow wp-block-column-is-layout-flow\">\n<figure class=\"wp-block-image aligncenter size-full has-custom-border\"><img loading=\"lazy\" decoding=\"async\" width=\"300\" height=\"300\" src=\"https:\/\/www.klasmeier.com\/wp-content\/uploads\/2024\/03\/3D-Druck-eXacal-Thermometer.jpg\" alt=\"\" class=\"wp-image-1534\" style=\"border-radius:50px\" srcset=\"https:\/\/www.klasmeier.com\/wp-content\/uploads\/2024\/03\/3D-Druck-eXacal-Thermometer.jpg 300w, https:\/\/www.klasmeier.com\/wp-content\/uploads\/2024\/03\/3D-Druck-eXacal-Thermometer-150x150.jpg 150w, https:\/\/www.klasmeier.com\/wp-content\/uploads\/2024\/03\/3D-Druck-eXacal-Thermometer-100x100.jpg 100w\" sizes=\"auto, (max-width: 300px) 100vw, 300px\" \/><\/figure>\n<\/div>\n\n\n\n<div class=\"wp-block-column is-vertically-aligned-center hvr-grow is-layout-flow wp-block-column-is-layout-flow\">\n<figure class=\"wp-block-image aligncenter size-full has-custom-border\"><img loading=\"lazy\" decoding=\"async\" width=\"300\" height=\"300\" src=\"https:\/\/www.klasmeier.com\/wp-content\/uploads\/2024\/03\/eXacal-Thermometer-Fertigung.jpg\" alt=\"\" class=\"wp-image-1536\" style=\"border-radius:50px\" srcset=\"https:\/\/www.klasmeier.com\/wp-content\/uploads\/2024\/03\/eXacal-Thermometer-Fertigung.jpg 300w, https:\/\/www.klasmeier.com\/wp-content\/uploads\/2024\/03\/eXacal-Thermometer-Fertigung-150x150.jpg 150w, https:\/\/www.klasmeier.com\/wp-content\/uploads\/2024\/03\/eXacal-Thermometer-Fertigung-100x100.jpg 100w\" sizes=\"auto, (max-width: 300px) 100vw, 300px\" \/><\/figure>\n<\/div>\n\n\n\n<div class=\"wp-block-column is-vertically-aligned-center hvr-grow is-layout-flow wp-block-column-is-layout-flow\">\n<figure class=\"wp-block-image aligncenter size-full has-custom-border\"><img loading=\"lazy\" decoding=\"async\" width=\"300\" height=\"300\" src=\"https:\/\/www.klasmeier.com\/wp-content\/uploads\/2024\/03\/Thermometer-Fertigung.jpg\" alt=\"\" class=\"wp-image-1538\" style=\"border-radius:50px\" srcset=\"https:\/\/www.klasmeier.com\/wp-content\/uploads\/2024\/03\/Thermometer-Fertigung.jpg 300w, https:\/\/www.klasmeier.com\/wp-content\/uploads\/2024\/03\/Thermometer-Fertigung-150x150.jpg 150w, https:\/\/www.klasmeier.com\/wp-content\/uploads\/2024\/03\/Thermometer-Fertigung-100x100.jpg 100w\" sizes=\"auto, (max-width: 300px) 100vw, 300px\" \/><\/figure>\n<\/div>\n<\/div>\n<\/div>\n\n\n\n<div class=\"wp-block-group alignfull has-base-background-color has-background has-global-padding is-layout-constrained wp-container-core-group-is-layout-7a94f013 wp-block-group-is-layout-constrained\" style=\"padding-top:var(--wp--preset--spacing--30);padding-right:var(--wp--preset--spacing--30);padding-bottom:var(--wp--preset--spacing--30);padding-left:var(--wp--preset--spacing--30)\">\n<div class=\"wp-block-group alignwide has-global-padding is-layout-constrained wp-container-core-group-is-layout-029b1f03 wp-block-group-is-layout-constrained\">\n<h3 class=\"wp-block-heading alignwide has-text-align-center\"><strong><strong><strong><strong>Szerokie grono klient\u00f3w z przemys\u0142u i instytucji badawczych<\/strong><\/strong><\/strong><\/strong><\/h3>\n\n\n\n<p class=\"has-text-align-left\" style=\"font-size:clamp(0.929rem, 0.929rem + ((1vw - 0.2rem) * 0.785), 1.4rem);\">Dyplomowany in\u017cynier przej\u0105\u0142 stery firmy pi\u0119\u0107 lat temu od swego ojca, Peter Klasmeier. Od tamtej pory Thomas Klasmeier stale poszerza portfolio us\u0142ug: Opr\u00f3cz dystrybucji \u2013 wraz z przegl\u0105dami i serwisem urz\u0105dze\u0144 kalibracyjnych \u2013 firma rodzinna \u015bwiadczy tak\u017ce us\u0142ugi kalibracyjne, zajmuje si\u0119 produkcj\u0105 termometr\u00f3w precyzyjnych i organizuje seminaria szkoleniowe. W\u015br\u00f3d klient\u00f3w znajduj\u0105 si\u0119 nie tylko przedsi\u0119biorstwa z bran\u017c motoryzacyjnej, lotniczej czy elektronicznej, ale te\u017c instytuty badawcze oraz uczelnie wy\u017csze, kt\u00f3re ch\u0119tnie korzystaj\u0105 z wyj\u0105tkowej precyzji ekspert\u00f3w z Fuldy.<\/p>\n\n\n\n<div class=\"wp-block-buttons is-content-justification-center is-layout-flex wp-container-core-buttons-is-layout-a89b3969 wp-block-buttons-is-layout-flex\">\n<div class=\"wp-block-button hvr-shrink\"><a class=\"wp-block-button__link wp-element-button\" href=\"\/pl\/shop\/\" style=\"padding-top:var(--wp--preset--spacing--10);padding-right:var(--wp--preset--spacing--20);padding-bottom:var(--wp--preset--spacing--10);padding-left:var(--wp--preset--spacing--20)\">Wi\u0119cej o naszej ofercie produktowej<\/a><\/div>\n<\/div>\n<\/div>\n<\/div>\n\n\n\n<div class=\"wp-block-group alignfull has-accent-background-color has-background has-global-padding is-layout-constrained wp-container-core-group-is-layout-2fa654f9 wp-block-group-is-layout-constrained\" style=\"padding-top:var(--wp--preset--spacing--30);padding-right:0;padding-bottom:var(--wp--preset--spacing--30);padding-left:0\">\n<div class=\"wp-block-group alignwide has-global-padding is-layout-constrained wp-container-core-group-is-layout-6be67e35 wp-block-group-is-layout-constrained\" style=\"border-style:none;border-width:0px;border-radius:50px;padding-top:var(--wp--preset--spacing--20);padding-right:var(--wp--preset--spacing--30);padding-bottom:var(--wp--preset--spacing--20);padding-left:var(--wp--preset--spacing--30)\">\n<h3 class=\"wp-block-heading alignwide has-text-align-center\"><strong><strong>Za\u0142o\u017cenie firmy w 1986 roku przez Peter Klasmeier<\/strong><\/strong><\/h3>\n\n\n\n<div class=\"wp-block-columns alignwide is-layout-flex wp-container-core-columns-is-layout-28f84493 wp-block-columns-is-layout-flex\">\n<div class=\"wp-block-column is-vertically-aligned-center is-layout-flow wp-block-column-is-layout-flow\" style=\"flex-basis:60%\">\n<p class=\"has-text-align-left\">\u201eWszystko zacz\u0119\u0142o si\u0119 w 1986 roku, kiedy m\u00f3j ojciec, jako in\u017cynier, zdecydowa\u0142 si\u0119 pracowa\u0107 na w\u0142asny rachunek i opracowywa\u0142 oraz wdra\u017ca\u0142 technologie kalibracyjne dostosowane do indywidualnych potrzeb firm. Wcze\u015bniej w wi\u0119kszym przedsi\u0119biorstwie w Fuldzie zajmowa\u0142 si\u0119 projektowaniem termometr\u00f3w i zastanawia\u0142 si\u0119, jak dok\u0142adnie taki termometr mo\u017ce dzia\u0142a\u0107\u201d \u2013 wspomina Thomas Klasmeier o momencie narodzin firmy Klasmeier. W tamtych czasach poj\u0119cie \u201ekalibracja\u201d w og\u00f3le nie funkcjonowa\u0142o: \u201eWeryfikacj\u0105, czy wskazania termometru faktycznie odpowiadaj\u0105 obowi\u0105zuj\u0105cym normom, zajmowa\u0142y si\u0119 w\u00f3wczas tzw. urz\u0119dy miar, kt\u00f3re w tej formie dzisiaj ju\u017c nie istniej\u0105\u201d. Od tamtej pory firma Klasmeier ci\u0105gle si\u0119 rozwija \u2013 podobnie jak liczba pracownik\u00f3w, kt\u00f3ra z jednej osoby w biurze rozros\u0142a si\u0119 do 15-osobowego zespo\u0142u.<\/p>\n<\/div>\n\n\n\n<div class=\"wp-block-column is-vertically-aligned-center is-layout-flow wp-block-column-is-layout-flow\" style=\"flex-basis:40%\">\n<figure class=\"wp-block-image aligncenter size-full is-resized has-custom-border hvr-grow wp-container-content-dc435e0d\"><img loading=\"lazy\" decoding=\"async\" width=\"350\" height=\"226\" src=\"https:\/\/www.klasmeier.com\/wp-content\/uploads\/2024\/03\/image-1.jpeg\" alt=\"\" class=\"wp-image-1543\" style=\"border-radius:50px;width:466px;height:auto\" srcset=\"https:\/\/www.klasmeier.com\/wp-content\/uploads\/2024\/03\/image-1.jpeg 350w, https:\/\/www.klasmeier.com\/wp-content\/uploads\/2024\/03\/image-1-300x194.jpeg 300w\" sizes=\"auto, (max-width: 350px) 100vw, 350px\" \/><\/figure>\n<\/div>\n<\/div>\n\n\n\n<div class=\"wp-block-buttons is-content-justification-center is-layout-flex wp-container-core-buttons-is-layout-a89b3969 wp-block-buttons-is-layout-flex\">\n<div class=\"wp-block-button is-style-outline hvr-shrink is-style-outline--1\"><a class=\"wp-block-button__link wp-element-button\" href=\"\/pl\/unternehmen\/\" style=\"padding-top:var(--wp--preset--spacing--10);padding-right:var(--wp--preset--spacing--20);padding-bottom:var(--wp--preset--spacing--10);padding-left:var(--wp--preset--spacing--20)\">Wi\u0119cej o firmie<\/a><\/div>\n<\/div>\n<\/div>\n<\/div>\n\n\n\n<div style=\"height:7px\" aria-hidden=\"true\" class=\"wp-block-spacer\"><\/div>\n\n\n\n<div class=\"wp-block-group alignfull has-base-background-color has-background is-content-justification-center is-nowrap is-layout-flex wp-container-core-group-is-layout-2d94d167 wp-block-group-is-layout-flex\" style=\"padding-top:var(--wp--preset--spacing--30);padding-bottom:var(--wp--preset--spacing--30)\">\n<div class=\"wp-block-group alignwide has-base-background-color has-background has-global-padding is-layout-constrained wp-container-core-group-is-layout-0cbc8d5c wp-block-group-is-layout-constrained\" style=\"border-style:none;border-width:0px;border-radius:50px;padding-top:0;padding-right:var(--wp--preset--spacing--30);padding-bottom:0;padding-left:var(--wp--preset--spacing--30)\">\n<h3 class=\"wp-block-heading alignwide has-text-align-center\"><strong><strong><strong><strong><strong><strong><strong><strong>Akredytowane i niezale\u017cne od producenta laboratorium<\/strong><\/strong><\/strong><\/strong><\/strong><\/strong><\/strong><\/strong><\/h3>\n\n\n\n<div class=\"wp-block-columns alignwide is-layout-flex wp-container-core-columns-is-layout-f5f7395f wp-block-columns-is-layout-flex\">\n<div class=\"wp-block-column is-vertically-aligned-center is-layout-flow wp-block-column-is-layout-flow\" style=\"flex-basis:33%\">\n<figure class=\"wp-block-image size-full is-resized has-custom-border hvr-grow wp-container-content-dc435e0d\"><img loading=\"lazy\" decoding=\"async\" width=\"460\" height=\"180\" src=\"https:\/\/www.klasmeier.com\/wp-content\/uploads\/2024\/04\/DAkkS-logo-KK.jpg\" alt=\"\" class=\"wp-image-2333\" style=\"border-radius:50px;width:386px;height:auto\" srcset=\"https:\/\/www.klasmeier.com\/wp-content\/uploads\/2024\/04\/DAkkS-logo-KK.jpg 460w, https:\/\/www.klasmeier.com\/wp-content\/uploads\/2024\/04\/DAkkS-logo-KK-300x117.jpg 300w\" sizes=\"auto, (max-width: 460px) 100vw, 460px\" \/><\/figure>\n<\/div>\n\n\n\n<div class=\"wp-block-column is-layout-flow wp-block-column-is-layout-flow\" style=\"flex-basis:66%\">\n<p class=\"has-text-align-left\">\u201eW dziedzinie kalibracji temperatury jeste\u015bmy ju\u017c liderem w skali ca\u0142ego kraju, nikt nie wykonuje tego tak dobrze jak my\u201d \u2013 m\u00f3wi z dum\u0105 dyplomowany in\u017cynier. Na czym konkretnie polega kalibracja? \u201eM\u00f3wi\u0105c w uproszczeniu, podczas kalibracji sprawdzamy dok\u0142adno\u015b\u0107 wskaza\u0144 danego termometru, na przyk\u0142ad por\u00f3wnuj\u0105c go z bardziej precyzyjnym termometrem referencyjnym.\u201d Efektem jest \u015bwiadectwo kalibracji z symbolem akredytacji wydane przez laboratorium Klasmeier. \u201eW naszym akredytowanym i niezale\u017cnym od producent\u00f3w laboratorium kalibrujemy wzorce temperatury z najmniejszymi niepewno\u015bciami pomiaru w DAkkS \u2013 czyli w Niemieckiej Jednostce Akredytuj\u0105cej. Praktycznie stale przechodzimy kosztown\u0105 i skomplikowan\u0105 procedur\u0119 akredytacyjn\u0105, kt\u00f3ra wa\u017cna jest przez pi\u0119\u0107 lat i wymaga kontroli co 18 miesi\u0119cy. Poza t\u0105 akredytacj\u0105 krajow\u0105 posiadamy tak\u017ce uznawan\u0105 na ca\u0142ym \u015bwiecie akredytacj\u0119 organizacji ILAC MRA, mi\u0119dzynarodowego stowarzyszenia jednostek akredytuj\u0105cych\u201d \u2013 dodaje dyplomowany in\u017cynier.<\/p>\n<\/div>\n<\/div>\n\n\n\n<div class=\"wp-block-buttons is-content-justification-center is-layout-flex wp-container-core-buttons-is-layout-a89b3969 wp-block-buttons-is-layout-flex\">\n<div class=\"wp-block-button has-custom-font-size hvr-shrink has-medium-font-size\" style=\"font-style:normal;font-weight:600\"><a class=\"wp-block-button__link has-contrast-color has-accent-background-color has-text-color has-background has-link-color wp-element-button\" href=\"\/pl\/kalibrierdienst-klasmeier\/\" style=\"border-radius:50px;padding-top:var(--wp--preset--spacing--10);padding-right:var(--wp--preset--spacing--20);padding-bottom:var(--wp--preset--spacing--10);padding-left:var(--wp--preset--spacing--20)\">Wi\u0119cej o serwisie kalibracyjnym<\/a><\/div>\n<\/div>\n<\/div>\n<\/div>\n\n\n\n<div class=\"wp-block-group alignfull has-accent-background-color has-background has-global-padding is-layout-constrained wp-container-core-group-is-layout-7a94f013 wp-block-group-is-layout-constrained\" style=\"padding-top:var(--wp--preset--spacing--30);padding-right:var(--wp--preset--spacing--30);padding-bottom:var(--wp--preset--spacing--30);padding-left:var(--wp--preset--spacing--30)\">\n<div class=\"wp-block-columns alignwide is-layout-flex wp-container-core-columns-is-layout-7fc1092b wp-block-columns-is-layout-flex\" style=\"padding-top:var(--wp--preset--spacing--20);padding-bottom:var(--wp--preset--spacing--20)\">\n<div class=\"wp-block-column hvr-grow is-layout-flow wp-block-column-is-layout-flow\">\n<figure class=\"wp-block-image aligncenter size-full has-custom-border\"><img loading=\"lazy\" decoding=\"async\" width=\"300\" height=\"300\" src=\"https:\/\/www.klasmeier.com\/wp-content\/uploads\/2024\/03\/Kalibrierdienst-Klasmeier.jpg\" alt=\"\" class=\"wp-image-1554\" style=\"border-radius:50px\" srcset=\"https:\/\/www.klasmeier.com\/wp-content\/uploads\/2024\/03\/Kalibrierdienst-Klasmeier.jpg 300w, https:\/\/www.klasmeier.com\/wp-content\/uploads\/2024\/03\/Kalibrierdienst-Klasmeier-150x150.jpg 150w, https:\/\/www.klasmeier.com\/wp-content\/uploads\/2024\/03\/Kalibrierdienst-Klasmeier-100x100.jpg 100w\" sizes=\"auto, (max-width: 300px) 100vw, 300px\" \/><\/figure>\n<\/div>\n\n\n\n<div class=\"wp-block-column hvr-grow is-layout-flow wp-block-column-is-layout-flow\">\n<figure class=\"wp-block-image aligncenter size-full has-custom-border\"><img loading=\"lazy\" decoding=\"async\" width=\"300\" height=\"300\" src=\"https:\/\/www.klasmeier.com\/wp-content\/uploads\/2024\/03\/Kalibrierdienst-KK.jpg\" alt=\"\" class=\"wp-image-1556\" style=\"border-radius:50px\" srcset=\"https:\/\/www.klasmeier.com\/wp-content\/uploads\/2024\/03\/Kalibrierdienst-KK.jpg 300w, https:\/\/www.klasmeier.com\/wp-content\/uploads\/2024\/03\/Kalibrierdienst-KK-150x150.jpg 150w, https:\/\/www.klasmeier.com\/wp-content\/uploads\/2024\/03\/Kalibrierdienst-KK-100x100.jpg 100w\" sizes=\"auto, (max-width: 300px) 100vw, 300px\" \/><\/figure>\n<\/div>\n\n\n\n<div class=\"wp-block-column hvr-grow is-layout-flow wp-block-column-is-layout-flow\">\n<figure class=\"wp-block-image aligncenter size-full has-custom-border\"><img loading=\"lazy\" decoding=\"async\" width=\"300\" height=\"300\" src=\"https:\/\/www.klasmeier.com\/wp-content\/uploads\/2024\/03\/eXacal-Thermometer.jpg\" alt=\"\" class=\"wp-image-1558\" style=\"border-radius:50px\" srcset=\"https:\/\/www.klasmeier.com\/wp-content\/uploads\/2024\/03\/eXacal-Thermometer.jpg 300w, https:\/\/www.klasmeier.com\/wp-content\/uploads\/2024\/03\/eXacal-Thermometer-150x150.jpg 150w, https:\/\/www.klasmeier.com\/wp-content\/uploads\/2024\/03\/eXacal-Thermometer-100x100.jpg 100w\" sizes=\"auto, (max-width: 300px) 100vw, 300px\" \/><\/figure>\n<\/div>\n\n\n\n<div class=\"wp-block-column hvr-grow is-layout-flow wp-block-column-is-layout-flow\">\n<figure class=\"wp-block-image aligncenter size-full has-custom-border\"><img loading=\"lazy\" decoding=\"async\" width=\"300\" height=\"300\" src=\"https:\/\/www.klasmeier.com\/wp-content\/uploads\/2024\/03\/Klasmeier-Labor.jpg\" alt=\"\" class=\"wp-image-1560\" style=\"border-radius:50px\" srcset=\"https:\/\/www.klasmeier.com\/wp-content\/uploads\/2024\/03\/Klasmeier-Labor.jpg 300w, https:\/\/www.klasmeier.com\/wp-content\/uploads\/2024\/03\/Klasmeier-Labor-150x150.jpg 150w, https:\/\/www.klasmeier.com\/wp-content\/uploads\/2024\/03\/Klasmeier-Labor-100x100.jpg 100w\" sizes=\"auto, (max-width: 300px) 100vw, 300px\" \/><\/figure>\n<\/div>\n<\/div>\n<\/div>\n\n\n\n<div class=\"wp-block-group alignfull has-base-background-color has-background has-global-padding is-layout-constrained wp-container-core-group-is-layout-7a94f013 wp-block-group-is-layout-constrained\" style=\"padding-top:var(--wp--preset--spacing--30);padding-right:var(--wp--preset--spacing--30);padding-bottom:var(--wp--preset--spacing--30);padding-left:var(--wp--preset--spacing--30)\">\n<div class=\"wp-block-group alignwide has-global-padding is-layout-constrained wp-container-core-group-is-layout-029b1f03 wp-block-group-is-layout-constrained\">\n<h3 class=\"wp-block-heading alignwide has-text-align-center\"><strong><strong><strong><strong><strong>Kalibracje por\u00f3wnawcze i kalibracje w punktach sta\u0142ych z najwy\u017csz\u0105 precyzj\u0105<\/strong><\/strong><\/strong><\/strong><\/strong><\/h3>\n\n\n\n<p class=\"has-text-align-left\">\u201ePrzeprowadzamy kalibracj\u0119 por\u00f3wnawcz\u0105 w zakresie temperatur od -196\u00b0C do 1200\u00b0C, wykorzystuj\u0105c bardzo dok\u0142adne termometry referencyjne, albo kalibracj\u0119 w punktach sta\u0142ych w zakresie od -189\u00b0C do 961\u00b0C\u201d \u2013 wyja\u015bnia Thomas Klasmeier, zdradzaj\u0105c sekrety termodynamiki. Kalibracja w punktach sta\u0142ych? \u201ePunkty sta\u0142e temperatury to ustalone, niezmienne warto\u015bci, na kt\u00f3rych opiera si\u0119 skala temperatur. Ju\u017c Anders Celsius w swojej skali okre\u015bli\u0142, \u017ce np. temperatury, w kt\u00f3rych woda przechodzi z cia\u0142a sta\u0142ego w ciecz oraz z cieczy w gaz, wynosz\u0105 0\u00b0C oraz 100\u00b0C\u201d \u2013 m\u00f3wi Thomas Klasmeier. Takie punkty sta\u0142e istniej\u0105 jednak tak\u017ce dla innych pierwiastk\u00f3w chemicznych, np. dla aluminium, kt\u00f3rego punkt krzepni\u0119cia le\u017cy dok\u0142adnie przy 660,323\u00b0C.<\/p>\n\n\n\n<div class=\"wp-block-buttons is-content-justification-center is-layout-flex wp-container-core-buttons-is-layout-a89b3969 wp-block-buttons-is-layout-flex\">\n<div class=\"wp-block-button hvr-shrink\"><a class=\"wp-block-button__link wp-element-button\" href=\"\/pl\/kalibrierdienst-klasmeier\/\" style=\"padding-top:var(--wp--preset--spacing--10);padding-right:var(--wp--preset--spacing--20);padding-bottom:var(--wp--preset--spacing--10);padding-left:var(--wp--preset--spacing--20)\">Wi\u0119cej o kalibracjach<\/a><\/div>\n<\/div>\n<\/div>\n<\/div>\n\n\n\n<div class=\"wp-block-group alignfull has-accent-background-color has-background has-global-padding is-layout-constrained wp-container-core-group-is-layout-16519ba3 wp-block-group-is-layout-constrained\" style=\"padding-top:var(--wp--preset--spacing--40);padding-right:var(--wp--preset--spacing--30);padding-bottom:var(--wp--preset--spacing--40);padding-left:var(--wp--preset--spacing--30)\">\n<div class=\"wp-block-group alignwide has-global-padding is-layout-constrained wp-block-group-is-layout-constrained\">\n<figure class=\"wp-block-image alignwide size-full has-custom-border hvr-grow\"><img loading=\"lazy\" decoding=\"async\" width=\"1600\" height=\"750\" src=\"https:\/\/www.klasmeier.com\/wp-content\/uploads\/2024\/03\/Temperatur-Seminare-Klasmeier.png\" alt=\"\" class=\"wp-image-1564\" style=\"border-radius:50px\" srcset=\"https:\/\/www.klasmeier.com\/wp-content\/uploads\/2024\/03\/Temperatur-Seminare-Klasmeier.png 1600w, https:\/\/www.klasmeier.com\/wp-content\/uploads\/2024\/03\/Temperatur-Seminare-Klasmeier-300x141.png 300w, https:\/\/www.klasmeier.com\/wp-content\/uploads\/2024\/03\/Temperatur-Seminare-Klasmeier-1024x480.png 1024w, https:\/\/www.klasmeier.com\/wp-content\/uploads\/2024\/03\/Temperatur-Seminare-Klasmeier-768x360.png 768w, https:\/\/www.klasmeier.com\/wp-content\/uploads\/2024\/03\/Temperatur-Seminare-Klasmeier-1536x720.png 1536w, https:\/\/www.klasmeier.com\/wp-content\/uploads\/2024\/03\/Temperatur-Seminare-Klasmeier-600x281.png 600w\" sizes=\"auto, (max-width: 1600px) 100vw, 1600px\" \/><\/figure>\n<\/div>\n<\/div>\n\n\n\n<div class=\"wp-block-group alignfull has-base-background-color has-background has-global-padding is-layout-constrained wp-container-core-group-is-layout-7a94f013 wp-block-group-is-layout-constrained\" style=\"padding-top:var(--wp--preset--spacing--30);padding-right:var(--wp--preset--spacing--30);padding-bottom:var(--wp--preset--spacing--30);padding-left:var(--wp--preset--spacing--30)\">\n<div class=\"wp-block-group alignwide has-global-padding is-layout-constrained wp-container-core-group-is-layout-029b1f03 wp-block-group-is-layout-constrained\">\n<h3 class=\"wp-block-heading alignwide has-text-align-center\"><strong><strong><strong><strong><strong><strong>Pierwszy w Niemczech organizator seminari\u00f3w dotycz\u0105cych temperatury<\/strong><\/strong><\/strong><\/strong><\/strong><\/strong><\/h3>\n\n\n\n<p class=\"has-text-align-left\">\u201eA dla tych, kt\u00f3rzy chc\u0105 jeszcze g\u0142\u0119biej wej\u015b\u0107 w temat, opr\u00f3cz pomiar\u00f3w w temperaturach sta\u0142ych \u2013 czyli punktach topnienia i krzepni\u0119cia \u2013 istniej\u0105 tak zwane punkty potr\u00f3jne, gdy w tym samym czasie wyst\u0119puj\u0105 a\u017c trzy r\u00f3\u017cne stany skupienia. Takie pomiary s\u0105 jeszcze dok\u0142adniejsze, ale te\u017c du\u017co bardziej pracoch\u0142onne i kosztowne. Je\u015bli chcemy wykona\u0107 pomiar z u\u017cyciem wysoce oczyszczonej wody metod\u0105 punktu potr\u00f3jnego, trzeba uwzgl\u0119dni\u0107 dodatkowy czynnik \u2013 ci\u015bnienie, poniewa\u017c w warunkach zwyk\u0142ej atmosfery nie da si\u0119 uzyska\u0107 jednoczesnego stanu ciek\u0142ego, gazowego i sta\u0142ego wody. Jest to mo\u017cliwe tylko przy 0,01\u00b0C i oko\u0142o 6 milibarach\u201d \u2013 wyja\u015bnia dyplomowany in\u017cynier, kt\u00f3ry sam prowadzi du\u017c\u0105 cz\u0119\u015b\u0107 szkole\u0144 w sali seminaryjnej Klasmeier GmbH. \u201eWiedza, kt\u00f3r\u0105 tutaj przekazujemy, jest tak wyspecjalizowana, \u017ce zazwyczaj nie wchodzi w sk\u0142ad programu studi\u00f3w in\u017cynierskich. Z tego powodu uczestnicy pochodz\u0105 nie tylko z przemys\u0142u, lecz w du\u017cej mierze tak\u017ce ze \u015brodowisk badawczych, np. z uczelni wy\u017cszych.\u201d Ju\u017c od 1994 roku Klasmeier \u2013 jako pierwszy organizator w Niemczech \u2013 prowadzi w Fuldzie seminaria dotycz\u0105ce temperatury; dotychczas oko\u0142o 1600 uczestnik\u00f3w mog\u0142o odebra\u0107 certyfikat uko\u0144czenia szkolenia.<\/p>\n\n\n\n<div class=\"wp-block-buttons is-content-justification-center is-layout-flex wp-container-core-buttons-is-layout-a89b3969 wp-block-buttons-is-layout-flex\">\n<div class=\"wp-block-button hvr-shrink\"><a class=\"wp-block-button__link wp-element-button\" href=\"\/pl\/seminare\/\" style=\"padding-top:var(--wp--preset--spacing--10);padding-right:var(--wp--preset--spacing--20);padding-bottom:var(--wp--preset--spacing--10);padding-left:var(--wp--preset--spacing--20)\">Wi\u0119cej o naszych seminariach<\/a><\/div>\n<\/div>\n<\/div>\n<\/div>\n","protected":false},"excerpt":{"rendered":"<p>Najdok\u0142adniejsze pomiary temperatury \u2013 wykonywane w: Fulda Klasmeier w dzielnicy M\u00fcnsterfeld od ponad 35 lat wyznacza najwy\u017csze standardy w obszarze kalibracji i metrologii Czy wiedzieli\u015bcie Pa\u0144stwo, \u017ce w Fuldzie znajduje si\u0119 najdok\u0142adniejsze, prywatnie prowadzone laboratorium kalibracji temperatury w Niemczech? Oznacza to w praktyce, \u017ce w przypadku wielu komercyjnie dost\u0119pnych urz\u0105dze\u0144 uznanych marek \u2013 czy to [&hellip;]<\/p>\n","protected":false},"author":4,"featured_media":0,"parent":10164,"menu_order":0,"comment_status":"closed","ping_status":"closed","template":"","meta":{"footnotes":""},"class_list":["post-10219","page","type-page","status-publish","hentry"],"_links":{"self":[{"href":"https:\/\/www.klasmeier.com\/pl\/wp-json\/wp\/v2\/pages\/10219","targetHints":{"allow":["GET"]}}],"collection":[{"href":"https:\/\/www.klasmeier.com\/pl\/wp-json\/wp\/v2\/pages"}],"about":[{"href":"https:\/\/www.klasmeier.com\/pl\/wp-json\/wp\/v2\/types\/page"}],"author":[{"embeddable":true,"href":"https:\/\/www.klasmeier.com\/pl\/wp-json\/wp\/v2\/users\/4"}],"replies":[{"embeddable":true,"href":"https:\/\/www.klasmeier.com\/pl\/wp-json\/wp\/v2\/comments?post=10219"}],"version-history":[{"count":3,"href":"https:\/\/www.klasmeier.com\/pl\/wp-json\/wp\/v2\/pages\/10219\/revisions"}],"predecessor-version":[{"id":10236,"href":"https:\/\/www.klasmeier.com\/pl\/wp-json\/wp\/v2\/pages\/10219\/revisions\/10236"}],"up":[{"embeddable":true,"href":"https:\/\/www.klasmeier.com\/pl\/wp-json\/wp\/v2\/pages\/10164"}],"wp:attachment":[{"href":"https:\/\/www.klasmeier.com\/pl\/wp-json\/wp\/v2\/media?parent=10219"}],"curies":[{"name":"wp","href":"https:\/\/api.w.org\/{rel}","templated":true}]}}