{"id":10034,"date":"2024-03-25T12:21:37","date_gmt":"2024-03-25T11:21:37","guid":{"rendered":"https:\/\/www.klasmeier.com\/?page_id=10034"},"modified":"2025-04-02T11:48:39","modified_gmt":"2025-04-02T09:48:39","slug":"produkty","status":"publish","type":"page","link":"https:\/\/www.klasmeier.com\/pl\/produkty\/","title":{"rendered":"Produkty"},"content":{"rendered":"\n<div class=\"wp-block-group alignfull has-global-padding is-layout-constrained wp-block-group-is-layout-constrained\" style=\"margin-top:0;padding-top:var(--wp--preset--spacing--40);padding-bottom:var(--wp--preset--spacing--40)\">\n<h2 class=\"wp-block-heading alignwide has-text-align-center\"><strong>Produkty<\/strong><\/h2>\n\n\n\n<h3 class=\"wp-block-heading alignwide has-text-align-center\">Precyzyjne termometry produkowane r\u0119cznie oraz us\u0142ugi kalibracyjne z naszego akredytowanego laboratorium DAkkS<\/h3>\n\n\n\n<div class=\"wp-block-group alignwide has-global-padding is-layout-constrained wp-block-group-is-layout-constrained\" style=\"padding-top:var(--wp--preset--spacing--30);padding-bottom:var(--wp--preset--spacing--30)\">\n<figure class=\"wp-block-image alignwide size-full has-custom-border\"><img loading=\"lazy\" decoding=\"async\" width=\"1280\" height=\"720\" src=\"https:\/\/www.klasmeier.com\/wp-content\/uploads\/Pt100I-Griff-edited.jpg\" alt=\"\" class=\"wp-image-4122\" style=\"border-radius:50px\" srcset=\"https:\/\/www.klasmeier.com\/wp-content\/uploads\/Pt100I-Griff-edited.jpg 1280w, https:\/\/www.klasmeier.com\/wp-content\/uploads\/Pt100I-Griff-edited-300x169.jpg 300w, https:\/\/www.klasmeier.com\/wp-content\/uploads\/Pt100I-Griff-edited-1024x576.jpg 1024w, https:\/\/www.klasmeier.com\/wp-content\/uploads\/Pt100I-Griff-edited-768x432.jpg 768w, https:\/\/www.klasmeier.com\/wp-content\/uploads\/Pt100I-Griff-edited-600x338.jpg 600w\" sizes=\"auto, (max-width: 1280px) 100vw, 1280px\" \/><\/figure>\n<\/div>\n<\/div>\n\n\n\n<div class=\"wp-block-group alignfull has-global-padding is-layout-constrained wp-block-group-is-layout-constrained\">\n<h2 class=\"wp-block-heading has-text-align-center\"><strong>Co oferujemy:<\/strong><\/h2>\n\n\n\n<div class=\"wp-block-group alignwide has-global-padding is-layout-constrained wp-container-core-group-is-layout-8b335784 wp-block-group-is-layout-constrained\" style=\"padding-top:var(--wp--preset--spacing--40);padding-bottom:var(--wp--preset--spacing--40)\">\n<div class=\"wp-block-columns alignwide is-layout-flex wp-container-core-columns-is-layout-7fc3d43a wp-block-columns-is-layout-flex\">\n<div class=\"wp-block-column is-layout-flow wp-block-column-is-layout-flow\">\n<div class=\"wp-block-group hvr-grow has-accent-background-color has-background is-vertical is-content-justification-center is-layout-flex wp-container-core-group-is-layout-101fcb7d wp-block-group-is-layout-flex\" style=\"border-radius:50px;padding-top:var(--wp--preset--spacing--30);padding-right:var(--wp--preset--spacing--30);padding-bottom:var(--wp--preset--spacing--30);padding-left:var(--wp--preset--spacing--30)\">\n<figure class=\"wp-block-image size-full is-resized\"><img loading=\"lazy\" decoding=\"async\" width=\"310\" height=\"89\" src=\"https:\/\/www.klasmeier.com\/wp-content\/uploads\/exacal.png\" alt=\"\" class=\"wp-image-2717\" style=\"width:376px;height:auto\" srcset=\"https:\/\/www.klasmeier.com\/wp-content\/uploads\/exacal.png 310w, https:\/\/www.klasmeier.com\/wp-content\/uploads\/exacal-300x86.png 300w\" sizes=\"auto, (max-width: 310px) 100vw, 310px\" \/><\/figure>\n\n\n\n<h4 class=\"wp-block-heading has-text-align-center\"><strong>Manufaktura termometr\u00f3w<\/strong><\/h4>\n\n\n\n<div class=\"wp-block-group is-vertical is-content-justification-stretch is-layout-flex wp-container-core-group-is-layout-ef933e46 wp-block-group-is-layout-flex\">\n<p><mark style=\"background-color:rgba(0, 0, 0, 0);color:#dd3333\" class=\"has-inline-color\"><i class=\"fas fa-circle-check\"><\/i><\/mark> <strong>Termometry<\/strong><br>R\u0119czna produkcja z najwy\u017csz\u0105 precyzj\u0105 w naszej w\u0142asnej manufakturze eXacal.<\/p>\n\n\n\n<p><mark style=\"background-color:rgba(0, 0, 0, 0);color:#dd3333\" class=\"has-inline-color\"><i class=\"fas fa-circle-check\"><\/i><\/mark> <strong><strong><strong>Naprawa termometr\u00f3w<\/strong><\/strong><\/strong><br>Dla wi\u0119kszej trwa\u0142o\u015bci i zr\u00f3wnowa\u017conego rozwoju: korzystaj dalej z termometr\u00f3w o cennej historii u\u017cytkowania. Po pi\u0119ciu latach prac rozwojowych oferujemy teraz napraw\u0119 precyzyjnych termometr\u00f3w \u2013 to bardzo ekologiczne rozwi\u0105zanie dla przemys\u0142u.<\/p>\n\n\n\n<p><mark style=\"background-color:rgba(0, 0, 0, 0);color:#dd3333\" class=\"has-inline-color\"><i class=\"fas fa-circle-check\"><\/i><\/mark> <strong>Manufaktura<\/strong><br>Precyzyjne termometry eXacal s\u0105 stosowane do dok\u0142adnych pomiar\u00f3w temperatury lub jako wzorce kalibracyjne. Przez lata by\u0142y udoskonalane w naszej manufakturze, aby zapewni\u0107 najwy\u017csz\u0105 dok\u0142adno\u015b\u0107 pomiar\u00f3w.<\/p>\n\n\n\n<p><mark style=\"background-color:rgba(0, 0, 0, 0);color:#dd3333\" class=\"has-inline-color\"><i class=\"fas fa-circle-check\"><\/i><\/mark> <strong><strong>Czujniki temperatury<\/strong><\/strong><br>W \u015bwiecie termometrii precyzja czujnika temperatury jest kluczowym czynnikiem dla dok\u0142adno\u015bci i niezawodno\u015bci termometru.<\/p>\n\n\n\n<p><mark style=\"background-color:rgba(0, 0, 0, 0);color:#dd3333\" class=\"has-inline-color\"><i class=\"fas fa-circle-check\"><\/i><\/mark> <strong>Technologia<\/strong><br>Precyzyjne termometry eXacal zosta\u0142y zaprojektowane od podstaw. Proces ich rozwoju trwa\u0142 ponad cztery lata. Wszystkie u\u017cyte komponenty zosta\u0142y starannie zaprojektowane i dopasowane do siebie.<\/p>\n<\/div>\n\n\n\n<div class=\"wp-block-buttons is-content-justification-center is-layout-flex wp-container-core-buttons-is-layout-b5994976 wp-block-buttons-is-layout-flex\">\n<div class=\"wp-block-button is-style-outline hvr-shrink is-style-outline--1\"><a class=\"wp-block-button__link has-text-align-center wp-element-button\" href=\"\/pl\/thermometer-manufaktur\/\"><strong>Przejd\u017a do manufaktury<\/strong><\/a><\/div>\n<\/div>\n<\/div>\n<\/div>\n\n\n\n<div class=\"wp-block-column is-layout-flow wp-block-column-is-layout-flow\">\n<div class=\"wp-block-group hvr-grow has-accent-background-color has-background is-vertical is-content-justification-center is-layout-flex wp-container-core-group-is-layout-aacb5aaa wp-block-group-is-layout-flex\" style=\"border-radius:50px;padding-top:var(--wp--preset--spacing--30);padding-right:var(--wp--preset--spacing--30);padding-bottom:var(--wp--preset--spacing--30);padding-left:var(--wp--preset--spacing--30)\">\n<figure class=\"wp-block-image size-full is-resized\"><img loading=\"lazy\" decoding=\"async\" width=\"277\" height=\"98\" src=\"https:\/\/www.klasmeier.com\/wp-content\/uploads\/2024\/04\/dakks-akkreditierung-klasmeier.png\" alt=\"\" class=\"wp-image-2148\" style=\"width:302px;height:auto\"\/><\/figure>\n\n\n\n<h4 class=\"wp-block-heading has-text-align-center\"><strong>Us\u0142ugi kalibracyjne<\/strong><\/h4>\n\n\n\n<div class=\"wp-block-group is-vertical is-layout-flex wp-container-core-group-is-layout-ea0cb840 wp-block-group-is-layout-flex\">\n<p><mark style=\"background-color:rgba(0, 0, 0, 0);color:#dd3333\" class=\"has-inline-color\"><i class=\"fas fa-circle-check\"><\/i><\/mark> <strong><strong>Termometry wzorcowe<\/strong><\/strong><br>Kalibracja DAkkS termometr\u00f3w wzorcowych ITS-90 (SPRT) odbywa si\u0119 w sta\u0142ych punktach ITS-90.<\/p>\n\n\n\n<p><mark style=\"background-color:rgba(0, 0, 0, 0);color:#dd3333\" class=\"has-inline-color\"><i class=\"fas fa-circle-check\"><\/i><\/mark> <strong><strong>Termometry rezystancyjne<\/strong><\/strong><br>Kalibracja termometr\u00f3w rezystancyjnych (czujnik\u00f3w temperatury, takich jak Pt100, Pt25 itp.) oraz wska\u017anik\u00f3w z certyfikatem DAkkS jest przeprowadzana w w\u0105skich punktach sta\u0142ych ITS-90.<\/p>\n\n\n\n<p><mark style=\"background-color:rgba(0, 0, 0, 0);color:#dd3333\" class=\"has-inline-color\"><i class=\"fas fa-circle-check\"><\/i><\/mark> <strong>Termopary<\/strong><br>Termopary s\u0105 kalibrowane w sta\u0142ych punktach temperaturowych ITS-90 w zakresie od potr\u00f3jnego punktu wody do punktu krzepni\u0119cia srebra, z doskona\u0142ymi niepewno\u015bciami pomiarowymi.<\/p>\n\n\n\n<p><mark style=\"background-color:rgba(0, 0, 0, 0);color:#dd3333\" class=\"has-inline-color\"><i class=\"fas fa-circle-check\"><\/i><\/mark> <strong><strong>Kalibratory blokowe<\/strong><\/strong><br>Kalibratory suchych blok\u00f3w s\u0105 kalibrowane metod\u0105 por\u00f3wnawcz\u0105 z kalibrowanymi termometrami rezystancyjnymi lub termoparami. Kalibracja jest zgodna z wytycznymi DAkkS-DKD R5-4 dotycz\u0105cymi kalibracji blok\u00f3w kalibracyjnych lub na podstawie wewn\u0119trznych raport\u00f3w testowych Klasmeier dla urz\u0105dze\u0144 ISOTECH.<\/p>\n\n\n\n<p><mark style=\"background-color:rgba(0, 0, 0, 0);color:#dd3333\" class=\"has-inline-color\"><i class=\"fas fa-circle-check\"><\/i><\/mark> <strong><strong>Sta\u0142e punkty temperaturowe<\/strong><\/strong><br>Sta\u0142e punkty temperaturowe s\u0105 kalibrowane metod\u0105 por\u00f3wnawcz\u0105 z referencyjnymi punktami sta\u0142ymi przy u\u017cyciu wyj\u0105tkowo stabilnych standardowych termometr\u00f3w rezystancyjnych (SPRT).<\/p>\n\n\n\n<p><mark style=\"background-color:rgba(0, 0, 0, 0);color:#dd3333\" class=\"has-inline-color\"><i class=\"fas fa-circle-check\"><\/i><\/mark> <strong><strong>Kalibracja w niskich temperaturach<\/strong><\/strong><br>Chcesz kalibrowa\u0107 termometry w ekstremalnie niskich temperaturach? Standardowy zakres k\u0105pieli kalibracyjnych i procedur mo\u017ce nie by\u0107 dla Ciebie wystarczaj\u0105cy. W takim przypadku jeste\u015b we w\u0142a\u015bciwym miejscu. Aby rozszerzy\u0107 zakres temperatur, stosujemy wrz\u0105cy azot.<\/p>\n<\/div>\n\n\n\n<div class=\"wp-block-buttons is-content-justification-center is-layout-flex wp-container-core-buttons-is-layout-a89b3969 wp-block-buttons-is-layout-flex\">\n<div class=\"wp-block-button is-style-outline hvr-shrink is-style-outline--2\"><a class=\"wp-block-button__link wp-element-button\" href=\"\/pl\/kalibrierdienst-klasmeier\/\"><strong>Przejd\u017a do us\u0142ug kalibracyjnych<\/strong><\/a><\/div>\n<\/div>\n<\/div>\n<\/div>\n<\/div>\n<\/div>\n<\/div>\n\n\n\n<div class=\"wp-block-group alignfull has-global-padding is-layout-constrained wp-block-group-is-layout-constrained\" style=\"padding-top:var(--wp--preset--spacing--30);padding-bottom:var(--wp--preset--spacing--30)\">\n<h3 class=\"wp-block-heading has-text-align-center\"><strong>Skontaktuj si\u0119 z nami, aby uzyska\u0107 indywidualn\u0105 porad\u0119!<\/strong><\/h3>\n\n\n\n<div class=\"wp-block-group alignwide has-global-padding is-layout-constrained wp-container-core-group-is-layout-7657ddd5 wp-block-group-is-layout-constrained\" style=\"padding-top:var(--wp--preset--spacing--30);padding-bottom:var(--wp--preset--spacing--30)\">\n<div class=\"wp-block-columns alignwide is-layout-flex wp-container-core-columns-is-layout-7fc3d43a wp-block-columns-is-layout-flex\">\n<div class=\"wp-block-column is-layout-flow wp-block-column-is-layout-flow\" style=\"flex-basis:50%\">\n<div class=\"wp-block-group hvr-grow has-accent-background-color has-background is-vertical is-content-justification-center is-layout-flex wp-container-core-group-is-layout-101fcb7d wp-block-group-is-layout-flex\" style=\"border-radius:50px;padding-top:var(--wp--preset--spacing--30);padding-right:var(--wp--preset--spacing--30);padding-bottom:var(--wp--preset--spacing--30);padding-left:var(--wp--preset--spacing--30)\">\n<figure class=\"wp-block-image size-full is-resized has-custom-border\"><img loading=\"lazy\" decoding=\"async\" width=\"500\" height=\"333\" src=\"https:\/\/www.klasmeier.com\/wp-content\/uploads\/ES.png\" alt=\"\" class=\"wp-image-2654\" style=\"border-radius:50px;width:514px;height:auto\" srcset=\"https:\/\/www.klasmeier.com\/wp-content\/uploads\/ES.png 500w, https:\/\/www.klasmeier.com\/wp-content\/uploads\/ES-300x200.png 300w\" sizes=\"auto, (max-width: 500px) 100vw, 500px\" \/><\/figure>\n\n\n\n<h4 class=\"wp-block-heading has-text-align-center\"><strong>Elke Seewald<\/strong><br><em>Kierownik eXacal Manufaktura, Produkcja Termometr\u00f3w<\/em><\/h4>\n\n\n\n<p class=\"has-text-align-center\"><mark style=\"background-color:rgba(0, 0, 0, 0)\" class=\"has-inline-color has-accent-3-color\"><i class=\"fas fa-envelope\"><\/i><\/mark> <a href=\"https:\/\/www.klasmeier.com\/pl\/firma\/skontaktuj-sie-z-nami\/\">Skontaktuj si\u0119 teraz<\/a><\/p>\n<\/div>\n<\/div>\n\n\n\n<div class=\"wp-block-column is-layout-flow wp-block-column-is-layout-flow\" style=\"flex-basis:50%\">\n<div class=\"wp-block-group hvr-grow has-accent-background-color has-background is-vertical is-content-justification-center is-layout-flex wp-container-core-group-is-layout-aacb5aaa wp-block-group-is-layout-flex\" style=\"border-radius:50px;padding-top:var(--wp--preset--spacing--30);padding-right:var(--wp--preset--spacing--30);padding-bottom:var(--wp--preset--spacing--30);padding-left:var(--wp--preset--spacing--30)\">\n<figure class=\"wp-block-image size-full is-resized has-custom-border\"><img loading=\"lazy\" decoding=\"async\" width=\"640\" height=\"427\" src=\"https:\/\/www.klasmeier.com\/wp-content\/uploads\/2024\/03\/Ansprechpartner-Labor-Boris-Kalb.png\" alt=\"\" class=\"wp-image-1375\" style=\"border-radius:50px;width:514px\" srcset=\"https:\/\/www.klasmeier.com\/wp-content\/uploads\/2024\/03\/Ansprechpartner-Labor-Boris-Kalb.png 640w, https:\/\/www.klasmeier.com\/wp-content\/uploads\/2024\/03\/Ansprechpartner-Labor-Boris-Kalb-300x200.png 300w, https:\/\/www.klasmeier.com\/wp-content\/uploads\/2024\/03\/Ansprechpartner-Labor-Boris-Kalb-600x400.png 600w\" sizes=\"auto, (max-width: 640px) 100vw, 640px\" \/><\/figure>\n\n\n\n<h4 class=\"wp-block-heading has-text-align-center\"><strong>Boris Kalb<\/strong><br><em>Kierownik Laboratorium Kalibracyjnego Klasmeier, Ekspert ds. Seminari\u00f3w Temperatury<\/em><\/h4>\n\n\n\n<p class=\"has-text-align-center\"><mark style=\"background-color:rgba(0, 0, 0, 0)\" class=\"has-inline-color has-accent-3-color\"><i class=\"fas fa-envelope\"><\/i><\/mark> <a href=\"https:\/\/www.klasmeier.com\/pl\/firma\/skontaktuj-sie-z-nami\/\">Skontaktuj si\u0119 teraz<\/a><\/p>\n<\/div>\n<\/div>\n<\/div>\n<\/div>\n<\/div>\n","protected":false},"excerpt":{"rendered":"<p>Produkty Precyzyjne termometry produkowane r\u0119cznie oraz us\u0142ugi kalibracyjne z naszego akredytowanego laboratorium DAkkS Co oferujemy: Manufaktura termometr\u00f3w TermometryR\u0119czna produkcja z najwy\u017csz\u0105 precyzj\u0105 w naszej w\u0142asnej manufakturze eXacal. Naprawa termometr\u00f3wDla wi\u0119kszej trwa\u0142o\u015bci i zr\u00f3wnowa\u017conego rozwoju: korzystaj dalej z termometr\u00f3w o cennej historii u\u017cytkowania. Po pi\u0119ciu latach prac rozwojowych oferujemy teraz napraw\u0119 precyzyjnych termometr\u00f3w \u2013 to bardzo [&hellip;]<\/p>\n","protected":false},"author":4,"featured_media":0,"parent":0,"menu_order":0,"comment_status":"closed","ping_status":"closed","template":"","meta":{"footnotes":""},"class_list":["post-10034","page","type-page","status-publish","hentry"],"_links":{"self":[{"href":"https:\/\/www.klasmeier.com\/pl\/wp-json\/wp\/v2\/pages\/10034","targetHints":{"allow":["GET"]}}],"collection":[{"href":"https:\/\/www.klasmeier.com\/pl\/wp-json\/wp\/v2\/pages"}],"about":[{"href":"https:\/\/www.klasmeier.com\/pl\/wp-json\/wp\/v2\/types\/page"}],"author":[{"embeddable":true,"href":"https:\/\/www.klasmeier.com\/pl\/wp-json\/wp\/v2\/users\/4"}],"replies":[{"embeddable":true,"href":"https:\/\/www.klasmeier.com\/pl\/wp-json\/wp\/v2\/comments?post=10034"}],"version-history":[{"count":3,"href":"https:\/\/www.klasmeier.com\/pl\/wp-json\/wp\/v2\/pages\/10034\/revisions"}],"predecessor-version":[{"id":11664,"href":"https:\/\/www.klasmeier.com\/pl\/wp-json\/wp\/v2\/pages\/10034\/revisions\/11664"}],"wp:attachment":[{"href":"https:\/\/www.klasmeier.com\/pl\/wp-json\/wp\/v2\/media?parent=10034"}],"curies":[{"name":"wp","href":"https:\/\/api.w.org\/{rel}","templated":true}]}}