{"id":9092,"date":"2024-04-18T17:04:54","date_gmt":"2024-04-18T15:04:54","guid":{"rendered":"https:\/\/www.klasmeier.com\/?page_id=9092"},"modified":"2025-10-23T15:26:06","modified_gmt":"2025-10-23T13:26:06","slug":"taratura-dei-termometri-a-resistenza","status":"publish","type":"page","link":"https:\/\/www.klasmeier.com\/it\/servizio-di-calibrazione-klasmeier\/taratura-dei-termometri-a-resistenza\/","title":{"rendered":"Taratura dei termometri a resistenza"},"content":{"rendered":"\n<div class=\"wp-block-group alignfull has-global-padding is-layout-constrained wp-container-core-group-is-layout-80fb368b wp-block-group-is-layout-constrained\" style=\"padding-top:var(--wp--preset--spacing--30);padding-right:var(--wp--preset--spacing--30);padding-bottom:var(--wp--preset--spacing--30);padding-left:var(--wp--preset--spacing--30)\">\n<figure class=\"wp-block-image alignwide size-full has-custom-border\"><img loading=\"lazy\" decoding=\"async\" width=\"1600\" height=\"750\" src=\"https:\/\/www.klasmeier.com\/wp-content\/uploads\/2024\/04\/Kalibrierung-Widerstandsthermometer.png\" alt=\"\" class=\"wp-image-2442\" style=\"border-radius:50px\" srcset=\"https:\/\/www.klasmeier.com\/wp-content\/uploads\/2024\/04\/Kalibrierung-Widerstandsthermometer.png 1600w, https:\/\/www.klasmeier.com\/wp-content\/uploads\/2024\/04\/Kalibrierung-Widerstandsthermometer-300x141.png 300w, https:\/\/www.klasmeier.com\/wp-content\/uploads\/2024\/04\/Kalibrierung-Widerstandsthermometer-1024x480.png 1024w, https:\/\/www.klasmeier.com\/wp-content\/uploads\/2024\/04\/Kalibrierung-Widerstandsthermometer-768x360.png 768w, https:\/\/www.klasmeier.com\/wp-content\/uploads\/2024\/04\/Kalibrierung-Widerstandsthermometer-1536x720.png 1536w, https:\/\/www.klasmeier.com\/wp-content\/uploads\/2024\/04\/Kalibrierung-Widerstandsthermometer-600x281.png 600w\" sizes=\"auto, (max-width: 1600px) 100vw, 1600px\" \/><\/figure>\n<\/div>\n\n\n\n<div class=\"wp-block-group alignfull has-global-padding is-layout-constrained wp-container-core-group-is-layout-80fb368b wp-block-group-is-layout-constrained\" style=\"padding-top:var(--wp--preset--spacing--30);padding-right:var(--wp--preset--spacing--30);padding-bottom:var(--wp--preset--spacing--30);padding-left:var(--wp--preset--spacing--30)\">\n<figure class=\"wp-block-image alignwide size-full has-custom-border\"><img loading=\"lazy\" decoding=\"async\" width=\"1600\" height=\"750\" src=\"https:\/\/www.klasmeier.com\/wp-content\/uploads\/2024\/04\/Kalibrierung-Widerstandsthermometer.png\" alt=\"\" class=\"wp-image-2442\" style=\"border-radius:50px\" srcset=\"https:\/\/www.klasmeier.com\/wp-content\/uploads\/2024\/04\/Kalibrierung-Widerstandsthermometer.png 1600w, https:\/\/www.klasmeier.com\/wp-content\/uploads\/2024\/04\/Kalibrierung-Widerstandsthermometer-300x141.png 300w, https:\/\/www.klasmeier.com\/wp-content\/uploads\/2024\/04\/Kalibrierung-Widerstandsthermometer-1024x480.png 1024w, https:\/\/www.klasmeier.com\/wp-content\/uploads\/2024\/04\/Kalibrierung-Widerstandsthermometer-768x360.png 768w, https:\/\/www.klasmeier.com\/wp-content\/uploads\/2024\/04\/Kalibrierung-Widerstandsthermometer-1536x720.png 1536w, https:\/\/www.klasmeier.com\/wp-content\/uploads\/2024\/04\/Kalibrierung-Widerstandsthermometer-600x281.png 600w\" sizes=\"auto, (max-width: 1600px) 100vw, 1600px\" \/><\/figure>\n<\/div>\n\n\n\n<div class=\"wp-block-group alignfull has-accent-background-color has-background has-global-padding is-layout-constrained wp-container-core-group-is-layout-c9b5e92c wp-block-group-is-layout-constrained\" style=\"margin-top:var(--wp--preset--spacing--30);margin-bottom:var(--wp--preset--spacing--30);padding-top:var(--wp--preset--spacing--30);padding-right:var(--wp--preset--spacing--30);padding-bottom:var(--wp--preset--spacing--30);padding-left:var(--wp--preset--spacing--30)\">\n<div class=\"wp-block-columns alignwide is-layout-flex wp-container-core-columns-is-layout-28f84493 wp-block-columns-is-layout-flex\">\n<div class=\"wp-block-column is-layout-flow wp-block-column-is-layout-flow\" style=\"flex-basis:77%\">\n<h3 class=\"wp-block-heading\"><strong><strong>Calibrazione precisa per tutti i termometri a resistenza \u2013 flessibile, accreditata, affidabile<\/strong><\/strong><\/h3>\n\n\n\n<p>Calibriamo i vostri <strong>termometri a resistenza<\/strong> (sensori di temperatura come Pt100, Pt25, ecc.) e gli <strong>strumenti di misura a indicazione<\/strong> diretta utilizzando tecnologie all\u2019avanguardia \u2013 a scelta tramite calibrazione per confronto o a punti fissi.<br>Il nostro laboratorio accreditato (DIN EN ISO\/IEC 17025) vi fornisce certificati di taratura riconosciuti a livello internazionale (conformi DAkkS), con incertezze di misura personalizzate \u2013 perfettamente adattate al vostro campo di applicazione.<\/p>\n\n\n\n<div class=\"wp-block-buttons is-content-justification-center is-layout-flex wp-container-core-buttons-is-layout-a89b3969 wp-block-buttons-is-layout-flex\">\n<div class=\"wp-block-button is-style-outline is-style-outline--1\"><a class=\"wp-block-button__link wp-element-button\" href=\"#anfragen\"><strong><strong>Richiedi\u00a0una\u00a0taratura<\/strong><\/strong><\/a><\/div>\n<\/div>\n<\/div>\n\n\n\n<div class=\"wp-block-column is-layout-flow wp-block-column-is-layout-flow\" style=\"flex-basis:25%\">\n<figure class=\"wp-block-image size-full has-custom-border hvr-grow\"><img loading=\"lazy\" decoding=\"async\" width=\"421\" height=\"550\" src=\"https:\/\/www.klasmeier.com\/wp-content\/uploads\/2024\/04\/Widerstandsthermometer-Kalibrierung.jpg\" alt=\"\" class=\"wp-image-2445\" style=\"border-radius:50px\" srcset=\"https:\/\/www.klasmeier.com\/wp-content\/uploads\/2024\/04\/Widerstandsthermometer-Kalibrierung.jpg 421w, https:\/\/www.klasmeier.com\/wp-content\/uploads\/2024\/04\/Widerstandsthermometer-Kalibrierung-230x300.jpg 230w\" sizes=\"auto, (max-width: 421px) 100vw, 421px\" \/><\/figure>\n<\/div>\n<\/div>\n<\/div>\n\n\n\n<div class=\"wp-block-group alignfull has-base-background-color has-background has-global-padding is-layout-constrained wp-container-core-group-is-layout-c9b5e92c wp-block-group-is-layout-constrained\" style=\"margin-top:var(--wp--preset--spacing--30);margin-bottom:var(--wp--preset--spacing--30);padding-top:var(--wp--preset--spacing--30);padding-right:var(--wp--preset--spacing--30);padding-bottom:var(--wp--preset--spacing--30);padding-left:var(--wp--preset--spacing--30)\">\n<div class=\"wp-block-columns alignwide is-layout-flex wp-container-core-columns-is-layout-28f84493 wp-block-columns-is-layout-flex\">\n<div class=\"wp-block-column is-layout-flow wp-block-column-is-layout-flow\" style=\"flex-basis:100%\">\n<h2 class=\"wp-block-heading has-text-align-center\"><strong>I nostri servizi<\/strong><\/h2>\n\n\n\n<p><br><strong><mark style=\"background-color:rgba(0, 0, 0, 0);color:#dd3333\" class=\"has-inline-color\"><i class=\"fas fa-circle-check\"><\/i><\/mark> Calibrazione accreditata di termometri a resistenza e strumenti di misura a indicazione diretta<br><\/strong><mark style=\"background-color:rgba(0, 0, 0, 0);color:#dd3333\" class=\"has-inline-color\"><i class=\"fas fa-circle-check\"><\/i><\/mark> <strong>Campo di temperatura: da -196 \u00b0C a +961 \u00b0C \u2013 copertura completa dell\u2019ITS-90<\/strong><br><mark style=\"background-color:rgba(0, 0, 0, 0);color:#dd3333\" class=\"has-inline-color\"><i class=\"fas fa-circle-check\"><\/i><\/mark> <strong>Metodi di calibrazione: calibrazione a punti fissi presso i punti fissi ITS-90 oppure calibrazione per confronto<\/strong><br><mark style=\"background-color:rgba(0, 0, 0, 0);color:#dd3333\" class=\"has-inline-color\"><i class=\"fas fa-circle-check\"><\/i><\/mark> <strong>Prove di idoneit\u00e0 secondo DIN EN ISO\/IEC 17043<\/strong><br><mark style=\"background-color:rgba(0, 0, 0, 0);color:#dd3333\" class=\"has-inline-color\"><i class=\"fas fa-circle-check\"><\/i><\/mark> <strong>Servizio di riparazione per termometri nel nostro laboratorio interno<\/strong><\/p>\n<\/div>\n<\/div>\n<\/div>\n\n\n\n<h2 class=\"wp-block-heading has-text-align-center\">I vostri vantaggi a colpo d\u2019occhio<\/h2>\n\n\n\n<div class=\"wp-block-group alignwide has-accent-background-color has-background is-vertical is-content-justification-center is-layout-flex wp-container-core-group-is-layout-bc1c67bb wp-block-group-is-layout-flex\" style=\"border-radius:50px;padding-top:var(--wp--preset--spacing--20);padding-right:var(--wp--preset--spacing--20);padding-bottom:var(--wp--preset--spacing--20);padding-left:var(--wp--preset--spacing--20)\">\n<div class=\"wp-block-group has-global-padding is-layout-constrained wp-block-group-is-layout-constrained\">\n<div class=\"wp-block-boldblocks-svg-block aligncenter svg-b-2 sm-svg-justify-alignment\" style=\"--bb--justify-alignment--sm:var(--bb--justify-alignment--lg);--bb--justify-alignment--md:var(--bb--justify-alignment--lg);--bb--justify-alignment--lg:center\"><div class=\"wp-block-boldblocks-svg-block__inner sm-svg-width svg-fill-color\" style=\"--bb--width--sm:var(--bb--width--lg);--bb--width--md:var(--bb--width--lg);--bb--width--lg:33.33333%;--bb--fill--color:var(--wp--preset--color--accent-3, #dd3333)\"><svg xmlns=\"http:\/\/www.w3.org\/2000\/svg\" fill=\"currentColor\" class=\"bi bi-sliders2\" viewBox=\"0 0 16 16\">\n  <path fill-rule=\"evenodd\" d=\"M10.5 1a.5.5 0 0 1 .5.5v4a.5.5 0 0 1-1 0V4H1.5a.5.5 0 0 1 0-1H10V1.5a.5.5 0 0 1 .5-.5M12 3.5a.5.5 0 0 1 .5-.5h2a.5.5 0 0 1 0 1h-2a.5.5 0 0 1-.5-.5m-6.5 2A.5.5 0 0 1 6 6v1.5h8.5a.5.5 0 0 1 0 1H6V10a.5.5 0 0 1-1 0V6a.5.5 0 0 1 .5-.5M1 8a.5.5 0 0 1 .5-.5h2a.5.5 0 0 1 0 1h-2A.5.5 0 0 1 1 8m9.5 2a.5.5 0 0 1 .5.5v4a.5.5 0 0 1-1 0V13H1.5a.5.5 0 0 1 0-1H10v-1.5a.5.5 0 0 1 .5-.5m1.5 2.5a.5.5 0 0 1 .5-.5h2a.5.5 0 0 1 0 1h-2a.5.5 0 0 1-.5-.5\"><\/path>\n<\/svg><\/div><\/div>\n<\/div>\n\n\n\n<h4 class=\"wp-block-heading has-text-align-center\"><strong><strong>Diversi metodi di calibrazione<\/strong><\/strong><\/h4>\n\n\n\n<p><strong>A voi la scelta:<\/strong><\/p>\n\n\n\n<div class=\"wp-block-columns is-layout-flex wp-container-core-columns-is-layout-28f84493 wp-block-columns-is-layout-flex\">\n<div class=\"wp-block-column is-layout-flow wp-block-column-is-layout-flow\">\n<h4 class=\"wp-block-heading has-text-align-center\"><strong>Calibrazione a punti fissi<br><\/strong>ai punti di fusione<br>(economica, con bassa incertezza di misura)<\/h4>\n<\/div>\n\n\n\n<div class=\"wp-block-column is-layout-flow wp-block-column-is-layout-flow\">\n<h4 class=\"wp-block-heading has-text-align-center\"><strong>Calibrazione per confronto<br><\/strong>(punti di misura liberamente selezionabili, conveniente)<br><\/h4>\n<\/div>\n<\/div>\n<\/div>\n\n\n\n<div class=\"wp-block-columns alignwide is-layout-flex wp-container-core-columns-is-layout-28f84493 wp-block-columns-is-layout-flex\">\n<div class=\"wp-block-column is-layout-flow wp-block-column-is-layout-flow\">\n<div class=\"wp-block-group has-accent-background-color has-background is-vertical is-content-justification-center is-layout-flex wp-container-core-group-is-layout-bc1c67bb wp-block-group-is-layout-flex\" style=\"border-radius:50px;padding-top:var(--wp--preset--spacing--20);padding-right:var(--wp--preset--spacing--20);padding-bottom:var(--wp--preset--spacing--20);padding-left:var(--wp--preset--spacing--20)\">\n<div class=\"wp-block-group has-global-padding is-layout-constrained wp-block-group-is-layout-constrained\">\n<div class=\"wp-block-boldblocks-svg-block alignwide svg-b-3 sm-svg-justify-alignment\" style=\"--bb--justify-alignment--sm:var(--bb--justify-alignment--lg);--bb--justify-alignment--md:var(--bb--justify-alignment--lg);--bb--justify-alignment--lg:center\"><div class=\"wp-block-boldblocks-svg-block__inner is-flip sm-svg-width svg-fill-color\" style=\"--bb--width--sm:var(--bb--width--lg);--bb--width--md:var(--bb--width--lg);--bb--width--lg:33.33333%;--bb--fill--color:var(--wp--preset--color--accent-3, #dd3333)\"><svg xmlns=\"http:\/\/www.w3.org\/2000\/svg\" fill=\"currentColor\" class=\"bi bi-hourglass-split\" viewBox=\"0 0 16 16\">\n  <path d=\"M2.5 15a.5.5 0 1 1 0-1h1v-1a4.5 4.5 0 0 1 2.557-4.06c.29-.139.443-.377.443-.59v-.7c0-.213-.154-.451-.443-.59A4.5 4.5 0 0 1 3.5 3V2h-1a.5.5 0 0 1 0-1h11a.5.5 0 0 1 0 1h-1v1a4.5 4.5 0 0 1-2.557 4.06c-.29.139-.443.377-.443.59v.7c0 .213.154.451.443.59A4.5 4.5 0 0 1 12.5 13v1h1a.5.5 0 0 1 0 1zm2-13v1c0 .537.12 1.045.337 1.5h6.326c.216-.455.337-.963.337-1.5V2zm3 6.35c0 .701-.478 1.236-1.011 1.492A3.5 3.5 0 0 0 4.5 13s.866-1.299 3-1.48zm1 0v3.17c2.134.181 3 1.48 3 1.48a3.5 3.5 0 0 0-1.989-3.158C8.978 9.586 8.5 9.052 8.5 8.351z\"><\/path>\n<\/svg><\/div><\/div>\n<\/div>\n\n\n\n<h4 class=\"wp-block-heading has-text-align-center\"><strong>Tempi di lavorazione brevi \u2013 5 giorni lavorativi<\/strong><\/h4>\n\n\n\n<p class=\"has-text-align-center\">\u2192 Riducete al minimo i tempi di fermo \u2013 i vostri termometri a resistenza saranno rapidamente di nuovo operativi.<\/p>\n<\/div>\n<\/div>\n\n\n\n<div class=\"wp-block-column is-layout-flow wp-block-column-is-layout-flow\">\n<div class=\"wp-block-group has-accent-background-color has-background is-vertical is-content-justification-center is-layout-flex wp-container-core-group-is-layout-38502bb0 wp-block-group-is-layout-flex\" style=\"border-radius:50px;padding-top:var(--wp--preset--spacing--20);padding-right:var(--wp--preset--spacing--20);padding-bottom:var(--wp--preset--spacing--20);padding-left:var(--wp--preset--spacing--20)\">\n<div class=\"wp-block-boldblocks-svg-block svg-b-4 sm-svg-justify-alignment\" style=\"--bb--justify-alignment--sm:var(--bb--justify-alignment--lg);--bb--justify-alignment--md:var(--bb--justify-alignment--lg);--bb--justify-alignment--lg:center\"><div class=\"wp-block-boldblocks-svg-block__inner is-flip sm-svg-width svg-fill-color\" style=\"--bb--width--sm:var(--bb--width--lg);--bb--width--md:var(--bb--width--lg);--bb--width--lg:33.33333%;--bb--fill--color:var(--wp--preset--color--accent-3, #dd3333)\"><svg xmlns=\"http:\/\/www.w3.org\/2000\/svg\" fill=\"currentColor\" class=\"bi bi-thermometer-half\" viewBox=\"0 0 16 16\">\n  <path d=\"M9.5 12.5a1.5 1.5 0 1 1-2-1.415V6.5a.5.5 0 0 1 1 0v4.585a1.5 1.5 0 0 1 1 1.415\"><\/path>\n  <path d=\"M5.5 2.5a2.5 2.5 0 0 1 5 0v7.55a3.5 3.5 0 1 1-5 0zM8 1a1.5 1.5 0 0 0-1.5 1.5v7.987l-.167.15a2.5 2.5 0 1 0 3.333 0l-.166-.15V2.5A1.5 1.5 0 0 0 8 1\"><\/path>\n<\/svg><\/div><\/div>\n\n\n\n<h4 class=\"wp-block-heading\"><strong>Incertezze di misura ridotte<\/strong><\/h4>\n\n\n\n<p class=\"has-text-align-center\">\u2192 Approfittate della massima precisione:<br>otteniamo il meglio dal vostro termometro.<\/p>\n<\/div>\n<\/div>\n<\/div>\n\n\n\n<div class=\"wp-block-columns alignwide is-layout-flex wp-container-core-columns-is-layout-28f84493 wp-block-columns-is-layout-flex\">\n<div class=\"wp-block-column is-layout-flow wp-block-column-is-layout-flow\">\n<div class=\"wp-block-group has-accent-background-color has-background is-vertical is-content-justification-center is-layout-flex wp-container-core-group-is-layout-bc1c67bb wp-block-group-is-layout-flex\" style=\"border-radius:50px;padding-top:var(--wp--preset--spacing--20);padding-right:var(--wp--preset--spacing--20);padding-bottom:var(--wp--preset--spacing--20);padding-left:var(--wp--preset--spacing--20)\">\n<div class=\"wp-block-group has-global-padding is-layout-constrained wp-block-group-is-layout-constrained\">\n<div class=\"wp-block-boldblocks-svg-block alignwide svg-b-5 sm-svg-justify-alignment\" style=\"--bb--justify-alignment--sm:var(--bb--justify-alignment--lg);--bb--justify-alignment--md:var(--bb--justify-alignment--lg);--bb--justify-alignment--lg:center\"><div class=\"wp-block-boldblocks-svg-block__inner sm-svg-width svg-fill-color\" style=\"--bb--width--sm:var(--bb--width--lg);--bb--width--md:var(--bb--width--lg);--bb--width--lg:33.33333%;--bb--fill--color:var(--wp--preset--color--accent-3, #dd3333)\"><svg xmlns=\"http:\/\/www.w3.org\/2000\/svg\" fill=\"currentColor\" class=\"bi bi-box-seam\" viewBox=\"0 0 16 16\">\n  <path d=\"M8.186 1.113a.5.5 0 0 0-.372 0L1.846 3.5l2.404.961L10.404 2zm3.564 1.426L5.596 5 8 5.961 14.154 3.5zm3.25 1.7-6.5 2.6v7.922l6.5-2.6V4.24zM7.5 14.762V6.838L1 4.239v7.923zM7.443.184a1.5 1.5 0 0 1 1.114 0l7.129 2.852A.5.5 0 0 1 16 3.5v8.662a1 1 0 0 1-.629.928l-7.185 2.874a.5.5 0 0 1-.372 0L.63 13.09a1 1 0 0 1-.63-.928V3.5a.5.5 0 0 1 .314-.464z\"><\/path>\n<\/svg><\/div><\/div>\n<\/div>\n\n\n\n<h4 class=\"wp-block-heading has-text-align-center\"><strong><strong>Tutto da un unico fornitore<\/strong><\/strong><\/h4>\n\n\n\n<p class=\"has-text-align-center\">\u2192 Pacchetto completo: dalla calibrazione alle prove di idoneit\u00e0 fino alla riparazione \u2013 tutto da Klasmeier.<\/p>\n<\/div>\n<\/div>\n\n\n\n<div class=\"wp-block-column is-layout-flow wp-block-column-is-layout-flow\">\n<div class=\"wp-block-group has-accent-background-color has-background is-vertical is-content-justification-center is-layout-flex wp-container-core-group-is-layout-38502bb0 wp-block-group-is-layout-flex\" style=\"border-radius:50px;padding-top:var(--wp--preset--spacing--20);padding-right:var(--wp--preset--spacing--20);padding-bottom:var(--wp--preset--spacing--20);padding-left:var(--wp--preset--spacing--20)\">\n<div class=\"wp-block-boldblocks-svg-block svg-b-6 sm-svg-justify-alignment\" style=\"--bb--justify-alignment--sm:var(--bb--justify-alignment--lg);--bb--justify-alignment--md:var(--bb--justify-alignment--lg);--bb--justify-alignment--lg:center\"><div class=\"wp-block-boldblocks-svg-block__inner sm-svg-width svg-fill-color\" style=\"--bb--width--sm:var(--bb--width--lg);--bb--width--md:var(--bb--width--lg);--bb--width--lg:33.33333%;--bb--fill--color:var(--wp--preset--color--accent-3, #dd3333)\"><svg xmlns=\"http:\/\/www.w3.org\/2000\/svg\" fill=\"currentColor\" class=\"bi bi-truck\" viewBox=\"0 0 16 16\">\n  <path d=\"M0 3.5A1.5 1.5 0 0 1 1.5 2h9A1.5 1.5 0 0 1 12 3.5V5h1.02a1.5 1.5 0 0 1 1.17.563l1.481 1.85a1.5 1.5 0 0 1 .329.938V10.5a1.5 1.5 0 0 1-1.5 1.5H14a2 2 0 1 1-4 0H5a2 2 0 1 1-3.998-.085A1.5 1.5 0 0 1 0 10.5zm1.294 7.456A2 2 0 0 1 4.732 11h5.536a2 2 0 0 1 .732-.732V3.5a.5.5 0 0 0-.5-.5h-9a.5.5 0 0 0-.5.5v7a.5.5 0 0 0 .294.456M12 10a2 2 0 0 1 1.732 1h.768a.5.5 0 0 0 .5-.5V8.35a.5.5 0 0 0-.11-.312l-1.48-1.85A.5.5 0 0 0 13.02 6H12zm-9 1a1 1 0 1 0 0 2 1 1 0 0 0 0-2m9 0a1 1 0 1 0 0 2 1 1 0 0 0 0-2\"><\/path>\n<\/svg><\/div><\/div>\n\n\n\n<h4 class=\"wp-block-heading\"><strong><strong>Posizione centrale a Fulda<\/strong><\/strong><\/h4>\n\n\n\n<p class=\"has-text-align-center\">\u2192 Facilmente raggiungibile \u2013 consegnate il vostro termometro di persona oppure utilizzate il nostro servizio corriere sicuro.<\/p>\n<\/div>\n<\/div>\n<\/div>\n\n\n\n<div class=\"wp-block-group alignwide has-accent-background-color has-background is-vertical is-content-justification-center is-layout-flex wp-container-core-group-is-layout-bc1c67bb wp-block-group-is-layout-flex\" style=\"border-radius:50px;padding-top:var(--wp--preset--spacing--20);padding-right:var(--wp--preset--spacing--20);padding-bottom:var(--wp--preset--spacing--20);padding-left:var(--wp--preset--spacing--20)\">\n<div class=\"wp-block-boldblocks-svg-block svg-b-7 sm-svg-justify-alignment\" style=\"--bb--justify-alignment--sm:var(--bb--justify-alignment--lg);--bb--justify-alignment--md:var(--bb--justify-alignment--lg);--bb--justify-alignment--lg:center\"><div class=\"wp-block-boldblocks-svg-block__inner sm-svg-width svg-fill-color\" style=\"--bb--width--sm:var(--bb--width--lg);--bb--width--md:var(--bb--width--lg);--bb--width--lg:33.33333%;--bb--fill--color:var(--wp--preset--color--accent-3, #dd3333)\"><svg xmlns=\"http:\/\/www.w3.org\/2000\/svg\" fill=\"currentColor\" class=\"bi bi-clipboard2-check\" viewBox=\"0 0 16 16\">\n  <path d=\"M9.5 0a.5.5 0 0 1 .5.5.5.5 0 0 0 .5.5.5.5 0 0 1 .5.5V2a.5.5 0 0 1-.5.5h-5A.5.5 0 0 1 5 2v-.5a.5.5 0 0 1 .5-.5.5.5 0 0 0 .5-.5.5.5 0 0 1 .5-.5z\"><\/path>\n  <path d=\"M3 2.5a.5.5 0 0 1 .5-.5H4a.5.5 0 0 0 0-1h-.5A1.5 1.5 0 0 0 2 2.5v12A1.5 1.5 0 0 0 3.5 16h9a1.5 1.5 0 0 0 1.5-1.5v-12A1.5 1.5 0 0 0 12.5 1H12a.5.5 0 0 0 0 1h.5a.5.5 0 0 1 .5.5v12a.5.5 0 0 1-.5.5h-9a.5.5 0 0 1-.5-.5z\"><\/path>\n  <path d=\"M10.854 7.854a.5.5 0 0 0-.708-.708L7.5 9.793 6.354 8.646a.5.5 0 1 0-.708.708l1.5 1.5a.5.5 0 0 0 .708 0z\"><\/path>\n<\/svg><\/div><\/div>\n\n\n\n<h4 class=\"wp-block-heading has-text-align-center\"><strong><strong>Documentazione senza carta<\/strong><\/strong><\/h4>\n\n\n\n<p class=\"has-text-align-center\">\u2192 Sempre disponibile, firmata digitalmente in modo legalmente valido.<br>Massima trasparenza e sicurezza grazie alla nostra moderna soluzione cloud.<\/p>\n\n\n\n<div class=\"wp-block-buttons is-layout-flex wp-block-buttons-is-layout-flex\">\n<div class=\"wp-block-button is-style-outline is-style-outline--8\"><a class=\"wp-block-button__link wp-element-button\" href=\"https:\/\/www.dakks.de\/de\/digitales-akkreditierungssymbol.html\" target=\"_blank\" rel=\"noreferrer noopener\"><strong>Scopri di pi\u00f9 sulla firma digitale<\/strong><\/a><\/div>\n<\/div>\n<\/div>\n\n\n\n<div style=\"height:20px\" aria-hidden=\"true\" class=\"wp-block-spacer\"><\/div>\n\n\n\n<div class=\"wp-block-group alignfull has-global-padding is-layout-constrained wp-container-core-group-is-layout-1079dfe9 wp-block-group-is-layout-constrained\" style=\"padding-top:0;padding-right:var(--wp--preset--spacing--30);padding-bottom:0;padding-left:var(--wp--preset--spacing--30)\">\n<h3 class=\"wp-block-heading alignwide\">Incertezze di misura nella calibrazione accreditata di termometri a resistenza secondo DIN EN ISO\/IEC 17025 (DAkkS)<\/h3>\n<\/div>\n\n\n\n<div class=\"wp-block-group alignfull has-global-padding is-layout-constrained wp-container-core-group-is-layout-570efc33 wp-block-group-is-layout-constrained\" style=\"padding-top:var(--wp--preset--spacing--30);padding-right:var(--wp--preset--spacing--30);padding-bottom:var(--wp--preset--spacing--30);padding-left:var(--wp--preset--spacing--30)\">\n<figure class=\"wp-block-table alignwide\"><table class=\"has-accent-background-color has-background has-fixed-layout\"><thead><tr><th class=\"has-text-align-center\" data-align=\"center\"><strong>Campo di misura<\/strong><\/th><th class=\"has-text-align-center\" data-align=\"center\"><strong>Metodo<\/strong><\/th><th class=\"has-text-align-center\" data-align=\"center\"><strong><strong>Incertezza di misura<\/strong><\/strong><\/th><\/tr><\/thead><tbody><tr><td class=\"has-text-align-center\" data-align=\"center\">-189,3442 \u00b0C bis 0 \u00b0C<\/td><td class=\"has-text-align-center\" data-align=\"center\">DKD-R 5-1 Punti fissi: Ar, Hg, TPW<\/td><td class=\"has-text-align-center\" data-align=\"center\">5,5 mK<\/td><\/tr><tr><td class=\"has-text-align-center\" data-align=\"center\">-38,8344 \u00b0C bis 29,7646 \u00b0C<\/td><td class=\"has-text-align-center\" data-align=\"center\">DKD-R 5-1 Punti fissi: Hg, TPW, Ga<\/td><td class=\"has-text-align-center\" data-align=\"center\">3,5 mK<\/td><\/tr><tr><td class=\"has-text-align-center\" data-align=\"center\">0 \u00b0C bis 29,7646 \u00b0C<\/td><td class=\"has-text-align-center\" data-align=\"center\">DKD-R 5-1 Punti fissi: TPW, Ga<\/td><td class=\"has-text-align-center\" data-align=\"center\">2,5 mK<\/td><\/tr><tr><td class=\"has-text-align-center\" data-align=\"center\">0 \u00b0C bis 156,5985 \u00b0C<\/td><td class=\"has-text-align-center\" data-align=\"center\">DKD-R 5-1 Punti fissi: TPW, In punti di fusione<\/td><td class=\"has-text-align-center\" data-align=\"center\">5,5 mK<\/td><\/tr><tr><td class=\"has-text-align-center\" data-align=\"center\">0 \u00b0C bis 231,928 \u00b0C<\/td><td class=\"has-text-align-center\" data-align=\"center\">DKD-R 5-1 Punti fissi: TPW, In, Sn punti di fusione<\/td><td class=\"has-text-align-center\" data-align=\"center\">7,0 mK<\/td><\/tr><tr><td class=\"has-text-align-center\" data-align=\"center\">0 \u00b0C bis 419,527 \u00b0C<\/td><td class=\"has-text-align-center\" data-align=\"center\">DKD-R 5-1 Punti fissi: TPW, Sn, Zn punti di fusione<\/td><td class=\"has-text-align-center\" data-align=\"center\">12 mK<\/td><\/tr><tr><td class=\"has-text-align-center\" data-align=\"center\">0 \u00b0C bis 660,323 \u00b0C<\/td><td class=\"has-text-align-center\" data-align=\"center\">DKD-R 5-1 Punti fissi: TPW, Sn, Zn, Al punti di fusione<\/td><td class=\"has-text-align-center\" data-align=\"center\">20 mK<\/td><\/tr><\/tbody><\/table><figcaption class=\"wp-element-caption\">Calibrazione ai punti fissi di temperatura con determinazione della curva caratteristica. L\u2019incertezza di misura si riferisce alla curva caratteristica nell\u2019intervallo indicato.<\/figcaption><\/figure>\n\n\n\n<div class=\"wp-block-buttons is-content-justification-center is-layout-flex wp-container-core-buttons-is-layout-a89b3969 wp-block-buttons-is-layout-flex\">\n<div class=\"wp-block-button is-style-fill\"><a class=\"wp-block-button__link wp-element-button\" href=\"#anfragen\"><strong><strong>Richiedi\u00a0una\u00a0taratura<\/strong><\/strong><\/a><\/div>\n<\/div>\n\n\n\n<figure class=\"wp-block-image alignwide size-full has-custom-border\"><img loading=\"lazy\" decoding=\"async\" width=\"2048\" height=\"1207\" src=\"https:\/\/www.klasmeier.com\/wp-content\/uploads\/2024\/04\/Widerstandsthermometer-3-2048x1207-1.png\" alt=\"\" class=\"wp-image-2449\" style=\"border-radius:50px\" srcset=\"https:\/\/www.klasmeier.com\/wp-content\/uploads\/2024\/04\/Widerstandsthermometer-3-2048x1207-1.png 2048w, https:\/\/www.klasmeier.com\/wp-content\/uploads\/2024\/04\/Widerstandsthermometer-3-2048x1207-1-300x177.png 300w, https:\/\/www.klasmeier.com\/wp-content\/uploads\/2024\/04\/Widerstandsthermometer-3-2048x1207-1-1024x604.png 1024w, https:\/\/www.klasmeier.com\/wp-content\/uploads\/2024\/04\/Widerstandsthermometer-3-2048x1207-1-768x453.png 768w, https:\/\/www.klasmeier.com\/wp-content\/uploads\/2024\/04\/Widerstandsthermometer-3-2048x1207-1-1536x905.png 1536w, https:\/\/www.klasmeier.com\/wp-content\/uploads\/2024\/04\/Widerstandsthermometer-3-2048x1207-1-600x354.png 600w\" sizes=\"auto, (max-width: 2048px) 100vw, 2048px\" \/><\/figure>\n<\/div>\n\n\n\n<div class=\"wp-block-group alignfull has-global-padding is-layout-constrained wp-container-core-group-is-layout-6be67e35 wp-block-group-is-layout-constrained\" style=\"padding-top:var(--wp--preset--spacing--20);padding-right:var(--wp--preset--spacing--30);padding-bottom:var(--wp--preset--spacing--20);padding-left:var(--wp--preset--spacing--30)\">\n<figure class=\"wp-block-table alignwide\"><table class=\"has-accent-background-color has-background has-fixed-layout\"><thead><tr><th class=\"has-text-align-center\" data-align=\"center\"><strong><strong>Campo di misura<\/strong><\/strong><\/th><th class=\"has-text-align-center\" data-align=\"center\"><strong><strong>Metodo<\/strong><\/strong><\/th><th class=\"has-text-align-center\" data-align=\"center\"><strong><strong><strong>Incertezza di misura<\/strong><\/strong><\/strong><\/th><\/tr><\/thead><tbody><tr><td class=\"has-text-align-center\" data-align=\"center\">-196 \u00b0C<\/td><td class=\"has-text-align-center\" data-align=\"center\">DKD-R 5-1 (DIN EN IEC 60751) in azoto liquido con blocco di compensazione<\/td><td class=\"has-text-align-center\" data-align=\"center\">15 mK<\/td><\/tr><tr><td class=\"has-text-align-center\" data-align=\"center\">-180 \u00b0C fino a -80 \u00b0C<\/td><td class=\"has-text-align-center\" data-align=\"center\">DKD-R 5-1 (DIN EN IEC 60751) nel criostato<\/td><td class=\"has-text-align-center\" data-align=\"center\">60 mK<\/td><\/tr><tr><td class=\"has-text-align-center\" data-align=\"center\">-80 \u00b0C fino a -60\u00b0C<br>> -60 \u00b0C fino a 90 \u00b0C<\/td><td class=\"has-text-align-center\" data-align=\"center\">DKD-R 5-1 (DIN EN IEC 60751) nel forno di calibrazione o nel bagno termostatato a liquido<\/td><td class=\"has-text-align-center\" data-align=\"center\">15 mK<br>10 mK<\/td><\/tr><tr><td class=\"has-text-align-center\" data-align=\"center\">> 90 \u00b0C fino a 200 \u00b0C<br>> 200 \u00b0C fino a 500 \u00b0C<br>> 500 \u00b0C fino a 660 \u00b0C<br>> 660 \u00b0C fino a 962 \u00b0C<\/td><td class=\"has-text-align-center\" data-align=\"center\">DKD-R 5-1 (DIN EN IEC 60751) nel forno di calibrazione, nel bagno a liquido o a corpo solido<\/td><td class=\"has-text-align-center\" data-align=\"center\">30 mK<br>40 mK<br>50 mK<br>0,15 K<\/td><\/tr><\/tbody><\/table><figcaption class=\"wp-element-caption\">Confronto con termometri a resistenza campione.<\/figcaption><\/figure>\n\n\n\n<div class=\"wp-block-buttons is-content-justification-center is-layout-flex wp-container-core-buttons-is-layout-a89b3969 wp-block-buttons-is-layout-flex\">\n<div class=\"wp-block-button is-style-fill\"><a class=\"wp-block-button__link wp-element-button\" href=\"#anfragen\"><strong><strong>Richiedi\u00a0una\u00a0taratura<\/strong><\/strong><\/a><\/div>\n<\/div>\n<\/div>\n\n\n\n<h2 class=\"wp-block-heading alignwide\"><strong>Requisiti minimi per la calibrazione di termometri a resistenza<\/strong><\/h2>\n\n\n\n<figure class=\"wp-block-table alignwide\"><table class=\"has-fixed-layout\"><tbody><tr><td class=\"has-text-align-center\" data-align=\"center\"><strong>Tipo di sensore<\/strong><\/td><td class=\"has-text-align-center\" data-align=\"center\"><strong>Campo di temperatura<\/strong><\/td><td class=\"has-text-align-center\" data-align=\"center\"><strong>Profondit\u00e0 minima di immersione<\/strong><\/td><td class=\"has-text-align-center\" data-align=\"center\"><strong>Diametro massimo<\/strong><\/td><td class=\"has-text-align-center\" data-align=\"center\"><strong>Osservazioni<\/strong><\/td><\/tr><tr><td class=\"has-text-align-center\" data-align=\"center\">PRT<\/td><td class=\"has-text-align-center\" data-align=\"center\">-196 \u00b0C<\/td><td class=\"has-text-align-center\" data-align=\"center\">300 mm<\/td><td class=\"has-text-align-center\" data-align=\"center\">&lt;8 mm<\/td><td class=\"has-text-align-center\" data-align=\"center\">Punto di ebollizione dell\u2019azoto<\/td><\/tr><tr><td class=\"has-text-align-center\" data-align=\"center\">PRT<\/td><td class=\"has-text-align-center\" data-align=\"center\">-180 \u00b0C fino a -81 \u00b0C<\/td><td class=\"has-text-align-center\" data-align=\"center\">480 mm<\/td><td class=\"has-text-align-center\" data-align=\"center\">&lt;7,5 mm<\/td><td class=\"has-text-align-center\" data-align=\"center\">Criostato per basse temperature<\/td><\/tr><tr><td class=\"has-text-align-center\" data-align=\"center\">PRT<\/td><td class=\"has-text-align-center\" data-align=\"center\">-80 \u00b0C fino a 230 \u00b0C<\/td><td class=\"has-text-align-center\" data-align=\"center\">100 mm<\/td><td class=\"has-text-align-center\" data-align=\"center\">&#8211;<\/td><td class=\"has-text-align-center\" data-align=\"center\">Bagno di calibrazione, buona omogeneit\u00e0<\/td><\/tr><tr><td class=\"has-text-align-center\" data-align=\"center\">PRT<\/td><td class=\"has-text-align-center\" data-align=\"center\">231 \u00b0C fino a 700 \u00b0C<\/td><td class=\"has-text-align-center\" data-align=\"center\">300 mm<\/td><td class=\"has-text-align-center\" data-align=\"center\">&lt;8 mm<\/td><td class=\"has-text-align-center\" data-align=\"center\">Forno di calibrazione<\/td><\/tr><tr><td class=\"has-text-align-center\" data-align=\"center\">PRT<\/td><td class=\"has-text-align-center\" data-align=\"center\">701 \u00b0C fino a 962 \u00b0C<\/td><td class=\"has-text-align-center\" data-align=\"center\">450 mm<\/td><td class=\"has-text-align-center\" data-align=\"center\">&lt;8 mm<\/td><td class=\"has-text-align-center\" data-align=\"center\">Temperature elevate, necessaria maggiore profondit\u00e0<\/td><\/tr><tr><td class=\"has-text-align-center\" data-align=\"center\">Termocoppia<\/td><td class=\"has-text-align-center\" data-align=\"center\">196 \u00b0C<\/td><td class=\"has-text-align-center\" data-align=\"center\">300 mm<\/td><td class=\"has-text-align-center\" data-align=\"center\">&lt;8 mm<\/td><td class=\"has-text-align-center\" data-align=\"center\">Punto di ebollizione dell\u2019azoto<\/td><\/tr><tr><td class=\"has-text-align-center\" data-align=\"center\">Termocoppia<\/td><td class=\"has-text-align-center\" data-align=\"center\">-180 \u00b0C fino a -81 \u00b0C<\/td><td class=\"has-text-align-center\" data-align=\"center\">480 mm<\/td><td class=\"has-text-align-center\" data-align=\"center\">&lt;7,5 mm<\/td><td class=\"has-text-align-center\" data-align=\"center\">Criostato per basse temperature<\/td><\/tr><tr><td class=\"has-text-align-center\" data-align=\"center\">Termocoppia<\/td><td class=\"has-text-align-center\" data-align=\"center\">-80 \u00b0C fino a 230 \u00b0C<\/td><td class=\"has-text-align-center\" data-align=\"center\">100 mm<\/td><td class=\"has-text-align-center\" data-align=\"center\">&#8211;<\/td><td class=\"has-text-align-center\" data-align=\"center\">Bagno di calibrazione<\/td><\/tr><tr><td class=\"has-text-align-center\" data-align=\"center\">Termocoppia<\/td><td class=\"has-text-align-center\" data-align=\"center\">231 \u00b0C fino a 1200 \u00b0C<\/td><td class=\"has-text-align-center\" data-align=\"center\">190 mm<\/td><td class=\"has-text-align-center\" data-align=\"center\">&lt;8 mm<\/td><td class=\"has-text-align-center\" data-align=\"center\">Forno di calibrazione<\/td><\/tr><tr><td class=\"has-text-align-center\" data-align=\"center\">Au\/Pt &amp; Pt\/Pd<\/td><td class=\"has-text-align-center\" data-align=\"center\">0 \u00b0C fino a 1200 \u00b0C<\/td><td class=\"has-text-align-center\" data-align=\"center\">480 mm<\/td><td class=\"has-text-align-center\" data-align=\"center\">&lt;8 mm<\/td><td class=\"has-text-align-center\" data-align=\"center\">Termocoppia in metallo nobile<\/td><\/tr><\/tbody><\/table><\/figure>\n\n\n\n<div style=\"height:20px\" aria-hidden=\"true\" class=\"wp-block-spacer\"><\/div>\n\n\n\n<div class=\"wp-block-group alignfull has-accent-background-color has-background has-global-padding is-layout-constrained wp-container-core-group-is-layout-7a94f013 wp-block-group-is-layout-constrained\" style=\"padding-top:var(--wp--preset--spacing--30);padding-right:var(--wp--preset--spacing--30);padding-bottom:var(--wp--preset--spacing--30);padding-left:var(--wp--preset--spacing--30)\">\n<div class=\"wp-block-columns alignwide is-layout-flex wp-container-core-columns-is-layout-6bfd910c wp-block-columns-is-layout-flex\" style=\"padding-top:var(--wp--preset--spacing--10);padding-bottom:var(--wp--preset--spacing--30)\">\n<div class=\"wp-block-column is-vertically-aligned-center is-layout-flow wp-block-column-is-layout-flow\" style=\"flex-basis:30%\">\n<figure class=\"wp-block-image aligncenter size-full is-resized has-custom-border hvr-grow\"><img loading=\"lazy\" decoding=\"async\" width=\"550\" height=\"828\" src=\"https:\/\/www.klasmeier.com\/wp-content\/uploads\/2024\/04\/Kalibrierung-an-Fixpunkten.png\" alt=\"\" class=\"wp-image-2430\" style=\"border-radius:50px;width:312px;height:auto\" srcset=\"https:\/\/www.klasmeier.com\/wp-content\/uploads\/2024\/04\/Kalibrierung-an-Fixpunkten.png 550w, https:\/\/www.klasmeier.com\/wp-content\/uploads\/2024\/04\/Kalibrierung-an-Fixpunkten-199x300.png 199w\" sizes=\"auto, (max-width: 550px) 100vw, 550px\" \/><\/figure>\n<\/div>\n\n\n\n<div class=\"wp-block-column is-layout-flow wp-block-column-is-layout-flow\" style=\"flex-basis:70%\">\n<h3 class=\"wp-block-heading\">Taratura ai punti fissi di temperatura<\/h3>\n\n\n\n<p>Il nostro laboratorio di taratura non si occupa solo della taratura dei&nbsp;<strong>SPRTs<\/strong>, ma anche dei&nbsp;<strong>termometri a resistenza<\/strong><em>(Pt100, Pt25, Pt1000, termometri di riferimento industriali, ecc.)<\/em>, utilizzando i&nbsp;<strong>punti fissi di temperatura ITS-90<\/strong>.<\/p>\n\n\n\n<p>Prima della taratura, ogni&nbsp;<strong>termometro a resistenza<\/strong>&nbsp;viene sottoposto a un processo di&nbsp;<strong>invecchiamento alla temperatura di utilizzo massima<\/strong>, e la&nbsp;<strong>deriva da invecchiamento<\/strong>&nbsp;viene determinata attraverso il&nbsp;<strong>punto triplo dell&#8217;acqua<\/strong>. Durante la taratura, vengono inoltre analizzati e presi in considerazione&nbsp;<strong>gli errori di auto-riscaldamento e gli effetti della pressione idrostatica<\/strong>. Verifichiamo inoltre&nbsp;<strong>l&#8217;isteresi<\/strong>&nbsp;e la&nbsp;<strong>curva caratteristica ITS-90<\/strong>&nbsp;del termometro.<\/p>\n\n\n\n<p>Il certificato di taratura&nbsp;<strong>DAkkS<\/strong>&nbsp;rilasciato \u00e8&nbsp;<strong>riconosciuto a livello internazionale<\/strong>&nbsp;e pu\u00f2 essere utilizzato anche all&#8217;estero.<\/p>\n\n\n\n<h3 class=\"wp-block-heading alignwide\">Profondit\u00e0 di immersione minima di 300 mm<\/h3>\n\n\n\n<p>Per la taratura utilizziamo sia&nbsp;<strong>punti fissi di temperatura sottili e grandi<\/strong>, sia&nbsp;<strong>ISO-Tower di ultima generazione<\/strong>. Questo ci consente di tarare&nbsp;<strong>termometri a resistenza di platino standard ITS-90 (SPRT come Pt100 o Pt25) e termometri di riferimento industriali (Pt100)<\/strong>&nbsp;a partire da una&nbsp;<strong>profondit\u00e0 di immersione di 300 mm<\/strong>, con&nbsp;<strong>incertezze di misura eccellenti<\/strong>.<\/p>\n<\/div>\n<\/div>\n<\/div>\n\n\n\n<div class=\"wp-block-group alignfull has-global-padding is-layout-constrained wp-container-core-group-is-layout-80fb368b wp-block-group-is-layout-constrained\" style=\"padding-top:var(--wp--preset--spacing--30);padding-right:var(--wp--preset--spacing--30);padding-bottom:var(--wp--preset--spacing--30);padding-left:var(--wp--preset--spacing--30)\">\n<h3 class=\"wp-block-heading alignwide\">Confronto tra SPRTs e IPRTs ai punti fissi di temperatura<\/h3>\n\n\n\n<div class=\"wp-block-group alignwide has-global-padding is-layout-constrained wp-container-core-group-is-layout-029b1f03 wp-block-group-is-layout-constrained\">\n<p>Durante la taratura dei&nbsp;<strong>termometri di riferimento<\/strong>&nbsp;ai punti fissi&nbsp;<strong>ITS-90<\/strong>, spesso sorge la domanda su&nbsp;<strong>quali e quanti punti fissi siano necessari<\/strong>, soprattutto per le temperature pi\u00f9 elevate. Per rispondere a questa esigenza, abbiamo condotto&nbsp;<strong>approfondite analisi<\/strong>. La seguente grafica mostra il confronto tra un&nbsp;<strong>termometro a resistenza di platino standard (SPRT) e un termometro di riferimento (IPRT)<\/strong>.<\/p>\n\n\n\n<figure class=\"wp-block-image aligncenter size-full has-custom-border\"><img loading=\"lazy\" decoding=\"async\" width=\"670\" height=\"408\" src=\"https:\/\/www.klasmeier.com\/wp-content\/uploads\/2024\/04\/sprt_vs_prt.jpg\" alt=\"\" class=\"wp-image-2453\" style=\"border-style:none;border-width:0px;border-radius:50px\" srcset=\"https:\/\/www.klasmeier.com\/wp-content\/uploads\/2024\/04\/sprt_vs_prt.jpg 670w, https:\/\/www.klasmeier.com\/wp-content\/uploads\/2024\/04\/sprt_vs_prt-300x183.jpg 300w, https:\/\/www.klasmeier.com\/wp-content\/uploads\/2024\/04\/sprt_vs_prt-600x365.jpg 600w\" sizes=\"auto, (max-width: 670px) 100vw, 670px\" \/><\/figure>\n\n\n\n<p>La differenza di temperatura evidenzia che la&nbsp;<strong>massima deviazione della curva caratteristica, pari a circa 25 mK, rientra nell\u2019incertezza di misura<\/strong>.<\/p>\n\n\n\n<p>Per le tarature accreditate&nbsp;<strong>secondo DIN EN ISO\/IEC 17025 (DAkkS)<\/strong>&nbsp;nel&nbsp;<strong>range di temperatura pi\u00f9 elevato<\/strong>, oltre alle verifiche sopra menzionate, effettuiamo anche un&nbsp;<strong>controllo di plausibilit\u00e0 della curva caratteristica<\/strong>. La&nbsp;<strong>temperatura di prova<\/strong>&nbsp;viene selezionata tra i&nbsp;<strong>punti fissi di temperatura ITS-90<\/strong>&nbsp;per garantire la massima precisione.<\/p>\n<\/div>\n<\/div>\n\n\n\n<div class=\"wp-block-group alignfull has-accent-background-color has-background has-global-padding is-layout-constrained wp-container-core-group-is-layout-80fb368b wp-block-group-is-layout-constrained\" style=\"padding-top:var(--wp--preset--spacing--30);padding-right:var(--wp--preset--spacing--30);padding-bottom:var(--wp--preset--spacing--30);padding-left:var(--wp--preset--spacing--30)\">\n<figure class=\"wp-block-image size-full has-custom-border\"><img loading=\"lazy\" decoding=\"async\" width=\"671\" height=\"86\" src=\"https:\/\/www.klasmeier.com\/wp-content\/uploads\/KlasmeierCloud.png\" alt=\"\" class=\"wp-image-3223\" style=\"border-radius:25px\" srcset=\"https:\/\/www.klasmeier.com\/wp-content\/uploads\/KlasmeierCloud.png 671w, https:\/\/www.klasmeier.com\/wp-content\/uploads\/KlasmeierCloud-300x38.png 300w, https:\/\/www.klasmeier.com\/wp-content\/uploads\/KlasmeierCloud-600x77.png 600w\" sizes=\"auto, (max-width: 671px) 100vw, 671px\" \/><\/figure>\n\n\n\n<div class=\"wp-block-columns alignwide is-layout-flex wp-container-core-columns-is-layout-ef350914 wp-block-columns-is-layout-flex\" style=\"padding-top:var(--wp--preset--spacing--30);padding-bottom:var(--wp--preset--spacing--30)\">\n<div class=\"wp-block-column is-layout-flow wp-block-column-is-layout-flow\" style=\"flex-basis:75%\">\n<h3 class=\"wp-block-heading alignwide\">Archivio digitale Klasmeier Cloud:<br><strong><strong>Accesso rapido e semplice ai documenti di taratura<\/strong><\/strong><\/h3>\n\n\n\n<p>La&nbsp;<strong><a href=\"\/it\/cloud\/\">Klasmeier Cloud<\/a><\/strong>&nbsp;\u00e8 il&nbsp;<strong>sistema di archiviazione perfetto<\/strong>&nbsp;per tutti i documenti di taratura. Ogni strumento tarato da Klasmeier \u00e8 dotato di un&nbsp;<strong>QR-Code<\/strong>, che consente di accedere rapidamente e facilmente al nostro&nbsp;<strong>archivio digitale<\/strong>.<\/p>\n\n\n\n<p>Particolarmente pratico: oltre a tutti i documenti di taratura, troverete sempre anche i contatti diretti del referente Klasmeier assegnato. In questo modo, anche dopo cinque o pi\u00f9 anni, potrete accedere con un solo clic a tutte le informazioni necessarie per il vostro prodotto di taratura in caso di domande.<\/p>\n<\/div>\n\n\n\n<div class=\"wp-block-column is-vertically-aligned-center is-layout-flow wp-block-column-is-layout-flow\" style=\"flex-basis:25%\">\n<p class=\"has-text-align-center\"><mark style=\"background-color:rgba(0, 0, 0, 0);color:#dd3333\" class=\"has-inline-color\"><i class=\"fas fa-cloud-download fa-6x\"><\/i><\/mark><\/p>\n<\/div>\n<\/div>\n\n\n\n<div class=\"wp-block-buttons is-content-justification-center is-layout-flex wp-container-core-buttons-is-layout-a89b3969 wp-block-buttons-is-layout-flex\">\n<div class=\"wp-block-button is-style-outline hvr-shrink is-style-outline--9\"><a class=\"wp-block-button__link wp-element-button\" href=\"\/it\/cloud\/\"><strong>Accedi&nbsp;alla&nbsp;Klasmeier&nbsp;Cloud<\/strong><\/a><\/div>\n<\/div>\n<\/div>\n\n\n\n<div class=\"wp-block-group alignfull has-base-background-color has-background has-global-padding is-layout-constrained wp-container-core-group-is-layout-c9b5e92c wp-block-group-is-layout-constrained\" style=\"border-radius:50px;margin-top:var(--wp--preset--spacing--30);margin-bottom:var(--wp--preset--spacing--30);padding-top:var(--wp--preset--spacing--30);padding-right:var(--wp--preset--spacing--30);padding-bottom:var(--wp--preset--spacing--30);padding-left:var(--wp--preset--spacing--30)\">\n<div class=\"wp-block-columns alignwide is-layout-flex wp-container-core-columns-is-layout-28f84493 wp-block-columns-is-layout-flex\">\n<div class=\"wp-block-column is-layout-flow wp-block-column-is-layout-flow\" style=\"flex-basis:100%\">\n<h3 class=\"wp-block-heading has-text-align-center\"><strong>Klasmeier \u2013 perch\u00e9 la misurazione precisa della temperatura \u00e8 una questione di fiducia.<\/strong><\/h3>\n\n\n\n<p><strong>I vostri vantaggi nel dettaglio:<\/strong><br><mark style=\"background-color:rgba(0, 0, 0, 0);color:#dd3333\" class=\"has-inline-color\"><i class=\"fas fa-circle-check\"><\/i><\/mark> <strong>Produzione propria &amp; servizio di riparazione<\/strong><br>\u2192 Riparazione dei termometri direttamente presso di noi \u2013 rapida e affidabile<br><mark style=\"background-color:rgba(0, 0, 0, 0);color:#dd3333\" class=\"has-inline-color\"><i class=\"fas fa-circle-check\"><\/i><\/mark> <strong>Prove di idoneit\u00e0 + calibrazione + consulenza<\/strong><br>\u2192 Tutto da un unico fornitore \u2013 completamente conforme ai requisiti di audit<br><mark style=\"background-color:rgba(0, 0, 0, 0);color:#dd3333\" class=\"has-inline-color\"><i class=\"fas fa-circle-check\"><\/i><\/mark> <strong>Posizione centrale in Germania<\/strong><br>\u2192 Facilmente raggiungibile \u2013 oppure utilizzate il nostro servizio di trasporto GO<br><mark style=\"background-color:rgba(0, 0, 0, 0);color:#dd3333\" class=\"has-inline-color\"><i class=\"fas fa-circle-check\"><\/i><\/mark> <strong>Certificati di calibrazione digitali e firmati<\/strong><br>\u2192 Sempre disponibili, a prova di manomissione e legalmente validi<\/p>\n\n\n\n<p><\/p>\n\n\n\n<div class=\"wp-block-buttons is-content-justification-center is-layout-flex wp-container-core-buttons-is-layout-a89b3969 wp-block-buttons-is-layout-flex\">\n<div class=\"wp-block-button is-style-fill\"><a class=\"wp-block-button__link wp-element-button\" href=\"#anfragen\"><strong><strong>Richiedi\u00a0una\u00a0taratura<\/strong><\/strong><\/a><\/div>\n<\/div>\n<\/div>\n<\/div>\n<\/div>\n\n\n\n<div class=\"wp-block-group alignfull has-accent-background-color has-background has-global-padding is-layout-constrained wp-container-core-group-is-layout-c9b5e92c wp-block-group-is-layout-constrained\" style=\"border-radius:0px;margin-top:var(--wp--preset--spacing--30);margin-bottom:var(--wp--preset--spacing--30);padding-top:var(--wp--preset--spacing--30);padding-right:var(--wp--preset--spacing--30);padding-bottom:var(--wp--preset--spacing--30);padding-left:var(--wp--preset--spacing--30)\">\n<div class=\"wp-block-columns alignwide is-layout-flex wp-container-core-columns-is-layout-28f84493 wp-block-columns-is-layout-flex\">\n<div class=\"wp-block-column is-layout-flow wp-block-column-is-layout-flow\" style=\"flex-basis:100%\">\n<h3 class=\"wp-block-heading has-text-align-center\"><strong><strong>Valore aggiunto per audit e consulenza<\/strong><\/strong><\/h3>\n\n\n\n<p>Possiamo offrirvi supporto nella preparazione agli audit:<\/p>\n\n\n\n<p><mark style=\"background-color:rgba(0, 0, 0, 0);color:#dd3333\" class=\"has-inline-color\"><i class=\"fas fa-circle-check\"><\/i><\/mark> <strong>Calibrazioni accreditate sull\u2019intero intervallo ITS-90<\/strong><br>\u2192 Cos\u00ec sarete perfettamente preparati per la vostra prossima valutazione.<br><mark style=\"background-color:rgba(0, 0, 0, 0);color:#dd3333\" class=\"has-inline-color\"><i class=\"fas fa-circle-check\"><\/i><\/mark> <strong>Prove di idoneit\u00e0 per la conferma delle vostre incertezze di misura<\/strong><br><mark style=\"background-color:rgba(0, 0, 0, 0);color:#dd3333\" class=\"has-inline-color\"><i class=\"fas fa-circle-check\"><\/i><\/mark> <strong>Consulenza e suggerimenti pratici da un laboratorio accreditato<\/strong><br>\u2192 Affinch\u00e9 la vostra tecnologia di misurazione della temperatura convinca non solo sulla carta, ma anche nell\u2019uso quotidiano.<br><\/p>\n<\/div>\n<\/div>\n<\/div>\n\n\n\n<div class=\"wp-block-group alignfull has-global-padding is-layout-constrained wp-container-core-group-is-layout-0c8379ad wp-block-group-is-layout-constrained\" style=\"margin-top:var(--wp--preset--spacing--30);margin-bottom:var(--wp--preset--spacing--30);padding-top:var(--wp--preset--spacing--20);padding-right:var(--wp--preset--spacing--30);padding-bottom:var(--wp--preset--spacing--20);padding-left:var(--wp--preset--spacing--30)\">\n<h2 class=\"wp-block-heading alignwide has-text-align-center\"><strong>Troviamo insieme la soluzione giusta per voi!<\/strong><\/h2>\n\n\n\n<div class=\"wp-block-columns alignwide hvr-grow has-accent-background-color has-background is-layout-flex wp-container-core-columns-is-layout-b6a795d6 wp-block-columns-is-layout-flex\" style=\"border-radius:50px;margin-top:var(--wp--preset--spacing--40);margin-bottom:var(--wp--preset--spacing--40);padding-top:var(--wp--preset--spacing--20);padding-right:var(--wp--preset--spacing--20);padding-bottom:var(--wp--preset--spacing--20);padding-left:var(--wp--preset--spacing--20)\">\n<div class=\"wp-block-column is-layout-flow wp-block-column-is-layout-flow\" style=\"flex-basis:40%\">\n<figure class=\"wp-block-image aligncenter size-full has-custom-border\"><img loading=\"lazy\" decoding=\"async\" width=\"500\" height=\"333\" src=\"https:\/\/www.klasmeier.com\/wp-content\/uploads\/2024\/03\/BK.png\" alt=\"\" class=\"wp-image-1608\" style=\"border-radius:50px\" srcset=\"https:\/\/www.klasmeier.com\/wp-content\/uploads\/2024\/03\/BK.png 500w, https:\/\/www.klasmeier.com\/wp-content\/uploads\/2024\/03\/BK-300x200.png 300w\" sizes=\"auto, (max-width: 500px) 100vw, 500px\" \/><\/figure>\n<\/div>\n\n\n\n<div class=\"wp-block-column is-vertically-aligned-center is-layout-flow wp-block-column-is-layout-flow\" style=\"flex-basis:60%\">\n<h3 class=\"wp-block-heading has-text-align-center\">Parlate direttamente con il nostro esperto!<\/h3>\n\n\n\n<p class=\"has-text-align-center\"><br><strong>Il vostro referente per i servizi di taratura e le prove di idoneit\u00e0:<br><\/strong><br><strong>Boris Kalb<\/strong><\/p>\n\n\n\n<p class=\"has-text-align-center\"><mark style=\"background-color:rgba(0, 0, 0, 0);color:#dd3333\" class=\"has-inline-color\"><i class=\"fas fa-envelope\"><\/i><\/mark> <a href=\"https:\/\/www.klasmeier.com\/it\/azienda\/referenti\/\">Contattaci ora<\/a><\/p>\n<\/div>\n<\/div>\n<\/div>\n\n\n\n<div class=\"wp-block-group alignwide has-accent-background-color has-background has-global-padding is-layout-constrained wp-container-core-group-is-layout-7c68bf55 wp-block-group-is-layout-constrained\" id=\"anfragen\" style=\"border-radius:25px;margin-top:var(--wp--preset--spacing--30);margin-bottom:var(--wp--preset--spacing--30);padding-top:var(--wp--preset--spacing--20);padding-right:var(--wp--preset--spacing--20);padding-bottom:var(--wp--preset--spacing--20);padding-left:var(--wp--preset--spacing--20)\">\n<h3 class=\"wp-block-heading\"><strong><strong>Richiedi&nbsp;una&nbsp;taratura<\/strong><\/strong><\/h3>\n\n\n\n<div class=\"wp-block-contact-form-7-contact-form-selector\">\n<div class=\"wpcf7 no-js\" id=\"wpcf7-f9077-o1\" lang=\"de-DE\" dir=\"ltr\" data-wpcf7-id=\"9077\">\n<div class=\"screen-reader-response\"><p role=\"status\" aria-live=\"polite\" aria-atomic=\"true\"><\/p> <ul><\/ul><\/div>\n<form action=\"\/it\/wp-json\/wp\/v2\/pages\/9092#wpcf7-f9077-o1\" method=\"post\" class=\"wpcf7-form init\" aria-label=\"Kontaktformular\" novalidate=\"novalidate\" data-status=\"init\">\n<fieldset class=\"hidden-fields-container\"><input type=\"hidden\" name=\"_wpcf7\" value=\"9077\" \/><input type=\"hidden\" name=\"_wpcf7_version\" value=\"6.1.5\" \/><input type=\"hidden\" name=\"_wpcf7_locale\" value=\"de_DE\" \/><input type=\"hidden\" name=\"_wpcf7_unit_tag\" value=\"wpcf7-f9077-o1\" \/><input type=\"hidden\" name=\"_wpcf7_container_post\" value=\"0\" \/><input type=\"hidden\" name=\"_wpcf7_posted_data_hash\" value=\"\" \/>\n<\/fieldset>\n<style>\n\n\/* Allgemeine Stile f\u00fcr das Formular *\/\n.wpcf7-form {\n max-width: 1280px; \/* Volle Breite setzen *\/\n margin: 0 auto; \/* Zentrieren *\/\n box-sizing: border-box;\n padding-top: 0px; \/* Abstand nach oben *\/\n}\n\n\/* Stile f\u00fcr die Zeilen und Spalten *\/\n.form-row {\n display: flex;\n flex-wrap: wrap;\n justify-content: space-between;\n margin-bottom: 10px; \/* Abstand zwischen den Zeilen *\/\n}\n\n.form-column {\n width: 48%; \/* Zwei Spalten mit Abstand *\/\n box-sizing: border-box;\n}\n\n\/* Anpassung der H\u00f6he der Eingabefelder und der vollen Breite *\/\n.wpcf7-form input[type=\"text\"],\n.wpcf7-form input[type=\"email\"],\n.wpcf7-form textarea {\n font-size: 20px;\n height: 60px; \/* Erh\u00f6hte H\u00f6he der Eingabefelder *\/\n width: 400px; \/* Volle Breite der Spalte *\/\n padding: 10px; \/* Innenabstand f\u00fcr Eingabefelder *\/\n box-sizing: border-box;\n border-radius: 15px; \/* Abgerundete Ecken *\/\n border: 1px solid #ccc; \/* Rand um die Eingabefelder *\/\n transition: width 0.5s ease;\n}\n\n.wpcf7-form textarea {\n max-height: 150px;\n height: auto; \/* Erm\u00f6glicht flexible H\u00f6he *\/\n min-height: 120px; \/* Mindesth\u00f6he f\u00fcr mehrzeiliges Schreiben *\/\n resize: none; \/* Entfernt die Gr\u00f6\u00dfen\u00e4nderungsoption *\/\n}\n\n.wpcf7-form input[type=\"text\"]:hover,\n.wpcf7-form input[type=\"email\"]:hover,\n.wpcf7-form textarea:hover {\n width: 560px;\n border: 2px solid #DD3333;\n}\n\n.wpcf7 input[type=\"text\"]:focus,\n.wpcf7 textarea[type=\"text\"]:focus,\n.wpcf7 input[type=\"email\"]:focus,\n.wpcf7 textarea[type=\"email\"]:focus{\n width: 560px;\n outline: none;\n box-shadow: none;\n border: 3px solid #DD3333;\n}\n\n.wpcf7 input[type=\"checkbox\"] {\n width: 15px; \/* \u00c4ndert die Breite der Checkbox *\/\n height: 15px; \/* \u00c4ndert die H\u00f6he der Checkbox *\/\n transform: scale(1.5); \/* Vergr\u00f6\u00dfert die Checkbox *\/\n margin-right: 10px; \/* Abstand zwischen Checkbox und Text *\/\n -webkit-appearance: none; \/* Entfernt die Standard-Stilierung *\/\n appearance: none; \/* Entfernt die Standard-Stilierung *\/\n border: 1px solid #ccc; \/* Rand der Checkbox *\/\n border-radius: 8px; \/* Abgerundete Ecken *\/\n background-color: #f0f0f0; \/* Hintergrundfarbe der Checkbox *\/\n position: relative; \/* Erm\u00f6glicht die Positionierung des Haken-Pseudo-Elements *\/\n cursor: pointer; \/* \u00c4ndert den Cursor bei Hover *\/\n transition: background-color 0.3s, border-color 0.3s; \/* Smooth Transition *\/\n vertical-align: middle; \/* Richtet die Checkbox vertikal aus *\/\n}\n\n.wpcf7 input[type=\"checkbox\"]:checked {\n background-color: #DD3333; \/* Hintergrundfarbe wenn angeklickt *\/\n border-color: #DD3333; \/* Randfarbe wenn angeklickt *\/\n}\n\n.wpcf7 input[type=\"checkbox\"]:checked::after {\n content: '';\n position: absolute;\n top: 40%;\n left: 48%;\n width: 4px; \/* Breite des Hakens *\/\n height: 7px; \/* H\u00f6he des Hakens *\/\n border: solid white;\n border-width: 0 2px 2px 0;\n transform: translate(-50%, -50%) rotate(45deg);\n}\n\n.wpcf7 input[type=\"checkbox\"]:focus {\n outline: none;\n box-shadow: 0 0 2px 2px rgba(0, 123, 255, 0.25); \/* Optionale Hervorhebung bei Fokus *\/\n}\n\n\/* Platzhalterstile *\/\n::placeholder {\n color: #888; \/* Farbe f\u00fcr Platzhaltertext *\/\n font-size: 20px;\n}\n\n\/* Stile f\u00fcr die Checkboxen *\/\n.wpcf7-form p {\n margin-bottom: 10px;\n display: flex;\n align-items: center;\n text-align: center;\n}\n\n.wpcf7-form p label {\n margin-left: 5px;\n margin-bottom: 0; \/* Kein zus\u00e4tzlicher Abstand unten *\/\n display: flex;\n align-items: center;\n text-align: center;\n}\n\n.wpcf7 .wpcf7-submit {\n display: block; \/* Sicherstellen, dass der Button als Blockelement behandelt wird *\/\n margin: 0 auto; \/* Automatisches Zentrieren *\/\n}\n\n.wpcf7 .wpcf7-submit-container {\n text-align: center; \/* Zentriert den Button-Container *\/\n margin-top: 20px; \/* Optional: Abstand oberhalb des Containers *\/\n}\n\n.wpcf7-submit {\n background-color: #DD3333; \/* Hintergrundfarbe des Buttons *\/\n color: white; \/* Textfarbe des Buttons *\/\n border: none; \/* Kein Rahmen *\/\n padding: 15px 30px; \/* Innenabstand des Buttons *\/\n text-align: center; \/* Textzentrierung *\/\n text-decoration: none; \/* Kein Textdekor *\/\n display: block; \/* Als Blockelement behandeln *\/\n font-size: 20px; \/* Schriftgr\u00f6\u00dfe *\/\n margin: 0px auto; \/* Au\u00dfenabstand *\/\n margin-left: 25px; \/* Kleiner linker Abstand *\/\n cursor: pointer; \/* Cursor bei Hover *\/\n border-radius: 15px; \/* Abgerundete Ecken *\/\n transition: background-color 0.3s ease, transform 0.3s ease; \/* \u00dcbergangseffekte *\/\n}\n\n.wpcf7-submit:hover {\n background-color: #DD3333; \/* Hintergrundfarbe bei Hover *\/\n transform: scale(1.05); \/* Vergr\u00f6\u00dferung bei Hover *\/\n}\n\n.wpcf7-submit:active {\n background-color: #DD3333; \/* Hintergrundfarbe bei Klick *\/\n transform: scale(1.02); \/* Leichte Verkleinerung bei Klick *\/\n}\n\n.wpcf7 .wpcf7-spinner {\n display: block; \/* Als Blockelement behandeln *\/\n position: absolute; \/* Absolute Positionierung innerhalb des Containers *\/\n top: 100%; \/* Abstand vom oberen Rand des Containers *\/\n left: 50%; \/* Zentriert horizontal innerhalb des Containers *\/\n transform: translateX(-50%); \/* Zur\u00fcckverschieben um die H\u00e4lfte der eigenen Breite *\/\n}\n\n\n@media screen and (max-width: 600px) {\n .wpcf7 input[type=\"checkbox\"] {\n width: 50px !important;\n height: 20px !important;\n margin-right: 10px;\n border-radius: 50%; \/* Rund statt 8px *\/\n }\n\n}\n\n\n@media screen and (max-width: 768px) {\n \/* Spalten untereinander *\/\n .form-row {\n flex-direction: column;\n }\n\n .form-column {\n width: 100% !important;\n margin-bottom: 10px;\n }\n\n .wpcf7-form input[type=\"text\"],\n .wpcf7-form input[type=\"email\"],\n .wpcf7-form input[type=\"tel\"],\n .wpcf7-form textarea {\n width: 100% !important;\n }\n\n \/* Checkbox bleibt rund und linksb\u00fcndig *\/\n .wpcf7 input[type=\"checkbox\"] {\n width: 20px;\n height: 20px;\n margin-right: 10px;\n border-radius: 50%; \/* Rund statt 8px *\/\n }\n\n \/* Optional: Upload-Feld auch bei Bedarf zentrieren *\/\n .codedropz-upload-container {\n padding: 30px 15px;\n }\n\n .codedropz-upload-inner {\n width: 100%;\n box-sizing: border-box;\n }\n\n .codedropz-btn-wrap {\n justify-content: center;\n }\n}\n\n\n@media screen and (max-width: 1350px) {\n .wpcf7-form input[type=\"text\"],\n .wpcf7-form input[type=\"email\"],\n .wpcf7-form input[type=\"tel\"],\n .wpcf7-form textarea {\n transition: none !important;\n width: 100% !important;\n }\n\n .wpcf7-form input[type=\"text\"]:hover,\n .wpcf7-form input[type=\"email\"]:hover,\n .wpcf7-form input[type=\"tel\"]:hover,\n .wpcf7-form textarea:hover,\n .wpcf7 input[type=\"text\"]:focus,\n .wpcf7 input[type=\"email\"]:focus,\n .wpcf7 input[type=\"tel\"]:focus,\n .wpcf7 textarea:focus {\n width: 100% !important;\n border: 2px solid #DD3333;\n }\n}\n<\/style>\n<div class=\"form-row\">\n\t<div class=\"form-column\">\n\t\t<p><br \/>\n<span class=\"wpcf7-form-control-wrap\" data-name=\"vorname\"><input size=\"40\" maxlength=\"400\" class=\"wpcf7-form-control wpcf7-text wpcf7-validates-as-required\" id=\"vorname\" aria-required=\"true\" aria-invalid=\"false\" placeholder=\"Nome\" value=\"\" type=\"text\" name=\"vorname\" \/><\/span>\n\t\t<\/p>\n\t\t<p><br \/>\n<span class=\"wpcf7-form-control-wrap\" data-name=\"nachname\"><input size=\"40\" maxlength=\"400\" class=\"wpcf7-form-control wpcf7-text wpcf7-validates-as-required\" id=\"nachname\" aria-required=\"true\" aria-invalid=\"false\" placeholder=\"Cognome\" value=\"\" type=\"text\" name=\"nachname\" \/><\/span>\n\t\t<\/p>\n\t\t<p><br \/>\n<span class=\"wpcf7-form-control-wrap\" data-name=\"email\"><input size=\"40\" maxlength=\"400\" class=\"wpcf7-form-control wpcf7-email wpcf7-validates-as-required wpcf7-text wpcf7-validates-as-email\" id=\"email\" aria-required=\"true\" aria-invalid=\"false\" placeholder=\"Indirizzo e-mail\" value=\"\" type=\"email\" name=\"email\" \/><\/span>\n\t\t<\/p>\n\t<\/div>\n\t<div class=\"form-column\">\n\t\t<p><br \/>\n<span class=\"wpcf7-form-control-wrap\" data-name=\"firma\"><input size=\"40\" maxlength=\"400\" class=\"wpcf7-form-control wpcf7-text wpcf7-validates-as-required\" id=\"firma\" aria-required=\"true\" aria-invalid=\"false\" placeholder=\"Azienda\" value=\"\" type=\"text\" name=\"firma\" \/><\/span>\n\t\t<\/p>\n\t\t<p><br \/>\n<span class=\"wpcf7-form-control-wrap\" data-name=\"nachricht\"><textarea cols=\"40\" rows=\"10\" maxlength=\"2000\" class=\"wpcf7-form-control wpcf7-textarea wpcf7-validates-as-required\" id=\"nachricht\" aria-required=\"true\" aria-invalid=\"false\" placeholder=\"Messaggio (opzionale)\" name=\"nachricht\"><\/textarea><\/span>\n\t\t<\/p>\n\t<\/div>\n<\/div>\n<p><br \/>\n<span class=\"wpcf7-form-control-wrap\" data-name=\"Datenschutz\"><span class=\"wpcf7-form-control wpcf7-checkbox wpcf7-validates-as-required\"><span class=\"wpcf7-list-item first last\"><label><input type=\"checkbox\" name=\"Datenschutz[]\" value=\"Dichiaro di accettare la memorizzazione dei miei dati in conformit\u00e0 con l&#039;informativa sulla privacy.\" \/><span class=\"wpcf7-list-item-label\">Dichiaro di accettare la memorizzazione dei miei dati in conformit\u00e0 con l&#039;informativa sulla privacy.<\/span><\/label><\/span><\/span><\/span>\n<\/p>\n<p class=\"wpcf7-form-control-wrap\"><br \/>\n<input class=\"wpcf7-form-control wpcf7-submit has-spinner\" type=\"submit\" value=\"Invia richiesta\" \/>\n<\/p>\n<p><input type=\"hidden\" name=\"page-info\" id=\"page-info\" value=\"\" \/>\n<\/p>\n<p><script>\ndocument.addEventListener('DOMContentLoaded', function () {\n var pageInfoField = document.querySelector('#page-info');\n if (pageInfoField) {\n var pageTitle = document.title;\n var pageURL = window.location.href;\n pageInfoField.value = pageTitle + ' (' + pageURL + ')';\n }\n});\n<\/script>\n<\/p><div class=\"wpcf7-response-output\" aria-hidden=\"true\"><\/div>\n<\/form>\n<\/div>\n<\/div>\n<\/div>\n\n\n\n<div class=\"wp-block-group alignfull has-global-padding is-layout-constrained wp-container-core-group-is-layout-80fb368b wp-block-group-is-layout-constrained\" style=\"padding-top:var(--wp--preset--spacing--30);padding-right:var(--wp--preset--spacing--30);padding-bottom:var(--wp--preset--spacing--30);padding-left:var(--wp--preset--spacing--30)\">\n<h3 class=\"wp-block-heading alignwide\"><strong>Quali sono i costi per la calibrazione dei termometri a resistenza?<\/strong><\/h3>\n\n\n\n<div class=\"wp-block-group alignwide has-global-padding is-layout-constrained wp-container-core-group-is-layout-029b1f03 wp-block-group-is-layout-constrained\">\n<p>Se fate calibrare un termometro a resistenza di platino (PRT) nel nostro laboratorio di taratura accreditato, i costi si compongono sempre di due elementi:<\/p>\n\n\n\n<p>1. Costi di base per la calibrazione<br>2. Costi per ogni punto di calibrazione selezionato<br><br>In aggiunta, a seconda dell\u2019intervallo di temperatura, possono essere applicati\u00a0costi per l\u2019azoto liquido.<br><br><strong>1. Costi di base (obbligatori per ogni calibrazione)<\/strong><\/p>\n\n\n\n<ul class=\"wp-block-list\">\n<li><strong>kk-1436 \u2013 Costi di base per calibrazione per confronto di PRT: 145 \u20ac<\/strong><\/li>\n<\/ul>\n\n\n\n<p><strong>Die I costi di base includono:<\/strong><br>\u2022 Emissione del certificato di taratura accreditato secondo DIN EN ISO\/IEC 17025 (DAkkS)<br>\u2022 Stabilizzazione del termometro tramite trattamento termico<br>\u2022 Determinazione dell\u2019auto-riscaldamento e dell\u2019isteresi (entrambi documentati nel certificato di taratura)<br>\u2022 Verifica e valutazione da parte dei nostri specialisti<br><br><strong>2. Costi per punto di calibrazione<br><\/strong><br>A seconda dell\u2019intervallo di temperatura in cui viene utilizzato il termometro, \u00e8 possibile selezionare i punti di calibrazione pi\u00f9 adatti. Eseguiamo la calibrazione a partire da un minimo di\u00a0<strong>3 punti di calibrazione<\/strong>\u00a0\u2013 per una caratterizzazione affidabile si consigliano\u00a0<strong>5 punti di calibrazione<\/strong>.<\/p>\n\n\n\n<ul class=\"wp-block-list\">\n<li><strong><strong>kk-1476 \u2013 Punto di calibrazione da -180 \u00b0C a -81 \u00b0C: 195 \u20ac<\/strong><br><\/strong>(si applicano costi aggiuntivi per l\u2019azoto, vedi sotto)(zus\u00e4tzlich werden Stickstoffkosten berechnet, siehe unten)<\/li>\n\n\n\n<li><strong><strong>kk-1437 \u2013 Punto di calibrazione -196 \u00b0C (punto di ebollizione dell\u2019azoto): 130 \u20ac<\/strong><br><\/strong>(si applicano costi aggiuntivi per l\u2019azoto, vedi sotto)<\/li>\n\n\n\n<li><strong>kk-1438 \u2013 Punto di calibrazione da -80 \u00b0C a +230 \u00b0C: 105 \u20ac<\/strong><\/li>\n\n\n\n<li><strong>kk-1439 \u2013 Punto di calibrazione da +231 \u00b0C a +962 \u00b0C: 130 \u20ac<\/strong><br><br><strong>3. Costi per azoto liquido (solo per basse temperature)<\/strong><br><br>Per le calibrazioni nel criostato o a -196 \u00b0C \u00e8 necessario l\u2019impiego di azoto liquido.<br>Questo viene calcolato forfettariamente per ogni calibrazione:<br><\/li>\n\n\n\n<li><strong><strong>kk-1477 \u2013 Azoto (50 l) per criostato: 490 \u20ac<\/strong><br><\/strong>(per misure nel campo da -180 \u00b0C a -81 \u00b0C)<\/li>\n\n\n\n<li><strong><strong>kk-1478 \u2013 Azoto (10 l) per calibrazione a -196 \u00b0C: 100 \u20ac<\/strong><\/strong><br><br><strong>4. Esempio di calcolo<\/strong><br><br>Un PRT tipico viene calibrato, ad esempio, a\u00a0<strong>5 punti di calibrazione<\/strong>: 0 \u00b0C, 100 \u00b0C, 200 \u00b0C, 400 \u00b0C, 660 \u00b0C<br><br><strong>I costi risultano quindi da:<\/strong><\/li>\n\n\n\n<li><strong>145 \u20ac<\/strong>\u00a0costi di base (kk-1436)<\/li>\n\n\n\n<li><strong>5 \u00d7 105\u2013130 \u20ac<\/strong>\u00a0a seconda dell\u2019intervallo di temperatura<\/li>\n\n\n\n<li>Con una scelta di\u00a0<strong>3 punti di calibrazione nel campo medio<\/strong>\u00a0(es. 0 \u00b0C, 100 \u00b0C, 200 \u00b0C) si generano circa\u00a0<strong>460 \u20ac netti<\/strong>.<br><br><strong>5. Sconti per quantit\u00e0<\/strong><br><br>Se vengono calibrati\u00a0<strong>pi\u00f9 termometri contemporaneamente agli stessi punti di temperatura<\/strong>, possiamo offrirvi interessanti sconti quantit\u00e0:<br><\/li>\n\n\n\n<li><strong>da 5 pezzi:<\/strong>\u00a015 %<\/li>\n\n\n\n<li><strong>da 10 pezzi:<\/strong>\u00a030 %<br><br><strong>Sintesi<\/strong><br><br>I costi complessivi di una calibrazione dipendono da:<br><\/li>\n\n\n\n<li><strong>Costi di base una tantum<\/strong>\u00a0(kk-1436)<\/li>\n\n\n\n<li><strong>Numero e scelta dei punti di calibrazione<\/strong>\u00a0(kk-1437 \u2013 kk-1439, kk-1476)<\/li>\n\n\n\n<li><strong>Eventuali costi per azoto liquido<\/strong>\u00a0(kk-1477, kk-1478)<\/li>\n<\/ul>\n<\/div>\n<\/div>\n","protected":false},"excerpt":{"rendered":"<p>Calibrazione precisa per tutti i termometri a resistenza \u2013 flessibile, accreditata, affidabile Calibriamo i vostri termometri a resistenza (sensori di temperatura come Pt100, Pt25, ecc.) e gli strumenti di misura a indicazione diretta utilizzando tecnologie all\u2019avanguardia \u2013 a scelta tramite calibrazione per confronto o a punti fissi.Il nostro laboratorio accreditato (DIN EN ISO\/IEC 17025) vi [&hellip;]<\/p>\n","protected":false},"author":4,"featured_media":0,"parent":9043,"menu_order":0,"comment_status":"closed","ping_status":"closed","template":"","meta":{"footnotes":""},"class_list":["post-9092","page","type-page","status-publish","hentry"],"_links":{"self":[{"href":"https:\/\/www.klasmeier.com\/it\/wp-json\/wp\/v2\/pages\/9092","targetHints":{"allow":["GET"]}}],"collection":[{"href":"https:\/\/www.klasmeier.com\/it\/wp-json\/wp\/v2\/pages"}],"about":[{"href":"https:\/\/www.klasmeier.com\/it\/wp-json\/wp\/v2\/types\/page"}],"author":[{"embeddable":true,"href":"https:\/\/www.klasmeier.com\/it\/wp-json\/wp\/v2\/users\/4"}],"replies":[{"embeddable":true,"href":"https:\/\/www.klasmeier.com\/it\/wp-json\/wp\/v2\/comments?post=9092"}],"version-history":[{"count":6,"href":"https:\/\/www.klasmeier.com\/it\/wp-json\/wp\/v2\/pages\/9092\/revisions"}],"predecessor-version":[{"id":12657,"href":"https:\/\/www.klasmeier.com\/it\/wp-json\/wp\/v2\/pages\/9092\/revisions\/12657"}],"up":[{"embeddable":true,"href":"https:\/\/www.klasmeier.com\/it\/wp-json\/wp\/v2\/pages\/9043"}],"wp:attachment":[{"href":"https:\/\/www.klasmeier.com\/it\/wp-json\/wp\/v2\/media?parent=9092"}],"curies":[{"name":"wp","href":"https:\/\/api.w.org\/{rel}","templated":true}]}}