{"id":9043,"date":"2024-03-12T16:53:28","date_gmt":"2024-03-12T15:53:28","guid":{"rendered":"https:\/\/www.klasmeier.com\/?page_id=9043"},"modified":"2025-11-19T12:43:26","modified_gmt":"2025-11-19T11:43:26","slug":"servizio-di-calibrazione-klasmeier","status":"publish","type":"page","link":"https:\/\/www.klasmeier.com\/it\/servizio-di-calibrazione-klasmeier\/","title":{"rendered":"Calibrazione precisa della temperatura dal servizio di calibrazione Klasmeier"},"content":{"rendered":"\n<div class=\"wp-block-group alignfull has-global-padding is-layout-constrained wp-container-core-group-is-layout-414c0a7a wp-block-group-is-layout-constrained\" style=\"padding-right:var(--wp--preset--spacing--30);padding-left:var(--wp--preset--spacing--30)\">\n<figure class=\"wp-block-image alignwide size-full has-custom-border\"><img loading=\"lazy\" decoding=\"async\" width=\"1700\" height=\"908\" src=\"https:\/\/www.klasmeier.com\/wp-content\/uploads\/2024\/04\/Kalibrierdienst-Klasmeier-BK.png\" alt=\"\" class=\"wp-image-2330\" style=\"border-radius:50px\" srcset=\"https:\/\/www.klasmeier.com\/wp-content\/uploads\/2024\/04\/Kalibrierdienst-Klasmeier-BK.png 1700w, https:\/\/www.klasmeier.com\/wp-content\/uploads\/2024\/04\/Kalibrierdienst-Klasmeier-BK-300x160.png 300w, https:\/\/www.klasmeier.com\/wp-content\/uploads\/2024\/04\/Kalibrierdienst-Klasmeier-BK-1024x547.png 1024w, https:\/\/www.klasmeier.com\/wp-content\/uploads\/2024\/04\/Kalibrierdienst-Klasmeier-BK-768x410.png 768w, https:\/\/www.klasmeier.com\/wp-content\/uploads\/2024\/04\/Kalibrierdienst-Klasmeier-BK-1536x820.png 1536w, https:\/\/www.klasmeier.com\/wp-content\/uploads\/2024\/04\/Kalibrierdienst-Klasmeier-BK-600x320.png 600w\" sizes=\"auto, (max-width: 1700px) 100vw, 1700px\" \/><\/figure>\n\n\n\n<figure class=\"wp-block-gallery has-nested-images columns-default is-cropped wp-block-gallery-1 is-layout-flex wp-block-gallery-is-layout-flex\">\n<figure class=\"wp-block-image size-large has-custom-border\"><img loading=\"lazy\" decoding=\"async\" width=\"1024\" height=\"401\" data-id=\"11251\" src=\"https:\/\/www.klasmeier.com\/wp-content\/uploads\/DAkkS-1024x401.webp\" alt=\"\" class=\"wp-image-11251\" style=\"border-radius:50px\" srcset=\"https:\/\/www.klasmeier.com\/wp-content\/uploads\/DAkkS-1024x401.webp 1024w, https:\/\/www.klasmeier.com\/wp-content\/uploads\/DAkkS-300x117.webp 300w, https:\/\/www.klasmeier.com\/wp-content\/uploads\/DAkkS-768x301.webp 768w, https:\/\/www.klasmeier.com\/wp-content\/uploads\/DAkkS-1536x601.webp 1536w, https:\/\/www.klasmeier.com\/wp-content\/uploads\/DAkkS-2048x802.webp 2048w, https:\/\/www.klasmeier.com\/wp-content\/uploads\/DAkkS-600x235.webp 600w\" sizes=\"auto, (max-width: 1024px) 100vw, 1024px\" \/><\/figure>\n<\/figure>\n<\/div>\n\n\n\n<div class=\"wp-block-group alignfull has-global-padding is-layout-constrained wp-container-core-group-is-layout-570efc33 wp-block-group-is-layout-constrained\" style=\"padding-top:var(--wp--preset--spacing--30);padding-right:var(--wp--preset--spacing--30);padding-bottom:var(--wp--preset--spacing--30);padding-left:var(--wp--preset--spacing--30)\">\n<h2 class=\"wp-block-heading alignwide has-text-align-center\"><strong><strong>Garantiamo la massima qualit\u00e0 dei vostri prodotti e processi sicuri<\/strong><\/strong><br><strong>Con calibrazioni della temperatura accreditate DAkkS<\/strong><\/h2>\n\n\n\n<h3 class=\"wp-block-heading has-text-align-center\"><strong>Effettuiamo la calibrazione per voi<\/strong><\/h3>\n\n\n\n<div class=\"wp-block-columns alignwide is-layout-flex wp-container-core-columns-is-layout-a1f62a3c wp-block-columns-is-layout-flex\" style=\"margin-top:0;margin-bottom:0;padding-top:var(--wp--preset--spacing--30);padding-bottom:var(--wp--preset--spacing--30)\">\n<div class=\"wp-block-column is-layout-flow wp-block-column-is-layout-flow\">\n<div class=\"wp-block-group hvr-grow is-vertical is-content-justification-center is-layout-flex wp-container-core-group-is-layout-ce155fab wp-block-group-is-layout-flex\">\n<figure class=\"wp-block-image size-medium\"><a href=\"https:\/\/www.klasmeier.com\/it\/servizio-di-calibrazione-klasmeier\/taratura-dei-termometri-a-resistenza-di-platino-standard-sprt\/\"><img loading=\"lazy\" decoding=\"async\" width=\"300\" height=\"300\" src=\"https:\/\/www.klasmeier.com\/wp-content\/uploads\/SPRT-Kalibrierung-2-300x300.webp\" alt=\"\" class=\"wp-image-13010\" srcset=\"https:\/\/www.klasmeier.com\/wp-content\/uploads\/SPRT-Kalibrierung-2-300x300.webp 300w, https:\/\/www.klasmeier.com\/wp-content\/uploads\/SPRT-Kalibrierung-2-150x150.webp 150w, https:\/\/www.klasmeier.com\/wp-content\/uploads\/SPRT-Kalibrierung-2-600x600.webp 600w, https:\/\/www.klasmeier.com\/wp-content\/uploads\/SPRT-Kalibrierung-2-100x100.webp 100w, https:\/\/www.klasmeier.com\/wp-content\/uploads\/SPRT-Kalibrierung-2.webp 700w\" sizes=\"auto, (max-width: 300px) 100vw, 300px\" \/><\/a><\/figure>\n\n\n\n<h4 class=\"wp-block-heading has-text-align-center\"><a href=\"https:\/\/www.klasmeier.com\/it\/servizio-di-calibrazione-klasmeier\/taratura-dei-termometri-a-resistenza-di-platino-standard-sprt\/\"><strong>SPRT<br>(Termometri a resis<\/strong><\/a><strong><a href=\"https:\/\/www.klasmeier.com\/it\/servizio-di-calibrazione-klasmeier\/taratura-dei-termometri-a-resistenza-di-platino-standard-sprt\/\">t<\/a><\/strong><a href=\"https:\/\/www.klasmeier.com\/it\/servizio-di-calibrazione-klasmeier\/taratura-dei-termometri-a-resistenza-di-platino-standard-sprt\/\"><strong>enza di platino standard)<\/strong><\/a><\/h4>\n\n\n\n<div class=\"wp-block-group has-global-padding is-content-justification-left is-layout-constrained wp-container-core-group-is-layout-31d42e9f wp-block-group-is-layout-constrained\" style=\"padding-top:var(--wp--preset--spacing--10);padding-bottom:var(--wp--preset--spacing--10)\">\n<p><mark style=\"background-color:rgba(0, 0, 0, 0);color:#dd3333\" class=\"has-inline-color\"><i class=\"fas fa-circle-check\"><\/i><\/mark> Calibrazione ai punti fissi di temperatura<br><mark style=\"background-color:rgba(0, 0, 0, 0);color:#dd3333\" class=\"has-inline-color\"><i class=\"fas fa-circle-check\"><\/i><\/mark> Calibrazione per confronto nei bagni di calibrazione<\/p>\n\n\n\n<div class=\"wp-block-buttons is-content-justification-center is-layout-flex wp-container-core-buttons-is-layout-a89b3969 wp-block-buttons-is-layout-flex\">\n<div class=\"wp-block-button hvr-shrink\"><a class=\"wp-block-button__link wp-element-button\" href=\"https:\/\/www.klasmeier.com\/it\/servizio-di-calibrazione-klasmeier\/taratura-dei-termometri-a-resistenza-di-platino-standard-sprt\/\"><strong><strong>Per la calibrazione dei termometri a resistenza di platino standard (SPRT)<\/strong><\/strong><\/a><\/div>\n<\/div>\n<\/div>\n<\/div>\n<\/div>\n\n\n\n<div class=\"wp-block-column hvr-grow is-layout-flow wp-block-column-is-layout-flow\">\n<div class=\"wp-block-group is-vertical is-content-justification-center is-layout-flex wp-container-core-group-is-layout-ce155fab wp-block-group-is-layout-flex\">\n<figure class=\"wp-block-image size-medium\"><a href=\"\/it\/kalibrierung-von-widerstandsthermometern\/\"><img loading=\"lazy\" decoding=\"async\" width=\"300\" height=\"300\" src=\"https:\/\/www.klasmeier.com\/wp-content\/uploads\/Kalibrierung-Widerstandsthermometer-300x300.png\" alt=\"\" class=\"wp-image-3092\" srcset=\"https:\/\/www.klasmeier.com\/wp-content\/uploads\/Kalibrierung-Widerstandsthermometer-300x300.png 300w, https:\/\/www.klasmeier.com\/wp-content\/uploads\/Kalibrierung-Widerstandsthermometer-1024x1024.png 1024w, https:\/\/www.klasmeier.com\/wp-content\/uploads\/Kalibrierung-Widerstandsthermometer-150x150.png 150w, https:\/\/www.klasmeier.com\/wp-content\/uploads\/Kalibrierung-Widerstandsthermometer-768x768.png 768w, https:\/\/www.klasmeier.com\/wp-content\/uploads\/Kalibrierung-Widerstandsthermometer-1536x1536.png 1536w, https:\/\/www.klasmeier.com\/wp-content\/uploads\/Kalibrierung-Widerstandsthermometer-600x600.png 600w, https:\/\/www.klasmeier.com\/wp-content\/uploads\/Kalibrierung-Widerstandsthermometer-100x100.png 100w, https:\/\/www.klasmeier.com\/wp-content\/uploads\/Kalibrierung-Widerstandsthermometer.png 1702w\" sizes=\"auto, (max-width: 300px) 100vw, 300px\" \/><\/a><\/figure>\n\n\n\n<h4 class=\"wp-block-heading has-text-align-center\"><a href=\"\/it\/kalibrierung-von-widerstandsthermometern\/\"><strong><strong>Termometri a resistenza<\/strong>&nbsp;<\/strong><\/a><br><a href=\"\/it\/kalibrierung-von-widerstandsthermometern\/\"><strong><em>(Pt100, Pt25, ecc.)<\/em><\/strong><\/a><\/h4>\n\n\n\n<div class=\"wp-block-group has-global-padding is-content-justification-left is-layout-constrained wp-container-core-group-is-layout-31d42e9f wp-block-group-is-layout-constrained\" style=\"padding-top:var(--wp--preset--spacing--10);padding-bottom:var(--wp--preset--spacing--10)\">\n<p><mark style=\"background-color:rgba(0, 0, 0, 0);color:#dd3333\" class=\"has-inline-color\"><i class=\"fas fa-circle-check\"><\/i><\/mark> Calibrazione ai punti fissi di temperatura<br><mark style=\"background-color:rgba(0, 0, 0, 0);color:#dd3333\" class=\"has-inline-color\"><i class=\"fas fa-circle-check\"><\/i><\/mark> Calibrazione per confronto nei bagni di calibrazione<\/p>\n\n\n\n<div class=\"wp-block-buttons is-content-justification-center is-layout-flex wp-container-core-buttons-is-layout-a89b3969 wp-block-buttons-is-layout-flex\">\n<div class=\"wp-block-button hvr-shrink\"><a class=\"wp-block-button__link wp-element-button\" href=\"\/it\/kalibrierung-von-widerstandsthermometern\/\"><strong><strong>Per la calibrazione dei termometri a resistenza<\/strong><\/strong><\/a><\/div>\n<\/div>\n<\/div>\n<\/div>\n<\/div>\n\n\n\n<div class=\"wp-block-column hvr-grow is-layout-flow wp-block-column-is-layout-flow\">\n<div class=\"wp-block-group is-vertical is-content-justification-center is-layout-flex wp-container-core-group-is-layout-ce155fab wp-block-group-is-layout-flex\">\n<figure class=\"wp-block-image size-medium\"><a href=\"\/it\/kalibrierung-von-thermoelementen\/\"><img loading=\"lazy\" decoding=\"async\" width=\"300\" height=\"300\" src=\"https:\/\/www.klasmeier.com\/wp-content\/uploads\/Kalibrierung-Thermometer-300x300.png\" alt=\"\" class=\"wp-image-3090\" srcset=\"https:\/\/www.klasmeier.com\/wp-content\/uploads\/Kalibrierung-Thermometer-300x300.png 300w, https:\/\/www.klasmeier.com\/wp-content\/uploads\/Kalibrierung-Thermometer-150x150.png 150w, https:\/\/www.klasmeier.com\/wp-content\/uploads\/Kalibrierung-Thermometer-100x100.png 100w, https:\/\/www.klasmeier.com\/wp-content\/uploads\/Kalibrierung-Thermometer.png 600w\" sizes=\"auto, (max-width: 300px) 100vw, 300px\" \/><\/a><\/figure>\n\n\n\n<h4 class=\"wp-block-heading has-text-align-center\"><a href=\"\/it\/kalibrierung-von-thermoelementen\/\"><strong><strong>Termocoppie<\/strong> <\/strong><\/a><br><a href=\"\/it\/kalibrierung-von-thermoelementen\/\"><strong><em>(tutti i tipi)<\/em><\/strong><\/a><\/h4>\n\n\n\n<div class=\"wp-block-group has-global-padding is-content-justification-left is-layout-constrained wp-container-core-group-is-layout-31d42e9f wp-block-group-is-layout-constrained\" style=\"padding-top:var(--wp--preset--spacing--10);padding-bottom:var(--wp--preset--spacing--10)\">\n<p><mark style=\"background-color:rgba(0, 0, 0, 0);color:#dd3333\" class=\"has-inline-color\"><i class=\"fas fa-circle-check\"><\/i><\/mark> Calibrazione ai punti fissi di temperatura<br><mark style=\"background-color:rgba(0, 0, 0, 0);color:#dd3333\" class=\"has-inline-color\"><i class=\"fas fa-circle-check\"><\/i><\/mark> Calibrazione per confronto nei bagni di calibrazione<\/p>\n\n\n\n<div class=\"wp-block-buttons is-content-justification-center is-layout-flex wp-container-core-buttons-is-layout-a89b3969 wp-block-buttons-is-layout-flex\">\n<div class=\"wp-block-button hvr-shrink\"><a class=\"wp-block-button__link has-medium-font-size has-custom-font-size wp-element-button\" href=\"\/it\/kalibrierung-von-thermoelementen\/\" style=\"padding-top:var(--wp--preset--spacing--10);padding-right:var(--wp--preset--spacing--20);padding-bottom:var(--wp--preset--spacing--10);padding-left:var(--wp--preset--spacing--20)\"><strong>Per la calibrazione delle termocoppie<\/strong><\/a><\/div>\n<\/div>\n<\/div>\n<\/div>\n<\/div>\n<\/div>\n\n\n\n<div class=\"wp-block-columns alignwide is-layout-flex wp-container-core-columns-is-layout-a1f62a3c wp-block-columns-is-layout-flex\" style=\"margin-top:0;margin-bottom:0;padding-top:var(--wp--preset--spacing--30);padding-bottom:var(--wp--preset--spacing--30)\">\n<div class=\"wp-block-column is-layout-flow wp-block-column-is-layout-flow\">\n<div class=\"wp-block-group hvr-grow is-vertical is-content-justification-center is-layout-flex wp-container-core-group-is-layout-ce155fab wp-block-group-is-layout-flex\">\n<figure class=\"wp-block-image size-medium\"><a href=\"https:\/\/www.klasmeier.com\/it\/servizio-di-calibrazione-klasmeier\/taratura-dei-calibratori-a-blocco\/kalibrierung-von-blockkalibratoren-2\/\"><img loading=\"lazy\" decoding=\"async\" width=\"300\" height=\"300\" src=\"https:\/\/www.klasmeier.com\/wp-content\/uploads\/Kalibrierung-Blockkalibrator-1-300x300.png\" alt=\"\" class=\"wp-image-3096\" srcset=\"https:\/\/www.klasmeier.com\/wp-content\/uploads\/Kalibrierung-Blockkalibrator-1-300x300.png 300w, https:\/\/www.klasmeier.com\/wp-content\/uploads\/Kalibrierung-Blockkalibrator-1-150x150.png 150w, https:\/\/www.klasmeier.com\/wp-content\/uploads\/Kalibrierung-Blockkalibrator-1-100x100.png 100w, https:\/\/www.klasmeier.com\/wp-content\/uploads\/Kalibrierung-Blockkalibrator-1.png 600w\" sizes=\"auto, (max-width: 300px) 100vw, 300px\" \/><\/a><\/figure>\n\n\n\n<h4 class=\"wp-block-heading has-text-align-center\"><strong><a href=\"https:\/\/www.klasmeier.com\/it\/servizio-di-calibrazione-klasmeier\/taratura-dei-calibratori-a-blocco\/kalibrierung-von-blockkalibratoren-2\/\"><strong>Calibratori a blocco<\/strong><\/a><\/strong><br><strong><a href=\"https:\/\/www.klasmeier.com\/it\/servizio-di-calibrazione-klasmeier\/taratura-dei-calibratori-a-blocco\/kalibrierung-von-blockkalibratoren-2\/\"><strong>per temperatura<\/strong><\/a><\/strong><\/h4>\n\n\n\n<div class=\"wp-block-group has-global-padding is-content-justification-left is-layout-constrained wp-container-core-group-is-layout-31d42e9f wp-block-group-is-layout-constrained\" style=\"padding-top:var(--wp--preset--spacing--10);padding-bottom:var(--wp--preset--spacing--10)\">\n<p><mark style=\"background-color:rgba(0, 0, 0, 0);color:#dd3333\" class=\"has-inline-color\"><i class=\"fas fa-circle-check\"><\/i><\/mark> Calibrazione secondo la direttiva DAkkS R5-4<br><mark style=\"background-color:rgba(0, 0, 0, 0);color:#dd3333\" class=\"has-inline-color\"><i class=\"fas fa-circle-check\"><\/i><\/mark> Intervallo di temperatura: -40 \u00b0C fino a 1300 \u00b0C<\/p>\n\n\n\n<p><\/p>\n\n\n\n<div class=\"wp-block-buttons is-content-justification-center is-layout-flex wp-container-core-buttons-is-layout-a89b3969 wp-block-buttons-is-layout-flex\">\n<div class=\"wp-block-button hvr-shrink\"><a class=\"wp-block-button__link wp-element-button\" href=\"https:\/\/www.klasmeier.com\/it\/servizio-di-calibrazione-klasmeier\/taratura-dei-calibratori-a-blocco\/kalibrierung-von-blockkalibratoren-2\/\"><strong>Per la calibrazione dei calibratori a blocco<\/strong><\/a><\/div>\n<\/div>\n<\/div>\n<\/div>\n<\/div>\n\n\n\n<div class=\"wp-block-column hvr-grow is-layout-flow wp-block-column-is-layout-flow\">\n<div class=\"wp-block-group is-vertical is-content-justification-center is-layout-flex wp-container-core-group-is-layout-ce155fab wp-block-group-is-layout-flex\">\n<figure class=\"wp-block-image size-medium\"><a href=\"\/it\/kalibrierung-von-temperaturfixpunkten\/\"><img loading=\"lazy\" decoding=\"async\" width=\"300\" height=\"300\" src=\"https:\/\/www.klasmeier.com\/wp-content\/uploads\/Kalibrierung-von-Fixpunktzellen-300x300.png\" alt=\"\" class=\"wp-image-3098\" srcset=\"https:\/\/www.klasmeier.com\/wp-content\/uploads\/Kalibrierung-von-Fixpunktzellen-300x300.png 300w, https:\/\/www.klasmeier.com\/wp-content\/uploads\/Kalibrierung-von-Fixpunktzellen-150x150.png 150w, https:\/\/www.klasmeier.com\/wp-content\/uploads\/Kalibrierung-von-Fixpunktzellen-100x100.png 100w, https:\/\/www.klasmeier.com\/wp-content\/uploads\/Kalibrierung-von-Fixpunktzellen.png 600w\" sizes=\"auto, (max-width: 300px) 100vw, 300px\" \/><\/a><\/figure>\n\n\n\n<h4 class=\"wp-block-heading has-text-align-center\"><strong><a href=\"\/it\/kalibrierung-von-temperaturfixpunkten\/\">Punti fissi di temperatura<\/a><\/strong><\/h4>\n\n\n\n<div class=\"wp-block-group has-global-padding is-content-justification-left is-layout-constrained wp-container-core-group-is-layout-31d42e9f wp-block-group-is-layout-constrained\" style=\"padding-top:var(--wp--preset--spacing--10);padding-bottom:var(--wp--preset--spacing--10)\">\n<p><mark style=\"background-color:rgba(0, 0, 0, 0);color:#dd3333\" class=\"has-inline-color\"><i class=\"fas fa-circle-check\"><\/i><\/mark> Calibrazione per confronto con SPRT<br><mark style=\"background-color:rgba(0, 0, 0, 0);color:#dd3333\" class=\"has-inline-color\"><i class=\"fas fa-circle-check\"><\/i><\/mark> Intervallo: Argon -189,3442 \u00b0C fino Argento 961,78 \u00b0C<\/p>\n\n\n\n<p><\/p>\n\n\n\n<div class=\"wp-block-buttons is-content-justification-center is-layout-flex wp-container-core-buttons-is-layout-a89b3969 wp-block-buttons-is-layout-flex\">\n<div class=\"wp-block-button hvr-shrink\"><a class=\"wp-block-button__link wp-element-button\" href=\"\/it\/kalibrierung-von-temperaturfixpunkten\/\"><strong><strong>Per la calibrazione dei punti fissi di temperatura<\/strong><\/strong><\/a><\/div>\n<\/div>\n<\/div>\n<\/div>\n<\/div>\n\n\n\n<div class=\"wp-block-column hvr-grow is-layout-flow wp-block-column-is-layout-flow\">\n<div class=\"wp-block-group is-vertical is-content-justification-center is-layout-flex wp-container-core-group-is-layout-ce155fab wp-block-group-is-layout-flex\">\n<figure class=\"wp-block-image size-medium\"><a href=\"https:\/\/www.klasmeier.com\/it\/taratura-dei-termometri-a-basse-temperature\/\"><img loading=\"lazy\" decoding=\"async\" width=\"300\" height=\"300\" src=\"https:\/\/www.klasmeier.com\/wp-content\/uploads\/Kalibrierung-bei-niedrigen-Temperaturen-300x300.png\" alt=\"\" class=\"wp-image-3100\" srcset=\"https:\/\/www.klasmeier.com\/wp-content\/uploads\/Kalibrierung-bei-niedrigen-Temperaturen-300x300.png 300w, https:\/\/www.klasmeier.com\/wp-content\/uploads\/Kalibrierung-bei-niedrigen-Temperaturen-150x150.png 150w, https:\/\/www.klasmeier.com\/wp-content\/uploads\/Kalibrierung-bei-niedrigen-Temperaturen-100x100.png 100w, https:\/\/www.klasmeier.com\/wp-content\/uploads\/Kalibrierung-bei-niedrigen-Temperaturen.png 600w\" sizes=\"auto, (max-width: 300px) 100vw, 300px\" \/><\/a><\/figure>\n\n\n\n<h4 class=\"wp-block-heading has-text-align-center\"><strong><a href=\"https:\/\/www.klasmeier.com\/it\/taratura-dei-termometri-a-basse-temperature\/\">Calibrazione a basse temperature<\/a><\/strong><\/h4>\n\n\n\n<div class=\"wp-block-group has-global-padding is-content-justification-left is-layout-constrained wp-container-core-group-is-layout-31d42e9f wp-block-group-is-layout-constrained\" style=\"padding-top:var(--wp--preset--spacing--10);padding-bottom:var(--wp--preset--spacing--10)\">\n<p><mark style=\"background-color:rgba(0, 0, 0, 0);color:#dd3333\" class=\"has-inline-color\"><i class=\"fas fa-circle-check\"><\/i><\/mark> Calibrazione per confronto da -80 \u00b0C a -180 \u00b0C<br><mark style=\"background-color:rgba(0, 0, 0, 0);color:#dd3333\" class=\"has-inline-color\"><i class=\"fas fa-circle-check\"><\/i><\/mark> Azoto -196 \u00b0C, Argon -189,3442 \u00b0C<\/p>\n\n\n\n<p><\/p>\n\n\n\n<div class=\"wp-block-buttons is-content-justification-center is-layout-flex wp-container-core-buttons-is-layout-a89b3969 wp-block-buttons-is-layout-flex\">\n<div class=\"wp-block-button hvr-shrink\"><a class=\"wp-block-button__link wp-element-button\" href=\"https:\/\/www.klasmeier.com\/it\/taratura-dei-termometri-a-basse-temperature\/\"><strong>Per la calibrazione a temperature estremamente basse<\/strong><\/a><\/div>\n<\/div>\n<\/div>\n<\/div>\n<\/div>\n<\/div>\n<\/div>\n\n\n\n<div class=\"wp-block-group alignfull has-global-padding is-layout-constrained wp-container-core-group-is-layout-80fb368b wp-block-group-is-layout-constrained\" style=\"padding-top:var(--wp--preset--spacing--30);padding-right:var(--wp--preset--spacing--30);padding-bottom:var(--wp--preset--spacing--30);padding-left:var(--wp--preset--spacing--30)\">\n<div class=\"wp-block-columns alignwide hvr-grow has-accent-background-color has-background is-layout-flex wp-container-core-columns-is-layout-f3e73c6b wp-block-columns-is-layout-flex\" style=\"border-radius:50px;padding-top:var(--wp--preset--spacing--30);padding-right:var(--wp--preset--spacing--30);padding-bottom:var(--wp--preset--spacing--30);padding-left:var(--wp--preset--spacing--30)\">\n<div class=\"wp-block-column is-vertically-aligned-center is-layout-flow wp-block-column-is-layout-flow\" style=\"flex-basis:15%\">\n<figure class=\"wp-block-image aligncenter size-full is-resized has-custom-border hvr-curl-top-left is-style-rounded is-style-rounded--2\"><a href=\"\/wp-content\/uploads\/2024\/04\/D-K-15224-01-00-Urkunde-mit-Anlage-2023.pdf\"><img loading=\"lazy\" decoding=\"async\" width=\"106\" height=\"150\" src=\"https:\/\/www.klasmeier.com\/wp-content\/uploads\/2024\/04\/DAkkS-Urkunde-Klasmeier-2023.png\" alt=\"\" class=\"wp-image-2361\" style=\"border-width:5px;border-radius:25px;width:155px;height:auto\"\/><\/a><\/figure>\n<\/div>\n\n\n\n<div class=\"wp-block-column is-layout-flow wp-block-column-is-layout-flow\" style=\"flex-basis:85%\">\n<h3 class=\"wp-block-heading\">Perch\u00e9 la qualit\u00e0 non \u00e8 mai un caso<\/h3>\n\n\n\n<h3 class=\"wp-block-heading\"><strong><strong>Il nostro certificato di accreditamento DAkkS<\/strong><\/strong><\/h3>\n\n\n\n<div class=\"wp-block-group is-vertical is-layout-flex wp-container-core-group-is-layout-4b827052 wp-block-group-is-layout-flex\">\n<p class=\"hvr-forward\"><i class=\"fas fa-arrow-right\"><\/i> <a href=\"\/wp-content\/uploads\/2024\/04\/D-K-15224-01-00-Urkunde-mit-Anlage-2023.pdf\" target=\"_blank\" rel=\"noreferrer noopener\">Certificato di accreditamento DAkkS Klasmeier <em>(in tedesco)<\/em><\/a><\/p>\n\n\n\n<p class=\"hvr-forward\"><i class=\"fas fa-arrow-right\"><\/i> <a href=\"https:\/\/www.klasmeier.com\/wp-content\/uploads\/Aktuelle-Liste-der-akkreditierten-Taetigkeiten-mit-flexiblem-Geltungsbereich.pdf\">Elenco aggiornato delle attivit\u00e0 accreditate con ambito flessibile (EA-2\/15) <em>(in tedesco)<\/em><\/a><\/p>\n<\/div>\n<\/div>\n<\/div>\n<\/div>\n\n\n\n<div class=\"wp-block-group alignfull has-global-padding is-layout-constrained wp-container-core-group-is-layout-80fb368b wp-block-group-is-layout-constrained\" style=\"padding-top:var(--wp--preset--spacing--30);padding-right:var(--wp--preset--spacing--30);padding-bottom:var(--wp--preset--spacing--30);padding-left:var(--wp--preset--spacing--30)\">\n<h3 class=\"wp-block-heading alignwide has-text-align-center\"><strong><strong>Da noi troverete<\/strong><\/strong><\/h3>\n\n\n\n<div class=\"wp-block-columns alignwide are-vertically-aligned-top is-layout-flex wp-container-core-columns-is-layout-38638728 wp-block-columns-is-layout-flex\" style=\"margin-top:var(--wp--preset--spacing--40);margin-bottom:var(--wp--preset--spacing--40);padding-top:0;padding-right:0;padding-bottom:0;padding-left:0\">\n<div class=\"wp-block-column is-vertically-aligned-top hvr-grow is-layout-flow wp-block-column-is-layout-flow\" style=\"padding-top:0;padding-bottom:0\">\n<div class=\"wp-block-group has-accent-background-color has-background is-vertical is-content-justification-center is-layout-flex wp-container-core-group-is-layout-348d87aa wp-block-group-is-layout-flex\" style=\"border-radius:50px;padding-top:var(--wp--preset--spacing--30);padding-right:var(--wp--preset--spacing--30);padding-bottom:var(--wp--preset--spacing--30);padding-left:var(--wp--preset--spacing--30)\">\n<p><mark style=\"background-color:rgba(0, 0, 0, 0);color:#dd3333\" class=\"has-inline-color\"><i class=\"far fa-hourglass-half fa-6x\"><\/i><\/mark><\/p>\n\n\n\n<h4 class=\"wp-block-heading\"><strong>Processi rapidi, senza ritardi<\/strong><\/h4>\n\n\n\n<p class=\"has-text-align-left\"><mark style=\"background-color:rgba(0, 0, 0, 0);color:#dd3333\" class=\"has-inline-color\"><i class=\"fas fa-circle-check\"><\/i><\/mark> Beneficiate dei nostri tempi di esecuzione ridotti,&nbsp;<strong>5 \u2013 7 giorni lavorativi<\/strong>. Questo vi aiuta a evitare&nbsp;<strong>colli di bottiglia<\/strong>&nbsp;nei vostri flussi di lavoro.<br><mark style=\"background-color:rgba(0, 0, 0, 0);color:#dd3333\" class=\"has-inline-color\"><i class=\"fas fa-circle-check\"><\/i><\/mark> Potete completare i vostri progetti&nbsp;<strong>puntualmente<\/strong>&nbsp;e soddisfare le aspettative dei vostri clienti.<\/p>\n<\/div>\n<\/div>\n\n\n\n<div class=\"wp-block-column is-vertically-aligned-top hvr-grow is-layout-flow wp-block-column-is-layout-flow\" style=\"padding-top:0;padding-bottom:0\">\n<div class=\"wp-block-group has-accent-background-color has-background is-vertical is-content-justification-center is-layout-flex wp-container-core-group-is-layout-348d87aa wp-block-group-is-layout-flex\" style=\"border-radius:50px;padding-top:var(--wp--preset--spacing--30);padding-right:var(--wp--preset--spacing--30);padding-bottom:var(--wp--preset--spacing--30);padding-left:var(--wp--preset--spacing--30)\">\n<p><mark style=\"background-color:rgba(0, 0, 0, 0);color:#dd3333\" class=\"has-inline-color\"><i class=\"far fa-rectangle-list fa-6x\"><\/i><\/mark><\/p>\n\n\n\n<h4 class=\"wp-block-heading has-text-align-center\"><strong>Conformit\u00e0 alla gestione della qualit\u00e0 semplificata<\/strong><\/h4>\n\n\n\n<p class=\"has-text-align-left\"><mark style=\"background-color:rgba(0, 0, 0, 0);color:#dd3333\" class=\"has-inline-color\"><i class=\"fas fa-circle-check\"><\/i><\/mark> Le nostre calibrazioni vi aiutano a soddisfare i&nbsp;<strong>requisiti della gestione della qualit\u00e0<\/strong>.<br><mark style=\"background-color:rgba(0, 0, 0, 0);color:#dd3333\" class=\"has-inline-color\"><i class=\"fas fa-circle-check\"><\/i><\/mark> Vi garantiamo la conformit\u00e0 agli&nbsp;<strong>standard di settore e alle normative ufficiali<\/strong>, permettendovi di affrontare&nbsp;<strong>audit senza problemi<\/strong>.<\/p>\n<\/div>\n<\/div>\n<\/div>\n\n\n\n<div class=\"wp-block-columns alignwide are-vertically-aligned-top is-layout-flex wp-container-core-columns-is-layout-38638728 wp-block-columns-is-layout-flex\" style=\"margin-top:var(--wp--preset--spacing--40);margin-bottom:var(--wp--preset--spacing--40);padding-top:0;padding-right:0;padding-bottom:0;padding-left:0\">\n<div class=\"wp-block-column is-vertically-aligned-top hvr-grow is-layout-flow wp-block-column-is-layout-flow\" style=\"padding-top:0;padding-bottom:0\">\n<div class=\"wp-block-group has-accent-background-color has-background is-vertical is-content-justification-center is-layout-flex wp-container-core-group-is-layout-348d87aa wp-block-group-is-layout-flex\" style=\"border-radius:50px;padding-top:var(--wp--preset--spacing--30);padding-right:var(--wp--preset--spacing--30);padding-bottom:var(--wp--preset--spacing--30);padding-left:var(--wp--preset--spacing--30)\">\n<p><mark style=\"background-color:rgba(0, 0, 0, 0);color:#dd3333\" class=\"has-inline-color\"><i class=\"fas fa-rotate-left fa-6x\"><\/i><\/mark><\/p>\n\n\n\n<h4 class=\"wp-block-heading\"><strong>Tracciabilit\u00e0 completa<\/strong><\/h4>\n\n\n\n<p><mark style=\"background-color:rgba(0, 0, 0, 0);color:#dd3333\" class=\"has-inline-color\"><i class=\"fas fa-circle-check\"><\/i><\/mark> Grazie all&#8217;<strong>accreditamento DAkkS<\/strong>, garantiamo che tutte le calibrazioni siano&nbsp;<strong>riferibili a standard nazionali e internazionali<\/strong>. Potete fare affidamento su&nbsp;<strong>risultati di misura precisi e affidabili<\/strong>.<br><mark style=\"background-color:rgba(0, 0, 0, 0);color:#dd3333\" class=\"has-inline-color\"><i class=\"fas fa-circle-check\"><\/i><\/mark> I&nbsp;<strong>certificati di taratura DAkkS<\/strong>&nbsp;sono&nbsp;<strong>riconosciuti a livello internazionale<\/strong>&nbsp;e possono essere utilizzati all&#8217;estero.<\/p>\n<\/div>\n<\/div>\n\n\n\n<div class=\"wp-block-column is-vertically-aligned-top hvr-grow is-layout-flow wp-block-column-is-layout-flow\" style=\"padding-top:0;padding-bottom:0\">\n<div class=\"wp-block-group has-accent-background-color has-background is-vertical is-content-justification-center is-layout-flex wp-container-core-group-is-layout-348d87aa wp-block-group-is-layout-flex\" style=\"border-radius:50px;padding-top:var(--wp--preset--spacing--30);padding-right:var(--wp--preset--spacing--30);padding-bottom:var(--wp--preset--spacing--30);padding-left:var(--wp--preset--spacing--30)\">\n<p><mark style=\"background-color:rgba(0, 0, 0, 0);color:#dd3333\" class=\"has-inline-color\"><i class=\"fas fa-plug fa-6x\"><\/i><\/mark><\/p>\n\n\n\n<h4 class=\"wp-block-heading\"><strong>Soluzioni su misura<\/strong><\/h4>\n\n\n\n<p class=\"has-text-align-left\"><mark style=\"background-color:rgba(0, 0, 0, 0);color:#dd3333\" class=\"has-inline-color\"><i class=\"fas fa-circle-check\"><\/i><\/mark> Oltre alle calibrazioni standard, offriamo&nbsp;<strong>calibrazioni personalizzate<\/strong>, adattandole&nbsp;<strong>flessibilmente<\/strong>&nbsp;alle vostre esigenze.<br><mark style=\"background-color:rgba(0, 0, 0, 0);color:#dd3333\" class=\"has-inline-color\"><i class=\"fas fa-circle-check\"><\/i><\/mark> Grazie a un&#8217;ampia gamma di&nbsp;<strong>strumenti, inserti di calibrazione e adattatori<\/strong>, possiamo offrirvi la soluzione di taratura pi\u00f9 adatta ai vostri strumenti di misura.<\/p>\n<\/div>\n<\/div>\n<\/div>\n\n\n\n<div class=\"wp-block-group alignwide hvr-grow has-accent-background-color has-background is-vertical is-content-justification-stretch is-layout-flex wp-container-core-group-is-layout-2ee2d1c6 wp-block-group-is-layout-flex\" style=\"border-radius:50px;margin-top:var(--wp--preset--spacing--50);margin-bottom:var(--wp--preset--spacing--50);padding-top:var(--wp--preset--spacing--30);padding-right:var(--wp--preset--spacing--30);padding-bottom:var(--wp--preset--spacing--30);padding-left:var(--wp--preset--spacing--30)\">\n<h3 class=\"wp-block-heading has-text-align-center\"><strong><strong>I punti di forza del nostro servizio di taratura<\/strong><\/strong><\/h3>\n\n\n\n<p><mark style=\"background-color:rgba(0, 0, 0, 0);color:#dd3333\" class=\"has-inline-color\"><i class=\"fas fa-circle-check\"><\/i><\/mark> <strong><strong>Taratura Full Range ai punti fissi di temperatura<\/strong>&nbsp;da&nbsp;<strong>-189 \u00b0C a 961 \u00b0C<\/strong><\/strong><br><mark style=\"background-color:rgba(0, 0, 0, 0);color:#dd3333\" class=\"has-inline-color\"><i class=\"fas fa-circle-check\"><\/i><\/mark> <strong><strong>Taratura per confronto<\/strong>&nbsp;da&nbsp;<strong>-196 \u00b0C a 1200 \u00b0C<\/strong><\/strong><\/p>\n<\/div>\n\n\n\n<div class=\"wp-block-group alignwide hvr-grow has-accent-background-color has-background is-vertical is-content-justification-stretch is-layout-flex wp-container-core-group-is-layout-2ee2d1c6 wp-block-group-is-layout-flex\" style=\"border-radius:50px;margin-top:var(--wp--preset--spacing--50);margin-bottom:var(--wp--preset--spacing--50);padding-top:var(--wp--preset--spacing--30);padding-right:var(--wp--preset--spacing--30);padding-bottom:var(--wp--preset--spacing--30);padding-left:var(--wp--preset--spacing--30)\">\n<h3 class=\"wp-block-heading has-text-align-center\"><strong><strong>Cosa potete aspettarvi da noi<\/strong><\/strong><\/h3>\n\n\n\n<div class=\"wp-block-columns are-vertically-aligned-center is-layout-flex wp-container-core-columns-is-layout-65e523f9 wp-block-columns-is-layout-flex\">\n<div class=\"wp-block-column is-vertically-aligned-center is-layout-flow wp-block-column-is-layout-flow\">\n<p><mark style=\"background-color:rgba(0, 0, 0, 0);color:#dd3333\" class=\"has-inline-color\"><i class=\"fas fa-circle-check\"><\/i><\/mark> <strong>Massima precisione<\/strong>&nbsp;con&nbsp;<strong>incertezze di misura minime<\/strong><br><mark style=\"background-color:rgba(0, 0, 0, 0);color:#dd3333\" class=\"has-inline-color\"><i class=\"fas fa-circle-check\"><\/i><\/mark> <strong>Certificati di taratura DAkkS riconosciuti a livello internazionale<\/strong><br><mark style=\"background-color:rgba(0, 0, 0, 0);color:#dd3333\" class=\"has-inline-color\"><i class=\"fas fa-circle-check\"><\/i><\/mark> <strong>Tarature eseguibili entro cinque giorni lavorativi<\/strong><br><mark style=\"background-color:rgba(0, 0, 0, 0);color:#dd3333\" class=\"has-inline-color\"><i class=\"fas fa-circle-check\"><\/i><\/mark> Possibilit\u00e0 di tarare&nbsp;<strong>sonde corte<\/strong>&nbsp;a partire da una profondit\u00e0 di immersione di&nbsp;<strong>300 mm<\/strong><br><mark style=\"background-color:rgba(0, 0, 0, 0);color:#dd3333\" class=\"has-inline-color\"><i class=\"fas fa-circle-check\"><\/i><\/mark> <strong>Metodi di invecchiamento professionali<\/strong>&nbsp;per migliorare la&nbsp;<strong>stabilit\u00e0 dei vostri termometri<\/strong><br><mark style=\"background-color:rgba(0, 0, 0, 0);color:#dd3333\" class=\"has-inline-color\"><i class=\"fas fa-circle-check\"><\/i><\/mark> Il nostro laboratorio di taratura dispone di&nbsp;<strong>tre serie di punti fissi di temperatura<\/strong>, garantendo la&nbsp;<strong>disponibilit\u00e0 continua per la taratura ai punti fissi<\/strong><\/p>\n<\/div>\n\n\n\n<div class=\"wp-block-column is-vertically-aligned-center is-layout-flow wp-block-column-is-layout-flow\">\n<figure class=\"wp-block-image aligncenter size-full is-resized has-custom-border\"><img loading=\"lazy\" decoding=\"async\" width=\"500\" height=\"333\" src=\"https:\/\/www.klasmeier.com\/wp-content\/uploads\/2024\/04\/Labor-Klasmeier.png\" alt=\"\" class=\"wp-image-2393\" style=\"border-radius:50px;width:581px;height:auto\" srcset=\"https:\/\/www.klasmeier.com\/wp-content\/uploads\/2024\/04\/Labor-Klasmeier.png 500w, https:\/\/www.klasmeier.com\/wp-content\/uploads\/2024\/04\/Labor-Klasmeier-300x200.png 300w\" sizes=\"auto, (max-width: 500px) 100vw, 500px\" \/><\/figure>\n<\/div>\n<\/div>\n\n\n\n<p><mark style=\"background-color:rgba(0, 0, 0, 0);color:#dd3333\" class=\"has-inline-color\"><\/mark><\/p>\n<\/div>\n\n\n\n<h3 class=\"wp-block-heading alignwide has-text-align-center\"><strong><strong>Specialisti nelle misure di temperatura e nella massima qualit\u00e0<\/strong><\/strong><\/h3>\n\n\n\n<div class=\"wp-block-columns alignwide are-vertically-aligned-top is-layout-flex wp-container-core-columns-is-layout-38638728 wp-block-columns-is-layout-flex\" style=\"margin-top:var(--wp--preset--spacing--40);margin-bottom:var(--wp--preset--spacing--40);padding-top:0;padding-right:0;padding-bottom:0;padding-left:0\">\n<div class=\"wp-block-column is-vertically-aligned-top hvr-grow is-layout-flow wp-block-column-is-layout-flow\" style=\"padding-top:0;padding-bottom:0\">\n<div class=\"wp-block-group has-accent-background-color has-background is-vertical is-content-justification-center is-layout-flex wp-container-core-group-is-layout-348d87aa wp-block-group-is-layout-flex\" style=\"border-radius:50px;padding-top:var(--wp--preset--spacing--30);padding-right:var(--wp--preset--spacing--30);padding-bottom:var(--wp--preset--spacing--30);padding-left:var(--wp--preset--spacing--30)\">\n<p><mark style=\"background-color:rgba(0, 0, 0, 0);color:#dd3333\" class=\"has-inline-color\"><mark style=\"background-color:rgba(0, 0, 0, 0);color:#dd3333\" class=\"has-inline-color\"><i class=\"fas fa-temperature-half fa-6x\"><\/i><\/mark><\/mark><\/p>\n\n\n\n<h4 class=\"wp-block-heading\"><strong>Esperti in misurazione della temperatura<\/strong><\/h4>\n\n\n\n<p class=\"has-text-align-left\"><mark style=\"background-color:rgba(0, 0, 0, 0);color:#dd3333\" class=\"has-inline-color\"><i class=\"fas fa-circle-check\"><\/i><\/mark> Affidare i vostri&nbsp;<strong>termometri di riferimento e strumenti di misura<\/strong>&nbsp;nelle mani giuste \u00e8 essenziale. Offriamo molto pi\u00f9 di&nbsp;<strong>tarature standard<\/strong>.<br><mark style=\"background-color:rgba(0, 0, 0, 0);color:#dd3333\" class=\"has-inline-color\"><i class=\"fas fa-circle-check\"><\/i><\/mark> La nostra competenza nella&nbsp;<strong>misurazione della temperatura<\/strong>&nbsp;garantisce&nbsp;<strong>la massima qualit\u00e0 e le minime incertezze di misura<\/strong>&nbsp;per i vostri strumenti pi\u00f9 preziosi.<\/p>\n<\/div>\n<\/div>\n\n\n\n<div class=\"wp-block-column is-vertically-aligned-top hvr-grow is-layout-flow wp-block-column-is-layout-flow\" style=\"padding-top:0;padding-bottom:0\">\n<div class=\"wp-block-group has-accent-background-color has-background is-vertical is-content-justification-center is-layout-flex wp-container-core-group-is-layout-348d87aa wp-block-group-is-layout-flex\" style=\"border-radius:50px;padding-top:var(--wp--preset--spacing--30);padding-right:var(--wp--preset--spacing--30);padding-bottom:var(--wp--preset--spacing--30);padding-left:var(--wp--preset--spacing--30)\">\n<p><mark style=\"background-color:rgba(0, 0, 0, 0);color:#dd3333\" class=\"has-inline-color\"><i class=\"fas fa-chart-line fa-6x\"><\/i><\/mark><\/p>\n\n\n\n<h4 class=\"wp-block-heading\"><strong>Esperienza e precisione<\/strong><\/h4>\n\n\n\n<p class=\"has-text-align-left\"><mark style=\"background-color:rgba(0, 0, 0, 0);color:#dd3333\" class=\"has-inline-color\"><i class=\"fas fa-circle-check\"><\/i><\/mark> Gestiamo il nostro&nbsp;<strong>laboratorio di taratura dal 1997<\/strong>. Grazie alla nostra lunga esperienza, sappiamo esattamente come trattare&nbsp;<strong>strumenti di misura altamente sensibili<\/strong>, come calibrarli&nbsp;<strong>in modo ottimale<\/strong>&nbsp;e come mantenerli nel tempo, assicurando&nbsp;<strong>risultati precisi per molti anni<\/strong>.<\/p>\n<\/div>\n<\/div>\n<\/div>\n\n\n\n<div class=\"wp-block-columns alignwide are-vertically-aligned-top is-layout-flex wp-container-core-columns-is-layout-38638728 wp-block-columns-is-layout-flex\" style=\"margin-top:var(--wp--preset--spacing--40);margin-bottom:var(--wp--preset--spacing--40);padding-top:0;padding-right:0;padding-bottom:0;padding-left:0\">\n<div class=\"wp-block-column is-vertically-aligned-top hvr-grow is-layout-flow wp-block-column-is-layout-flow\" style=\"padding-top:0;padding-bottom:0\">\n<div class=\"wp-block-group has-accent-background-color has-background is-vertical is-content-justification-center is-layout-flex wp-container-core-group-is-layout-348d87aa wp-block-group-is-layout-flex\" style=\"border-radius:50px;padding-top:var(--wp--preset--spacing--30);padding-right:var(--wp--preset--spacing--30);padding-bottom:var(--wp--preset--spacing--30);padding-left:var(--wp--preset--spacing--30)\">\n<p><mark style=\"background-color:rgba(0, 0, 0, 0);color:#dd3333\" class=\"has-inline-color\"><i class=\"fas fa-truck fa-6x\"><\/i><\/mark><\/p>\n\n\n\n<h4 class=\"wp-block-heading\"><strong>Trasporto sicuro senza preoccupazioni<\/strong><\/h4>\n\n\n\n<p><mark style=\"background-color:rgba(0, 0, 0, 0);color:#dd3333\" class=\"has-inline-color\"><i class=\"fas fa-circle-check\"><\/i><\/mark> Non volete preoccuparvi di&nbsp;<strong>possibili danni<\/strong>&nbsp;ai vostri strumenti di misura durante il trasporto? Offriamo un&#8217;opzione di trasporto sicura per i vostri dispositivi.<br><mark style=\"background-color:rgba(0, 0, 0, 0);color:#dd3333\" class=\"has-inline-color\"><i class=\"fas fa-circle-check\"><\/i><\/mark> Utilizzate il nostro&nbsp;<strong>GO-Transport-Service<\/strong>&nbsp;per inviare e ricevere&nbsp;<strong>in sicurezza<\/strong>&nbsp;i vostri strumenti e termometri.<br><strong><strong>Contattateci se siete interessati!<\/strong><\/strong><\/p>\n<\/div>\n<\/div>\n\n\n\n<div class=\"wp-block-column is-vertically-aligned-top hvr-grow is-layout-flow wp-block-column-is-layout-flow\" style=\"padding-top:0;padding-bottom:0\">\n<div class=\"wp-block-group has-accent-background-color has-background is-vertical is-content-justification-center is-layout-flex wp-container-core-group-is-layout-348d87aa wp-block-group-is-layout-flex\" style=\"border-radius:50px;padding-top:var(--wp--preset--spacing--30);padding-right:var(--wp--preset--spacing--30);padding-bottom:var(--wp--preset--spacing--30);padding-left:var(--wp--preset--spacing--30)\">\n<p><mark style=\"background-color:rgba(0, 0, 0, 0);color:#dd3333\" class=\"has-inline-color\"><i class=\"fas fa-phone-volume fa-6x\"><\/i><\/mark><\/p>\n\n\n\n<h4 class=\"wp-block-heading\"><strong><strong>Supporto tecnico diretto<\/strong><\/strong><\/h4>\n\n\n\n<p class=\"has-text-align-left\"><mark style=\"background-color:rgba(0, 0, 0, 0);color:#dd3333\" class=\"has-inline-color\"><i class=\"fas fa-circle-check\"><\/i><\/mark> Avete domande?&nbsp;<strong>I nostri esperti sono a vostra disposizione!<\/strong><br><mark style=\"background-color:rgba(0, 0, 0, 0);color:#dd3333\" class=\"has-inline-color\"><i class=\"fas fa-circle-check\"><\/i><\/mark> Vi forniamo&nbsp;<strong>assistenza professionale e competente<\/strong>&nbsp;per ogni vostra richiesta, garantendo&nbsp;<strong>risposte rapide e affidabili<\/strong>. I dettagli di contatto dei nostri referenti sono riportati in fondo a questa pagina.<\/p>\n<\/div>\n<\/div>\n<\/div>\n<\/div>\n\n\n\n<div class=\"wp-block-group alignfull has-global-padding is-layout-constrained wp-container-core-group-is-layout-ff778368 wp-block-group-is-layout-constrained\" style=\"padding-right:var(--wp--preset--spacing--30);padding-left:var(--wp--preset--spacing--30)\">\n<div class=\"wp-block-group alignfull has-global-padding is-layout-constrained wp-container-core-group-is-layout-0c8379ad wp-block-group-is-layout-constrained\" style=\"margin-top:var(--wp--preset--spacing--30);margin-bottom:var(--wp--preset--spacing--30);padding-top:var(--wp--preset--spacing--20);padding-right:var(--wp--preset--spacing--30);padding-bottom:var(--wp--preset--spacing--20);padding-left:var(--wp--preset--spacing--30)\">\n<h2 class=\"wp-block-heading alignwide has-text-align-center\"><strong>Troviamo insieme la soluzione giusta per voi!<\/strong><\/h2>\n\n\n\n<div class=\"wp-block-columns alignwide hvr-grow has-accent-background-color has-background is-layout-flex wp-container-core-columns-is-layout-b6a795d6 wp-block-columns-is-layout-flex\" style=\"border-radius:50px;margin-top:var(--wp--preset--spacing--40);margin-bottom:var(--wp--preset--spacing--40);padding-top:var(--wp--preset--spacing--20);padding-right:var(--wp--preset--spacing--20);padding-bottom:var(--wp--preset--spacing--20);padding-left:var(--wp--preset--spacing--20)\">\n<div class=\"wp-block-column is-layout-flow wp-block-column-is-layout-flow\" style=\"flex-basis:40%\">\n<figure class=\"wp-block-image aligncenter size-full has-custom-border\"><img loading=\"lazy\" decoding=\"async\" width=\"500\" height=\"333\" src=\"https:\/\/www.klasmeier.com\/wp-content\/uploads\/2024\/03\/BK.png\" alt=\"\" class=\"wp-image-1608\" style=\"border-radius:50px\" srcset=\"https:\/\/www.klasmeier.com\/wp-content\/uploads\/2024\/03\/BK.png 500w, https:\/\/www.klasmeier.com\/wp-content\/uploads\/2024\/03\/BK-300x200.png 300w\" sizes=\"auto, (max-width: 500px) 100vw, 500px\" \/><\/figure>\n<\/div>\n\n\n\n<div class=\"wp-block-column is-vertically-aligned-center is-layout-flow wp-block-column-is-layout-flow\" style=\"flex-basis:60%\">\n<h3 class=\"wp-block-heading has-text-align-center\">Parlate direttamente con il nostro esperto!<\/h3>\n\n\n\n<p class=\"has-text-align-center\"><br><strong>Il vostro referente per i servizi di taratura e le prove di idoneit\u00e0:<br><\/strong><br><strong>Boris Kalb<\/strong><\/p>\n\n\n\n<p class=\"has-text-align-center\"><mark style=\"background-color:rgba(0, 0, 0, 0);color:#dd3333\" class=\"has-inline-color\"><i class=\"fas fa-envelope\"><\/i><\/mark> <a href=\"https:\/\/www.klasmeier.com\/it\/azienda\/referenti\/\">Contattaci ora<\/a><\/p>\n<\/div>\n<\/div>\n<\/div>\n<\/div>\n\n\n\n<div class=\"wp-block-group alignwide has-accent-background-color has-background has-global-padding is-layout-constrained wp-container-core-group-is-layout-7c68bf55 wp-block-group-is-layout-constrained\" id=\"anfragen\" style=\"border-radius:25px;margin-top:var(--wp--preset--spacing--30);margin-bottom:var(--wp--preset--spacing--30);padding-top:var(--wp--preset--spacing--20);padding-right:var(--wp--preset--spacing--20);padding-bottom:var(--wp--preset--spacing--20);padding-left:var(--wp--preset--spacing--20)\">\n<h3 class=\"wp-block-heading\"><strong><strong>Richiedi&nbsp;una&nbsp;taratura<\/strong><\/strong><\/h3>\n\n\n\n<div class=\"wp-block-contact-form-7-contact-form-selector\">\n<div class=\"wpcf7 no-js\" id=\"wpcf7-f9077-o1\" lang=\"de-DE\" dir=\"ltr\" data-wpcf7-id=\"9077\">\n<div class=\"screen-reader-response\"><p role=\"status\" aria-live=\"polite\" aria-atomic=\"true\"><\/p> <ul><\/ul><\/div>\n<form action=\"\/it\/wp-json\/wp\/v2\/pages\/9043#wpcf7-f9077-o1\" method=\"post\" class=\"wpcf7-form init\" aria-label=\"Kontaktformular\" novalidate=\"novalidate\" data-status=\"init\">\n<fieldset class=\"hidden-fields-container\"><input type=\"hidden\" name=\"_wpcf7\" value=\"9077\" \/><input type=\"hidden\" name=\"_wpcf7_version\" value=\"6.1.5\" \/><input type=\"hidden\" name=\"_wpcf7_locale\" value=\"de_DE\" \/><input type=\"hidden\" name=\"_wpcf7_unit_tag\" value=\"wpcf7-f9077-o1\" \/><input type=\"hidden\" name=\"_wpcf7_container_post\" value=\"0\" \/><input type=\"hidden\" name=\"_wpcf7_posted_data_hash\" value=\"\" \/>\n<\/fieldset>\n<style>\n\n\/* Allgemeine Stile f\u00fcr das Formular *\/\n.wpcf7-form {\n max-width: 1280px; \/* Volle Breite setzen *\/\n margin: 0 auto; \/* Zentrieren *\/\n box-sizing: border-box;\n padding-top: 0px; \/* Abstand nach oben *\/\n}\n\n\/* Stile f\u00fcr die Zeilen und Spalten *\/\n.form-row {\n display: flex;\n flex-wrap: wrap;\n justify-content: space-between;\n margin-bottom: 10px; \/* Abstand zwischen den Zeilen *\/\n}\n\n.form-column {\n width: 48%; \/* Zwei Spalten mit Abstand *\/\n box-sizing: border-box;\n}\n\n\/* Anpassung der H\u00f6he der Eingabefelder und der vollen Breite *\/\n.wpcf7-form input[type=\"text\"],\n.wpcf7-form input[type=\"email\"],\n.wpcf7-form textarea {\n font-size: 20px;\n height: 60px; \/* Erh\u00f6hte H\u00f6he der Eingabefelder *\/\n width: 400px; \/* Volle Breite der Spalte *\/\n padding: 10px; \/* Innenabstand f\u00fcr Eingabefelder *\/\n box-sizing: border-box;\n border-radius: 15px; \/* Abgerundete Ecken *\/\n border: 1px solid #ccc; \/* Rand um die Eingabefelder *\/\n transition: width 0.5s ease;\n}\n\n.wpcf7-form textarea {\n max-height: 150px;\n height: auto; \/* Erm\u00f6glicht flexible H\u00f6he *\/\n min-height: 120px; \/* Mindesth\u00f6he f\u00fcr mehrzeiliges Schreiben *\/\n resize: none; \/* Entfernt die Gr\u00f6\u00dfen\u00e4nderungsoption *\/\n}\n\n.wpcf7-form input[type=\"text\"]:hover,\n.wpcf7-form input[type=\"email\"]:hover,\n.wpcf7-form textarea:hover {\n width: 560px;\n border: 2px solid #DD3333;\n}\n\n.wpcf7 input[type=\"text\"]:focus,\n.wpcf7 textarea[type=\"text\"]:focus,\n.wpcf7 input[type=\"email\"]:focus,\n.wpcf7 textarea[type=\"email\"]:focus{\n width: 560px;\n outline: none;\n box-shadow: none;\n border: 3px solid #DD3333;\n}\n\n.wpcf7 input[type=\"checkbox\"] {\n width: 15px; \/* \u00c4ndert die Breite der Checkbox *\/\n height: 15px; \/* \u00c4ndert die H\u00f6he der Checkbox *\/\n transform: scale(1.5); \/* Vergr\u00f6\u00dfert die Checkbox *\/\n margin-right: 10px; \/* Abstand zwischen Checkbox und Text *\/\n -webkit-appearance: none; \/* Entfernt die Standard-Stilierung *\/\n appearance: none; \/* Entfernt die Standard-Stilierung *\/\n border: 1px solid #ccc; \/* Rand der Checkbox *\/\n border-radius: 8px; \/* Abgerundete Ecken *\/\n background-color: #f0f0f0; \/* Hintergrundfarbe der Checkbox *\/\n position: relative; \/* Erm\u00f6glicht die Positionierung des Haken-Pseudo-Elements *\/\n cursor: pointer; \/* \u00c4ndert den Cursor bei Hover *\/\n transition: background-color 0.3s, border-color 0.3s; \/* Smooth Transition *\/\n vertical-align: middle; \/* Richtet die Checkbox vertikal aus *\/\n}\n\n.wpcf7 input[type=\"checkbox\"]:checked {\n background-color: #DD3333; \/* Hintergrundfarbe wenn angeklickt *\/\n border-color: #DD3333; \/* Randfarbe wenn angeklickt *\/\n}\n\n.wpcf7 input[type=\"checkbox\"]:checked::after {\n content: '';\n position: absolute;\n top: 40%;\n left: 48%;\n width: 4px; \/* Breite des Hakens *\/\n height: 7px; \/* H\u00f6he des Hakens *\/\n border: solid white;\n border-width: 0 2px 2px 0;\n transform: translate(-50%, -50%) rotate(45deg);\n}\n\n.wpcf7 input[type=\"checkbox\"]:focus {\n outline: none;\n box-shadow: 0 0 2px 2px rgba(0, 123, 255, 0.25); \/* Optionale Hervorhebung bei Fokus *\/\n}\n\n\/* Platzhalterstile *\/\n::placeholder {\n color: #888; \/* Farbe f\u00fcr Platzhaltertext *\/\n font-size: 20px;\n}\n\n\/* Stile f\u00fcr die Checkboxen *\/\n.wpcf7-form p {\n margin-bottom: 10px;\n display: flex;\n align-items: center;\n text-align: center;\n}\n\n.wpcf7-form p label {\n margin-left: 5px;\n margin-bottom: 0; \/* Kein zus\u00e4tzlicher Abstand unten *\/\n display: flex;\n align-items: center;\n text-align: center;\n}\n\n.wpcf7 .wpcf7-submit {\n display: block; \/* Sicherstellen, dass der Button als Blockelement behandelt wird *\/\n margin: 0 auto; \/* Automatisches Zentrieren *\/\n}\n\n.wpcf7 .wpcf7-submit-container {\n text-align: center; \/* Zentriert den Button-Container *\/\n margin-top: 20px; \/* Optional: Abstand oberhalb des Containers *\/\n}\n\n.wpcf7-submit {\n background-color: #DD3333; \/* Hintergrundfarbe des Buttons *\/\n color: white; \/* Textfarbe des Buttons *\/\n border: none; \/* Kein Rahmen *\/\n padding: 15px 30px; \/* Innenabstand des Buttons *\/\n text-align: center; \/* Textzentrierung *\/\n text-decoration: none; \/* Kein Textdekor *\/\n display: block; \/* Als Blockelement behandeln *\/\n font-size: 20px; \/* Schriftgr\u00f6\u00dfe *\/\n margin: 0px auto; \/* Au\u00dfenabstand *\/\n margin-left: 25px; \/* Kleiner linker Abstand *\/\n cursor: pointer; \/* Cursor bei Hover *\/\n border-radius: 15px; \/* Abgerundete Ecken *\/\n transition: background-color 0.3s ease, transform 0.3s ease; \/* \u00dcbergangseffekte *\/\n}\n\n.wpcf7-submit:hover {\n background-color: #DD3333; \/* Hintergrundfarbe bei Hover *\/\n transform: scale(1.05); \/* Vergr\u00f6\u00dferung bei Hover *\/\n}\n\n.wpcf7-submit:active {\n background-color: #DD3333; \/* Hintergrundfarbe bei Klick *\/\n transform: scale(1.02); \/* Leichte Verkleinerung bei Klick *\/\n}\n\n.wpcf7 .wpcf7-spinner {\n display: block; \/* Als Blockelement behandeln *\/\n position: absolute; \/* Absolute Positionierung innerhalb des Containers *\/\n top: 100%; \/* Abstand vom oberen Rand des Containers *\/\n left: 50%; \/* Zentriert horizontal innerhalb des Containers *\/\n transform: translateX(-50%); \/* Zur\u00fcckverschieben um die H\u00e4lfte der eigenen Breite *\/\n}\n\n\n@media screen and (max-width: 600px) {\n .wpcf7 input[type=\"checkbox\"] {\n width: 50px !important;\n height: 20px !important;\n margin-right: 10px;\n border-radius: 50%; \/* Rund statt 8px *\/\n }\n\n}\n\n\n@media screen and (max-width: 768px) {\n \/* Spalten untereinander *\/\n .form-row {\n flex-direction: column;\n }\n\n .form-column {\n width: 100% !important;\n margin-bottom: 10px;\n }\n\n .wpcf7-form input[type=\"text\"],\n .wpcf7-form input[type=\"email\"],\n .wpcf7-form input[type=\"tel\"],\n .wpcf7-form textarea {\n width: 100% !important;\n }\n\n \/* Checkbox bleibt rund und linksb\u00fcndig *\/\n .wpcf7 input[type=\"checkbox\"] {\n width: 20px;\n height: 20px;\n margin-right: 10px;\n border-radius: 50%; \/* Rund statt 8px *\/\n }\n\n \/* Optional: Upload-Feld auch bei Bedarf zentrieren *\/\n .codedropz-upload-container {\n padding: 30px 15px;\n }\n\n .codedropz-upload-inner {\n width: 100%;\n box-sizing: border-box;\n }\n\n .codedropz-btn-wrap {\n justify-content: center;\n }\n}\n\n\n@media screen and (max-width: 1350px) {\n .wpcf7-form input[type=\"text\"],\n .wpcf7-form input[type=\"email\"],\n .wpcf7-form input[type=\"tel\"],\n .wpcf7-form textarea {\n transition: none !important;\n width: 100% !important;\n }\n\n .wpcf7-form input[type=\"text\"]:hover,\n .wpcf7-form input[type=\"email\"]:hover,\n .wpcf7-form input[type=\"tel\"]:hover,\n .wpcf7-form textarea:hover,\n .wpcf7 input[type=\"text\"]:focus,\n .wpcf7 input[type=\"email\"]:focus,\n .wpcf7 input[type=\"tel\"]:focus,\n .wpcf7 textarea:focus {\n width: 100% !important;\n border: 2px solid #DD3333;\n }\n}\n<\/style>\n<div class=\"form-row\">\n\t<div class=\"form-column\">\n\t\t<p><br \/>\n<span class=\"wpcf7-form-control-wrap\" data-name=\"vorname\"><input size=\"40\" maxlength=\"400\" class=\"wpcf7-form-control wpcf7-text wpcf7-validates-as-required\" id=\"vorname\" aria-required=\"true\" aria-invalid=\"false\" placeholder=\"Nome\" value=\"\" type=\"text\" name=\"vorname\" \/><\/span>\n\t\t<\/p>\n\t\t<p><br \/>\n<span class=\"wpcf7-form-control-wrap\" data-name=\"nachname\"><input size=\"40\" maxlength=\"400\" class=\"wpcf7-form-control wpcf7-text wpcf7-validates-as-required\" id=\"nachname\" aria-required=\"true\" aria-invalid=\"false\" placeholder=\"Cognome\" value=\"\" type=\"text\" name=\"nachname\" \/><\/span>\n\t\t<\/p>\n\t\t<p><br \/>\n<span class=\"wpcf7-form-control-wrap\" data-name=\"email\"><input size=\"40\" maxlength=\"400\" class=\"wpcf7-form-control wpcf7-email wpcf7-validates-as-required wpcf7-text wpcf7-validates-as-email\" id=\"email\" aria-required=\"true\" aria-invalid=\"false\" placeholder=\"Indirizzo e-mail\" value=\"\" type=\"email\" name=\"email\" \/><\/span>\n\t\t<\/p>\n\t<\/div>\n\t<div class=\"form-column\">\n\t\t<p><br \/>\n<span class=\"wpcf7-form-control-wrap\" data-name=\"firma\"><input size=\"40\" maxlength=\"400\" class=\"wpcf7-form-control wpcf7-text wpcf7-validates-as-required\" id=\"firma\" aria-required=\"true\" aria-invalid=\"false\" placeholder=\"Azienda\" value=\"\" type=\"text\" name=\"firma\" \/><\/span>\n\t\t<\/p>\n\t\t<p><br \/>\n<span class=\"wpcf7-form-control-wrap\" data-name=\"nachricht\"><textarea cols=\"40\" rows=\"10\" maxlength=\"2000\" class=\"wpcf7-form-control wpcf7-textarea wpcf7-validates-as-required\" id=\"nachricht\" aria-required=\"true\" aria-invalid=\"false\" placeholder=\"Messaggio (opzionale)\" name=\"nachricht\"><\/textarea><\/span>\n\t\t<\/p>\n\t<\/div>\n<\/div>\n<p><br \/>\n<span class=\"wpcf7-form-control-wrap\" data-name=\"Datenschutz\"><span class=\"wpcf7-form-control wpcf7-checkbox wpcf7-validates-as-required\"><span class=\"wpcf7-list-item first last\"><label><input type=\"checkbox\" name=\"Datenschutz[]\" value=\"Dichiaro di accettare la memorizzazione dei miei dati in conformit\u00e0 con l&#039;informativa sulla privacy.\" \/><span class=\"wpcf7-list-item-label\">Dichiaro di accettare la memorizzazione dei miei dati in conformit\u00e0 con l&#039;informativa sulla privacy.<\/span><\/label><\/span><\/span><\/span>\n<\/p>\n<p class=\"wpcf7-form-control-wrap\"><br \/>\n<input class=\"wpcf7-form-control wpcf7-submit has-spinner\" type=\"submit\" value=\"Invia richiesta\" \/>\n<\/p>\n<p><input type=\"hidden\" name=\"page-info\" id=\"page-info\" value=\"\" \/>\n<\/p>\n<p><script>\ndocument.addEventListener('DOMContentLoaded', function () {\n var pageInfoField = document.querySelector('#page-info');\n if (pageInfoField) {\n var pageTitle = document.title;\n var pageURL = window.location.href;\n pageInfoField.value = pageTitle + ' (' + pageURL + ')';\n }\n});\n<\/script>\n<\/p><div class=\"wpcf7-response-output\" aria-hidden=\"true\"><\/div>\n<\/form>\n<\/div>\n<\/div>\n<\/div>\n","protected":false},"excerpt":{"rendered":"<p>Garantiamo la massima qualit\u00e0 dei vostri prodotti e processi sicuriCon calibrazioni della temperatura accreditate DAkkS Effettuiamo la calibrazione per voi SPRT(Termometri a resistenza di platino standard) Calibrazione ai punti fissi di temperatura Calibrazione per confronto nei bagni di calibrazione Termometri a resistenza&nbsp;(Pt100, Pt25, ecc.) Calibrazione ai punti fissi di temperatura Calibrazione per confronto nei bagni [&hellip;]<\/p>\n","protected":false},"author":4,"featured_media":0,"parent":0,"menu_order":0,"comment_status":"closed","ping_status":"closed","template":"","meta":{"footnotes":""},"class_list":["post-9043","page","type-page","status-publish","hentry"],"_links":{"self":[{"href":"https:\/\/www.klasmeier.com\/it\/wp-json\/wp\/v2\/pages\/9043","targetHints":{"allow":["GET"]}}],"collection":[{"href":"https:\/\/www.klasmeier.com\/it\/wp-json\/wp\/v2\/pages"}],"about":[{"href":"https:\/\/www.klasmeier.com\/it\/wp-json\/wp\/v2\/types\/page"}],"author":[{"embeddable":true,"href":"https:\/\/www.klasmeier.com\/it\/wp-json\/wp\/v2\/users\/4"}],"replies":[{"embeddable":true,"href":"https:\/\/www.klasmeier.com\/it\/wp-json\/wp\/v2\/comments?post=9043"}],"version-history":[{"count":23,"href":"https:\/\/www.klasmeier.com\/it\/wp-json\/wp\/v2\/pages\/9043\/revisions"}],"predecessor-version":[{"id":13031,"href":"https:\/\/www.klasmeier.com\/it\/wp-json\/wp\/v2\/pages\/9043\/revisions\/13031"}],"wp:attachment":[{"href":"https:\/\/www.klasmeier.com\/it\/wp-json\/wp\/v2\/media?parent=9043"}],"curies":[{"name":"wp","href":"https:\/\/api.w.org\/{rel}","templated":true}]}}