{"id":16166,"date":"2026-08-17T14:23:17","date_gmt":"2026-08-17T12:23:17","guid":{"rendered":"https:\/\/www.klasmeier.com\/klasmeier-si-evolve\/"},"modified":"2026-08-31T13:12:52","modified_gmt":"2026-08-31T11:12:52","slug":"klasmeier-si-evolve","status":"publish","type":"page","link":"https:\/\/www.klasmeier.com\/it\/klasmeier-si-evolve\/","title":{"rendered":"Klasmeier si evolve"},"content":{"rendered":"\n<div class=\"wp-block-group alignfull has-accent-background-color has-background has-global-padding is-layout-constrained wp-container-core-group-is-layout-73128380 wp-block-group-is-layout-constrained\" style=\"margin-top:0;margin-bottom:0;padding-top:var(--wp--preset--spacing--50);padding-right:var(--wp--preset--spacing--50);padding-bottom:var(--wp--preset--spacing--50);padding-left:var(--wp--preset--spacing--50)\">\n<h1 class=\"wp-block-heading has-text-align-center alignwide\"><strong>Klasmeier si evolve<\/strong><\/h1>\n\n\n\n<div style=\"height:5px\" aria-hidden=\"true\" class=\"wp-block-spacer\"><\/div>\n\n\n\n<div class=\"wp-block-columns alignwide is-layout-flex wp-container-core-columns-is-layout-a0d91a25 wp-block-columns-is-layout-flex\">\n<div class=\"wp-block-column is-vertically-aligned-stretch is-layout-flow wp-block-column-is-layout-flow\" style=\"flex-basis:50%\">\n<div class=\"wp-block-group is-vertical is-content-justification-stretch is-layout-flex wp-container-core-group-is-layout-c042bc37 wp-block-group-is-layout-flex\" style=\"min-height:100%\">\n<p class=\"has-heading-font-family has-x-large-font-size wp-block-paragraph\" style=\"line-height:1.2\">Un nuovo nome per quello che gi\u00e0 conosci di noi.<\/p>\n\n\n\n<div class=\"wp-block-group has-global-padding is-content-justification-left is-layout-constrained wp-container-core-group-is-layout-1292ae2f wp-block-group-is-layout-constrained\">\n<p class=\"wp-container-content-0733e5d0 wp-block-paragraph\">Da molti anni Klasmeier \u00e8 sinonimo di precisione nella tecnica di misurazione della temperatura. Insieme al mio team, ho avuto il piacere di accompagnare aziende del settore industriale, della ricerca e laboratori di taratura nel loro percorso. <\/p>\n\n\n\n<p class=\"wp-block-paragraph\">Il nostro obiettivo \u00e8 sempre stato lo stesso: essere un partner affidabile per misurazioni di temperatura sofisticate.<\/p>\n\n\n\n<p class=\"wp-container-content-0733e5d0 wp-block-paragraph\">Con questo obiettivo, continuiamo a far crescere Klasmeier.<\/p>\n\n\n\n<div class=\"wp-block-buttons is-layout-flex wp-block-buttons-is-layout-flex\"><\/div>\n<\/div>\n<\/div>\n<\/div>\n\n\n\n<div class=\"wp-block-column is-vertically-aligned-center is-layout-flow wp-block-column-is-layout-flow\" style=\"flex-basis:50%\">\n<figure class=\"wp-block-image size-full is-style-rounded is-style-rounded--1\"><img data-dominant-color=\"918c9c\" data-has-transparency=\"false\" loading=\"lazy\" decoding=\"async\" width=\"2508\" height=\"2560\" src=\"https:\/\/www.klasmeier.com\/wp-content\/uploads\/Thomas-Klasmeier-scaled.webp\" alt=\"\" class=\"wp-image-16043 not-transparent\" style=\"--dominant-color: #918c9c; aspect-ratio:3\/4;object-fit:cover\" srcset=\"https:\/\/www.klasmeier.com\/wp-content\/uploads\/Thomas-Klasmeier-scaled.webp 2508w, https:\/\/www.klasmeier.com\/wp-content\/uploads\/Thomas-Klasmeier-294x300.webp 294w, https:\/\/www.klasmeier.com\/wp-content\/uploads\/Thomas-Klasmeier-1003x1024.webp 1003w, https:\/\/www.klasmeier.com\/wp-content\/uploads\/Thomas-Klasmeier-768x784.webp 768w, https:\/\/www.klasmeier.com\/wp-content\/uploads\/Thomas-Klasmeier-1505x1536.webp 1505w, https:\/\/www.klasmeier.com\/wp-content\/uploads\/Thomas-Klasmeier-2006x2048.webp 2006w, https:\/\/www.klasmeier.com\/wp-content\/uploads\/Thomas-Klasmeier-600x612.webp 600w\" sizes=\"auto, (max-width: 2508px) 100vw, 2508px\" \/><\/figure>\n<\/div>\n<\/div>\n<\/div>\n\n<div class=\"wp-block-group alignfull has-base-background-color has-background has-global-padding is-layout-constrained wp-container-core-group-is-layout-36f65c2d wp-block-group-is-layout-constrained\" style=\"margin-top:0;margin-bottom:0;padding-top:var(--wp--preset--spacing--50);padding-right:var(--wp--preset--spacing--50);padding-bottom:var(--wp--preset--spacing--50);padding-left:var(--wp--preset--spacing--50)\">\n<div class=\"wp-block-columns alignwide is-layout-flex wp-container-core-columns-is-layout-ef10d34a wp-block-columns-is-layout-flex\">\n<div class=\"wp-block-column has-global-padding is-content-justification-left is-layout-constrained wp-container-core-column-is-layout-1292ae2f wp-block-column-is-layout-constrained\" style=\"flex-basis:40%\">\n<h2 class=\"wp-block-heading\">Negli ultimi anni, la nostra azienda si \u00e8 evoluta notevolmente.<\/h2>\n<\/div>\n\n\n\n<div class=\"wp-block-column is-layout-flow wp-container-core-column-is-layout-0c22cdd7 wp-block-column-is-layout-flow\" style=\"flex-basis:60%\">\n<p class=\"has-heading-font-family has-x-large-font-size wp-block-paragraph\" style=\"line-height:1.2\">Perch\u00e9 stiamo facendo questo passo<\/p>\n\n\n\n<div class=\"wp-block-columns is-layout-flex wp-container-core-columns-is-layout-3afcaa04 wp-block-columns-is-layout-flex\">\n<div class=\"wp-block-column is-layout-flow wp-block-column-is-layout-flow\">\n<p class=\"wp-container-content-9cfa9a5a wp-block-paragraph\">Abbiamo iniziato nel 1986 come societ\u00e0 di vendita per la tecnica di misurazione della temperatura. Da allora, la nostra azienda si \u00e8 evoluta notevolmente. Quella che era una societ\u00e0 di vendita \u00e8 diventata molto di pi\u00f9.  <\/p>\n\n\n\n<p class=\"wp-block-paragraph\">Oggi siamo sinonimo di termometri di alta qualit\u00e0 di nostra produzione, tarature accreditate secondo la norma DIN EN ISO\/IEC 17025 (DAkkS), prove valutative interlaboratorio accreditate secondo la norma DIN EN ISO\/IEC 17043 (DAkkS), consulenza tecnica, seminari e confronto personale con i nostri clienti.<\/p>\n<\/div>\n\n\n\n<div class=\"wp-block-column is-layout-flow wp-block-column-is-layout-flow\">\n<p class=\"wp-block-paragraph\">Il nome <strong>Klasmeier GmbH<\/strong> riassume perfettamente questa evoluzione. <\/p>\n\n\n\n<p class=\"wp-block-paragraph\">\u00c8 pi\u00f9 breve, pi\u00f9 chiaro e rappresenta l&#8217;intera competenza del nostro marchio.<\/p>\n\n\n\n<p class=\"wp-block-paragraph\">Dal 1\u00b0 settembre 2026, gestiremo le nostre attivit\u00e0 operative con questo nome.<\/p>\n<\/div>\n<\/div>\n<\/div>\n<\/div>\n<\/div>\n\n<div class=\"wp-block-group alignfull has-accent-background-color has-background has-global-padding is-layout-constrained wp-container-core-group-is-layout-36f65c2d wp-block-group-is-layout-constrained\" style=\"margin-top:0;margin-bottom:0;padding-top:var(--wp--preset--spacing--50);padding-right:var(--wp--preset--spacing--50);padding-bottom:var(--wp--preset--spacing--50);padding-left:var(--wp--preset--spacing--50)\">\n<div class=\"wp-block-group alignwide is-vertical is-content-justification-center is-layout-flex wp-container-core-group-is-layout-bc18b00a wp-block-group-is-layout-flex\">\n<h2 class=\"wp-block-heading has-text-align-left\">Su cosa stiamo lavorando<\/h2>\n<\/div>\n\n\n\n<div style=\"height:3px\" aria-hidden=\"true\" class=\"wp-block-spacer\"><\/div>\n\n\n\n<div class=\"wp-block-columns alignwide is-layout-flex wp-container-core-columns-is-layout-3a88641f wp-block-columns-is-layout-flex\">\n<div class=\"wp-block-column is-layout-flow wp-block-column-is-layout-flow\">\n<figure class=\"wp-block-image size-large has-custom-border\"><img data-dominant-color=\"9a4950\" data-has-transparency=\"false\" loading=\"lazy\" decoding=\"async\" width=\"1024\" height=\"683\" src=\"https:\/\/www.klasmeier.com\/wp-content\/uploads\/13-Kopie-1024x683.webp\" alt=\"\" class=\"wp-image-16045 not-transparent\" style=\"--dominant-color: #9a4950; border-top-left-radius:50px;border-top-right-radius:50px;border-bottom-left-radius:50px;border-bottom-right-radius:50px\" srcset=\"https:\/\/www.klasmeier.com\/wp-content\/uploads\/13-Kopie-1024x683.webp 1024w, https:\/\/www.klasmeier.com\/wp-content\/uploads\/13-Kopie-300x200.webp 300w, https:\/\/www.klasmeier.com\/wp-content\/uploads\/13-Kopie-768x512.webp 768w, https:\/\/www.klasmeier.com\/wp-content\/uploads\/13-Kopie-1536x1024.webp 1536w, https:\/\/www.klasmeier.com\/wp-content\/uploads\/13-Kopie-2048x1365.webp 2048w, https:\/\/www.klasmeier.com\/wp-content\/uploads\/13-Kopie-600x400.webp 600w\" sizes=\"auto, (max-width: 1024px) 100vw, 1024px\" \/><\/figure>\n<\/div>\n\n\n\n<div class=\"wp-block-column is-layout-flow wp-block-column-is-layout-flow\" style=\"padding-top:var(--wp--preset--spacing--20);padding-right:var(--wp--preset--spacing--20);padding-bottom:var(--wp--preset--spacing--20);padding-left:var(--wp--preset--spacing--20)\">\n<p class=\"wp-block-paragraph\"><strong>Un&#8217;immagine del marchio chiara<\/strong><br\/>Sotto il nome Klasmeier, in futuro potrai riconoscere a colpo d&#8217;occhio tutti i servizi relativi alla tecnica di misurazione della temperatura di precisione.<\/p>\n\n\n\n<p class=\"wp-block-paragraph\"><strong>Servizio clienti personale<br\/><\/strong>Comunicazione diretta, referenti fissi e decisioni rapide rimangono il nostro standard per la collaborazione quotidiana con te.<\/p>\n<\/div>\n<\/div>\n\n\n\n<div class=\"wp-block-columns alignwide is-layout-flex wp-container-core-columns-is-layout-3a88641f wp-block-columns-is-layout-flex\">\n<div class=\"wp-block-column is-layout-flow wp-block-column-is-layout-flow\" style=\"padding-top:var(--wp--preset--spacing--20);padding-right:var(--wp--preset--spacing--20);padding-bottom:var(--wp--preset--spacing--20);padding-left:var(--wp--preset--spacing--20)\">\n<p class=\"wp-block-paragraph\"><strong>Tutto da un unico fornitore<br\/><\/strong>Dallo sviluppo e dalla produzione di termometri di alta qualit\u00e0 alle tarature accreditate e alle prove valutative, fino ai seminari e alla consulenza tecnica: il nostro obiettivo \u00e8 che tu abbia un unico partner per tutto questo.<\/p>\n\n\n\n<p class=\"wp-block-paragraph\"><strong>Pi\u00f9 spazio per l&#8217;innovazione<br\/><\/strong>Lavoriamo per sviluppare costantemente i nostri prodotti, servizi e offerte digitali.<\/p>\n<\/div>\n\n\n\n<div class=\"wp-block-column is-layout-flow wp-block-column-is-layout-flow\" style=\"padding-top:0;padding-right:0;padding-bottom:0;padding-left:0\">\n<figure class=\"wp-block-image size-large has-custom-border\" style=\"margin-top:var(--wp--preset--spacing--20);margin-bottom:var(--wp--preset--spacing--20)\"><img data-dominant-color=\"b76a6d\" data-has-transparency=\"false\" loading=\"lazy\" decoding=\"async\" width=\"1024\" height=\"683\" src=\"https:\/\/www.klasmeier.com\/wp-content\/uploads\/02-Kopie-1024x683.webp\" alt=\"\" class=\"wp-image-16042 not-transparent\" style=\"--dominant-color: #b76a6d; border-top-left-radius:50px;border-top-right-radius:50px;border-bottom-left-radius:50px;border-bottom-right-radius:50px\" srcset=\"https:\/\/www.klasmeier.com\/wp-content\/uploads\/02-Kopie-1024x683.webp 1024w, https:\/\/www.klasmeier.com\/wp-content\/uploads\/02-Kopie-300x200.webp 300w, https:\/\/www.klasmeier.com\/wp-content\/uploads\/02-Kopie-768x512.webp 768w, https:\/\/www.klasmeier.com\/wp-content\/uploads\/02-Kopie-1536x1024.webp 1536w, https:\/\/www.klasmeier.com\/wp-content\/uploads\/02-Kopie-2048x1365.webp 2048w, https:\/\/www.klasmeier.com\/wp-content\/uploads\/02-Kopie-600x400.webp 600w\" sizes=\"auto, (max-width: 1024px) 100vw, 1024px\" \/><\/figure>\n<\/div>\n<\/div>\n<\/div>\n\n<div class=\"wp-block-group alignfull has-global-padding is-layout-constrained wp-container-core-group-is-layout-73128380 wp-block-group-is-layout-constrained\" style=\"margin-top:0;margin-bottom:0;padding-top:var(--wp--preset--spacing--50);padding-right:var(--wp--preset--spacing--50);padding-bottom:var(--wp--preset--spacing--50);padding-left:var(--wp--preset--spacing--50)\">\n<div class=\"wp-block-group is-vertical is-content-justification-center is-layout-flex wp-container-core-group-is-layout-bc18b00a wp-block-group-is-layout-flex\">\n<h2 class=\"wp-block-heading has-text-align-center has-xx-large-font-size\">Cosa rimane invariato?<\/h2>\n\n\n\n<div style=\"height:5px\" aria-hidden=\"true\" class=\"wp-block-spacer wp-container-content-463bd4c8\"><\/div>\n\n\n\n<p class=\"has-text-align-center wp-block-paragraph\">Moltissimo. <br\/><br\/>I nostri valori rimangono invariati.<br\/><strong>Precisione. Competenza. Affidabilit\u00e0. Assistenza personale.   <br\/><\/strong>Questi valori costituiscono anche in futuro le fondamenta su cui veniamo misurati.<\/p>\n\n\n\n<p class=\"has-text-align-center wp-block-paragraph\">Continuerai a lavorare con le persone che gi\u00e0 conosci. I tuoi referenti rimarranno gli stessi. <\/p>\n\n\n\n<p class=\"has-text-align-center wp-block-paragraph\">I nostri elevati standard qualitativi e le nostre ambizioni rimangono gli stessi. Vogliamo essere il tuo partner a lungo termine per la tecnica di misurazione della temperatura di precisione. <\/p>\n<\/div>\n<\/div>\n\n<div class=\"wp-block-group alignfull has-base-color has-contrast-background-color has-text-color has-background has-link-color wp-elements-cb96d5ae6f290a9094c76839fb39a6fb has-global-padding is-layout-constrained wp-container-core-group-is-layout-36f65c2d wp-block-group-is-layout-constrained\" style=\"margin-top:0;margin-bottom:0;padding-top:var(--wp--preset--spacing--50);padding-right:var(--wp--preset--spacing--50);padding-bottom:var(--wp--preset--spacing--50);padding-left:var(--wp--preset--spacing--50)\">\n<h2 class=\"wp-block-heading alignwide has-base-color has-text-color has-link-color wp-elements-8cb28aa9b979ca8848dab4b9efd10708\" style=\"font-size:clamp(4.509rem, 4.509rem + ((1vw - 0.2rem) * 9.152), 10rem);letter-spacing:-0.02em\">Domande frequenti<\/h2>\n\n\n\n<div class=\"wp-block-group alignwide is-layout-flow wp-block-group-is-layout-flow\">\n<hr class=\"wp-block-separator has-text-color has-base-color has-alpha-channel-opacity has-base-background-color has-background is-style-wide\" style=\"margin-top:var(--wp--preset--spacing--30);margin-bottom:var(--wp--preset--spacing--30)\"\/>\n\n\n\n<h3 class=\"wp-block-heading alignwide has-base-2-color has-text-color has-link-color wp-elements-12d0d5fdf53c44d792b89ac8d1049671\">Cambieranno i miei referenti?<\/h3>\n\n\n\n<p class=\"has-contrast-1-color has-text-color has-link-color wp-elements-ffd0401de20936db44c956c167ed4fb9 wp-block-paragraph\">No.<br\/>I tuoi referenti rimangono invariati.<\/p>\n\n\n\n<hr class=\"wp-block-separator has-text-color has-base-color has-alpha-channel-opacity has-base-background-color has-background is-style-wide\" style=\"margin-top:var(--wp--preset--spacing--30);margin-bottom:var(--wp--preset--spacing--30)\"\/>\n\n\n\n<h3 class=\"wp-block-heading alignwide has-base-2-color has-text-color has-link-color wp-elements-ece91997fa6cf6d816d9415dc2ed3013\">Cambieranno i nostri servizi?<\/h3>\n\n\n\n<p class=\"has-contrast-1-color has-text-color has-link-color wp-elements-742eef8f69da2d3cc6b2ad214b669c2c wp-block-paragraph\">No.<br\/>Tutta la nostra gamma di servizi rimane attiva e verr\u00e0 costantemente sviluppata.<\/p>\n\n\n\n<hr class=\"wp-block-separator has-text-color has-base-color has-alpha-channel-opacity has-base-background-color has-background is-style-wide\" style=\"margin-top:var(--wp--preset--spacing--30);margin-bottom:var(--wp--preset--spacing--30)\"\/>\n\n\n\n<h3 class=\"wp-block-heading alignwide has-base-2-color has-text-color has-link-color wp-elements-c27b4adda48547d0c2f370a6fd2c3603\">Devo fare attenzione a qualcosa?<\/h3>\n\n\n\n<p class=\"has-contrast-1-color has-text-color has-link-color wp-elements-e0b12f685e09744779c489889a66acdd wp-block-paragraph\">No.<br\/>Per te non cambier\u00e0 praticamente nulla nella routine quotidiana.<\/p>\n\n\n\n<hr class=\"wp-block-separator has-text-color has-base-color has-alpha-channel-opacity has-base-background-color has-background is-style-wide\" style=\"margin-top:var(--wp--preset--spacing--30);margin-bottom:var(--wp--preset--spacing--30)\"\/>\n\n\n\n<h3 class=\"wp-block-heading alignwide has-base-2-color has-text-color has-link-color wp-elements-f49a80d386a07404e5fd62ec30a0aa27\">Perch\u00e9 l&#8217;azienda si chiamer\u00e0 Klasmeier GmbH in futuro?<\/h3>\n\n\n\n<p class=\"has-contrast-1-color has-text-color has-link-color wp-elements-9cbb1a23534820a89329f7d91dcd46ae wp-block-paragraph\">Perch\u00e9 oggi il nostro marchio comprende molto pi\u00f9 della semplice taratura e tecnica di misurazione.<\/p>\n\n\n\n<p class=\"has-contrast-1-color has-text-color has-link-color wp-elements-e122a1012f7eb1c12248e5306d1635af wp-block-paragraph\">Il nuovo nome crea un&#8217;immagine del marchio chiara e sottolinea il nostro focus su precisione, competenza e servizio clienti personale.<\/p>\n\n\n\n<hr class=\"wp-block-separator has-text-color has-base-color has-alpha-channel-opacity has-base-background-color has-background is-style-wide\" style=\"margin-top:var(--wp--preset--spacing--30);margin-bottom:var(--wp--preset--spacing--30)\"\/>\n\n\n\n<h3 class=\"wp-block-heading alignwide has-base-2-color has-text-color has-link-color wp-elements-ac56f97b8d99f8cea983f4b8a3362454\" id=\"anmerkungakkreditierung\">Cosa succede alle tarature accreditate e alle prove valutative?<\/h3>\n\n\n\n<p class=\"wp-block-paragraph\">Proseguono invariate.<\/p>\n\n\n\n<p class=\"has-contrast-1-color has-text-color has-link-color wp-elements-c1c8dd1071fe3ddad24a06a786e102c0 wp-block-paragraph\">I servizi di taratura accreditati secondo la norma DIN EN ISO\/IEC 17025 e le prove valutative secondo la norma DIN EN ISO\/IEC 17043 continueranno a essere eseguiti dalla Klasmeier Kalibrier- und Messtechnik GmbH ISOTECH.<\/p>\n\n\n\n<div style=\"margin-top:var(--wp--preset--spacing--10);margin-bottom:0;height:var(--wp--preset--spacing--10)\" aria-hidden=\"true\" class=\"wp-block-spacer\"><\/div>\n<\/div>\n<\/div>\n\n<div class=\"wp-block-group alignfull has-global-padding is-layout-constrained wp-container-core-group-is-layout-36f65c2d wp-block-group-is-layout-constrained\" style=\"margin-top:0;margin-bottom:0;padding-top:var(--wp--preset--spacing--50);padding-right:var(--wp--preset--spacing--50);padding-bottom:var(--wp--preset--spacing--50);padding-left:var(--wp--preset--spacing--50)\">\n<div class=\"wp-block-columns alignwide are-vertically-aligned-center is-layout-flex wp-container-core-columns-is-layout-ca2b64f2 wp-block-columns-is-layout-flex\">\n<div class=\"wp-block-column is-vertically-aligned-center is-layout-flow wp-block-column-is-layout-flow\" style=\"flex-basis:50%\">\n<h2 class=\"wp-block-heading\">Un messaggio personale<\/h2>\n\n\n\n<p class=\"wp-block-paragraph\">I cambiamenti hanno senso quando offrono un reale valore aggiunto ai nostri clienti.<\/p>\n\n\n\n<p class=\"wp-block-paragraph\">Proprio per questo abbiamo deciso di fare questo passo.<\/p>\n\n\n\n<p class=\"wp-block-paragraph\">Con la <strong>Klasmeier GmbH<\/strong> creiamo le basi per rafforzare ulteriormente il nostro marchio e concentrarci ancora di pi\u00f9 su ci\u00f2 che i nostri clienti apprezzano di noi da molti anni: massima precisione, solide competenze tecniche e una collaborazione basata sulla partnership.<\/p>\n\n\n\n<p class=\"wp-block-paragraph\">Non vedo l&#8217;ora di affrontare i prossimi progetti con te, ora come Klasmeier GmbH.<\/p>\n\n\n\n<p class=\"wp-block-paragraph\">Grazie per la tua fiducia.<\/p>\n\n\n\n<p class=\"wp-block-paragraph\">Cari saluti da Fulda<\/p>\n\n\n\n<p class=\"wp-block-paragraph\">Thomas Klasmeier<\/p>\n<\/div>\n\n\n\n<div class=\"wp-block-column is-vertically-aligned-center is-layout-flow wp-block-column-is-layout-flow\" style=\"flex-basis:50%\">\n<figure class=\"wp-block-image size-full is-style-rounded is-style-rounded--2\"><img data-dominant-color=\"99616b\" data-has-transparency=\"false\" loading=\"lazy\" decoding=\"async\" width=\"2560\" height=\"1707\" src=\"https:\/\/www.klasmeier.com\/wp-content\/uploads\/04-Kopie-scaled.webp\" alt=\"\" class=\"wp-image-16041 not-transparent\" style=\"--dominant-color: #99616b; aspect-ratio:4\/3;object-fit:cover\" srcset=\"https:\/\/www.klasmeier.com\/wp-content\/uploads\/04-Kopie-scaled.webp 2560w, https:\/\/www.klasmeier.com\/wp-content\/uploads\/04-Kopie-300x200.webp 300w, https:\/\/www.klasmeier.com\/wp-content\/uploads\/04-Kopie-1024x683.webp 1024w, https:\/\/www.klasmeier.com\/wp-content\/uploads\/04-Kopie-768x512.webp 768w, https:\/\/www.klasmeier.com\/wp-content\/uploads\/04-Kopie-1536x1024.webp 1536w, https:\/\/www.klasmeier.com\/wp-content\/uploads\/04-Kopie-2048x1365.webp 2048w, https:\/\/www.klasmeier.com\/wp-content\/uploads\/04-Kopie-600x400.webp 600w\" sizes=\"auto, (max-width: 2560px) 100vw, 2560px\" \/><\/figure>\n<\/div>\n<\/div>\n<\/div>\n","protected":false},"excerpt":{"rendered":"<p>Klasmeier si evolve Un nuovo nome per quello che gi\u00e0 conosci di noi. Da molti anni Klasmeier \u00e8 sinonimo di precisione nella tecnica di misurazione della temperatura. Insieme al mio team, ho avuto il piacere di accompagnare aziende del settore industriale, della ricerca e laboratori di taratura nel loro percorso. Il nostro obiettivo \u00e8 sempre [&hellip;]<\/p>\n","protected":false},"author":2,"featured_media":0,"parent":0,"menu_order":0,"comment_status":"closed","ping_status":"closed","template":"","meta":{"footnotes":""},"class_list":["post-16166","page","type-page","status-publish","hentry"],"_links":{"self":[{"href":"https:\/\/www.klasmeier.com\/it\/wp-json\/wp\/v2\/pages\/16166","targetHints":{"allow":["GET"]}}],"collection":[{"href":"https:\/\/www.klasmeier.com\/it\/wp-json\/wp\/v2\/pages"}],"about":[{"href":"https:\/\/www.klasmeier.com\/it\/wp-json\/wp\/v2\/types\/page"}],"author":[{"embeddable":true,"href":"https:\/\/www.klasmeier.com\/it\/wp-json\/wp\/v2\/users\/2"}],"replies":[{"embeddable":true,"href":"https:\/\/www.klasmeier.com\/it\/wp-json\/wp\/v2\/comments?post=16166"}],"version-history":[{"count":2,"href":"https:\/\/www.klasmeier.com\/it\/wp-json\/wp\/v2\/pages\/16166\/revisions"}],"predecessor-version":[{"id":16209,"href":"https:\/\/www.klasmeier.com\/it\/wp-json\/wp\/v2\/pages\/16166\/revisions\/16209"}],"wp:attachment":[{"href":"https:\/\/www.klasmeier.com\/it\/wp-json\/wp\/v2\/media?parent=16166"}],"curies":[{"name":"wp","href":"https:\/\/api.w.org\/{rel}","templated":true}]}}