{"id":8327,"date":"2024-02-29T17:20:51","date_gmt":"2024-02-29T16:20:51","guid":{"rendered":"https:\/\/www.klasmeier.com\/?post_type=product&#038;p=8327"},"modified":"2026-08-31T14:22:08","modified_gmt":"2026-08-31T12:22:08","slug":"thermometre-de-reference-sprt-secondaire-200-c-a-250-c","status":"publish","type":"product","link":"https:\/\/www.klasmeier.com\/fr\/produkt\/thermometre-de-reference-sprt-secondaire-200-c-a-250-c\/","title":{"rendered":"Thermom\u00e8tre de r\u00e9f\u00e9rence SPRT secondaire<br\/><b>-200\u202f\u00b0C \u00e0 250\u202f\u00b0C<\/b>"},"content":{"rendered":"\n<div class=\"wp-block-group has-global-padding is-layout-constrained wp-container-core-group-is-layout-12cf9d4c wp-block-group-is-layout-constrained\">\n<div class=\"wp-block-columns alignwide are-vertically-aligned-top is-layout-flex wp-container-core-columns-is-layout-3a88641f wp-block-columns-is-layout-flex\">\n<div class=\"wp-block-column is-layout-flow wp-block-column-is-layout-flow\" style=\"flex-basis:30%\">\n<figure class=\"wp-block-image alignleft is-resized has-custom-border\"><img loading=\"lazy\" decoding=\"async\" width=\"1024\" height=\"1024\" src=\"https:\/\/www.klasmeier.com\/wp-content\/uploads\/eXacal_SPRT_Klasmeier_216-1024x1024.jpg\" alt=\"Thermom&#xE8;tre basse temp&#xE9;rature&#x202F;: le thermom&#xE8;tre de r&#xE9;f&#xE9;rence SPRT secondaire robuste pour des mesures de temp&#xE9;rature pr&#xE9;cises\" class=\"wp-image-5410\" style=\"border-radius:50px;width:304px;height:auto\" srcset=\"https:\/\/www.klasmeier.com\/wp-content\/uploads\/eXacal_SPRT_Klasmeier_216-1024x1024.jpg 1024w, https:\/\/www.klasmeier.com\/wp-content\/uploads\/eXacal_SPRT_Klasmeier_216-300x300.jpg 300w, https:\/\/www.klasmeier.com\/wp-content\/uploads\/eXacal_SPRT_Klasmeier_216-150x150.jpg 150w, https:\/\/www.klasmeier.com\/wp-content\/uploads\/eXacal_SPRT_Klasmeier_216-768x768.jpg 768w, https:\/\/www.klasmeier.com\/wp-content\/uploads\/eXacal_SPRT_Klasmeier_216-600x600.jpg 600w, https:\/\/www.klasmeier.com\/wp-content\/uploads\/eXacal_SPRT_Klasmeier_216-100x100.jpg 100w, https:\/\/www.klasmeier.com\/wp-content\/uploads\/eXacal_SPRT_Klasmeier_216.jpg 1200w\" sizes=\"auto, (max-width: 1024px) 100vw, 1024px\" \/><\/figure>\n<\/div>\n\n\n\n<div class=\"wp-block-column is-layout-flow wp-block-column-is-layout-flow\" style=\"flex-basis:75%\">\n<p class=\"wp-block-paragraph\"><strong>Thermom\u00e8tre basse temp\u00e9rature\u202f: le thermom\u00e8tre de r\u00e9f\u00e9rence SPRT secondaire robuste pour des mesures de temp\u00e9rature pr\u00e9cises<\/strong><\/p>\n\n\n\n<p class=\"wp-block-paragraph\"><span style=\"font-size: 14pt;\">Notre SPRT basse temp\u00e9rature (thermom\u00e8tre \u00e0 r\u00e9sistance en platine standard) sert d\u2019\u00e9talon de calibration robuste pour les applications les plus exigeantes en mesure de temp\u00e9rature de pr\u00e9cision. Con\u00e7us pour r\u00e9pondre aux besoins de la recherche, de l\u2019industrie et de l\u2019assurance qualit\u00e9, ces thermom\u00e8tres offrent une excellente pr\u00e9cision et fiabilit\u00e9. Gr\u00e2ce \u00e0 leur robustesse, ils constituent, au quotidien, une alternative attractive aux thermom\u00e8tres souvent tr\u00e8s sensibles avec gaine de protection en quartz.  <\/span><\/p>\n<\/div>\n<\/div>\n\n\n\n<div class=\"wp-block-columns alignwide hvr-grow has-accent-background-color has-background is-layout-flex wp-container-core-columns-is-layout-b7a9e8ab wp-block-columns-is-layout-flex\" style=\"border-radius:50px;margin-top:var(--wp--preset--spacing--40);margin-bottom:var(--wp--preset--spacing--40);padding-top:var(--wp--preset--spacing--30);padding-right:var(--wp--preset--spacing--30);padding-bottom:var(--wp--preset--spacing--30);padding-left:var(--wp--preset--spacing--30)\">\n<div class=\"wp-block-column is-vertically-aligned-center is-layout-flow wp-container-core-column-is-layout-8c381d87 wp-block-column-is-layout-flow\">\n<h2 class=\"wp-block-heading has-text-align-center\">Nicht das richtige Produkt f\u00fcr Sie?<\/h2>\n\n\n\n<div class=\"wp-block-buttons is-content-justification-center is-layout-flex wp-container-core-buttons-is-layout-0aa01211 wp-block-buttons-is-layout-flex\">\n<div class=\"wp-block-button hvr-shrink is-style-outline is-style-outline--1\"><a class=\"wp-block-button__link wp-element-button\" href=\"\/shop\/\">-> Hier geht&rsquo;s zur\u00fcck zur \u00dcbersicht<\/a><\/div>\n<\/div>\n<\/div>\n<\/div>\n\n\n\n<figure class=\"wp-block-image aligncenter size-full\"><img loading=\"lazy\" decoding=\"async\" width=\"449\" height=\"82\" src=\"https:\/\/www.klasmeier.com\/wp-content\/uploads\/exacal-Logo-edited.png\" alt=\"\" class=\"wp-image-4288\" srcset=\"https:\/\/www.klasmeier.com\/wp-content\/uploads\/exacal-Logo-edited.png 449w, https:\/\/www.klasmeier.com\/wp-content\/uploads\/exacal-Logo-edited-300x55.png 300w\" sizes=\"auto, (max-width: 449px) 100vw, 449px\" \/><\/figure>\n\n\n\n<div class=\"wp-block-group alignwide is-vertical is-content-justification-stretch is-layout-flex wp-container-core-group-is-layout-f6ecff61 wp-block-group-is-layout-flex\" style=\"padding-top:var(--wp--preset--spacing--30);padding-bottom:var(--wp--preset--spacing--30)\">\n<h3 class=\"wp-block-heading has-text-align-center\"><strong>Caract\u00e9ristiques du SPRT secondaire mod\u00e8le 216\u202f: <\/strong><\/h3>\n\n\n\n<div class=\"wp-block-columns is-layout-flex wp-container-core-columns-is-layout-3a88641f wp-block-columns-is-layout-flex\">\n<div class=\"wp-block-column is-layout-flow wp-block-column-is-layout-flow\" style=\"flex-basis:66.66%\">\n<p class=\"wp-block-paragraph\"><mark style=\"background-color:rgba(0, 0, 0, 0)\" class=\"has-inline-color has-accent-3-color\"><i class=\"fas fa-circle-check\"><\/i><\/mark> <span><strong>Remplissage en gaz de protection\u202f:<\/strong> La poign\u00e9e du SPRT est \u00e9tanche aux gaz\u202f; le thermom\u00e8tre peut ainsi \u00eatre rempli d\u2019un gaz de protection. Cette conception prot\u00e8ge le thermom\u00e8tre des influences environnementales et am\u00e9liore ses performances, notamment \u00e0 des temp\u00e9ratures extr\u00eamement basses. <span>Le remplissage en gaz de protection permet d\u2019utiliser le thermom\u00e8tre \u00e0 des temp\u00e9ratures jusqu\u2019\u00e0 -200\u202f\u00b0C, ce qui autorise l\u2019\u00e9talonnage jusqu\u2019au point triple de l\u2019argon \u00e0 env. -189\u202f\u00b0C. <\/span>  <\/span><\/p>\n\n\n\n<p class=\"wp-block-paragraph\"><mark style=\"background-color:rgba(0, 0, 0, 0)\" class=\"has-inline-color has-accent-3-color\"><i class=\"fas fa-circle-check\"><\/i> <\/mark><span><strong>Plage de temp\u00e9rature\u202f:<\/strong> Avec une plage d\u2019utilisation de -200\u202f\u00b0C \u00e0 250\u202f\u00b0C, notre thermom\u00e8tre de r\u00e9f\u00e9rence SPRT secondaire mod\u00e8le 216 couvre une plage de basses temp\u00e9ratures. Cela en fait une solution polyvalente pour des exigences de mesure tr\u00e8s vari\u00e9es. <\/span><\/p>\n<\/div>\n\n\n\n<div class=\"wp-block-column is-layout-flow wp-block-column-is-layout-flow\" style=\"flex-basis:33.33%\">\n<figure class=\"wp-block-image size-medium\"><img data-dominant-color=\"060f16\" data-has-transparency=\"true\" style=\"--dominant-color: #060f16;\" loading=\"lazy\" decoding=\"async\" width=\"300\" height=\"300\" src=\"https:\/\/www.klasmeier.com\/wp-content\/uploads\/klasmeier_EU_Precision_Thermometry_transparent-300x300.webp\" alt=\"\" class=\"wp-image-13158 has-transparency\" srcset=\"https:\/\/www.klasmeier.com\/wp-content\/uploads\/klasmeier_EU_Precision_Thermometry_transparent-300x300.webp 300w, https:\/\/www.klasmeier.com\/wp-content\/uploads\/klasmeier_EU_Precision_Thermometry_transparent-150x150.webp 150w, https:\/\/www.klasmeier.com\/wp-content\/uploads\/klasmeier_EU_Precision_Thermometry_transparent-768x768.webp 768w, https:\/\/www.klasmeier.com\/wp-content\/uploads\/klasmeier_EU_Precision_Thermometry_transparent-600x600.webp 600w, https:\/\/www.klasmeier.com\/wp-content\/uploads\/klasmeier_EU_Precision_Thermometry_transparent-100x100.webp 100w, https:\/\/www.klasmeier.com\/wp-content\/uploads\/klasmeier_EU_Precision_Thermometry_transparent.webp 1024w\" sizes=\"auto, (max-width: 300px) 100vw, 300px\" \/><\/figure>\n<\/div>\n<\/div>\n<\/div>\n\n\n\n<p class=\"wp-block-paragraph\"><mark style=\"background-color:rgba(0, 0, 0, 0)\" class=\"has-inline-color has-accent-3-color\"><i class=\"fas fa-circle-check\"><\/i><\/mark> <span><strong>Faibles incertitudes de mesure\u202f:<\/strong> La pr\u00e9cision du thermom\u00e8tre est soulign\u00e9e par ses faibles incertitudes de mesure de seulement 4,5\u202fmK \u00e0 7\u202fmK lors d\u2019un \u00e9talonnage accr\u00e9dit\u00e9 DAkkS selon la norme DIN EN ISO\/IEC 17025. Cette bonne pr\u00e9cision garantit des r\u00e9sultats fiables dans tous les domaines d\u2019utilisation. <\/span><\/p>\n\n\n\n<p class=\"wp-block-paragraph\"><mark style=\"background-color:rgba(0, 0, 0, 0)\" class=\"has-inline-color has-accent-3-color\"><i class=\"fas fa-circle-check\"><\/i><\/mark> <span><strong>Robustesse\u202f:<\/strong> Alternative robuste aux SPRT tr\u00e8s sensibles \u00e0 gaine en quartz, notre thermom\u00e8tre de r\u00e9f\u00e9rence SPRT secondaire se distingue par sa gaine m\u00e9tallique et ses r\u00e9sistances de mesure stables. Il est ainsi id\u00e9al pour une utilisation \u00e0 long terme. <\/span><\/p>\n\n\n\n<p class=\"wp-block-paragraph\"><mark style=\"background-color:rgba(0, 0, 0, 0)\" class=\"has-inline-color has-accent-3-color\"><i class=\"fas fa-circle-check\"><\/i><\/mark> <span><strong>Nouveau capteur SPRT\u202f:<\/strong> Le capteur de temp\u00e9rature SPRT nouvellement d\u00e9velopp\u00e9 par Klasmeier <\/span>a \u00e9t\u00e9 am\u00e9lior\u00e9 dans les domaines suivants\u202f:<\/p>\n\n\n\n<ul class=\"wp-block-list is-style-checkmark-list\">\n<li>r\u00e9ponse rapide <\/li>\n\n\n\n<li>faible hyst\u00e9r\u00e9sis <\/li>\n\n\n\n<li>faible auto-\u00e9chauffement<\/li>\n\n\n\n<li>excellente reproductibilit\u00e9 et stabilit\u00e9<\/li>\n<\/ul>\n\n\n\n<div class=\"wp-block-group alignwide is-vertical is-layout-flex wp-container-core-group-is-layout-9b5fcf50 wp-block-group-is-layout-flex\" style=\"padding-top:var(--wp--preset--spacing--30);padding-bottom:var(--wp--preset--spacing--30)\">\n<h3 class=\"wp-block-heading has-text-align-center\"><strong>\u00c9talonnage certifi\u00e9 DAkkS des SPRT basse temp\u00e9rature<\/strong><\/h3>\n\n\n\n<p class=\"wp-block-paragraph\"><span>Dans notre <strong><a href=\"https:\/\/www.klasmeier.com\/fr\/service-detalonnage-klasmeier\/\" data-type=\"link\" data-id=\"https:\/\/www.klasmeier.com\/kalibrierdienst-klasmeier\/\">laboratoire d\u2019\u00e9talonnage accr\u00e9dit\u00e9 DAkkS<\/a><\/strong> interne, nous proposons des services d\u2019\u00e9talonnage de haute pr\u00e9cision pour les SPRT basse temp\u00e9rature. Notre accr\u00e9ditation garantit que chaque \u00e9talonnage est r\u00e9alis\u00e9 selon les normes internationalement reconnues <strong>DIN EN ISO\/IEC 17025<\/strong>. Cela assure une tra\u00e7abilit\u00e9 compl\u00e8te aux \u00e9talons nationaux et internationaux.  <\/span><\/p>\n\n\n\n<p class=\"wp-block-paragraph\"><span>Notre thermom\u00e8tre de r\u00e9f\u00e9rence SPRT secondaire pour basses temp\u00e9ratures est sp\u00e9cialement con\u00e7u pour \u00eatre \u00e9talonn\u00e9 \u00e0 des temp\u00e9ratures jusqu\u2019au point triple de l\u2019argon. Cela permet des applications dans la tr\u00e8s basse plage de temp\u00e9rature n\u00e9cessitant une mesure de temp\u00e9rature fiable. <\/span><\/p>\n\n\n\n<figure class=\"wp-block-image size-large has-custom-border\"><img loading=\"lazy\" decoding=\"async\" width=\"1024\" height=\"567\" src=\"https:\/\/www.klasmeier.com\/wp-content\/uploads\/SPRT-216-eXacal-Klasmeier-1024x567.png\" alt=\"Incertitude de mesure&#x202F;: thermom&#xE8;tre de r&#xE9;f&#xE9;rence SPRT secondaire mod&#xE8;le 216\" class=\"wp-image-6205\" style=\"border-radius:50px\" srcset=\"https:\/\/www.klasmeier.com\/wp-content\/uploads\/SPRT-216-eXacal-Klasmeier-1024x567.png 1024w, https:\/\/www.klasmeier.com\/wp-content\/uploads\/SPRT-216-eXacal-Klasmeier-300x166.png 300w, https:\/\/www.klasmeier.com\/wp-content\/uploads\/SPRT-216-eXacal-Klasmeier-768x425.png 768w, https:\/\/www.klasmeier.com\/wp-content\/uploads\/SPRT-216-eXacal-Klasmeier-1536x850.png 1536w, https:\/\/www.klasmeier.com\/wp-content\/uploads\/SPRT-216-eXacal-Klasmeier-2048x1134.png 2048w, https:\/\/www.klasmeier.com\/wp-content\/uploads\/SPRT-216-eXacal-Klasmeier-600x332.png 600w\" sizes=\"auto, (max-width: 1024px) 100vw, 1024px\" \/><\/figure>\n\n\n\n<div style=\"height:45px\" aria-hidden=\"true\" class=\"wp-block-spacer wp-container-content-95fa6ccb\"><\/div>\n\n\n\n<figure class=\"wp-block-table pttb\"><table class=\"has-fixed-layout\"><tbody><tr><td class=\"has-text-align-center\" data-align=\"center\"><strong>Plage<\/strong><\/td><td><strong>Points fixes de temp\u00e9rature<\/strong><\/td><td><strong>Incertitude de mesure<\/strong><\/td><\/tr><tr><td class=\"has-text-align-center\" data-align=\"center\">-189,3442\u202f\u00b0C &#8211; 0,01\u202f\u00b0C<\/td><td>Argon \u00e0 eau<\/td><td>6 mK<\/td><\/tr><tr><td class=\"has-text-align-center\" data-align=\"center\">-38,8344\u202f\u00b0C &#8211; 0,01\u202f\u00b0C<\/td><td>Mercure \u00e0 eau<\/td><td>6 mK<\/td><\/tr><tr><td class=\"has-text-align-center\" data-align=\"center\">0,01\u202f\u00b0C &#8211; 29,7646\u202f\u00b0C<\/td><td>Eau \u00e0 gallium<\/td><td>6\u202fmK<\/td><\/tr><tr><td class=\"has-text-align-center\" data-align=\"center\">0,01\u202f\u00b0C &#8211; 156,5985\u202f\u00b0C<\/td><td>Eau \u00e0 indium<\/td><td>6 mK<\/td><\/tr><tr><td class=\"has-text-align-center\" data-align=\"center\">0,01\u202f\u00b0C &#8211; 231,928\u202f\u00b0C<\/td><td>Eau \u00e0 \u00e9tain<\/td><td>7\u202fmK<\/td><\/tr><\/tbody><\/table><figcaption class=\"wp-element-caption\">Les incertitudes de mesure indiqu\u00e9es correspondent \u00e0 k=2, incluent une fonction d&rsquo;\u00e9cart ITS-90, l&rsquo;auto-\u00e9chauffement et l&rsquo;hyst\u00e9r\u00e9sis et sont sp\u00e9cifi\u00e9es pour chaque plage.<\/figcaption><\/figure>\n<\/div>\n\n\n\n<div class=\"wp-block-group is-vertical is-content-justification-center is-layout-flex wp-container-core-group-is-layout-a7cf8a65 wp-block-group-is-layout-flex\" style=\"padding-top:var(--wp--preset--spacing--30);padding-bottom:var(--wp--preset--spacing--30)\">\n<h3 class=\"wp-block-heading\"><strong>Qu\u2019est-ce qui rend notre \u00e9talonnage particulier\u202f?<\/strong><\/h3>\n\n\n\n<p class=\"wp-block-paragraph\"><mark style=\"background-color:rgba(0, 0, 0, 0)\" class=\"has-inline-color has-accent-3-color\"><i class=\"fas fa-circle-check\"><\/i><\/mark> <span><strong>Tra\u00e7abilit\u00e9\u202f:<\/strong> Gr\u00e2ce \u00e0 notre accr\u00e9ditation DAkkS, chaque \u00e9talonnage est directement raccord\u00e9 \u00e0 des \u00e9talons nationaux et internationaux. Vous avez ainsi la certitude que vos r\u00e9sultats de mesure sont reconnus dans le monde entier. <\/span><\/p>\n\n\n\n<p class=\"wp-block-paragraph\"><mark style=\"background-color:rgba(0, 0, 0, 0)\" class=\"has-inline-color has-accent-3-color\"><i class=\"fas fa-circle-check\"><\/i><\/mark> <span><strong>Incertitude de mesure\u202f:<\/strong> La pr\u00e9cision de notre \u00e9talonnage repose sur une \u00e9valuation rigoureuse de toutes les composantes d\u2019incertitude, y compris la reproductibilit\u00e9 du thermom\u00e8tre, la fonction d\u2019\u00e9cart ITS-90, l\u2019auto-\u00e9chauffement et l\u2019hyst\u00e9r\u00e9sis du capteur.<\/span><\/p>\n\n\n\n<p class=\"wp-block-paragraph\"><mark style=\"background-color:rgba(0, 0, 0, 0)\" class=\"has-inline-color has-accent-3-color\"><i class=\"fas fa-circle-check\"><\/i><\/mark> <span><strong>Plage d\u2019utilisation\u202f:<\/strong> Gr\u00e2ce aux informations d\u00e9taill\u00e9es du certificat d\u2019\u00e9talonnage, vous pouvez utiliser votre SPRT basse temp\u00e9rature dans la <strong>plage de temp\u00e9rature de -189\u202f\u00b0C \u00e0 232\u202f\u00b0C<\/strong> en toute confiance.<\/span><\/p>\n<\/div>\n<\/div>\n\n<p class=\"wp-block-paragraph\"><\/p>\n","protected":false},"excerpt":{"rendered":"<p>&nbsp;<\/p>\n<p>Mod\u00e8le\u202f: eXacal 216 Fabricant\u202f: Klasmeier<\/p>\n","protected":false},"featured_media":8328,"template":"","meta":[],"product_brand":[],"product_cat":[651],"product_tag":[652,659,660],"class_list":["post-8327","product","type-product","status-publish","has-post-thumbnail","product_cat-thermometre-a-resistance-de-platine-etalon-sprt","product_tag-sprt","product_tag-sprt-secondaire","product_tag-thermometre-a-resistance-en-platine-standard","first","instock","shipping-taxable","purchasable","product-type-simple"],"_links":{"self":[{"href":"https:\/\/www.klasmeier.com\/fr\/wp-json\/wp\/v2\/product\/8327","targetHints":{"allow":["GET"]}}],"collection":[{"href":"https:\/\/www.klasmeier.com\/fr\/wp-json\/wp\/v2\/product"}],"about":[{"href":"https:\/\/www.klasmeier.com\/fr\/wp-json\/wp\/v2\/types\/product"}],"wp:featuredmedia":[{"embeddable":true,"href":"https:\/\/www.klasmeier.com\/fr\/wp-json\/wp\/v2\/media\/8328"}],"wp:attachment":[{"href":"https:\/\/www.klasmeier.com\/fr\/wp-json\/wp\/v2\/media?parent=8327"}],"wp:term":[{"taxonomy":"product_brand","embeddable":true,"href":"https:\/\/www.klasmeier.com\/fr\/wp-json\/wp\/v2\/product_brand?post=8327"},{"taxonomy":"product_cat","embeddable":true,"href":"https:\/\/www.klasmeier.com\/fr\/wp-json\/wp\/v2\/product_cat?post=8327"},{"taxonomy":"product_tag","embeddable":true,"href":"https:\/\/www.klasmeier.com\/fr\/wp-json\/wp\/v2\/product_tag?post=8327"}],"curies":[{"name":"wp","href":"https:\/\/api.w.org\/{rel}","templated":true}]}}