{"id":8299,"date":"2024-04-20T16:23:42","date_gmt":"2024-04-20T14:23:42","guid":{"rendered":"https:\/\/www.klasmeier.com\/?page_id=8299"},"modified":"2025-04-02T11:17:46","modified_gmt":"2025-04-02T09:17:46","slug":"exacal-technologie","status":"publish","type":"page","link":"https:\/\/www.klasmeier.com\/fr\/manufacture-de-thermometres\/exacal-technologie\/","title":{"rendered":"eXacal Technologie"},"content":{"rendered":"\n<div class=\"wp-block-cover alignfull has-base-2-color has-text-color has-link-color wp-elements-602134522a47033c682a2f60865cceb4\"><span aria-hidden=\"true\" class=\"wp-block-cover__background has-contrast-background-color has-background-dim\"><\/span><img loading=\"lazy\" decoding=\"async\" width=\"1280\" height=\"491\" class=\"wp-block-cover__image-background wp-image-1931\" alt=\"\" src=\"https:\/\/www.klasmeier.com\/wp-content\/uploads\/2024\/03\/eXacal-Koffer-mit-Thermoelement.png\" data-object-fit=\"cover\" srcset=\"https:\/\/www.klasmeier.com\/wp-content\/uploads\/2024\/03\/eXacal-Koffer-mit-Thermoelement.png 1280w, https:\/\/www.klasmeier.com\/wp-content\/uploads\/2024\/03\/eXacal-Koffer-mit-Thermoelement-300x115.png 300w, https:\/\/www.klasmeier.com\/wp-content\/uploads\/2024\/03\/eXacal-Koffer-mit-Thermoelement-1024x393.png 1024w, https:\/\/www.klasmeier.com\/wp-content\/uploads\/2024\/03\/eXacal-Koffer-mit-Thermoelement-768x295.png 768w, https:\/\/www.klasmeier.com\/wp-content\/uploads\/2024\/03\/eXacal-Koffer-mit-Thermoelement-600x230.png 600w\" sizes=\"auto, (max-width: 1280px) 100vw, 1280px\" \/><div class=\"wp-block-cover__inner-container is-layout-flow wp-block-cover-is-layout-flow\">\n<h2 class=\"wp-block-heading has-text-align-center\" style=\"font-size:clamp(3.652rem, 3.652rem + ((1vw - 0.2rem) * 6.58), 7.6rem);\"><strong>Technologie eXacal<\/strong><\/h2>\n<\/div><\/div>\n\n\n\n<div class=\"wp-block-group alignfull has-global-padding is-layout-constrained wp-container-core-group-is-layout-7a94f013 wp-block-group-is-layout-constrained\" style=\"padding-top:var(--wp--preset--spacing--30);padding-right:var(--wp--preset--spacing--30);padding-bottom:var(--wp--preset--spacing--30);padding-left:var(--wp--preset--spacing--30)\">\n<p>Les thermom\u00e8tres de pr\u00e9cision eXacal ont \u00e9t\u00e9 d\u00e9velopp\u00e9s \u00e0 partir de z\u00e9ro. Chaque composant a \u00e9t\u00e9 con\u00e7u avec le plus grand soin et parfaitement ajust\u00e9 aux autres. L\u2019\u00e9l\u00e9ment central est la poign\u00e9e innovante, v\u00e9ritable support technologique. Gr\u00e2ce \u00e0 sa conception modulaire, elle permet de combiner les thermom\u00e8tres eXacal de multiples mani\u00e8res.<\/p>\n\n\n\n<div class=\"wp-block-columns hvr-grow has-accent-background-color has-background is-layout-flex wp-container-core-columns-is-layout-cc9b1f73 wp-block-columns-is-layout-flex\" style=\"border-radius:50px;margin-top:var(--wp--preset--spacing--30);margin-bottom:var(--wp--preset--spacing--30);padding-top:var(--wp--preset--spacing--30);padding-right:var(--wp--preset--spacing--30);padding-bottom:var(--wp--preset--spacing--30);padding-left:var(--wp--preset--spacing--30)\">\n<div class=\"wp-block-column is-layout-flow wp-block-column-is-layout-flow\" style=\"flex-basis:40%\">\n<figure class=\"wp-block-image aligncenter size-full is-resized has-custom-border\"><img loading=\"lazy\" decoding=\"async\" width=\"900\" height=\"900\" src=\"https:\/\/www.klasmeier.com\/wp-content\/uploads\/eXacal_Handgriff.jpg\" alt=\"\" class=\"wp-image-2745\" style=\"border-radius:50px;width:388px;height:auto\" srcset=\"https:\/\/www.klasmeier.com\/wp-content\/uploads\/eXacal_Handgriff.jpg 900w, https:\/\/www.klasmeier.com\/wp-content\/uploads\/eXacal_Handgriff-300x300.jpg 300w, https:\/\/www.klasmeier.com\/wp-content\/uploads\/eXacal_Handgriff-150x150.jpg 150w, https:\/\/www.klasmeier.com\/wp-content\/uploads\/eXacal_Handgriff-768x768.jpg 768w, https:\/\/www.klasmeier.com\/wp-content\/uploads\/eXacal_Handgriff-600x600.jpg 600w, https:\/\/www.klasmeier.com\/wp-content\/uploads\/eXacal_Handgriff-100x100.jpg 100w\" sizes=\"auto, (max-width: 900px) 100vw, 900px\" \/><\/figure>\n<\/div>\n\n\n\n<div class=\"wp-block-column is-layout-flow wp-block-column-is-layout-flow\" style=\"padding-left:var(--wp--preset--spacing--10);flex-basis:66%\">\n<h3 class=\"wp-block-heading has-text-align-center\">La poign\u00e9e comme support technologique<\/h3>\n\n\n\n<p>Nos thermom\u00e8tres eXacal peuvent \u00eatre configur\u00e9s quasiment \u00e0 la carte gr\u00e2ce \u00e0 un syst\u00e8me modulaire. Cela est possible gr\u00e2ce \u00e0 notre poign\u00e9e en aluminium, qui, pour chaque thermom\u00e8tre, re\u00e7oit un insert imprim\u00e9 en 3D de fa\u00e7on personnalis\u00e9e. Des composants essentiels, tels que les d\u00e9charges de traction, les remplissages en gaz de protection ou diff\u00e9rents tubes de protection, peuvent ainsi \u00eatre combin\u00e9s librement.<\/p>\n<\/div>\n<\/div>\n\n\n\n<div class=\"wp-block-columns hvr-grow has-accent-background-color has-background is-layout-flex wp-container-core-columns-is-layout-cc9b1f73 wp-block-columns-is-layout-flex\" style=\"border-radius:50px;margin-top:var(--wp--preset--spacing--30);margin-bottom:var(--wp--preset--spacing--30);padding-top:var(--wp--preset--spacing--30);padding-right:var(--wp--preset--spacing--30);padding-bottom:var(--wp--preset--spacing--30);padding-left:var(--wp--preset--spacing--30)\">\n<div class=\"wp-block-column is-vertically-aligned-top is-layout-flow wp-block-column-is-layout-flow\" style=\"padding-left:var(--wp--preset--spacing--10);flex-basis:66%\">\n<h3 class=\"wp-block-heading has-text-align-center\">Capteurs de temp\u00e9rature<\/h3>\n\n\n\n<p class=\"has-text-align-center\"><strong>R\u00e9sistances de mesure issues de notre propre production<\/strong><\/p>\n\n\n\n<p>Dans notre manufacture, nous produisons des r\u00e9sistances de mesure de temp\u00e9rature de haute pr\u00e9cision. Des collaborateurs exp\u00e9riment\u00e9s enroulent le fil de platine sur un support en c\u00e9ramique ou en quartz. Une fois enroul\u00e9es, ces r\u00e9sistances sont transform\u00e9es en thermom\u00e8tres de pr\u00e9cision.<\/p>\n\n\n\n<div class=\"wp-block-buttons is-content-justification-center is-layout-flex wp-container-core-buttons-is-layout-a89b3969 wp-block-buttons-is-layout-flex\">\n<div class=\"wp-block-button is-style-outline hvr-shrink is-style-outline--1\"><a class=\"wp-block-button__link wp-element-button\" href=\"\/fr\/messwiderstaende-von-klasmeier\/\">Vers les r\u00e9sistances de mesure<\/a><\/div>\n<\/div>\n<\/div>\n\n\n\n<div class=\"wp-block-column is-layout-flow wp-block-column-is-layout-flow\" style=\"flex-basis:40%\">\n<figure class=\"wp-block-image aligncenter size-full is-resized has-custom-border\"><img loading=\"lazy\" decoding=\"async\" width=\"900\" height=\"900\" src=\"https:\/\/www.klasmeier.com\/wp-content\/uploads\/eXacal_Messwiderstand.jpg\" alt=\"\" class=\"wp-image-2749\" style=\"border-radius:50px;width:388px;height:auto\" srcset=\"https:\/\/www.klasmeier.com\/wp-content\/uploads\/eXacal_Messwiderstand.jpg 900w, https:\/\/www.klasmeier.com\/wp-content\/uploads\/eXacal_Messwiderstand-300x300.jpg 300w, https:\/\/www.klasmeier.com\/wp-content\/uploads\/eXacal_Messwiderstand-150x150.jpg 150w, https:\/\/www.klasmeier.com\/wp-content\/uploads\/eXacal_Messwiderstand-768x768.jpg 768w, https:\/\/www.klasmeier.com\/wp-content\/uploads\/eXacal_Messwiderstand-600x600.jpg 600w, https:\/\/www.klasmeier.com\/wp-content\/uploads\/eXacal_Messwiderstand-100x100.jpg 100w\" sizes=\"auto, (max-width: 900px) 100vw, 900px\" \/><\/figure>\n<\/div>\n<\/div>\n\n\n\n<div class=\"wp-block-columns hvr-grow has-accent-background-color has-background is-layout-flex wp-container-core-columns-is-layout-cc9b1f73 wp-block-columns-is-layout-flex\" style=\"border-radius:50px;margin-top:var(--wp--preset--spacing--30);margin-bottom:var(--wp--preset--spacing--30);padding-top:var(--wp--preset--spacing--30);padding-right:var(--wp--preset--spacing--30);padding-bottom:var(--wp--preset--spacing--30);padding-left:var(--wp--preset--spacing--30)\">\n<div class=\"wp-block-column is-layout-flow wp-block-column-is-layout-flow\" style=\"flex-basis:33%\">\n<figure class=\"wp-block-image aligncenter size-full is-resized has-custom-border\"><img loading=\"lazy\" decoding=\"async\" width=\"900\" height=\"900\" src=\"https:\/\/www.klasmeier.com\/wp-content\/uploads\/eXacal_Thermometerdraht.jpg\" alt=\"\" class=\"wp-image-2752\" style=\"border-radius:50px;width:352px;height:auto\" srcset=\"https:\/\/www.klasmeier.com\/wp-content\/uploads\/eXacal_Thermometerdraht.jpg 900w, https:\/\/www.klasmeier.com\/wp-content\/uploads\/eXacal_Thermometerdraht-300x300.jpg 300w, https:\/\/www.klasmeier.com\/wp-content\/uploads\/eXacal_Thermometerdraht-150x150.jpg 150w, https:\/\/www.klasmeier.com\/wp-content\/uploads\/eXacal_Thermometerdraht-768x768.jpg 768w, https:\/\/www.klasmeier.com\/wp-content\/uploads\/eXacal_Thermometerdraht-600x600.jpg 600w, https:\/\/www.klasmeier.com\/wp-content\/uploads\/eXacal_Thermometerdraht-100x100.jpg 100w\" sizes=\"auto, (max-width: 900px) 100vw, 900px\" \/><\/figure>\n<\/div>\n\n\n\n<div class=\"wp-block-column is-vertically-aligned-top is-layout-flow wp-block-column-is-layout-flow\" style=\"padding-left:var(--wp--preset--spacing--10);flex-basis:60%\">\n<h3 class=\"wp-block-heading has-text-align-center\">Fil thermom\u00e9trique<\/h3>\n\n\n\n<p>Pour les r\u00e9sistances de mesure et dans les capillaires, nous utilisons des m\u00e9taux nobles plut\u00f4t que des fils gain\u00e9s du commerce. Selon la plage de temp\u00e9rature, il s\u2019agit d\u2019argent pur ou de platine. Cela nous permet de r\u00e9duire les effets thermo\u00e9lectriques et de limiter les tensions parasites dans le thermom\u00e8tre.&nbsp;<\/p>\n<\/div>\n<\/div>\n\n\n\n<div class=\"wp-block-columns hvr-grow has-accent-background-color has-background is-layout-flex wp-container-core-columns-is-layout-cc9b1f73 wp-block-columns-is-layout-flex\" style=\"border-radius:50px;margin-top:var(--wp--preset--spacing--30);margin-bottom:var(--wp--preset--spacing--30);padding-top:var(--wp--preset--spacing--30);padding-right:var(--wp--preset--spacing--30);padding-bottom:var(--wp--preset--spacing--30);padding-left:var(--wp--preset--spacing--30)\">\n<div class=\"wp-block-column is-vertically-aligned-top is-layout-flow wp-block-column-is-layout-flow\" style=\"padding-left:var(--wp--preset--spacing--10);flex-basis:66%\">\n<h3 class=\"wp-block-heading has-text-align-center\">Tubes de protection<\/h3>\n\n\n\n<p>Le choix des tubes de protection d\u00e9pend des contraintes thermiques et de la nature de l\u2019atmosph\u00e8re. Pour prot\u00e9ger efficacement le capteur de temp\u00e9rature contre les agressions m\u00e9caniques et chimiques, nous utilisons, selon l\u2019application, des tubes en c\u00e9ramique pure, en m\u00e9taux nobles, en alliages haute temp\u00e9rature ou en saphir.<\/p>\n<\/div>\n\n\n\n<div class=\"wp-block-column is-layout-flow wp-block-column-is-layout-flow\" style=\"flex-basis:40%\">\n<figure class=\"wp-block-image aligncenter size-full is-resized has-custom-border\"><img loading=\"lazy\" decoding=\"async\" width=\"900\" height=\"900\" src=\"https:\/\/www.klasmeier.com\/wp-content\/uploads\/eXacal_Schutzrohre-1.jpg\" alt=\"\" class=\"wp-image-2759\" style=\"border-radius:50px;width:388px;height:auto\" srcset=\"https:\/\/www.klasmeier.com\/wp-content\/uploads\/eXacal_Schutzrohre-1.jpg 900w, https:\/\/www.klasmeier.com\/wp-content\/uploads\/eXacal_Schutzrohre-1-300x300.jpg 300w, https:\/\/www.klasmeier.com\/wp-content\/uploads\/eXacal_Schutzrohre-1-150x150.jpg 150w, https:\/\/www.klasmeier.com\/wp-content\/uploads\/eXacal_Schutzrohre-1-768x768.jpg 768w, https:\/\/www.klasmeier.com\/wp-content\/uploads\/eXacal_Schutzrohre-1-600x600.jpg 600w, https:\/\/www.klasmeier.com\/wp-content\/uploads\/eXacal_Schutzrohre-1-100x100.jpg 100w\" sizes=\"auto, (max-width: 900px) 100vw, 900px\" \/><\/figure>\n<\/div>\n<\/div>\n\n\n\n<div class=\"wp-block-columns hvr-grow has-accent-background-color has-background is-layout-flex wp-container-core-columns-is-layout-cc9b1f73 wp-block-columns-is-layout-flex\" style=\"border-radius:50px;margin-top:var(--wp--preset--spacing--30);margin-bottom:var(--wp--preset--spacing--30);padding-top:var(--wp--preset--spacing--30);padding-right:var(--wp--preset--spacing--30);padding-bottom:var(--wp--preset--spacing--30);padding-left:var(--wp--preset--spacing--30)\">\n<div class=\"wp-block-column is-vertically-aligned-center is-layout-flow wp-block-column-is-layout-flow\" style=\"flex-basis:30%\">\n<figure class=\"wp-block-image aligncenter size-full is-resized has-custom-border\"><img loading=\"lazy\" decoding=\"async\" width=\"900\" height=\"900\" src=\"https:\/\/www.klasmeier.com\/wp-content\/uploads\/eXacal_Anschlussleitung-1.jpg\" alt=\"\" class=\"wp-image-2761\" style=\"border-radius:50px;width:320px;height:auto\" srcset=\"https:\/\/www.klasmeier.com\/wp-content\/uploads\/eXacal_Anschlussleitung-1.jpg 900w, https:\/\/www.klasmeier.com\/wp-content\/uploads\/eXacal_Anschlussleitung-1-300x300.jpg 300w, https:\/\/www.klasmeier.com\/wp-content\/uploads\/eXacal_Anschlussleitung-1-150x150.jpg 150w, https:\/\/www.klasmeier.com\/wp-content\/uploads\/eXacal_Anschlussleitung-1-768x768.jpg 768w, https:\/\/www.klasmeier.com\/wp-content\/uploads\/eXacal_Anschlussleitung-1-600x600.jpg 600w, https:\/\/www.klasmeier.com\/wp-content\/uploads\/eXacal_Anschlussleitung-1-100x100.jpg 100w\" sizes=\"auto, (max-width: 900px) 100vw, 900px\" \/><\/figure>\n<\/div>\n\n\n\n<div class=\"wp-block-column is-layout-flow wp-block-column-is-layout-flow\" style=\"padding-left:var(--wp--preset--spacing--10);flex-basis:70%\">\n<h3 class=\"wp-block-heading has-text-align-center\">C\u00e2bles de raccordement<\/h3>\n\n\n\n<p>Les c\u00e2bles de raccordement pour thermocouples et thermom\u00e8tres \u00e0 r\u00e9sistance sont assembl\u00e9s manuellement. Nous utilisons des torons en cuivre issus d\u2019un alliage stabilis\u00e9, sp\u00e9cialement mis au point pour nos thermom\u00e8tres. L\u2019enveloppe isolante est un gainage textile renforc\u00e9 en fibre de verre trait\u00e9e thermiquement, r\u00e9sistant aux hautes temp\u00e9ratures. Ainsi, chaque brin est prot\u00e9g\u00e9 contre les sollicitations m\u00e9caniques, les temp\u00e9ratures \u00e9lev\u00e9es et les solvants organiques.<\/p>\n<\/div>\n<\/div>\n<\/div>\n\n\n\n<div class=\"wp-block-group alignfull has-global-padding is-layout-constrained wp-container-core-group-is-layout-7a94f013 wp-block-group-is-layout-constrained\" style=\"padding-top:var(--wp--preset--spacing--30);padding-right:var(--wp--preset--spacing--30);padding-bottom:var(--wp--preset--spacing--30);padding-left:var(--wp--preset--spacing--30)\">\n<h3 class=\"wp-block-heading alignwide has-text-align-center\">Valise de transport haut de gamme<\/h3>\n\n\n\n<p>Tous les thermom\u00e8tres eXacal sont livr\u00e9s dans un \u00e9tui, mais peuvent \u00e9galement \u00eatre command\u00e9s avec une <strong>valise de transport en bois de haute qualit\u00e9<\/strong>. Gr\u00e2ce \u00e0 la robustesse de la mallette en bois et \u00e0 son int\u00e9rieur en mousse adapt\u00e9, les thermom\u00e8tres sensibles sont parfaitement prot\u00e9g\u00e9s durant le transport et le stockage.<\/p>\n\n\n\n<figure class=\"wp-block-image alignwide size-full has-custom-border\"><img loading=\"lazy\" decoding=\"async\" width=\"1280\" height=\"491\" src=\"https:\/\/www.klasmeier.com\/wp-content\/uploads\/eXacal-Koffer-mit-Thermoelement.png\" alt=\"\" class=\"wp-image-2765\" style=\"border-radius:50px\" srcset=\"https:\/\/www.klasmeier.com\/wp-content\/uploads\/eXacal-Koffer-mit-Thermoelement.png 1280w, https:\/\/www.klasmeier.com\/wp-content\/uploads\/eXacal-Koffer-mit-Thermoelement-300x115.png 300w, https:\/\/www.klasmeier.com\/wp-content\/uploads\/eXacal-Koffer-mit-Thermoelement-1024x393.png 1024w, https:\/\/www.klasmeier.com\/wp-content\/uploads\/eXacal-Koffer-mit-Thermoelement-768x295.png 768w, https:\/\/www.klasmeier.com\/wp-content\/uploads\/eXacal-Koffer-mit-Thermoelement-600x230.png 600w\" sizes=\"auto, (max-width: 1280px) 100vw, 1280px\" \/><\/figure>\n\n\n\n<div class=\"wp-block-columns is-not-stacked-on-mobile is-layout-flex wp-container-core-columns-is-layout-514d0522 wp-block-columns-is-layout-flex\" style=\"padding-top:var(--wp--preset--spacing--20);padding-bottom:var(--wp--preset--spacing--20)\">\n<div class=\"wp-block-column is-layout-flow wp-block-column-is-layout-flow\">\n<figure class=\"wp-block-image size-full has-custom-border hvr-float\"><img loading=\"lazy\" decoding=\"async\" width=\"425\" height=\"283\" src=\"https:\/\/www.klasmeier.com\/wp-content\/uploads\/eXacal-Koffer-mit-Pt100.png\" alt=\"\" class=\"wp-image-2767\" style=\"border-radius:50px\" srcset=\"https:\/\/www.klasmeier.com\/wp-content\/uploads\/eXacal-Koffer-mit-Pt100.png 425w, https:\/\/www.klasmeier.com\/wp-content\/uploads\/eXacal-Koffer-mit-Pt100-300x200.png 300w\" sizes=\"auto, (max-width: 425px) 100vw, 425px\" \/><\/figure>\n<\/div>\n\n\n\n<div class=\"wp-block-column is-layout-flow wp-block-column-is-layout-flow\">\n<figure class=\"wp-block-image size-full has-custom-border hvr-float\"><img loading=\"lazy\" decoding=\"async\" width=\"425\" height=\"283\" src=\"https:\/\/www.klasmeier.com\/wp-content\/uploads\/eXacal-Koffer-Klasmeier.png\" alt=\"\" class=\"wp-image-2769\" style=\"border-radius:50px\" srcset=\"https:\/\/www.klasmeier.com\/wp-content\/uploads\/eXacal-Koffer-Klasmeier.png 425w, https:\/\/www.klasmeier.com\/wp-content\/uploads\/eXacal-Koffer-Klasmeier-300x200.png 300w\" sizes=\"auto, (max-width: 425px) 100vw, 425px\" \/><\/figure>\n<\/div>\n\n\n\n<div class=\"wp-block-column is-layout-flow wp-block-column-is-layout-flow\">\n<figure class=\"wp-block-image size-full has-custom-border hvr-float\"><img loading=\"lazy\" decoding=\"async\" width=\"425\" height=\"283\" src=\"https:\/\/www.klasmeier.com\/wp-content\/uploads\/eXacal-Holzkoffer-Detailansicht.png\" alt=\"\" class=\"wp-image-2771\" style=\"border-radius:50px\" srcset=\"https:\/\/www.klasmeier.com\/wp-content\/uploads\/eXacal-Holzkoffer-Detailansicht.png 425w, https:\/\/www.klasmeier.com\/wp-content\/uploads\/eXacal-Holzkoffer-Detailansicht-300x200.png 300w\" sizes=\"auto, (max-width: 425px) 100vw, 425px\" \/><\/figure>\n<\/div>\n<\/div>\n<\/div>\n\n\n\n<div class=\"wp-block-group alignfull has-global-padding is-layout-constrained wp-container-core-group-is-layout-0c8379ad wp-block-group-is-layout-constrained\" style=\"margin-top:var(--wp--preset--spacing--30);margin-bottom:var(--wp--preset--spacing--30);padding-top:var(--wp--preset--spacing--20);padding-right:var(--wp--preset--spacing--30);padding-bottom:var(--wp--preset--spacing--20);padding-left:var(--wp--preset--spacing--30)\">\n<h3 class=\"wp-block-heading alignwide has-text-align-center\"><strong>Ensemble, trouvons la solution qui vous convient<\/strong><\/h3>\n\n\n\n<div class=\"wp-block-columns alignwide hvr-grow has-accent-background-color has-background is-layout-flex wp-container-core-columns-is-layout-b6a795d6 wp-block-columns-is-layout-flex\" style=\"border-radius:50px;margin-top:var(--wp--preset--spacing--40);margin-bottom:var(--wp--preset--spacing--40);padding-top:var(--wp--preset--spacing--20);padding-right:var(--wp--preset--spacing--20);padding-bottom:var(--wp--preset--spacing--20);padding-left:var(--wp--preset--spacing--20)\">\n<div class=\"wp-block-column is-layout-flow wp-block-column-is-layout-flow\" style=\"flex-basis:40%\">\n<figure class=\"wp-block-image aligncenter size-full has-custom-border\"><img loading=\"lazy\" decoding=\"async\" width=\"500\" height=\"333\" src=\"https:\/\/www.klasmeier.com\/wp-content\/uploads\/2024\/03\/TK.png\" alt=\"\" class=\"wp-image-1440\" style=\"border-radius:50px\" srcset=\"https:\/\/www.klasmeier.com\/wp-content\/uploads\/2024\/03\/TK.png 500w, https:\/\/www.klasmeier.com\/wp-content\/uploads\/2024\/03\/TK-300x200.png 300w\" sizes=\"auto, (max-width: 500px) 100vw, 500px\" \/><\/figure>\n<\/div>\n\n\n\n<div class=\"wp-block-column is-vertically-aligned-center is-layout-flow wp-block-column-is-layout-flow\" style=\"flex-basis:60%\">\n<h3 class=\"wp-block-heading has-text-align-center\">Contactez directement notre expert&nbsp;!<\/h3>\n\n\n\n<p class=\"has-text-align-center\"><br><strong>Votre interlocuteur chez Klasmeier&nbsp;:<\/strong><\/p>\n\n\n\n<p class=\"has-text-align-center\"><strong>Thomas Klasmeier<\/strong><\/p>\n\n\n\n<p class=\"has-text-align-center\"><mark style=\"background-color:rgba(0, 0, 0, 0);color:#dd3333\" class=\"has-inline-color\"><i class=\"fas fa-envelope\"><\/i><\/mark> <a href=\"https:\/\/www.klasmeier.com\/fr\/entreprise\/contactez-nous\/\">Prendre contact maintenant<\/a><\/p>\n<\/div>\n<\/div>\n<\/div>\n","protected":false},"excerpt":{"rendered":"<p>Les thermom\u00e8tres de pr\u00e9cision eXacal ont \u00e9t\u00e9 d\u00e9velopp\u00e9s \u00e0 partir de z\u00e9ro. Chaque composant a \u00e9t\u00e9 con\u00e7u avec le plus grand soin et parfaitement ajust\u00e9 aux autres. L\u2019\u00e9l\u00e9ment central est la poign\u00e9e innovante, v\u00e9ritable support technologique. Gr\u00e2ce \u00e0 sa conception modulaire, elle permet de combiner les thermom\u00e8tres eXacal de multiples mani\u00e8res. La poign\u00e9e comme support [&hellip;]<\/p>\n","protected":false},"author":4,"featured_media":0,"parent":8250,"menu_order":0,"comment_status":"closed","ping_status":"closed","template":"","meta":{"footnotes":""},"class_list":["post-8299","page","type-page","status-publish","hentry"],"_links":{"self":[{"href":"https:\/\/www.klasmeier.com\/fr\/wp-json\/wp\/v2\/pages\/8299","targetHints":{"allow":["GET"]}}],"collection":[{"href":"https:\/\/www.klasmeier.com\/fr\/wp-json\/wp\/v2\/pages"}],"about":[{"href":"https:\/\/www.klasmeier.com\/fr\/wp-json\/wp\/v2\/types\/page"}],"author":[{"embeddable":true,"href":"https:\/\/www.klasmeier.com\/fr\/wp-json\/wp\/v2\/users\/4"}],"replies":[{"embeddable":true,"href":"https:\/\/www.klasmeier.com\/fr\/wp-json\/wp\/v2\/comments?post=8299"}],"version-history":[{"count":2,"href":"https:\/\/www.klasmeier.com\/fr\/wp-json\/wp\/v2\/pages\/8299\/revisions"}],"predecessor-version":[{"id":11578,"href":"https:\/\/www.klasmeier.com\/fr\/wp-json\/wp\/v2\/pages\/8299\/revisions\/11578"}],"up":[{"embeddable":true,"href":"https:\/\/www.klasmeier.com\/fr\/wp-json\/wp\/v2\/pages\/8250"}],"wp:attachment":[{"href":"https:\/\/www.klasmeier.com\/fr\/wp-json\/wp\/v2\/media?parent=8299"}],"curies":[{"name":"wp","href":"https:\/\/api.w.org\/{rel}","templated":true}]}}