{"id":16161,"date":"2026-08-17T14:23:17","date_gmt":"2026-08-17T12:23:17","guid":{"rendered":"https:\/\/www.klasmeier.com\/klasmeier-evolue\/"},"modified":"2026-08-31T13:12:52","modified_gmt":"2026-08-31T11:12:52","slug":"klasmeier-evolue","status":"publish","type":"page","link":"https:\/\/www.klasmeier.com\/fr\/klasmeier-evolue\/","title":{"rendered":"Klasmeier \u00e9volue"},"content":{"rendered":"\n<div class=\"wp-block-group alignfull has-accent-background-color has-background has-global-padding is-layout-constrained wp-container-core-group-is-layout-73128380 wp-block-group-is-layout-constrained\" style=\"margin-top:0;margin-bottom:0;padding-top:var(--wp--preset--spacing--50);padding-right:var(--wp--preset--spacing--50);padding-bottom:var(--wp--preset--spacing--50);padding-left:var(--wp--preset--spacing--50)\">\n<h1 class=\"wp-block-heading has-text-align-center alignwide\"><strong>Klasmeier \u00e9volue<\/strong><\/h1>\n\n\n\n<div style=\"height:5px\" aria-hidden=\"true\" class=\"wp-block-spacer\"><\/div>\n\n\n\n<div class=\"wp-block-columns alignwide is-layout-flex wp-container-core-columns-is-layout-a0d91a25 wp-block-columns-is-layout-flex\">\n<div class=\"wp-block-column is-vertically-aligned-stretch is-layout-flow wp-block-column-is-layout-flow\" style=\"flex-basis:50%\">\n<div class=\"wp-block-group is-vertical is-content-justification-stretch is-layout-flex wp-container-core-group-is-layout-c042bc37 wp-block-group-is-layout-flex\" style=\"min-height:100%\">\n<p class=\"has-heading-font-family has-x-large-font-size wp-block-paragraph\" style=\"line-height:1.2\">Un nouveau nom pour ce que vous connaissez de nous.<\/p>\n\n\n\n<div class=\"wp-block-group has-global-padding is-content-justification-left is-layout-constrained wp-container-core-group-is-layout-1292ae2f wp-block-group-is-layout-constrained\">\n<p class=\"wp-container-content-0733e5d0 wp-block-paragraph\">Depuis de nombreuses ann\u00e9es, Klasmeier est synonyme de pr\u00e9cision dans la technique de mesure de temp\u00e9rature. Avec mon \u00e9quipe, j&rsquo;ai eu le privil\u00e8ge d&rsquo;accompagner des entreprises de l&rsquo;industrie, de la recherche et des laboratoires d&rsquo;\u00e9talonnage dans leur parcours. <\/p>\n\n\n\n<p class=\"wp-block-paragraph\">Notre exigence a toujours \u00e9t\u00e9 la m\u00eame : \u00eatre un partenaire fiable pour les mesures de temp\u00e9rature exigeantes.<\/p>\n\n\n\n<p class=\"wp-container-content-0733e5d0 wp-block-paragraph\">C&rsquo;est avec cette exigence que nous faisons \u00e9voluer Klasmeier en permanence.<\/p>\n\n\n\n<div class=\"wp-block-buttons is-layout-flex wp-block-buttons-is-layout-flex\"><\/div>\n<\/div>\n<\/div>\n<\/div>\n\n\n\n<div class=\"wp-block-column is-vertically-aligned-center is-layout-flow wp-block-column-is-layout-flow\" style=\"flex-basis:50%\">\n<figure class=\"wp-block-image size-full is-style-rounded is-style-rounded--1\"><img data-dominant-color=\"918c9c\" data-has-transparency=\"false\" loading=\"lazy\" decoding=\"async\" width=\"2508\" height=\"2560\" src=\"https:\/\/www.klasmeier.com\/wp-content\/uploads\/Thomas-Klasmeier-scaled.webp\" alt=\"\" class=\"wp-image-16043 not-transparent\" style=\"--dominant-color: #918c9c; aspect-ratio:3\/4;object-fit:cover\" srcset=\"https:\/\/www.klasmeier.com\/wp-content\/uploads\/Thomas-Klasmeier-scaled.webp 2508w, https:\/\/www.klasmeier.com\/wp-content\/uploads\/Thomas-Klasmeier-294x300.webp 294w, https:\/\/www.klasmeier.com\/wp-content\/uploads\/Thomas-Klasmeier-1003x1024.webp 1003w, https:\/\/www.klasmeier.com\/wp-content\/uploads\/Thomas-Klasmeier-768x784.webp 768w, https:\/\/www.klasmeier.com\/wp-content\/uploads\/Thomas-Klasmeier-1505x1536.webp 1505w, https:\/\/www.klasmeier.com\/wp-content\/uploads\/Thomas-Klasmeier-2006x2048.webp 2006w, https:\/\/www.klasmeier.com\/wp-content\/uploads\/Thomas-Klasmeier-600x612.webp 600w\" sizes=\"auto, (max-width: 2508px) 100vw, 2508px\" \/><\/figure>\n<\/div>\n<\/div>\n<\/div>\n\n<div class=\"wp-block-group alignfull has-base-background-color has-background has-global-padding is-layout-constrained wp-container-core-group-is-layout-36f65c2d wp-block-group-is-layout-constrained\" style=\"margin-top:0;margin-bottom:0;padding-top:var(--wp--preset--spacing--50);padding-right:var(--wp--preset--spacing--50);padding-bottom:var(--wp--preset--spacing--50);padding-left:var(--wp--preset--spacing--50)\">\n<div class=\"wp-block-columns alignwide is-layout-flex wp-container-core-columns-is-layout-ef10d34a wp-block-columns-is-layout-flex\">\n<div class=\"wp-block-column has-global-padding is-content-justification-left is-layout-constrained wp-container-core-column-is-layout-1292ae2f wp-block-column-is-layout-constrained\" style=\"flex-basis:40%\">\n<h2 class=\"wp-block-heading\">Ces derni\u00e8res ann\u00e9es, notre entreprise a consid\u00e9rablement \u00e9volu\u00e9.<\/h2>\n<\/div>\n\n\n\n<div class=\"wp-block-column is-layout-flow wp-container-core-column-is-layout-0c22cdd7 wp-block-column-is-layout-flow\" style=\"flex-basis:60%\">\n<p class=\"has-heading-font-family has-x-large-font-size wp-block-paragraph\" style=\"line-height:1.2\">Pourquoi nous franchissons cette \u00e9tape<\/p>\n\n\n\n<div class=\"wp-block-columns is-layout-flex wp-container-core-columns-is-layout-3afcaa04 wp-block-columns-is-layout-flex\">\n<div class=\"wp-block-column is-layout-flow wp-block-column-is-layout-flow\">\n<p class=\"wp-container-content-9cfa9a5a wp-block-paragraph\">En 1986, nous avons d\u00e9but\u00e9 en tant que soci\u00e9t\u00e9 de distribution pour la technique de mesure de temp\u00e9rature. Depuis, notre entreprise a consid\u00e9rablement \u00e9volu\u00e9. La soci\u00e9t\u00e9 de distribution est devenue bien plus que cela.  <\/p>\n\n\n\n<p class=\"wp-block-paragraph\">Aujourd&rsquo;hui, nous repr\u00e9sentons des thermom\u00e8tres de haute qualit\u00e9 issus de notre propre manufacture, des \u00e9talonnages accr\u00e9dit\u00e9s selon DIN EN ISO\/IEC 17025 (DAkkS), des essais d&rsquo;aptitude accr\u00e9dit\u00e9s selon DIN EN ISO\/IEC 17043 (DAkkS), du conseil technique, des s\u00e9minaires et des \u00e9changes personnels avec nos clients.<\/p>\n<\/div>\n\n\n\n<div class=\"wp-block-column is-layout-flow wp-block-column-is-layout-flow\">\n<p class=\"wp-block-paragraph\">Le nom <strong>Klasmeier GmbH<\/strong> r\u00e9sume parfaitement cette \u00e9volution. <\/p>\n\n\n\n<p class=\"wp-block-paragraph\">Il est plus court, plus clair et repr\u00e9sente l&rsquo;ensemble des comp\u00e9tences de notre marque.<\/p>\n\n\n\n<p class=\"wp-block-paragraph\">\u00c0 partir du 1er septembre 2026, nous exercerons nos activit\u00e9s op\u00e9rationnelles sous ce nom.<\/p>\n<\/div>\n<\/div>\n<\/div>\n<\/div>\n<\/div>\n\n<div class=\"wp-block-group alignfull has-accent-background-color has-background has-global-padding is-layout-constrained wp-container-core-group-is-layout-36f65c2d wp-block-group-is-layout-constrained\" style=\"margin-top:0;margin-bottom:0;padding-top:var(--wp--preset--spacing--50);padding-right:var(--wp--preset--spacing--50);padding-bottom:var(--wp--preset--spacing--50);padding-left:var(--wp--preset--spacing--50)\">\n<div class=\"wp-block-group alignwide is-vertical is-content-justification-center is-layout-flex wp-container-core-group-is-layout-bc18b00a wp-block-group-is-layout-flex\">\n<h2 class=\"wp-block-heading has-text-align-left\">Sur quoi nous travaillons<\/h2>\n<\/div>\n\n\n\n<div style=\"height:3px\" aria-hidden=\"true\" class=\"wp-block-spacer\"><\/div>\n\n\n\n<div class=\"wp-block-columns alignwide is-layout-flex wp-container-core-columns-is-layout-3a88641f wp-block-columns-is-layout-flex\">\n<div class=\"wp-block-column is-layout-flow wp-block-column-is-layout-flow\">\n<figure class=\"wp-block-image size-large has-custom-border\"><img data-dominant-color=\"9a4950\" data-has-transparency=\"false\" loading=\"lazy\" decoding=\"async\" width=\"1024\" height=\"683\" src=\"https:\/\/www.klasmeier.com\/wp-content\/uploads\/13-Kopie-1024x683.webp\" alt=\"\" class=\"wp-image-16045 not-transparent\" style=\"--dominant-color: #9a4950; border-top-left-radius:50px;border-top-right-radius:50px;border-bottom-left-radius:50px;border-bottom-right-radius:50px\" srcset=\"https:\/\/www.klasmeier.com\/wp-content\/uploads\/13-Kopie-1024x683.webp 1024w, https:\/\/www.klasmeier.com\/wp-content\/uploads\/13-Kopie-300x200.webp 300w, https:\/\/www.klasmeier.com\/wp-content\/uploads\/13-Kopie-768x512.webp 768w, https:\/\/www.klasmeier.com\/wp-content\/uploads\/13-Kopie-1536x1024.webp 1536w, https:\/\/www.klasmeier.com\/wp-content\/uploads\/13-Kopie-2048x1365.webp 2048w, https:\/\/www.klasmeier.com\/wp-content\/uploads\/13-Kopie-600x400.webp 600w\" sizes=\"auto, (max-width: 1024px) 100vw, 1024px\" \/><\/figure>\n<\/div>\n\n\n\n<div class=\"wp-block-column is-layout-flow wp-block-column-is-layout-flow\" style=\"padding-top:var(--wp--preset--spacing--20);padding-right:var(--wp--preset--spacing--20);padding-bottom:var(--wp--preset--spacing--20);padding-left:var(--wp--preset--spacing--20)\">\n<p class=\"wp-block-paragraph\"><strong>Une identit\u00e9 de marque claire<\/strong><br\/>Sous le nom Klasmeier, vous devrez \u00e0 l&rsquo;avenir reconna\u00eetre au premier coup d&rsquo;\u0153il toutes les prestations li\u00e9es \u00e0 la technique de mesure de temp\u00e9rature de pr\u00e9cision.<\/p>\n\n\n\n<p class=\"wp-block-paragraph\"><strong>Un service client personnalis\u00e9<br\/><\/strong>Des circuits courts, des interlocuteurs fixes et des d\u00e9cisions rapides restent notre exigence pour la collaboration quotidienne avec vous.<\/p>\n<\/div>\n<\/div>\n\n\n\n<div class=\"wp-block-columns alignwide is-layout-flex wp-container-core-columns-is-layout-3a88641f wp-block-columns-is-layout-flex\">\n<div class=\"wp-block-column is-layout-flow wp-block-column-is-layout-flow\" style=\"padding-top:var(--wp--preset--spacing--20);padding-right:var(--wp--preset--spacing--20);padding-bottom:var(--wp--preset--spacing--20);padding-left:var(--wp--preset--spacing--20)\">\n<p class=\"wp-block-paragraph\"><strong>Tout sous un m\u00eame toit<br\/><\/strong>Du d\u00e9veloppement et de la fabrication de thermom\u00e8tres de haute qualit\u00e9 aux \u00e9talonnages accr\u00e9dit\u00e9s et essais d&rsquo;aptitude, en passant par les s\u00e9minaires et le conseil technique, notre objectif est que vous ayez un seul partenaire pour tout cela.<\/p>\n\n\n\n<p class=\"wp-block-paragraph\"><strong>Plus d&rsquo;espace pour l&rsquo;innovation<br\/><\/strong>Nous nous attachons \u00e0 d\u00e9velopper en permanence nos produits, services et offres num\u00e9riques.<\/p>\n<\/div>\n\n\n\n<div class=\"wp-block-column is-layout-flow wp-block-column-is-layout-flow\" style=\"padding-top:0;padding-right:0;padding-bottom:0;padding-left:0\">\n<figure class=\"wp-block-image size-large has-custom-border\" style=\"margin-top:var(--wp--preset--spacing--20);margin-bottom:var(--wp--preset--spacing--20)\"><img data-dominant-color=\"b76a6d\" data-has-transparency=\"false\" loading=\"lazy\" decoding=\"async\" width=\"1024\" height=\"683\" src=\"https:\/\/www.klasmeier.com\/wp-content\/uploads\/02-Kopie-1024x683.webp\" alt=\"\" class=\"wp-image-16042 not-transparent\" style=\"--dominant-color: #b76a6d; border-top-left-radius:50px;border-top-right-radius:50px;border-bottom-left-radius:50px;border-bottom-right-radius:50px\" srcset=\"https:\/\/www.klasmeier.com\/wp-content\/uploads\/02-Kopie-1024x683.webp 1024w, https:\/\/www.klasmeier.com\/wp-content\/uploads\/02-Kopie-300x200.webp 300w, https:\/\/www.klasmeier.com\/wp-content\/uploads\/02-Kopie-768x512.webp 768w, https:\/\/www.klasmeier.com\/wp-content\/uploads\/02-Kopie-1536x1024.webp 1536w, https:\/\/www.klasmeier.com\/wp-content\/uploads\/02-Kopie-2048x1365.webp 2048w, https:\/\/www.klasmeier.com\/wp-content\/uploads\/02-Kopie-600x400.webp 600w\" sizes=\"auto, (max-width: 1024px) 100vw, 1024px\" \/><\/figure>\n<\/div>\n<\/div>\n<\/div>\n\n<div class=\"wp-block-group alignfull has-global-padding is-layout-constrained wp-container-core-group-is-layout-73128380 wp-block-group-is-layout-constrained\" style=\"margin-top:0;margin-bottom:0;padding-top:var(--wp--preset--spacing--50);padding-right:var(--wp--preset--spacing--50);padding-bottom:var(--wp--preset--spacing--50);padding-left:var(--wp--preset--spacing--50)\">\n<div class=\"wp-block-group is-vertical is-content-justification-center is-layout-flex wp-container-core-group-is-layout-bc18b00a wp-block-group-is-layout-flex\">\n<h2 class=\"wp-block-heading has-text-align-center has-xx-large-font-size\">Qu&rsquo;est-ce qui reste inchang\u00e9 ?<\/h2>\n\n\n\n<div style=\"height:5px\" aria-hidden=\"true\" class=\"wp-block-spacer wp-container-content-463bd4c8\"><\/div>\n\n\n\n<p class=\"has-text-align-center wp-block-paragraph\">Beaucoup de choses. <br\/><br\/>Nos valeurs restent inchang\u00e9es.<br\/><strong>Pr\u00e9cision. Comp\u00e9tence. Fiabilit\u00e9. Accompagnement personnalis\u00e9.   <br\/><\/strong>Ces valeurs constituent \u00e9galement \u00e0 l&rsquo;avenir le fondement sur lequel nous serons jug\u00e9s.<\/p>\n\n\n\n<p class=\"has-text-align-center wp-block-paragraph\">Vous continuerez \u00e0 travailler avec les personnes que vous connaissez. Vos interlocuteurs restent les m\u00eames. <\/p>\n\n\n\n<p class=\"has-text-align-center wp-block-paragraph\">Nos normes de qualit\u00e9 \u00e9lev\u00e9es et notre exigence restent les m\u00eames. Nous souhaitons \u00eatre votre partenaire \u00e0 long terme pour la technique de mesure de temp\u00e9rature de pr\u00e9cision. <\/p>\n<\/div>\n<\/div>\n\n<div class=\"wp-block-group alignfull has-base-color has-contrast-background-color has-text-color has-background has-link-color wp-elements-3fe844ab3015d3c84dd04165eb34e2c3 has-global-padding is-layout-constrained wp-container-core-group-is-layout-36f65c2d wp-block-group-is-layout-constrained\" style=\"margin-top:0;margin-bottom:0;padding-top:var(--wp--preset--spacing--50);padding-right:var(--wp--preset--spacing--50);padding-bottom:var(--wp--preset--spacing--50);padding-left:var(--wp--preset--spacing--50)\">\n<h2 class=\"wp-block-heading alignwide has-base-color has-text-color has-link-color wp-elements-ffcb4587bbc4574ec8ee42b5a6ea5354\" style=\"font-size:clamp(4.509rem, 4.509rem + ((1vw - 0.2rem) * 9.152), 10rem);letter-spacing:-0.02em\">Questions fr\u00e9quentes<\/h2>\n\n\n\n<div class=\"wp-block-group alignwide is-layout-flow wp-block-group-is-layout-flow\">\n<hr class=\"wp-block-separator has-text-color has-base-color has-alpha-channel-opacity has-base-background-color has-background is-style-wide\" style=\"margin-top:var(--wp--preset--spacing--30);margin-bottom:var(--wp--preset--spacing--30)\"\/>\n\n\n\n<h3 class=\"wp-block-heading alignwide has-base-2-color has-text-color has-link-color wp-elements-6b3ec1307955c77e4131e3354504b445\">Mes interlocuteurs changent-ils ?<\/h3>\n\n\n\n<p class=\"has-contrast-1-color has-text-color has-link-color wp-elements-654c9236d70d1f82ddb257d31d1ff86f wp-block-paragraph\">Non.<br\/>Vos interlocuteurs restent inchang\u00e9s.<\/p>\n\n\n\n<hr class=\"wp-block-separator has-text-color has-base-color has-alpha-channel-opacity has-base-background-color has-background is-style-wide\" style=\"margin-top:var(--wp--preset--spacing--30);margin-bottom:var(--wp--preset--spacing--30)\"\/>\n\n\n\n<h3 class=\"wp-block-heading alignwide has-base-2-color has-text-color has-link-color wp-elements-1c7bd902dd739fe432fbc9946bd7f484\">Nos prestations changent-elles ?<\/h3>\n\n\n\n<p class=\"has-contrast-1-color has-text-color has-link-color wp-elements-8b72f7252b6c6ef4a8fad7320d24795b wp-block-paragraph\">Non.<br\/>L&rsquo;ensemble de notre offre de services est maintenu et sera d\u00e9velopp\u00e9 en permanence.<\/p>\n\n\n\n<hr class=\"wp-block-separator has-text-color has-base-color has-alpha-channel-opacity has-base-background-color has-background is-style-wide\" style=\"margin-top:var(--wp--preset--spacing--30);margin-bottom:var(--wp--preset--spacing--30)\"\/>\n\n\n\n<h3 class=\"wp-block-heading alignwide has-base-2-color has-text-color has-link-color wp-elements-2dd01ee38978afb2611d9a4b248cc363\">Dois-je tenir compte de quelque chose ?<\/h3>\n\n\n\n<p class=\"has-contrast-1-color has-text-color has-link-color wp-elements-4d72c9941d5692b8538d21ff81930f05 wp-block-paragraph\">Non.<br\/>Pour vous, pratiquement rien ne change dans le d\u00e9roulement quotidien.<\/p>\n\n\n\n<hr class=\"wp-block-separator has-text-color has-base-color has-alpha-channel-opacity has-base-background-color has-background is-style-wide\" style=\"margin-top:var(--wp--preset--spacing--30);margin-bottom:var(--wp--preset--spacing--30)\"\/>\n\n\n\n<h3 class=\"wp-block-heading alignwide has-base-2-color has-text-color has-link-color wp-elements-0a62a9fbbcff8b3e10494778666922bd\">Pourquoi l&rsquo;entreprise s&rsquo;appellera-t-elle d\u00e9sormais Klasmeier GmbH ?<\/h3>\n\n\n\n<p class=\"has-contrast-1-color has-text-color has-link-color wp-elements-4765dcc20ea7e6dde38c9a18113c9c76 wp-block-paragraph\">Parce que notre marque englobe aujourd&rsquo;hui bien plus que l&rsquo;\u00e9talonnage et la technique de mesure.<\/p>\n\n\n\n<p class=\"has-contrast-1-color has-text-color has-link-color wp-elements-2c9b164cb21c32228e0727b0b0ec31ba wp-block-paragraph\">Le nouveau nom cr\u00e9e une identit\u00e9 de marque claire et souligne notre orientation vers la pr\u00e9cision, la comp\u00e9tence et le service client personnalis\u00e9.<\/p>\n\n\n\n<hr class=\"wp-block-separator has-text-color has-base-color has-alpha-channel-opacity has-base-background-color has-background is-style-wide\" style=\"margin-top:var(--wp--preset--spacing--30);margin-bottom:var(--wp--preset--spacing--30)\"\/>\n\n\n\n<h3 class=\"wp-block-heading alignwide has-base-2-color has-text-color has-link-color wp-elements-f5c372c95d6c79b1a3b96a0efa1a365e\" id=\"anmerkungakkreditierung\">Qu&rsquo;advient-il des \u00e9talonnages accr\u00e9dit\u00e9s et des essais d&rsquo;aptitude ?<\/h3>\n\n\n\n<p class=\"wp-block-paragraph\">Ils se poursuivent sans changement.<\/p>\n\n\n\n<p class=\"has-contrast-1-color has-text-color has-link-color wp-elements-e3574ceff9bff0261c726337885d8f67 wp-block-paragraph\">Les prestations d&rsquo;\u00e9talonnage accr\u00e9dit\u00e9es selon DIN EN ISO\/IEC 17025 et les essais d&rsquo;aptitude selon DIN EN ISO\/IEC 17043 continuent d&rsquo;\u00eatre assur\u00e9s par Klasmeier Kalibrier- und Messtechnik GmbH ISOTECH.<\/p>\n\n\n\n<div style=\"margin-top:var(--wp--preset--spacing--10);margin-bottom:0;height:var(--wp--preset--spacing--10)\" aria-hidden=\"true\" class=\"wp-block-spacer\"><\/div>\n<\/div>\n<\/div>\n\n<div class=\"wp-block-group alignfull has-global-padding is-layout-constrained wp-container-core-group-is-layout-36f65c2d wp-block-group-is-layout-constrained\" style=\"margin-top:0;margin-bottom:0;padding-top:var(--wp--preset--spacing--50);padding-right:var(--wp--preset--spacing--50);padding-bottom:var(--wp--preset--spacing--50);padding-left:var(--wp--preset--spacing--50)\">\n<div class=\"wp-block-columns alignwide are-vertically-aligned-center is-layout-flex wp-container-core-columns-is-layout-ca2b64f2 wp-block-columns-is-layout-flex\">\n<div class=\"wp-block-column is-vertically-aligned-center is-layout-flow wp-block-column-is-layout-flow\" style=\"flex-basis:50%\">\n<h2 class=\"wp-block-heading\">Un mot personnel<\/h2>\n\n\n\n<p class=\"wp-block-paragraph\">Les changements ont du sens lorsqu&rsquo;ils offrent une r\u00e9elle valeur ajout\u00e9e \u00e0 nos clients.<\/p>\n\n\n\n<p class=\"wp-block-paragraph\">C&rsquo;est pr\u00e9cis\u00e9ment pour cette raison que nous avons opt\u00e9 pour cette d\u00e9marche.<\/p>\n\n\n\n<p class=\"wp-block-paragraph\">Avec <strong>Klasmeier GmbH<\/strong>, nous cr\u00e9ons les bases pour renforcer davantage notre marque et nous concentrer encore plus r\u00e9solument sur ce que nos clients appr\u00e9cient chez nous depuis de nombreuses ann\u00e9es : la plus haute pr\u00e9cision, une expertise solide et une collaboration partenariale.<\/p>\n\n\n\n<p class=\"wp-block-paragraph\">Je me r\u00e9jouis des prochains projets avec vous, d\u00e9sormais en tant que Klasmeier GmbH.<\/p>\n\n\n\n<p class=\"wp-block-paragraph\">Merci pour votre confiance.<\/p>\n\n\n\n<p class=\"wp-block-paragraph\">Cordialement de Fulda<\/p>\n\n\n\n<p class=\"wp-block-paragraph\">Thomas Klasmeier<\/p>\n<\/div>\n\n\n\n<div class=\"wp-block-column is-vertically-aligned-center is-layout-flow wp-block-column-is-layout-flow\" style=\"flex-basis:50%\">\n<figure class=\"wp-block-image size-full is-style-rounded is-style-rounded--2\"><img data-dominant-color=\"99616b\" data-has-transparency=\"false\" loading=\"lazy\" decoding=\"async\" width=\"2560\" height=\"1707\" src=\"https:\/\/www.klasmeier.com\/wp-content\/uploads\/04-Kopie-scaled.webp\" alt=\"\" class=\"wp-image-16041 not-transparent\" style=\"--dominant-color: #99616b; aspect-ratio:4\/3;object-fit:cover\" srcset=\"https:\/\/www.klasmeier.com\/wp-content\/uploads\/04-Kopie-scaled.webp 2560w, https:\/\/www.klasmeier.com\/wp-content\/uploads\/04-Kopie-300x200.webp 300w, https:\/\/www.klasmeier.com\/wp-content\/uploads\/04-Kopie-1024x683.webp 1024w, https:\/\/www.klasmeier.com\/wp-content\/uploads\/04-Kopie-768x512.webp 768w, https:\/\/www.klasmeier.com\/wp-content\/uploads\/04-Kopie-1536x1024.webp 1536w, https:\/\/www.klasmeier.com\/wp-content\/uploads\/04-Kopie-2048x1365.webp 2048w, https:\/\/www.klasmeier.com\/wp-content\/uploads\/04-Kopie-600x400.webp 600w\" sizes=\"auto, (max-width: 2560px) 100vw, 2560px\" \/><\/figure>\n<\/div>\n<\/div>\n<\/div>\n","protected":false},"excerpt":{"rendered":"<p>Klasmeier \u00e9volue Un nouveau nom pour ce que vous connaissez de nous. Depuis de nombreuses ann\u00e9es, Klasmeier est synonyme de pr\u00e9cision dans la technique de mesure de temp\u00e9rature. Avec mon \u00e9quipe, j&rsquo;ai eu le privil\u00e8ge d&rsquo;accompagner des entreprises de l&rsquo;industrie, de la recherche et des laboratoires d&rsquo;\u00e9talonnage dans leur parcours. Notre exigence a toujours \u00e9t\u00e9 [&hellip;]<\/p>\n","protected":false},"author":2,"featured_media":0,"parent":0,"menu_order":0,"comment_status":"closed","ping_status":"closed","template":"","meta":{"footnotes":""},"class_list":["post-16161","page","type-page","status-publish","hentry"],"_links":{"self":[{"href":"https:\/\/www.klasmeier.com\/fr\/wp-json\/wp\/v2\/pages\/16161","targetHints":{"allow":["GET"]}}],"collection":[{"href":"https:\/\/www.klasmeier.com\/fr\/wp-json\/wp\/v2\/pages"}],"about":[{"href":"https:\/\/www.klasmeier.com\/fr\/wp-json\/wp\/v2\/types\/page"}],"author":[{"embeddable":true,"href":"https:\/\/www.klasmeier.com\/fr\/wp-json\/wp\/v2\/users\/2"}],"replies":[{"embeddable":true,"href":"https:\/\/www.klasmeier.com\/fr\/wp-json\/wp\/v2\/comments?post=16161"}],"version-history":[{"count":2,"href":"https:\/\/www.klasmeier.com\/fr\/wp-json\/wp\/v2\/pages\/16161\/revisions"}],"predecessor-version":[{"id":16207,"href":"https:\/\/www.klasmeier.com\/fr\/wp-json\/wp\/v2\/pages\/16161\/revisions\/16207"}],"wp:attachment":[{"href":"https:\/\/www.klasmeier.com\/fr\/wp-json\/wp\/v2\/media?parent=16161"}],"curies":[{"name":"wp","href":"https:\/\/api.w.org\/{rel}","templated":true}]}}