{"id":8846,"date":"2024-02-29T17:20:51","date_gmt":"2024-02-29T16:20:51","guid":{"rendered":"https:\/\/www.klasmeier.com\/?post_type=product&#038;p=8846"},"modified":"2025-12-03T12:20:40","modified_gmt":"2025-12-03T11:20:40","slug":"termometro-de-referencia-sprt-secundario-200-c-hasta-250-c","status":"publish","type":"product","link":"https:\/\/www.klasmeier.com\/es\/produkt\/termometro-de-referencia-sprt-secundario-200-c-hasta-250-c\/","title":{"rendered":"Term\u00f3metro de referencia SPRT secundario -200 \u00b0C hasta 250 \u00b0C"},"content":{"rendered":"\n<div class=\"wp-block-group has-global-padding is-layout-constrained wp-container-core-group-is-layout-530ec779 wp-block-group-is-layout-constrained\">\n<div class=\"wp-block-columns alignwide are-vertically-aligned-top is-layout-flex wp-container-core-columns-is-layout-28f84493 wp-block-columns-is-layout-flex\">\n<div class=\"wp-block-column is-layout-flow wp-block-column-is-layout-flow\" style=\"flex-basis:30%\">\n<figure class=\"wp-block-image alignleft is-resized has-custom-border\"><img loading=\"lazy\" decoding=\"async\" width=\"1024\" height=\"1024\" src=\"https:\/\/www.klasmeier.com\/wp-content\/uploads\/eXacal_SPRT_Klasmeier_216-1024x1024.jpg\" alt=\"Term\u00f3metro de baja temperatura: El robusto term\u00f3metro SPRT secundario de referencia para mediciones de temperatura precisas\" class=\"wp-image-5410\" style=\"border-radius:50px;width:304px;height:auto\" srcset=\"https:\/\/www.klasmeier.com\/wp-content\/uploads\/eXacal_SPRT_Klasmeier_216-1024x1024.jpg 1024w, https:\/\/www.klasmeier.com\/wp-content\/uploads\/eXacal_SPRT_Klasmeier_216-300x300.jpg 300w, https:\/\/www.klasmeier.com\/wp-content\/uploads\/eXacal_SPRT_Klasmeier_216-150x150.jpg 150w, https:\/\/www.klasmeier.com\/wp-content\/uploads\/eXacal_SPRT_Klasmeier_216-768x768.jpg 768w, https:\/\/www.klasmeier.com\/wp-content\/uploads\/eXacal_SPRT_Klasmeier_216-600x600.jpg 600w, https:\/\/www.klasmeier.com\/wp-content\/uploads\/eXacal_SPRT_Klasmeier_216-100x100.jpg 100w, https:\/\/www.klasmeier.com\/wp-content\/uploads\/eXacal_SPRT_Klasmeier_216.jpg 1200w\" sizes=\"auto, (max-width: 1024px) 100vw, 1024px\" \/><\/figure>\n<\/div>\n\n\n\n<div class=\"wp-block-column is-layout-flow wp-block-column-is-layout-flow\" style=\"flex-basis:75%\">\n<p><strong>Term\u00f3metro de baja temperatura: El robusto term\u00f3metro SPRT secundario de referencia para mediciones de temperatura precisas<\/strong><\/p>\n\n\n\n<p><span style=\"font-size: 14pt;\">Nuestro SPRT de baja temperatura (term\u00f3metro de resistencia de platino est\u00e1ndar) act\u00faa como un patr\u00f3n de calibraci\u00f3n robusto en la medici\u00f3n de temperatura de alta precisi\u00f3n para las aplicaciones m\u00e1s exigentes. Dise\u00f1ados para satisfacer las necesidades de la investigaci\u00f3n, la industria y el aseguramiento de la calidad, estos term\u00f3metros ofrecen una excelente precisi\u00f3n y fiabilidad. Gracias a su resistencia, resultan especialmente atractivos en el trabajo de medici\u00f3n diario en comparaci\u00f3n con los term\u00f3metros, a menudo muy delicados, equipados con vaina de cuarzo.<\/span><\/p>\n<\/div>\n<\/div>\n\n\n\n<div class=\"wp-block-group alignwide is-vertical is-content-justification-stretch is-layout-flex wp-container-core-group-is-layout-88863016 wp-block-group-is-layout-flex\" style=\"padding-top:var(--wp--preset--spacing--30);padding-bottom:var(--wp--preset--spacing--30)\">\n<figure class=\"wp-block-image size-full\"><img loading=\"lazy\" decoding=\"async\" width=\"310\" height=\"89\" src=\"https:\/\/www.klasmeier.com\/wp-content\/uploads\/exacal.png\" alt=\"\" class=\"wp-image-8533\" srcset=\"https:\/\/www.klasmeier.com\/wp-content\/uploads\/exacal.png 310w, https:\/\/www.klasmeier.com\/wp-content\/uploads\/exacal-300x86.png 300w\" sizes=\"auto, (max-width: 310px) 100vw, 310px\" \/><\/figure>\n\n\n\n<h3 class=\"wp-block-heading\"><strong>Particularidades del SPRT secundario modelo 216:<\/strong><\/h3>\n\n\n\n<div class=\"wp-block-columns is-layout-flex wp-container-core-columns-is-layout-28f84493 wp-block-columns-is-layout-flex\">\n<div class=\"wp-block-column is-layout-flow wp-block-column-is-layout-flow\" style=\"flex-basis:66.66%\">\n<p><mark style=\"background-color:rgba(0, 0, 0, 0)\" class=\"has-inline-color has-accent-3-color\"><i class=\"fas fa-circle-check\"><\/i><\/mark>  <span><strong>Llenado con gas protector:<\/strong> El mango del SPRT es herm\u00e9tico, lo que permite llenar el term\u00f3metro con gas de protecci\u00f3n. Esta construcci\u00f3n protege el term\u00f3metro de la influencia ambiental y mejora su rendimiento, sobre todo en temperaturas muy bajas. <span>El llenado con gas protector posibilita su uso a temperaturas de hasta -200 \u00b0C, lo que permite la calibraci\u00f3n hasta el punto triple del arg\u00f3n, aprox. -189 \u00b0C.<\/span><\/span><\/p>\n\n\n\n<p><mark style=\"background-color:rgba(0, 0, 0, 0)\" class=\"has-inline-color has-accent-3-color\"><i class=\"fas fa-circle-check\"><\/i> <\/mark><span><strong>Rango de temperatura:<\/strong> Con un rango de uso de -200 \u00b0C a 250 \u00b0C, nuestro term\u00f3metro de referencia SPRT secundario modelo 216 cubre temperaturas bajas. Esto lo convierte en una soluci\u00f3n vers\u00e1til para una gran variedad de exigencias de medici\u00f3n.<\/span><\/p>\n<\/div>\n\n\n\n<div class=\"wp-block-column is-layout-flow wp-block-column-is-layout-flow\" style=\"flex-basis:33.33%\">\n<figure class=\"wp-block-image size-medium\"><img loading=\"lazy\" decoding=\"async\" width=\"300\" height=\"300\" src=\"https:\/\/www.klasmeier.com\/wp-content\/uploads\/klasmeier_EU_Precision_Thermometry_transparent-300x300.webp\" alt=\"\" class=\"wp-image-13164\" srcset=\"https:\/\/www.klasmeier.com\/wp-content\/uploads\/klasmeier_EU_Precision_Thermometry_transparent-300x300.webp 300w, https:\/\/www.klasmeier.com\/wp-content\/uploads\/klasmeier_EU_Precision_Thermometry_transparent-150x150.webp 150w, https:\/\/www.klasmeier.com\/wp-content\/uploads\/klasmeier_EU_Precision_Thermometry_transparent-768x768.webp 768w, https:\/\/www.klasmeier.com\/wp-content\/uploads\/klasmeier_EU_Precision_Thermometry_transparent-600x600.webp 600w, https:\/\/www.klasmeier.com\/wp-content\/uploads\/klasmeier_EU_Precision_Thermometry_transparent-100x100.webp 100w, https:\/\/www.klasmeier.com\/wp-content\/uploads\/klasmeier_EU_Precision_Thermometry_transparent.webp 1024w\" sizes=\"auto, (max-width: 300px) 100vw, 300px\" \/><\/figure>\n<\/div>\n<\/div>\n\n\n\n<p><mark style=\"background-color:rgba(0, 0, 0, 0)\" class=\"has-inline-color has-accent-3-color\"><i class=\"fas fa-circle-check\"><\/i><\/mark> <span><strong>Bajas incertidumbres de medici\u00f3n:<\/strong> La precisi\u00f3n del term\u00f3metro se refleja en sus reducidas incertidumbres de medici\u00f3n, de solo 4,5 mK a 7 mK, dentro de una calibraci\u00f3n acreditada DAkkS seg\u00fan DIN EN ISO\/IEC 17025. Esta elevada exactitud garantiza resultados fiables en todos los \u00e1mbitos de aplicaci\u00f3n.<\/span><\/p>\n\n\n\n<p><mark style=\"background-color:rgba(0, 0, 0, 0)\" class=\"has-inline-color has-accent-3-color\"><i class=\"fas fa-circle-check\"><\/i><\/mark> <span><strong>Robustez:<\/strong> Como alternativa resistente a los SPRT muy delicados con vaina de cuarzo, nuestro term\u00f3metro de referencia SPRT secundario est\u00e1 equipado con vaina met\u00e1lica y resistencias de medici\u00f3n estables. Resulta as\u00ed ideal para un uso prolongado.<\/span><\/p>\n\n\n\n<p><mark style=\"background-color:rgba(0, 0, 0, 0)\" class=\"has-inline-color has-accent-3-color\"><i class=\"fas fa-circle-check\"><\/i><\/mark> <span><strong>Nueva sonda SPRT:<\/strong> El sensor SPRT desarrollado por Klasmeier se ha mejorado en los siguientes aspectos:<\/span><\/p>\n\n\n\n<div class=\"wp-block-columns is-layout-flex wp-container-core-columns-is-layout-28f84493 wp-block-columns-is-layout-flex\">\n<div class=\"wp-block-column is-layout-flow wp-block-column-is-layout-flow\" style=\"flex-basis:100%\">\n<ul class=\"wp-block-list is-style-checkmark-list\">\n<li>Respuesta r\u00e1pida<\/li>\n\n\n\n<li>Baja hist\u00e9resis<\/li>\n\n\n\n<li>Baja autocalentamiento<\/li>\n\n\n\n<li>Excelente reproducibilidad y estabilidad<\/li>\n<\/ul>\n<\/div>\n<\/div>\n<\/div>\n\n\n\n<div class=\"wp-block-group alignwide is-vertical is-layout-flex wp-container-core-group-is-layout-ab79abe2 wp-block-group-is-layout-flex\" style=\"padding-top:var(--wp--preset--spacing--30);padding-bottom:var(--wp--preset--spacing--30)\">\n<h3 class=\"wp-block-heading\"><strong>Calibraci\u00f3n certificada DAkkS de SPRT para bajas temperaturas<\/strong><\/h3>\n\n\n\n<p><span>En nuestro propio <strong><a href=\"https:\/\/www.klasmeier.com\/es\/el-servicio-de-calibracion-klasmeier\/\" data-type=\"link\" data-id=\"https:\/\/www.klasmeier.com\/kalibrierdienst-klasmeier\/\">laboratorio de calibraci\u00f3n acreditado DAkkS<\/a><\/strong> ofrecemos servicios de calibraci\u00f3n de alta precisi\u00f3n para term\u00f3metros SPRT de baja temperatura. Nuestra acreditaci\u00f3n garantiza que cada calibraci\u00f3n se lleve a cabo siguiendo las normas internacionales reconocidas de la <strong>DIN EN ISO\/IEC 17025<\/strong>. Esto asegura una trazabilidad completa a patrones nacionales e internacionales.<\/span><\/p>\n\n\n\n<p><span>Nuestro term\u00f3metro de referencia SPRT secundario para bajas temperaturas est\u00e1 especialmente dise\u00f1ado para calibrarse hasta el punto triple del arg\u00f3n. Esto permite su uso en el rango de temperatura muy bajo, en aplicaciones que requieran mediciones de temperatura fiables.<\/span><\/p>\n\n\n\n<figure class=\"wp-block-image size-large has-custom-border\"><img loading=\"lazy\" decoding=\"async\" width=\"1024\" height=\"567\" src=\"https:\/\/www.klasmeier.com\/wp-content\/uploads\/SPRT-216-eXacal-Klasmeier-1024x567.png\" alt=\"Incertidumbre de medici\u00f3n: Term\u00f3metro SPRT secundario de referencia modelo 216\" class=\"wp-image-6205\" style=\"border-radius:50px\" srcset=\"https:\/\/www.klasmeier.com\/wp-content\/uploads\/SPRT-216-eXacal-Klasmeier-1024x567.png 1024w, https:\/\/www.klasmeier.com\/wp-content\/uploads\/SPRT-216-eXacal-Klasmeier-300x166.png 300w, https:\/\/www.klasmeier.com\/wp-content\/uploads\/SPRT-216-eXacal-Klasmeier-768x425.png 768w, https:\/\/www.klasmeier.com\/wp-content\/uploads\/SPRT-216-eXacal-Klasmeier-1536x850.png 1536w, https:\/\/www.klasmeier.com\/wp-content\/uploads\/SPRT-216-eXacal-Klasmeier-2048x1134.png 2048w, https:\/\/www.klasmeier.com\/wp-content\/uploads\/SPRT-216-eXacal-Klasmeier-600x332.png 600w\" sizes=\"auto, (max-width: 1024px) 100vw, 1024px\" \/><\/figure>\n\n\n\n<div style=\"height:45px\" aria-hidden=\"true\" class=\"wp-block-spacer wp-container-content-95fa6ccb\"><\/div>\n\n\n\n<figure class=\"wp-block-table pttb\"><table class=\"has-fixed-layout\"><tbody><tr><td class=\"has-text-align-center\" data-align=\"center\"><strong>Rango<\/strong><\/td><td><strong>Puntos fijos de temperatura<\/strong><\/td><td><strong>Incertidumbre de medici\u00f3n<\/strong><\/td><\/tr><tr><td class=\"has-text-align-center\" data-align=\"center\">-189,3442 \u00b0C &#8211; 0,01 \u00b0C<\/td><td>Arg\u00f3n hasta agua<\/td><td>6 mK<\/td><\/tr><tr><td class=\"has-text-align-center\" data-align=\"center\">-38,8344 \u00b0C &#8211; 0,01 \u00b0C<\/td><td>Mercurio hasta agua<\/td><td>6 mK<\/td><\/tr><tr><td class=\"has-text-align-center\" data-align=\"center\">0,01 \u00b0C &#8211; 29,7646 \u00b0C<\/td><td>Agua hasta galio<\/td><td>6 mK<\/td><\/tr><tr><td class=\"has-text-align-center\" data-align=\"center\">0,01 \u00b0C &#8211; 156,5985 \u00b0C<\/td><td>Agua hasta indio<\/td><td>6 mK<\/td><\/tr><tr><td class=\"has-text-align-center\" data-align=\"center\">0,01 \u00b0C &#8211; 231,928 \u00b0C<\/td><td>Agua hasta esta\u00f1o<\/td><td>7 mK<\/td><\/tr><\/tbody><\/table><figcaption class=\"wp-element-caption\">Las incertidumbres de medici\u00f3n indicadas corresponden a k=2, incluyen la funci\u00f3n de desviaci\u00f3n ITS-90, autocalentamiento e hist\u00e9resis, y est\u00e1n especificadas para cada rango.<\/figcaption><\/figure>\n<\/div>\n\n\n\n<div class=\"wp-block-group is-vertical is-content-justification-center is-layout-flex wp-container-core-group-is-layout-7add347e wp-block-group-is-layout-flex\" style=\"padding-top:var(--wp--preset--spacing--30);padding-bottom:var(--wp--preset--spacing--30)\">\n<h3 class=\"wp-block-heading\">\u00bfQu\u00e9 hace especial nuestra calibraci\u00f3n?<\/h3>\n\n\n\n<p><mark style=\"background-color:rgba(0, 0, 0, 0)\" class=\"has-inline-color has-accent-3-color\"><i class=\"fas fa-circle-check\"><\/i><\/mark> <span><strong>Trazabilidad:<\/strong> Gracias a nuestra acreditaci\u00f3n DAkkS, cada calibraci\u00f3n se vincula directamente con patrones nacionales e internacionales. Esto le garantiza que sus resultados de medici\u00f3n sean reconocidos a nivel mundial.<\/span><\/p>\n\n\n\n<p><mark style=\"background-color:rgba(0, 0, 0, 0)\" class=\"has-inline-color has-accent-3-color\"><i class=\"fas fa-circle-check\"><\/i><\/mark> <span><strong>Incertidumbre de medici\u00f3n:<\/strong> La exactitud de nuestra calibraci\u00f3n se basa en una evaluaci\u00f3n minuciosa de todos los componentes de incertidumbre, incluida la reproducibilidad del term\u00f3metro, la funci\u00f3n de desviaci\u00f3n ITS-90, el autocalentamiento y la hist\u00e9resis del sensor.<\/span><\/p>\n\n\n\n<p><mark style=\"background-color:rgba(0, 0, 0, 0)\" class=\"has-inline-color has-accent-3-color\"><i class=\"fas fa-circle-check\"><\/i><\/mark> <span><strong>Rango de uso:<\/strong> Con la informaci\u00f3n detallada que proporciona el certificado de calibraci\u00f3n, podr\u00e1 utilizar su SPRT de baja temperatura con <strong>total confianza<\/strong> en el rango de -189 \u00b0C a 232 \u00b0C.<\/span><\/p>\n<\/div>\n<\/div>\n\n\n\n<p><\/p>\n","protected":false},"excerpt":{"rendered":"<p>Modelo: eXacal 216<br \/>\nFabricante: Klasmeier<\/p>\n","protected":false},"featured_media":8847,"template":"","meta":[],"product_brand":[],"product_cat":[],"product_tag":[],"class_list":{"0":"post-8846","1":"product","2":"type-product","3":"status-publish","4":"has-post-thumbnail","7":"first","8":"instock","9":"shipping-taxable","10":"product-type-simple"},"_links":{"self":[{"href":"https:\/\/www.klasmeier.com\/es\/wp-json\/wp\/v2\/product\/8846","targetHints":{"allow":["GET"]}}],"collection":[{"href":"https:\/\/www.klasmeier.com\/es\/wp-json\/wp\/v2\/product"}],"about":[{"href":"https:\/\/www.klasmeier.com\/es\/wp-json\/wp\/v2\/types\/product"}],"wp:featuredmedia":[{"embeddable":true,"href":"https:\/\/www.klasmeier.com\/es\/wp-json\/wp\/v2\/media\/8847"}],"wp:attachment":[{"href":"https:\/\/www.klasmeier.com\/es\/wp-json\/wp\/v2\/media?parent=8846"}],"wp:term":[{"taxonomy":"product_brand","embeddable":true,"href":"https:\/\/www.klasmeier.com\/es\/wp-json\/wp\/v2\/product_brand?post=8846"},{"taxonomy":"product_cat","embeddable":true,"href":"https:\/\/www.klasmeier.com\/es\/wp-json\/wp\/v2\/product_cat?post=8846"},{"taxonomy":"product_tag","embeddable":true,"href":"https:\/\/www.klasmeier.com\/es\/wp-json\/wp\/v2\/product_tag?post=8846"}],"curies":[{"name":"wp","href":"https:\/\/api.w.org\/{rel}","templated":true}]}}