{"id":3185,"date":"2024-04-20T18:18:41","date_gmt":"2024-04-20T16:18:41","guid":{"rendered":"https:\/\/www.klasmeier.com\/grundlagen-der-temperatur\/"},"modified":"2026-01-28T10:28:13","modified_gmt":"2026-01-28T09:28:13","slug":"grundlagen-der-temperatur","status":"publish","type":"page","link":"https:\/\/www.klasmeier.com\/en\/seminare\/grundlagen-der-temperatur\/","title":{"rendered":"Grundlagen der Temperatur"},"content":{"rendered":"\n<div class=\"wp-block-group alignfull has-global-padding is-layout-constrained wp-container-core-group-is-layout-45ea9409 wp-block-group-is-layout-constrained\" style=\"padding-right:var(--wp--preset--spacing--30);padding-left:var(--wp--preset--spacing--30)\">\n<figure class=\"wp-block-image alignwide size-full has-custom-border\"><img loading=\"lazy\" decoding=\"async\" width=\"1700\" height=\"817\" src=\"https:\/\/www.klasmeier.com\/wp-content\/uploads\/Kalibrierseminare-Klasmeier.jpg\" alt=\"\" class=\"wp-image-2780\" style=\"border-radius:50px\" srcset=\"https:\/\/www.klasmeier.com\/wp-content\/uploads\/Kalibrierseminare-Klasmeier.jpg 1700w, https:\/\/www.klasmeier.com\/wp-content\/uploads\/Kalibrierseminare-Klasmeier-300x144.jpg 300w, https:\/\/www.klasmeier.com\/wp-content\/uploads\/Kalibrierseminare-Klasmeier-1024x492.jpg 1024w, https:\/\/www.klasmeier.com\/wp-content\/uploads\/Kalibrierseminare-Klasmeier-768x369.jpg 768w, https:\/\/www.klasmeier.com\/wp-content\/uploads\/Kalibrierseminare-Klasmeier-1536x738.jpg 1536w, https:\/\/www.klasmeier.com\/wp-content\/uploads\/Kalibrierseminare-Klasmeier-600x288.jpg 600w\" sizes=\"auto, (max-width: 1700px) 100vw, 1700px\" \/><\/figure>\n\n\n\n<h2 class=\"wp-block-heading alignwide has-text-align-center\">Online-Seminar Grundlagen der Temperaturmessung und Temperaturkalibrierung<\/h2>\n\n\n\n<h3 class=\"wp-block-heading alignwide has-text-align-center\">Was Sie in diesem Seminar lernen<\/h3>\n\n\n\n<p class=\"has-text-align-center\"><strong>Lernen Sie ohne Vorkenntnisse die Welt der Temperaturmessung und Temperaturkalibrierung kennen.<br><\/strong>Grundlagenseminar mit virtuellen Konferenzen und Live-Videos aus dem Kalibrierlabor.&nbsp;<\/p>\n\n\n\n<h3 class=\"wp-block-heading has-text-align-center\">F\u00fcr wen dieses Seminar geeignet ist<\/h3>\n\n\n\n<div class=\"wp-block-columns is-layout-flex wp-container-core-columns-is-layout-ed028fa6 wp-block-columns-is-layout-flex\" style=\"padding-top:var(--wp--preset--spacing--20);padding-bottom:var(--wp--preset--spacing--20)\">\n<div class=\"wp-block-column is-layout-flow wp-block-column-is-layout-flow\">\n<div class=\"wp-block-group hvr-grow has-accent-background-color has-background is-vertical is-content-justification-center is-layout-flex wp-container-core-group-is-layout-aacb5aaa wp-block-group-is-layout-flex\" style=\"border-radius:50px;padding-top:var(--wp--preset--spacing--30);padding-right:var(--wp--preset--spacing--30);padding-bottom:var(--wp--preset--spacing--30);padding-left:var(--wp--preset--spacing--30)\">\n<h4 class=\"wp-block-heading has-text-align-center\"><strong>Einsteiger<\/strong><\/h4>\n\n\n\n<p class=\"has-text-align-center\"><mark style=\"background-color:rgba(0, 0, 0, 0);color:#dd3333\" class=\"has-inline-color\"><i class=\"far fa-id-card fa-6x\"><\/i><\/mark><\/p>\n\n\n\n<p class=\"has-text-align-center\" style=\"font-size:clamp(0.875rem, 0.875rem + ((1vw - 0.2rem) * 0.492), 1.17rem);\">Sie sind <strong>neu im Unternehmen<\/strong> und wollen sich <strong>in das Thema Temperaturmessung<\/strong> <strong>einarbeiten<\/strong>?<\/p>\n<\/div>\n<\/div>\n\n\n\n<div class=\"wp-block-column is-layout-flow wp-block-column-is-layout-flow\">\n<div class=\"wp-block-group hvr-grow has-accent-background-color has-background is-vertical is-content-justification-center is-layout-flex wp-container-core-group-is-layout-aacb5aaa wp-block-group-is-layout-flex\" style=\"border-radius:50px;padding-top:var(--wp--preset--spacing--30);padding-right:var(--wp--preset--spacing--30);padding-bottom:var(--wp--preset--spacing--30);padding-left:var(--wp--preset--spacing--30)\">\n<h4 class=\"wp-block-heading has-text-align-center\"><strong>Neu in der Abteilung<\/strong><\/h4>\n\n\n\n<p class=\"has-text-align-center\"><mark style=\"background-color:rgba(0, 0, 0, 0);color:#dd3333\" class=\"has-inline-color\"><i class=\"fas fa-rotate fa-6x\"><\/i><\/mark><\/p>\n\n\n\n<p class=\"has-text-align-center\" style=\"font-size:clamp(0.875rem, 0.875rem + ((1vw - 0.2rem) * 0.458), 1.15rem);\">Sie haben die <strong>Abteilung gewechselt<\/strong> und <strong>Thermometer kalibrieren<\/strong> geh\u00f6rt nun zu <strong>Ihrem Arbeitsbereich<\/strong>?<\/p>\n<\/div>\n<\/div>\n\n\n\n<div class=\"wp-block-column is-layout-flow wp-block-column-is-layout-flow\">\n<div class=\"wp-block-group hvr-grow has-accent-background-color has-background is-vertical is-content-justification-center is-layout-flex wp-container-core-group-is-layout-aacb5aaa wp-block-group-is-layout-flex\" style=\"border-radius:50px;padding-top:var(--wp--preset--spacing--30);padding-right:var(--wp--preset--spacing--30);padding-bottom:var(--wp--preset--spacing--30);padding-left:var(--wp--preset--spacing--30)\">\n<h4 class=\"wp-block-heading has-text-align-center\"><strong>Quereinsteiger<\/strong><\/h4>\n\n\n\n<p class=\"has-text-align-center\"><mark style=\"background-color:rgba(0, 0, 0, 0);color:#dd3333\" class=\"has-inline-color\"><i class=\"fas fa-right-from-bracket fa-6x\"><\/i><\/mark><\/p>\n\n\n\n<p class=\"has-text-align-center\" style=\"font-size:clamp(0.875rem, 0.875rem + ((1vw - 0.2rem) * 0.458), 1.15rem);\">Sie sind ein <strong>Quereinsteiger<\/strong> und wollen die <strong>Grundlagen<\/strong> im Umgang mit Thermometern <strong>lernen<\/strong>?<\/p>\n<\/div>\n<\/div>\n<\/div>\n\n\n\n<p><strong>Das Seminar f\u00fcr Einsteiger richtet sich an Teilnehmer, die den Umgang mit Thermometern lernen wollen.<\/strong> Grundkenntnisse k\u00f6nnen dabei hilfreich sein, sind aber nicht notwendig. Sie lernen neben den Grundlagen die wichtigsten Fachbegriffe, wie Thermometer funktionieren und wie Sie behandelt werden.<\/p>\n\n\n\n<h3 class=\"wp-block-heading has-text-align-center\">Vorteile des neuen Online-Formates<\/h3>\n\n\n\n<div class=\"wp-block-columns is-layout-flex wp-container-core-columns-is-layout-ed028fa6 wp-block-columns-is-layout-flex\" style=\"padding-top:var(--wp--preset--spacing--20);padding-bottom:var(--wp--preset--spacing--20)\">\n<div class=\"wp-block-column is-layout-flow wp-block-column-is-layout-flow\">\n<div class=\"wp-block-group hvr-grow has-accent-background-color has-background is-vertical is-content-justification-center is-layout-flex wp-container-core-group-is-layout-aacb5aaa wp-block-group-is-layout-flex\" style=\"border-radius:50px;padding-top:var(--wp--preset--spacing--30);padding-right:var(--wp--preset--spacing--30);padding-bottom:var(--wp--preset--spacing--30);padding-left:var(--wp--preset--spacing--30)\">\n<h4 class=\"wp-block-heading has-text-align-center\"><strong>Virtuelle Konferenz<\/strong><\/h4>\n\n\n\n<p class=\"has-text-align-center\"><mark style=\"background-color:rgba(0, 0, 0, 0);color:#dd3333\" class=\"has-inline-color\"><i class=\"fas fa-desktop fa-6x\"><\/i><\/mark><\/p>\n\n\n\n<p class=\"has-text-align-center\">Bei unserem Seminar k\u00f6nnen Sie <strong>aktiv mitmachen<\/strong>. Sie k\u00f6nnen <strong>jederzeit Fragen stellen<\/strong> und <strong>mit anderen Erfahrungen austauschen<\/strong>. Wir richten daf\u00fcr einen virtuellen Konferenzraum ein. Es ist also kein Webinar, bei dem es nur ums Zuh\u00f6ren geht.<\/p>\n<\/div>\n<\/div>\n\n\n\n<div class=\"wp-block-column is-layout-flow wp-block-column-is-layout-flow\">\n<div class=\"wp-block-group hvr-grow has-accent-background-color has-background is-vertical is-content-justification-center is-layout-flex wp-container-core-group-is-layout-aacb5aaa wp-block-group-is-layout-flex\" style=\"border-radius:50px;padding-top:var(--wp--preset--spacing--30);padding-right:var(--wp--preset--spacing--30);padding-bottom:var(--wp--preset--spacing--30);padding-left:var(--wp--preset--spacing--30)\">\n<h4 class=\"wp-block-heading has-text-align-center\"><strong>Live-Video<\/strong><\/h4>\n\n\n\n<p class=\"has-text-align-center\"><mark style=\"background-color:rgba(0, 0, 0, 0);color:#dd3333\" class=\"has-inline-color\"><i class=\"fas fa-video fa-6x\"><\/i><\/mark><\/p>\n\n\n\n<p class=\"has-text-align-center\">Schauen Sie den Anwendern \u00fcber die Schulter! Die <strong>praktische Umsetzung<\/strong> der Theorie wird <strong>per Live-Video<\/strong> gezeigt. Wir schalten in unser Kalibrierlabor und <strong>zeigen Ihnen<\/strong> die <strong>technische Umsetzung<\/strong>. Sie k\u00f6nnen zu jeder Zeit Fragen stellen.&nbsp;<\/p>\n<\/div>\n<\/div>\n\n\n\n<div class=\"wp-block-column is-layout-flow wp-block-column-is-layout-flow\">\n<div class=\"wp-block-group hvr-grow has-accent-background-color has-background is-vertical is-content-justification-center is-layout-flex wp-container-core-group-is-layout-aacb5aaa wp-block-group-is-layout-flex\" style=\"border-radius:50px;padding-top:var(--wp--preset--spacing--30);padding-right:var(--wp--preset--spacing--30);padding-bottom:var(--wp--preset--spacing--30);padding-left:var(--wp--preset--spacing--30)\">\n<h4 class=\"wp-block-heading has-text-align-center\"><strong>Klasmeier Connect<\/strong><\/h4>\n\n\n\n<p class=\"has-text-align-center\"><mark style=\"background-color:rgba(0, 0, 0, 0);color:#dd3333\" class=\"has-inline-color\"><i class=\"fas fa-comments fa-6x\"><\/i><\/mark><\/p>\n\n\n\n<p class=\"has-text-align-center\">Mit <strong>Gruppen-Chat und Direkt-nachrichten<\/strong> k\u00f6nnen Sie sich in der <a href=\"\/connect\/\">KlasmeierConnect Community<\/a>&nbsp;<strong>mit Teilnehmern und Referenten austauschen, Videos anschauen und PDF\u2019s downloaden<\/strong>. <br>Der Zugang bleibt nach dem Seminar erhalten.&nbsp;<\/p>\n<\/div>\n<\/div>\n<\/div>\n\n\n\n<div class=\"wp-block-group alignfull has-global-padding is-layout-constrained wp-container-core-group-is-layout-80fb368b wp-block-group-is-layout-constrained\" style=\"padding-top:var(--wp--preset--spacing--30);padding-right:var(--wp--preset--spacing--30);padding-bottom:var(--wp--preset--spacing--30);padding-left:var(--wp--preset--spacing--30)\">\n<div class=\"wp-block-group alignwide hvr-grow has-accent-background-color has-background is-vertical is-content-justification-center is-layout-flex wp-container-core-group-is-layout-386451ff wp-block-group-is-layout-flex\" style=\"border-radius:50px;padding-top:var(--wp--preset--spacing--30);padding-right:var(--wp--preset--spacing--30);padding-bottom:var(--wp--preset--spacing--30);padding-left:var(--wp--preset--spacing--30)\">\n<h3 class=\"wp-block-heading\">Termine<\/h3>\n\n\n\n<p><strong>Komplett-Seminar in sechs Online-Modulen<\/strong> mit Live-Videos<\/p>\n\n\n\n<p><strong>24.02.2026, 26.02.2026, 03.03.2026, 05.03.2026, 10.03.2026, 12.03.2026<\/strong><\/p>\n\n\n\n<p class=\"has-text-align-center\">jeweils dienstags und donnerstags <br>10:00 \u2013 11:30 Uhr<\/p>\n\n\n\n<p><strong>Preis: 1.060 \u20ac<\/strong><\/p>\n\n\n\n<div class=\"wp-block-buttons is-content-justification-center is-layout-flex wp-container-core-buttons-is-layout-a89b3969 wp-block-buttons-is-layout-flex\">\n<div class=\"wp-block-button hvr-shrink is-style-outline is-style-outline--1\"><a class=\"wp-block-button__link wp-element-button\" href=\"https:\/\/www.klasmeier.com\/seminare\/online-buchungssystem\/\">Seminar buchen<\/a><\/div>\n<\/div>\n\n\n\n<p>Anmeldeschluss: 04.02.2026<\/p>\n<\/div>\n<\/div>\n<\/div>\n\n\n\n<div class=\"wp-block-group alignfull has-global-padding is-layout-constrained wp-container-core-group-is-layout-bffc7401 wp-block-group-is-layout-constrained\" style=\"padding-top:var(--wp--preset--spacing--30);padding-right:var(--wp--preset--spacing--30);padding-bottom:var(--wp--preset--spacing--30);padding-left:var(--wp--preset--spacing--30)\">\n<h3 class=\"wp-block-heading alignwide has-text-align-center\">So l\u00e4uft das Online-Seminar ab<\/h3>\n\n\n\n<div class=\"wp-block-group alignwide has-global-padding is-layout-constrained wp-container-core-group-is-layout-7686fe3b wp-block-group-is-layout-constrained\">\n<p><mark style=\"background-color:rgba(0, 0, 0, 0);color:#dd3333\" class=\"has-inline-color\"><i class=\"fas fa-circle-check\"><\/i><\/mark> Die Inhalte werden auf jeweils <strong>sechs aufeinander folgende Module<\/strong> verteilt, die <strong>jeweils ca. 90 Minuten<\/strong> dauern.<\/p>\n\n\n\n<p><mark style=\"background-color:rgba(0, 0, 0, 0);color:#dd3333\" class=\"has-inline-color\"><i class=\"fas fa-circle-check\"><\/i><\/mark> <strong>Die einzelnen Module bestehen aus zwei Teilen.<\/strong> In den ersten 60 Minuten vermitteln wir Ihnen die <strong>theoretischen Inhalte<\/strong> in Form von <strong>virtuellen Konferenzen<\/strong>.&nbsp;Im zweiten Teil der Module schalten wir per <strong>Live-Video in unser Kalibrierlabor<\/strong>. Hier sehen Sie die <strong>praktische Umsetzung<\/strong> der Theorie.&nbsp;Es besteht zu jedem Zeitpunkt die M\u00f6glichkeit Fragen zu stellen und sich auszutauschen. &nbsp;<\/p>\n\n\n\n<p><mark style=\"background-color:rgba(0, 0, 0, 0);color:#dd3333\" class=\"has-inline-color\"><i class=\"fas fa-circle-check\"><\/i><\/mark> <strong>Und keine Sorge, wenn Sie an einem der Termine nicht live dabei sein k\u00f6nnen: Die Module<\/strong> \u2013 mit virtueller Konferenz und Live-Video \u2013 <strong>werden aufgezeichnet und k\u00f6nnen<\/strong> \u00fcber unsere Klasmeier.Connect Community <strong>jederzeit noch einmal angesehen werden<\/strong>. <strong>Digitale Handouts<\/strong> stehen <strong>als PDF zum Download<\/strong> zur Verf\u00fcgung.&nbsp;<\/p>\n<\/div>\n<\/div>\n\n\n\n<div class=\"wp-block-group alignfull has-global-padding is-layout-constrained wp-container-core-group-is-layout-2abd3d7a wp-block-group-is-layout-constrained\" style=\"padding-right:var(--wp--preset--spacing--30);padding-left:var(--wp--preset--spacing--30)\">\n<h3 class=\"wp-block-heading alignwide has-text-align-center\">Inhalt des Seminars<\/h3>\n\n\n\n<div class=\"wp-block-group alignwide hvr-grow has-accent-background-color has-background is-vertical is-content-justification-stretch is-layout-flex wp-container-core-group-is-layout-dd203085 wp-block-group-is-layout-flex\" style=\"border-radius:50px;margin-top:var(--wp--preset--spacing--30);margin-bottom:var(--wp--preset--spacing--30);padding-top:var(--wp--preset--spacing--30);padding-right:var(--wp--preset--spacing--30);padding-bottom:var(--wp--preset--spacing--30);padding-left:var(--wp--preset--spacing--30)\">\n<h4 class=\"wp-block-heading alignwide has-text-align-center\"><strong>Modul 1 &#8211; Grundlagen der Temperaturmesstechnik<\/strong><\/h4>\n\n\n\n<p>Nach einer kurzen Vorstellung&nbsp;erkl\u00e4ren wir Ihnen die allgemeinen Grundlagen der Temperaturmesstechnik und Temperaturkalibrierung und stellen Ihnen die wichtigsten Normen und Kennlinien vor.<\/p>\n\n\n\n<div class=\"wp-block-group alignwide has-global-padding is-layout-constrained wp-container-core-group-is-layout-7bc74264 wp-block-group-is-layout-constrained\">\n<p><mark style=\"background-color:rgba(0, 0, 0, 0);color:#dd3333\" class=\"has-inline-color\"><i class=\"fas fa-circle-check\"><\/i><\/mark> Geschichte der Temperaturmessung<\/p>\n\n\n\n<p><mark style=\"background-color:rgba(0, 0, 0, 0);color:#dd3333\" class=\"has-inline-color\"><i class=\"fas fa-circle-check\"><\/i><\/mark> Das Ma\u00dfsystem<\/p>\n\n\n\n<p><mark style=\"background-color:rgba(0, 0, 0, 0);color:#dd3333\" class=\"has-inline-color\"><i class=\"fas fa-circle-check\"><\/i><\/mark> Temperaturskalen<\/p>\n\n\n\n<p><mark style=\"background-color:rgba(0, 0, 0, 0);color:#dd3333\" class=\"has-inline-color\"><i class=\"fas fa-circle-check\"><\/i><\/mark> Pyramide der R\u00fcckf\u00fchrbarkeit<\/p>\n\n\n\n<p><mark style=\"background-color:rgba(0, 0, 0, 0);color:#dd3333\" class=\"has-inline-color\"><i class=\"fas fa-circle-check\"><\/i><\/mark> DKD-DAkkS Richtlinien zum Messen und Kalibrieren<\/p>\n<\/div>\n<\/div>\n\n\n\n<div class=\"wp-block-group alignwide hvr-grow has-accent-background-color has-background is-vertical is-content-justification-stretch is-layout-flex wp-container-core-group-is-layout-dd203085 wp-block-group-is-layout-flex\" style=\"border-radius:50px;margin-top:var(--wp--preset--spacing--30);margin-bottom:var(--wp--preset--spacing--30);padding-top:var(--wp--preset--spacing--30);padding-right:var(--wp--preset--spacing--30);padding-bottom:var(--wp--preset--spacing--30);padding-left:var(--wp--preset--spacing--30)\">\n<h4 class=\"wp-block-heading alignwide has-text-align-center\"><strong>Modul 2 &#8211; <strong>Alles \u00fcber Thermoelemente!<\/strong><\/strong><\/h4>\n\n\n\n<div class=\"wp-block-group alignwide has-global-padding is-layout-constrained wp-container-core-group-is-layout-7bc74264 wp-block-group-is-layout-constrained\">\n<p><mark style=\"background-color:rgba(0, 0, 0, 0);color:#dd3333\" class=\"has-inline-color\"><i class=\"fas fa-circle-check\"><\/i><\/mark> Funktionsprinzip und Grundlagen (Seebeck Effekt)<\/p>\n\n\n\n<p><mark style=\"background-color:rgba(0, 0, 0, 0);color:#dd3333\" class=\"has-inline-color\"><i class=\"fas fa-circle-check\"><\/i><\/mark> Entstehung der Thermospannung (Temperaturgradient)<\/p>\n\n\n\n<p><mark style=\"background-color:rgba(0, 0, 0, 0);color:#dd3333\" class=\"has-inline-color\"><i class=\"fas fa-circle-check\"><\/i><\/mark> Thermoelement Vergleichsstelle<\/p>\n\n\n\n<p><mark style=\"background-color:rgba(0, 0, 0, 0);color:#dd3333\" class=\"has-inline-color\"><i class=\"fas fa-circle-check\"><\/i><\/mark> Thermoelement Typen<\/p>\n\n\n\n<p><mark style=\"background-color:rgba(0, 0, 0, 0);color:#dd3333\" class=\"has-inline-color\"><i class=\"fas fa-circle-check\"><\/i><\/mark> Messtechnik f\u00fcr Thermoelemente<\/p>\n\n\n\n<p><mark style=\"background-color:rgba(0, 0, 0, 0);color:#dd3333\" class=\"has-inline-color\"><i class=\"fas fa-circle-check\"><\/i><\/mark> Normen und Definitionen<\/p>\n<\/div>\n\n\n\n<p>Nach dem Theorieteil schalten wir ins Kalibrierlabor und zeigen per Live-Video den Aufbau einer Thermoelement-Messkette. Wir kl\u00e4ren die verschiedenen Thermoelement-Typen und deren Aufbau. Wir zeigen wie Mini Stecker und die Thermoelement-Vergleichsstelle zusammenh\u00e4ngen.<\/p>\n<\/div>\n\n\n\n<div class=\"wp-block-group alignwide hvr-grow has-accent-background-color has-background is-vertical is-content-justification-stretch is-layout-flex wp-container-core-group-is-layout-dd203085 wp-block-group-is-layout-flex\" style=\"border-radius:50px;margin-top:var(--wp--preset--spacing--30);margin-bottom:var(--wp--preset--spacing--30);padding-top:var(--wp--preset--spacing--30);padding-right:var(--wp--preset--spacing--30);padding-bottom:var(--wp--preset--spacing--30);padding-left:var(--wp--preset--spacing--30)\">\n<h4 class=\"wp-block-heading alignwide has-text-align-center\"><strong>Modul 3 &#8211; <strong>Die Funktionsweise von Widerstandsthermometern (wie z.B. Pt100).<\/strong><\/strong><\/h4>\n\n\n\n<div class=\"wp-block-group alignwide has-global-padding is-layout-constrained wp-container-core-group-is-layout-7bc74264 wp-block-group-is-layout-constrained\">\n<p><mark style=\"background-color:rgba(0, 0, 0, 0);color:#dd3333\" class=\"has-inline-color\"><i class=\"fas fa-circle-check\"><\/i><\/mark> PT100 und weitere F\u00fchlertypen<\/p>\n\n\n\n<p><mark style=\"background-color:rgba(0, 0, 0, 0);color:#dd3333\" class=\"has-inline-color\"><i class=\"fas fa-circle-check\"><\/i><\/mark> Aufbau und Konstruktion verschiedener F\u00fchlertypen<\/p>\n\n\n\n<p><mark style=\"background-color:rgba(0, 0, 0, 0);color:#dd3333\" class=\"has-inline-color\"><i class=\"fas fa-circle-check\"><\/i><\/mark> Zwei-, Drei- und Vierleitertechnik<\/p>\n\n\n\n<p><mark style=\"background-color:rgba(0, 0, 0, 0);color:#dd3333\" class=\"has-inline-color\"><i class=\"fas fa-circle-check\"><\/i><\/mark> Messtechnik f\u00fcr Widerstandsthermometer&nbsp;<\/p>\n\n\n\n<p><mark style=\"background-color:rgba(0, 0, 0, 0);color:#dd3333\" class=\"has-inline-color\"><i class=\"fas fa-circle-check\"><\/i><\/mark> Normen und Definitionen<\/p>\n<\/div>\n\n\n\n<p>Im praktischen Teil schlie\u00dfen wir in diesem Modul ein Widerstandsthermometer an eine Messbr\u00fccke an. Wir erkl\u00e4ren die unterschiedlichen Arten von Thermometern und zeigen wie sie funktionieren. Nachdem wir den Unterschied zwischen Drei- und Vierleiter Technik erkl\u00e4rt haben, verwenden wir die ITS-90 Kennlinienfunktion um die gemessenen Widerstandswerte in Temperaturen umzurechnen.&nbsp;<\/p>\n<\/div>\n\n\n\n<div class=\"wp-block-group alignwide hvr-grow has-accent-background-color has-background is-vertical is-content-justification-stretch is-layout-flex wp-container-core-group-is-layout-dd203085 wp-block-group-is-layout-flex\" style=\"border-radius:50px;margin-top:var(--wp--preset--spacing--30);margin-bottom:var(--wp--preset--spacing--30);padding-top:var(--wp--preset--spacing--30);padding-right:var(--wp--preset--spacing--30);padding-bottom:var(--wp--preset--spacing--30);padding-left:var(--wp--preset--spacing--30)\">\n<h4 class=\"wp-block-heading alignwide has-text-align-center\"><strong>Modul 4 &#8211; <strong>Kalibrierung von Thermometern nach der Vergleichsmethode<\/strong><\/strong><\/h4>\n\n\n\n<div class=\"wp-block-group alignwide has-global-padding is-layout-constrained wp-container-core-group-is-layout-7bc74264 wp-block-group-is-layout-constrained\">\n<p><mark style=\"background-color:rgba(0, 0, 0, 0);color:#dd3333\" class=\"has-inline-color\"><i class=\"fas fa-circle-check\"><\/i><\/mark> Aufbau der Kalibrierung<\/p>\n\n\n\n<p><mark style=\"background-color:rgba(0, 0, 0, 0);color:#dd3333\" class=\"has-inline-color\"><i class=\"fas fa-circle-check\"><\/i><\/mark> Durchf\u00fchrung einer Kalibrierung&nbsp;<\/p>\n\n\n\n<p><mark style=\"background-color:rgba(0, 0, 0, 0);color:#dd3333\" class=\"has-inline-color\"><i class=\"fas fa-circle-check\"><\/i><\/mark> Fehlerquellen der Kalibrierung&nbsp;<\/p>\n\n\n\n<p><mark style=\"background-color:rgba(0, 0, 0, 0);color:#dd3333\" class=\"has-inline-color\"><i class=\"fas fa-circle-check\"><\/i><\/mark> DKD Richtlinien zum Kalibrieren<\/p>\n<\/div>\n\n\n\n<p>Per Live Video zeigen wir im praktischen Teil den Aufbau einer Kalibrierung nach der Vergleichsmethode. Wir verwenden Standard Platin Widerstandsthermometer (SPRT) um im Kalibrierbad industrielle Widerstandsthermometer auf DAkkS Niveau zu kalibrieren.&nbsp;<\/p>\n<\/div>\n\n\n\n<div class=\"wp-block-group alignwide hvr-grow has-accent-background-color has-background is-vertical is-content-justification-stretch is-layout-flex wp-container-core-group-is-layout-dd203085 wp-block-group-is-layout-flex\" style=\"border-radius:50px;margin-top:var(--wp--preset--spacing--30);margin-bottom:var(--wp--preset--spacing--30);padding-top:var(--wp--preset--spacing--30);padding-right:var(--wp--preset--spacing--30);padding-bottom:var(--wp--preset--spacing--30);padding-left:var(--wp--preset--spacing--30)\">\n<h4 class=\"wp-block-heading alignwide has-text-align-center\"><strong>Modul 5 &#8211; <strong>Kalibrierung von Thermometern an Temperatur-Fixpunkten<\/strong><\/strong><\/h4>\n\n\n\n<div class=\"wp-block-group alignwide has-global-padding is-layout-constrained wp-container-core-group-is-layout-7bc74264 wp-block-group-is-layout-constrained\">\n<p><mark style=\"background-color:rgba(0, 0, 0, 0);color:#dd3333\" class=\"has-inline-color\"><i class=\"fas fa-circle-check\"><\/i><\/mark> Historische Entwicklung der Temperatur-Fixpunkte<\/p>\n\n\n\n<p><mark style=\"background-color:rgba(0, 0, 0, 0);color:#dd3333\" class=\"has-inline-color\"><i class=\"fas fa-circle-check\"><\/i><\/mark> Die aktuelle Temperaturskala<\/p>\n\n\n\n<p><mark style=\"background-color:rgba(0, 0, 0, 0);color:#dd3333\" class=\"has-inline-color\"><i class=\"fas fa-circle-check\"><\/i><\/mark> Aufbau einer Fixpunkt-Kalibrierung<\/p>\n\n\n\n<p><mark style=\"background-color:rgba(0, 0, 0, 0);color:#dd3333\" class=\"has-inline-color\"><i class=\"fas fa-circle-check\"><\/i><\/mark> Die wichtigsten Temperatur-Fixpunkte und ihre Inbetriebnahme<\/p>\n\n\n\n<p><mark style=\"background-color:rgba(0, 0, 0, 0);color:#dd3333\" class=\"has-inline-color\"><i class=\"fas fa-circle-check\"><\/i><\/mark> Die Vor- und Nachteile einer Kalibrierung an Temperatur-Fixpunkten<\/p>\n<\/div>\n\n\n\n<p>Im Praxis Teil dieses Moduls schalten wir in unser Prim\u00e4r-Labor. Wir zeigen die verschiedenen Arten von Temperatur-Fixpunkten und wie sie in Betrieb genommen werden. Abschlie\u00dfend pr\u00e4parieren wir eine Wasser-Tripelpunktzelle.<\/p>\n<\/div>\n\n\n\n<div class=\"wp-block-group alignwide hvr-grow has-accent-background-color has-background is-vertical is-content-justification-stretch is-layout-flex wp-container-core-group-is-layout-dd203085 wp-block-group-is-layout-flex\" style=\"border-radius:50px;margin-top:var(--wp--preset--spacing--30);margin-bottom:var(--wp--preset--spacing--30);padding-top:var(--wp--preset--spacing--30);padding-right:var(--wp--preset--spacing--30);padding-bottom:var(--wp--preset--spacing--30);padding-left:var(--wp--preset--spacing--30)\">\n<h4 class=\"wp-block-heading alignwide has-text-align-center\"><strong>Modul 6 &#8211; <strong>Berechnung von Messunsicherheiten in der Temperatur \u2013 Grundverst\u00e4ndnis<\/strong><\/strong><\/h4>\n\n\n\n<p>Zum Ergebnis einer Temperatur-Messung oder Temperatur-Kalibrierung geh\u00f6rt immer die Angabe der zugeh\u00f6rigen Messunsicherheit. Wir erkl\u00e4ren in diesem Modul das Konzept der Messunsicherheiten, wie Sie sicher mit ihnen in der allt\u00e4glichen Arbeiten umgehen k\u00f6nnen und Fehler vermeiden.<\/p>\n\n\n\n<div class=\"wp-block-group alignwide has-global-padding is-layout-constrained wp-container-core-group-is-layout-7bc74264 wp-block-group-is-layout-constrained\">\n<p><mark style=\"background-color:rgba(0, 0, 0, 0);color:#dd3333\" class=\"has-inline-color\"><i class=\"fas fa-circle-check\"><\/i><\/mark> Grundverst\u00e4ndnis der Wahrscheinlichkeitstheorie und Statistik<\/p>\n\n\n\n<p><mark style=\"background-color:rgba(0, 0, 0, 0);color:#dd3333\" class=\"has-inline-color\"><i class=\"fas fa-circle-check\"><\/i><\/mark> Messunsicherheit nach GUM<\/p>\n\n\n\n<p><mark style=\"background-color:rgba(0, 0, 0, 0);color:#dd3333\" class=\"has-inline-color\"><i class=\"fas fa-circle-check\"><\/i><\/mark> das Messunsicherheitsbudget<\/p>\n\n\n\n<p><mark style=\"background-color:rgba(0, 0, 0, 0);color:#dd3333\" class=\"has-inline-color\"><i class=\"fas fa-circle-check\"><\/i><\/mark> Gro\u00dfe Beitr\u00e4ge zur Messunsicherheit<\/p>\n<\/div>\n<\/div>\n<\/div>\n\n\n\n<div class=\"wp-block-group alignfull has-global-padding is-layout-constrained wp-container-core-group-is-layout-80fb368b wp-block-group-is-layout-constrained\" style=\"padding-top:var(--wp--preset--spacing--30);padding-right:var(--wp--preset--spacing--30);padding-bottom:var(--wp--preset--spacing--30);padding-left:var(--wp--preset--spacing--30)\">\n<h3 class=\"wp-block-heading has-text-align-center\">Ihre Referenten<\/h3>\n\n\n\n<div class=\"wp-block-columns alignwide hvr-grow is-layout-flex wp-container-core-columns-is-layout-ef350914 wp-block-columns-is-layout-flex\" style=\"padding-top:var(--wp--preset--spacing--30);padding-bottom:var(--wp--preset--spacing--30)\">\n<div class=\"wp-block-column is-layout-flow wp-block-column-is-layout-flow\" style=\"flex-basis:33%\">\n<figure class=\"wp-block-image aligncenter size-full is-resized has-custom-border\"><img loading=\"lazy\" decoding=\"async\" width=\"500\" height=\"333\" src=\"https:\/\/www.klasmeier.com\/wp-content\/uploads\/2024\/03\/TK.png\" alt=\"\" class=\"wp-image-1440\" style=\"border-radius:50px;width:368px;height:auto\" srcset=\"https:\/\/www.klasmeier.com\/wp-content\/uploads\/2024\/03\/TK.png 500w, https:\/\/www.klasmeier.com\/wp-content\/uploads\/2024\/03\/TK-300x200.png 300w\" sizes=\"auto, (max-width: 500px) 100vw, 500px\" \/><\/figure>\n<\/div>\n\n\n\n<div class=\"wp-block-column is-layout-flow wp-block-column-is-layout-flow\" style=\"flex-basis:66%\">\n<div class=\"wp-block-group is-vertical is-layout-flex wp-container-core-group-is-layout-01814474 wp-block-group-is-layout-flex\">\n<h4 class=\"wp-block-heading\"><strong>Thomas Klasmeier<\/strong><\/h4>\n\n\n\n<p><em>Dipl.-Ing. (FH)<\/em><\/p>\n\n\n\n<p><a href=\"\/thomas-klasmeier\/\">Thomas Klasmeier<\/a> ist gesch\u00e4ftsf\u00fchrender Gesellschafter der mittelst\u00e4ndischen Firma Klasmeier mit Sitz in Fulda. Das Unternehmen hat sich auf Temperaturmessung und Temperaturkalibrierung spezialisiert, betreibt den DAkkS akkreditierten Kalibrierdienst Klasmeier und produziert eXacal Pr\u00e4zisions-Thermometer.&nbsp;<\/p>\n\n\n\n<div class=\"wp-block-group is-nowrap is-layout-flex wp-container-core-group-is-layout-6c531013 wp-block-group-is-layout-flex\">\n<p class=\"hvr-float\"><a href=\"https:\/\/www.linkedin.com\/in\/thomas-klasmeier\" target=\"_blank\" rel=\"noopener\"><i class=\"fab fa-linkedin-in fa-2x\"><\/i><\/a><\/p>\n\n\n\n<p class=\"hvr-float\"><a href=\"https:\/\/www.klasmeier.com\/en\/unternehmen\/nehmen-sie-kontakt-mit-uns-auf\/\"><i class=\"fas fa-envelope fa-2x\"><\/i><\/a><\/p>\n\n\n\n<p class=\"hvr-float\"><a href=\"http:\/\/www.temperaturblog.de\/\" target=\"_blank\" rel=\"noopener\"><i class=\"fas fa-pen-to-square fa-2x\"><\/i><\/a><\/p>\n<\/div>\n<\/div>\n<\/div>\n<\/div>\n\n\n\n<div class=\"wp-block-columns alignwide hvr-grow is-layout-flex wp-container-core-columns-is-layout-ef350914 wp-block-columns-is-layout-flex\" style=\"padding-top:var(--wp--preset--spacing--30);padding-bottom:var(--wp--preset--spacing--30)\">\n<div class=\"wp-block-column is-layout-flow wp-block-column-is-layout-flow\" style=\"flex-basis:33%\">\n<figure class=\"wp-block-image aligncenter size-full is-resized has-custom-border\"><img loading=\"lazy\" decoding=\"async\" width=\"500\" height=\"333\" src=\"https:\/\/www.klasmeier.com\/wp-content\/uploads\/2024\/03\/BK.png\" alt=\"\" class=\"wp-image-1608\" style=\"border-radius:50px;width:368px;height:auto\" srcset=\"https:\/\/www.klasmeier.com\/wp-content\/uploads\/2024\/03\/BK.png 500w, https:\/\/www.klasmeier.com\/wp-content\/uploads\/2024\/03\/BK-300x200.png 300w\" sizes=\"auto, (max-width: 500px) 100vw, 500px\" \/><\/figure>\n<\/div>\n\n\n\n<div class=\"wp-block-column is-layout-flow wp-block-column-is-layout-flow\" style=\"flex-basis:66%\">\n<div class=\"wp-block-group is-vertical is-layout-flex wp-container-core-group-is-layout-01814474 wp-block-group-is-layout-flex\">\n<h4 class=\"wp-block-heading\"><strong><strong>Boris Kalb<\/strong><\/strong><\/h4>\n\n\n\n<p><em>Staatlich gepr\u00fcfter Techniker<\/em><\/p>\n\n\n\n<p>Boris Kalb ist Leiter des Kalibrierlaboratoriums von Klasmeier und verantwortet das Tagesgesch\u00e4ft im Temperatur-Labor. Er konnte bei Klasmeier \u00fcber 15 Jahre lang Berufserfahrung sammeln. Als Leiter der Kalibrierstelle nimmt er regelm\u00e4\u00dfig an den Fachausschusssitzungen des DKD teil.<\/p>\n\n\n\n<p class=\"hvr-float\"><a href=\"https:\/\/www.klasmeier.com\/en\/unternehmen\/nehmen-sie-kontakt-mit-uns-auf\/\"><i class=\"fas fa-envelope fa-2x\"><\/i><\/a><\/p>\n<\/div>\n<\/div>\n<\/div>\n<\/div>\n\n\n\n<div class=\"wp-block-group alignfull has-global-padding is-layout-constrained wp-container-core-group-is-layout-80fb368b wp-block-group-is-layout-constrained\" style=\"padding-top:var(--wp--preset--spacing--30);padding-right:var(--wp--preset--spacing--30);padding-bottom:var(--wp--preset--spacing--30);padding-left:var(--wp--preset--spacing--30)\">\n<div class=\"wp-block-group alignwide hvr-grow has-accent-background-color has-background is-vertical is-content-justification-center is-layout-flex wp-container-core-group-is-layout-386451ff wp-block-group-is-layout-flex\" style=\"border-radius:50px;padding-top:var(--wp--preset--spacing--30);padding-right:var(--wp--preset--spacing--30);padding-bottom:var(--wp--preset--spacing--30);padding-left:var(--wp--preset--spacing--30)\">\n<figure class=\"wp-block-image size-full is-resized is-style-default\"><img loading=\"lazy\" decoding=\"async\" width=\"750\" height=\"86\" src=\"https:\/\/www.klasmeier.com\/wp-content\/uploads\/2024\/03\/KK-connect-logo-final.png\" alt=\"\" class=\"wp-image-1716\" style=\"width:706px;height:auto\" srcset=\"https:\/\/www.klasmeier.com\/wp-content\/uploads\/2024\/03\/KK-connect-logo-final.png 750w, https:\/\/www.klasmeier.com\/wp-content\/uploads\/2024\/03\/KK-connect-logo-final-300x34.png 300w, https:\/\/www.klasmeier.com\/wp-content\/uploads\/2024\/03\/KK-connect-logo-final-600x69.png 600w\" sizes=\"auto, (max-width: 750px) 100vw, 750px\" \/><\/figure>\n\n\n\n<div class=\"wp-block-columns are-vertically-aligned-center is-layout-flex wp-container-core-columns-is-layout-ef350914 wp-block-columns-is-layout-flex\" style=\"padding-top:var(--wp--preset--spacing--30);padding-bottom:var(--wp--preset--spacing--30)\">\n<div class=\"wp-block-column is-vertically-aligned-center is-layout-flow wp-block-column-is-layout-flow\" style=\"flex-basis:75%\">\n<h4 class=\"wp-block-heading\">Optimal vernetzt mit Klasmeier Connect<br><strong>Nach dem Online-Seminar in der Community verbunden bleiben<\/strong><\/h4>\n\n\n\n<p>Alle Seminarteilnehmer erhalten Zugang zu unserer <a href=\"\/connect\/\">Klasmeier Connect Community<\/a>. <br>Mit Gruppen-Chat und Direktnachrichten&nbsp;k\u00f6nnen sich Teilnehmer vor, w\u00e4hrend und nach dem Seminar mit anderen Teilnehmern und Referenten austauschen, Aufzeichnungen anschauen und PDF\u2019s downloaden. Der Zugang bleibt auch nach dem Seminar erhalten.&nbsp;<\/p>\n<\/div>\n\n\n\n<div class=\"wp-block-column is-vertically-aligned-center is-layout-flow wp-block-column-is-layout-flow\" style=\"flex-basis:25%\">\n<p class=\"has-text-align-center\"><mark style=\"background-color:rgba(0, 0, 0, 0);color:#dd3333\" class=\"has-inline-color\"><i class=\"fas fa-users fa-6x\"><\/i><\/mark><\/p>\n<\/div>\n<\/div>\n\n\n\n<div class=\"wp-block-buttons is-layout-flex wp-block-buttons-is-layout-flex\">\n<div class=\"wp-block-button hvr-shrink is-style-outline is-style-outline--2\"><a class=\"wp-block-button__link wp-element-button\" href=\"\/connect\/\">Zu KlasmeierConnect<\/a><\/div>\n<\/div>\n<\/div>\n<\/div>\n\n\n\n<div class=\"wp-block-group alignfull has-global-padding is-layout-constrained wp-container-core-group-is-layout-80fb368b wp-block-group-is-layout-constrained\" style=\"padding-top:var(--wp--preset--spacing--30);padding-right:var(--wp--preset--spacing--30);padding-bottom:var(--wp--preset--spacing--30);padding-left:var(--wp--preset--spacing--30)\">\n<h3 class=\"wp-block-heading has-text-align-center\">Fragen zu unseren Seminaren?<\/h3>\n\n\n\n<p class=\"has-text-align-center\"><strong>Sie hat die Antworten:&nbsp;<\/strong><\/p>\n\n\n\n<div class=\"wp-block-group is-content-justification-space-between is-nowrap is-layout-flex wp-container-core-group-is-layout-cb46ffcb wp-block-group-is-layout-flex\">\n<div class=\"wp-block-group hvr-grow is-vertical is-content-justification-center is-layout-flex wp-container-core-group-is-layout-ce155fab wp-block-group-is-layout-flex\">\n<figure class=\"wp-block-image size-full has-custom-border\"><img loading=\"lazy\" decoding=\"async\" width=\"500\" height=\"333\" src=\"https:\/\/www.klasmeier.com\/wp-content\/uploads\/2024\/03\/NW.png\" alt=\"\" class=\"wp-image-1619\" style=\"border-radius:50px\" srcset=\"https:\/\/www.klasmeier.com\/wp-content\/uploads\/2024\/03\/NW.png 500w, https:\/\/www.klasmeier.com\/wp-content\/uploads\/2024\/03\/NW-300x200.png 300w\" sizes=\"auto, (max-width: 500px) 100vw, 500px\" \/><\/figure>\n\n\n\n<p class=\"has-text-align-center\" style=\"font-size:clamp(0.875rem, 0.875rem + ((1vw - 0.2rem) * 0.708), 1.3rem);line-height:1.4\"><strong>Nelli Wall<\/strong> <a href=\"https:\/\/www.linkedin.com\/in\/nelli-wall-005511228\/\" target=\"_blank\" rel=\"noopener\"><span class=\"wp-rich-text-font-awesome-icon wp-font-awesome-icon\"><svg aria-hidden=\"true\" focusable=\"false\" data-prefix=\"fab\" data-icon=\"linkedin\" class=\"svg-inline--fa fa-linkedin \" role=\"img\" xmlns=\"http:\/\/www.w3.org\/2000\/svg\" viewBox=\"0 0 448 512\"><path fill=\"currentColor\" d=\"M416 32H31.9C14.3 32 0 46.5 0 64.3v383.4C0 465.5 14.3 480 31.9 480H416c17.6 0 32-14.5 32-32.3V64.3c0-17.8-14.4-32.3-32-32.3zM135.4 416H69V202.2h66.5V416zm-33.2-243c-21.3 0-38.5-17.3-38.5-38.5S80.9 96 102.2 96c21.2 0 38.5 17.3 38.5 38.5 0 21.3-17.2 38.5-38.5 38.5zm282.1 243h-66.4V312c0-24.8-.5-56.7-34.5-56.7-34.6 0-39.9 27-39.9 54.9V416h-66.4V202.2h63.7v29.2h.9c8.9-16.8 30.6-34.5 62.9-34.5 67.2 0 79.7 44.3 79.7 101.9V416z\"><\/path><\/svg><\/span><\/a><\/p>\n\n\n\n<p class=\"has-text-align-center\" style=\"font-size:clamp(0.875rem, 0.875rem + ((1vw - 0.2rem) * 0.708), 1.3rem);line-height:1.4\"><mark style=\"background-color:rgba(0, 0, 0, 0);color:#dd3333\" class=\"has-inline-color\"><i class=\"fas fa-envelope\"><\/i><\/mark> <a href=\"https:\/\/www.klasmeier.com\/en\/unternehmen\/nehmen-sie-kontakt-mit-uns-auf\/\">Jetzt kontaktieren<\/a><\/p>\n<\/div>\n<\/div>\n<\/div>\n","protected":false},"excerpt":{"rendered":"<p>Online-Seminar Grundlagen der Temperaturmessung und Temperaturkalibrierung Was Sie in diesem Seminar lernen Lernen Sie ohne Vorkenntnisse die Welt der Temperaturmessung und Temperaturkalibrierung kennen.Grundlagenseminar mit virtuellen Konferenzen und Live-Videos aus dem Kalibrierlabor.&nbsp; F\u00fcr wen dieses Seminar geeignet ist Einsteiger Sie sind neu im Unternehmen und wollen sich in das Thema Temperaturmessung einarbeiten? Neu in der Abteilung [&hellip;]<\/p>\n","protected":false},"author":4,"featured_media":0,"parent":3197,"menu_order":0,"comment_status":"closed","ping_status":"closed","template":"","meta":{"footnotes":""},"class_list":["post-3185","page","type-page","status-publish","hentry"],"_links":{"self":[{"href":"https:\/\/www.klasmeier.com\/en\/wp-json\/wp\/v2\/pages\/3185","targetHints":{"allow":["GET"]}}],"collection":[{"href":"https:\/\/www.klasmeier.com\/en\/wp-json\/wp\/v2\/pages"}],"about":[{"href":"https:\/\/www.klasmeier.com\/en\/wp-json\/wp\/v2\/types\/page"}],"author":[{"embeddable":true,"href":"https:\/\/www.klasmeier.com\/en\/wp-json\/wp\/v2\/users\/4"}],"replies":[{"embeddable":true,"href":"https:\/\/www.klasmeier.com\/en\/wp-json\/wp\/v2\/comments?post=3185"}],"version-history":[{"count":27,"href":"https:\/\/www.klasmeier.com\/en\/wp-json\/wp\/v2\/pages\/3185\/revisions"}],"predecessor-version":[{"id":13558,"href":"https:\/\/www.klasmeier.com\/en\/wp-json\/wp\/v2\/pages\/3185\/revisions\/13558"}],"up":[{"embeddable":true,"href":"https:\/\/www.klasmeier.com\/en\/wp-json\/wp\/v2\/pages\/3197"}],"wp:attachment":[{"href":"https:\/\/www.klasmeier.com\/en\/wp-json\/wp\/v2\/media?parent=3185"}],"curies":[{"name":"wp","href":"https:\/\/api.w.org\/{rel}","templated":true}]}}